{"id":3334,"date":"2023-11-16T11:07:22","date_gmt":"2023-11-16T10:07:22","guid":{"rendered":"https:\/\/escalerasbalaguer.com\/escales-emergencia-hidraulica\/"},"modified":"2023-12-20T15:42:07","modified_gmt":"2023-12-20T14:42:07","slug":"escales-emergencia-hidraulica","status":"publish","type":"page","link":"https:\/\/escalerasbalaguer.com\/ca\/escales-emergencia-hidraulica\/","title":{"rendered":"Escales emerg\u00e8ncia hidr\u00e0ulica"},"content":{"rendered":"<p class=\"attachment\"><a href='https:\/\/escalerasbalaguer.com\/wp-content\/uploads\/2023\/11\/Escalera-Movil-de-un-tramo.jpg'><img fetchpriority=\"high\" decoding=\"async\" width=\"300\" height=\"225\" src=\"https:\/\/escalerasbalaguer.com\/wp-content\/uploads\/2023\/11\/Escalera-Movil-de-un-tramo-300x225.jpg\" class=\"attachment-medium size-medium\" alt=\"\" srcset=\"https:\/\/escalerasbalaguer.com\/wp-content\/uploads\/2023\/11\/Escalera-Movil-de-un-tramo-300x225.jpg 300w, https:\/\/escalerasbalaguer.com\/wp-content\/uploads\/2023\/11\/Escalera-Movil-de-un-tramo-1024x768.jpg 1024w, https:\/\/escalerasbalaguer.com\/wp-content\/uploads\/2023\/11\/Escalera-Movil-de-un-tramo-768x576.jpg 768w, https:\/\/escalerasbalaguer.com\/wp-content\/uploads\/2023\/11\/Escalera-Movil-de-un-tramo-1536x1152.jpg 1536w, https:\/\/escalerasbalaguer.com\/wp-content\/uploads\/2023\/11\/Escalera-Movil-de-un-tramo.jpg 1632w\" sizes=\"(max-width: 300px) 100vw, 300px\" \/><\/a><\/p>\n\t\t<div data-elementor-type=\"wp-page\" data-elementor-id=\"3334\" class=\"elementor elementor-3334 elementor-1077\">\n\t\t\t\t\t\t\t\t\t<section class=\"elementor-section elementor-top-section elementor-element elementor-element-01f2300 elementor-section-height-min-height elementor-section-boxed elementor-section-height-default elementor-section-items-middle wpr-particle-no wpr-jarallax-no wpr-parallax-no wpr-sticky-section-no\" data-id=\"01f2300\" data-element_type=\"section\" data-settings=\"{&quot;background_background&quot;:&quot;classic&quot;}\">\n\t\t\t\t\t\t\t<div class=\"elementor-background-overlay\"><\/div>\n\t\t\t\t\t\t\t<div class=\"elementor-container elementor-column-gap-no\">\n\t\t\t\t\t<div class=\"elementor-column elementor-col-100 elementor-top-column elementor-element elementor-element-d908717\" data-id=\"d908717\" data-element_type=\"column\">\n\t\t\t<div class=\"elementor-widget-wrap elementor-element-populated\">\n\t\t\t\t\t\t\t\t<div class=\"elementor-element elementor-element-a92d70e elementor-widget elementor-widget-heading\" data-id=\"a92d70e\" data-element_type=\"widget\" data-widget_type=\"heading.default\">\n\t\t\t\t<div class=\"elementor-widget-container\">\n\t\t\t<style>\/*! elementor - v3.17.0 - 08-11-2023 *\/\n.elementor-heading-title{padding:0;margin:0;line-height:1}.elementor-widget-heading .elementor-heading-title[class*=elementor-size-]>a{color:inherit;font-size:inherit;line-height:inherit}.elementor-widget-heading .elementor-heading-title.elementor-size-small{font-size:15px}.elementor-widget-heading .elementor-heading-title.elementor-size-medium{font-size:19px}.elementor-widget-heading .elementor-heading-title.elementor-size-large{font-size:29px}.elementor-widget-heading .elementor-heading-title.elementor-size-xl{font-size:39px}.elementor-widget-heading .elementor-heading-title.elementor-size-xxl{font-size:59px}<\/style><h6 class=\"elementor-heading-title elementor-size-default\">Escales d'Emerg\u00e8ncia<\/h6>\t\t<\/div>\n\t\t\t\t<\/div>\n\t\t\t\t<div class=\"elementor-element elementor-element-39dcc49 elementor-widget elementor-widget-heading\" data-id=\"39dcc49\" data-element_type=\"widget\" data-widget_type=\"heading.default\">\n\t\t\t\t<div class=\"elementor-widget-container\">\n\t\t\t<h1 class=\"elementor-heading-title elementor-size-default\">Escales Hidr\u00e0uliques<\/h1>\t\t<\/div>\n\t\t\t\t<\/div>\n\t\t\t\t\t<\/div>\n\t\t<\/div>\n\t\t\t\t\t\t\t<\/div>\n\t\t<\/section>\n\t\t\t\t<section class=\"elementor-section elementor-top-section elementor-element elementor-element-fd2c89a elementor-section-content-top elementor-section-boxed elementor-section-height-default elementor-section-height-default wpr-particle-no wpr-jarallax-no wpr-parallax-no wpr-sticky-section-no\" data-id=\"fd2c89a\" data-element_type=\"section\" data-settings=\"{&quot;background_background&quot;:&quot;classic&quot;}\">\n\t\t\t\t\t\t<div class=\"elementor-container elementor-column-gap-no\">\n\t\t\t\t\t<div class=\"elementor-column elementor-col-50 elementor-top-column elementor-element elementor-element-080d528\" data-id=\"080d528\" data-element_type=\"column\">\n\t\t\t<div class=\"elementor-widget-wrap elementor-element-populated\">\n\t\t\t\t\t\t\t\t<div class=\"elementor-element elementor-element-fd20bc1 elementor-widget elementor-widget-heading\" data-id=\"fd20bc1\" data-element_type=\"widget\" data-widget_type=\"heading.default\">\n\t\t\t\t<div class=\"elementor-widget-container\">\n\t\t\t<h6 class=\"elementor-heading-title elementor-size-default\">Escales Balaguer<\/h6>\t\t<\/div>\n\t\t\t\t<\/div>\n\t\t\t\t<div class=\"elementor-element elementor-element-a2ee5ea elementor-widget elementor-widget-heading\" data-id=\"a2ee5ea\" data-element_type=\"widget\" data-widget_type=\"heading.default\">\n\t\t\t\t<div class=\"elementor-widget-container\">\n\t\t\t<h2 class=\"elementor-heading-title elementor-size-default\">Escales M\u00f2bils,\nBasculants o Hidr\u00e0uliques<\/h2>\t\t<\/div>\n\t\t\t\t<\/div>\n\t\t\t\t\t<\/div>\n\t\t<\/div>\n\t\t\t\t<div class=\"elementor-column elementor-col-50 elementor-top-column elementor-element elementor-element-1615745\" data-id=\"1615745\" data-element_type=\"column\">\n\t\t\t<div class=\"elementor-widget-wrap elementor-element-populated\">\n\t\t\t\t\t\t\t\t<div class=\"elementor-element elementor-element-08301f0 elementor-widget elementor-widget-heading\" data-id=\"08301f0\" data-element_type=\"widget\" data-widget_type=\"heading.default\">\n\t\t\t\t<div class=\"elementor-widget-container\">\n\t\t\t<h5 class=\"elementor-heading-title elementor-size-default\">Col\u00b7lecci\u00f3 escales emerg\u00e8ncia hidr\u00e0ulica<\/h5>\t\t<\/div>\n\t\t\t\t<\/div>\n\t\t\t\t<div class=\"elementor-element elementor-element-57238f9 elementor-widget elementor-widget-text-editor\" data-id=\"57238f9\" data-element_type=\"widget\" data-widget_type=\"text-editor.default\">\n\t\t\t\t<div class=\"elementor-widget-container\">\n\t\t\t<style>\/*! elementor - v3.17.0 - 08-11-2023 *\/\n.elementor-widget-text-editor.elementor-drop-cap-view-stacked .elementor-drop-cap{background-color:#69727d;color:#fff}.elementor-widget-text-editor.elementor-drop-cap-view-framed .elementor-drop-cap{color:#69727d;border:3px solid;background-color:transparent}.elementor-widget-text-editor:not(.elementor-drop-cap-view-default) .elementor-drop-cap{margin-top:8px}.elementor-widget-text-editor:not(.elementor-drop-cap-view-default) .elementor-drop-cap-letter{width:1em;height:1em}.elementor-widget-text-editor .elementor-drop-cap{float:left;text-align:center;line-height:1;font-size:50px}.elementor-widget-text-editor .elementor-drop-cap-letter{display:inline-block}<\/style>\t\t\t\t<div class=\"et_pb_row et_pb_row_1\">\n<div class=\"et_pb_column et_pb_column_4_4 et_pb_column_1 et_pb_css_mix_blend_mode_passthrough et-last-child\">\n<div class=\"et_pb_module et_pb_text et_pb_text_0 et_pb_text_align_left et_pb_bg_layout_light\">\n<div class=\"et_pb_text_inner\">\n<p>Les escales d&#8217;emerg\u00e8ncia <strong>s\u00f3n elements cr\u00edtics en la seguretat d&#8217;edificis i estructures<\/strong> . Estan dissenyades per proporcionar una ruta segura d&#8217;evacuaci\u00f3 en cas d&#8217;emerg\u00e8ncia, com ara incendis o altres esdeveniments que requereixen evacuaci\u00f3 r\u00e0pida. <strong>Aquestes escales han de ser resistents al foc i estan constru\u00efdes amb materials que compleixen amb els codis i regulacions de seguretat<\/strong> . Si a m\u00e9s la sortida d&#8217;evacuaci\u00f3 disponible \u00e9s a nivell de carrer ens pot interessar que sigui basculant perqu\u00e8 es pugui plegar o desplegar segons sigui necessari i no envair la via p\u00fablica quan l&#8217;escala no est\u00e0 en \u00fas.<\/p>\n<\/div>\n<\/div>\n<\/div>\n<\/div>\n\t\t\t\t\t\t<\/div>\n\t\t\t\t<\/div>\n\t\t\t\t\t<\/div>\n\t\t<\/div>\n\t\t\t\t\t\t\t<\/div>\n\t\t<\/section>\n\t\t<div class=\"elementor-element elementor-element-d299ecb e-flex e-con-boxed wpr-particle-no wpr-jarallax-no wpr-parallax-no wpr-sticky-section-no e-con e-parent\" data-id=\"d299ecb\" data-element_type=\"container\" data-settings=\"{&quot;background_background&quot;:&quot;classic&quot;,&quot;content_width&quot;:&quot;boxed&quot;}\" data-core-v316-plus=\"true\">\n\t\t\t\t\t<div class=\"e-con-inner\">\n\t\t\t\t<div class=\"elementor-element elementor-element-02cd2df elementor-widget elementor-widget-text-editor\" data-id=\"02cd2df\" data-element_type=\"widget\" data-widget_type=\"text-editor.default\">\n\t\t\t\t<div class=\"elementor-widget-container\">\n\t\t\t\t\t\t\t<p>Les escales d&#8217;emerg\u00e8ncia hidr\u00e0uliques m\u00f2bils utilitzen sistemes hidr\u00e0ulics per a la seva elevaci\u00f3 i extensi\u00f3. Aquests sistemes han de ser robusts i fiables, amb mecanismes de seguretat incorporats.<\/p>\n\t\t\t\t\t\t<\/div>\n\t\t\t\t<\/div>\n\t\t<div class=\"elementor-element elementor-element-fcf3ce6 e-flex e-con-boxed wpr-particle-no wpr-jarallax-no wpr-parallax-no wpr-sticky-section-no e-con e-child\" data-id=\"fcf3ce6\" data-element_type=\"container\" data-settings=\"{&quot;content_width&quot;:&quot;boxed&quot;}\">\n\t\t\t\t\t<div class=\"e-con-inner\">\n\t\t\t\t<div class=\"elementor-element elementor-element-d333d5e elementor-icon-list--layout-traditional elementor-list-item-link-full_width elementor-widget elementor-widget-icon-list\" data-id=\"d333d5e\" data-element_type=\"widget\" data-widget_type=\"icon-list.default\">\n\t\t\t\t<div class=\"elementor-widget-container\">\n\t\t\t<link rel=\"stylesheet\" href=\"https:\/\/escalerasbalaguer.com\/wp-content\/plugins\/elementor\/assets\/css\/widget-icon-list.min.css\">\t\t<ul class=\"elementor-icon-list-items\">\n\t\t\t\t\t\t\t<li class=\"elementor-icon-list-item\">\n\t\t\t\t\t\t\t\t\t\t\t<span class=\"elementor-icon-list-icon\">\n\t\t\t\t\t\t\t<i aria-hidden=\"true\" class=\"fas fa-chevron-circle-right\"><\/i>\t\t\t\t\t\t<\/span>\n\t\t\t\t\t\t\t\t\t\t<span class=\"elementor-icon-list-text\">Considereu la possibilitat d'equipar l'escala amb un sistema de plegat i desplegat autom\u00e0tic per facilitar l'operaci\u00f3.<\/span>\n\t\t\t\t\t\t\t\t\t<\/li>\n\t\t\t\t\t\t\t\t<li class=\"elementor-icon-list-item\">\n\t\t\t\t\t\t\t\t\t\t\t<span class=\"elementor-icon-list-icon\">\n\t\t\t\t\t\t\t<i aria-hidden=\"true\" class=\"fas fa-chevron-circle-right\"><\/i>\t\t\t\t\t\t<\/span>\n\t\t\t\t\t\t\t\t\t\t<span class=\"elementor-icon-list-text\">Integra il\u00b7luminaci\u00f3 d'emerg\u00e8ncia a l'escala per garantir-ne una visibilitat adequada, especialment en situacions de poca llum.<\/span>\n\t\t\t\t\t\t\t\t\t<\/li>\n\t\t\t\t\t\t\t\t<li class=\"elementor-icon-list-item\">\n\t\t\t\t\t\t\t\t\t\t\t<span class=\"elementor-icon-list-icon\">\n\t\t\t\t\t\t\t<i aria-hidden=\"true\" class=\"fas fa-chevron-circle-right\"><\/i>\t\t\t\t\t\t<\/span>\n\t\t\t\t\t\t\t\t\t\t<span class=\"elementor-icon-list-text\">Assegureu-vos que l'escala estigui dissenyada per resistir condicions ambientals adverses, com ara pluja, vent o temperatures extremes.<\/span>\n\t\t\t\t\t\t\t\t\t<\/li>\n\t\t\t\t\t\t\t\t<li class=\"elementor-icon-list-item\">\n\t\t\t\t\t\t\t\t\t\t\t<span class=\"elementor-icon-list-icon\">\n\t\t\t\t\t\t\t<i aria-hidden=\"true\" class=\"fas fa-chevron-circle-right\"><\/i>\t\t\t\t\t\t<\/span>\n\t\t\t\t\t\t\t\t\t\t<span class=\"elementor-icon-list-text\">Proporciona entrenament i conscienciaci\u00f3 adequats per als ocupants de l'edifici sobre com fer servir l'escala en situacions d'emerg\u00e8ncia.<\/span>\n\t\t\t\t\t\t\t\t\t<\/li>\n\t\t\t\t\t\t\t\t<li class=\"elementor-icon-list-item\">\n\t\t\t\t\t\t\t\t\t\t\t<span class=\"elementor-icon-list-icon\">\n\t\t\t\t\t\t\t<i aria-hidden=\"true\" class=\"fas fa-chevron-circle-right\"><\/i>\t\t\t\t\t\t<\/span>\n\t\t\t\t\t\t\t\t\t\t<span class=\"elementor-icon-list-text\">Incorpora sistemes denergia redundants per garantir que lescala pugui operar fins i tot en situacions en qu\u00e8 la font denergia principal falli.<\/span>\n\t\t\t\t\t\t\t\t\t<\/li>\n\t\t\t\t\t\t\t\t<li class=\"elementor-icon-list-item\">\n\t\t\t\t\t\t\t\t\t\t\t<span class=\"elementor-icon-list-icon\">\n\t\t\t\t\t\t\t<i aria-hidden=\"true\" class=\"fas fa-chevron-circle-right\"><\/i>\t\t\t\t\t\t<\/span>\n\t\t\t\t\t\t\t\t\t\t<span class=\"elementor-icon-list-text\">Estableix un programa de proves i manteniment regular per garantir que les escales estiguin en condicions operatives en tot moment.<\/span>\n\t\t\t\t\t\t\t\t\t<\/li>\n\t\t\t\t\t\t<\/ul>\n\t\t\t\t<\/div>\n\t\t\t\t<\/div>\n\t\t\t\t<div class=\"elementor-element elementor-element-f50faa7 elementor-widget elementor-widget-text-editor\" data-id=\"f50faa7\" data-element_type=\"widget\" data-widget_type=\"text-editor.default\">\n\t\t\t\t<div class=\"elementor-widget-container\">\n\t\t\t\t\t\t\t<p>\u00c9s important tenir en compte que qualsevol soluci\u00f3 d&#8217;evacuaci\u00f3 d&#8217;emerg\u00e8ncia ha de ser dissenyada per professionals de seguretat i complir les regulacions locals i nacionals<\/p>\n\t\t\t\t\t\t<\/div>\n\t\t\t\t<\/div>\n\t\t\t\t\t<\/div>\n\t\t\t\t<\/div>\n\t\t\t\t\t<\/div>\n\t\t\t\t<\/div>\n\t\t\t\t<section class=\"elementor-section elementor-top-section elementor-element elementor-element-bd29b3b elementor-section-boxed elementor-section-height-default elementor-section-height-default wpr-particle-no wpr-jarallax-no wpr-parallax-no wpr-sticky-section-no\" data-id=\"bd29b3b\" data-element_type=\"section\">\n\t\t\t\t\t\t<div class=\"elementor-container elementor-column-gap-no\">\n\t\t\t\t\t<div class=\"elementor-column elementor-col-100 elementor-top-column elementor-element elementor-element-cf7be5c\" data-id=\"cf7be5c\" data-element_type=\"column\">\n\t\t\t<div class=\"elementor-widget-wrap elementor-element-populated\">\n\t\t\t\t\t\t\t\t<div class=\"elementor-element elementor-element-c77324d elementor-widget elementor-widget-heading\" data-id=\"c77324d\" data-element_type=\"widget\" data-widget_type=\"heading.default\">\n\t\t\t\t<div class=\"elementor-widget-container\">\n\t\t\t<h2 class=\"elementor-heading-title elementor-size-default\">Les nostres Escales<\/h2>\t\t<\/div>\n\t\t\t\t<\/div>\n\t\t\t\t<div class=\"elementor-element elementor-element-43623bc wpr-grid-columns-4 wpr-grid-columns--tablet3 wpr-grid-columns--mobile1 elementor-widget elementor-widget-wpr-media-grid\" data-id=\"43623bc\" data-element_type=\"widget\" data-widget_type=\"wpr-media-grid.default\">\n\t\t\t\t<div class=\"elementor-widget-container\">\n\t\t\t<section class=\"wpr-grid wpr-media-grid elementor-clearfix\" data-settings=\"{&quot;layout&quot;:&quot;masonry&quot;,&quot;columns_desktop&quot;:&quot;4&quot;,&quot;gutter_hr&quot;:12,&quot;gutter_hr_mobile&quot;:12,&quot;gutter_hr_mobile_extra&quot;:12,&quot;gutter_hr_tablet&quot;:12,&quot;gutter_hr_tablet_extra&quot;:12,&quot;gutter_hr_laptop&quot;:12,&quot;gutter_hr_widescreen&quot;:12,&quot;gutter_vr&quot;:12,&quot;gutter_vr_mobile&quot;:12,&quot;gutter_vr_mobile_extra&quot;:12,&quot;gutter_vr_tablet&quot;:12,&quot;gutter_vr_tablet_extra&quot;:12,&quot;gutter_vr_laptop&quot;:12,&quot;gutter_vr_widescreen&quot;:12,&quot;animation&quot;:&quot;default&quot;,&quot;animation_duration&quot;:0.3,&quot;animation_delay&quot;:0.1,&quot;deeplinking&quot;:&quot;&quot;,&quot;filters_default_filter&quot;:&quot;&quot;,&quot;filters_linkable&quot;:&quot;no&quot;,&quot;filters_count&quot;:&quot;&quot;,&quot;filters_hide_empty&quot;:&quot;no&quot;,&quot;filters_animation&quot;:&quot;default&quot;,&quot;filters_animation_duration&quot;:0.3,&quot;filters_animation_delay&quot;:0.1,&quot;pagination_type&quot;:&quot;load-more&quot;,&quot;pagination_max_pages&quot;:1,&quot;lightbox&quot;:{&quot;selector&quot;:&quot;.wpr-grid-image-wrap&quot;,&quot;iframeMaxWidth&quot;:&quot;60%&quot;,&quot;hash&quot;:false,&quot;autoplay&quot;:&quot;true&quot;,&quot;pause&quot;:5000,&quot;progressBar&quot;:&quot;true&quot;,&quot;counter&quot;:&quot;true&quot;,&quot;controls&quot;:&quot;true&quot;,&quot;getCaptionFromTitleOrAlt&quot;:&quot;true&quot;,&quot;thumbnail&quot;:&quot;&quot;,&quot;showThumbByDefault&quot;:&quot;&quot;,&quot;share&quot;:&quot;&quot;,&quot;zoom&quot;:&quot;true&quot;,&quot;fullScreen&quot;:&quot;true&quot;,&quot;download&quot;:&quot;true&quot;}}\"><article class=\"wpr-grid-item elementor-clearfix post-1999 attachment type-attachment status-inherit hentry\"><div class=\"wpr-grid-item-inner\"><div class=\"wpr-grid-media-wrap wpr-effect-size-small \"><div class=\"wpr-grid-image-wrap\" data-src=\"https:\/\/escalerasbalaguer.com\/wp-content\/uploads\/2023\/11\/Escalera-Basculante-en-nave-industrial.jpg\"><img decoding=\"async\" src=\"https:\/\/escalerasbalaguer.com\/wp-content\/uploads\/elementor\/thumbs\/Escalera-Basculante-en-nave-industrial-qieg770ttiu3y8472gmxtxha03l2lhuagpptcz6rhc.jpg\" alt=\"Escalera Basculante en nave industrial\" class=\"wpr-anim-timing-ease-default\"><\/div><div class=\"wpr-grid-media-hover wpr-animation-wrap\"><div class=\"wpr-grid-media-hover-bg  wpr-overlay-fade-in wpr-anim-size-large wpr-anim-timing-ease-default wpr-anim-transparency\" data-url=\"https:\/\/escalerasbalaguer.com\/ca\/escalera-basculante-en-nave-industrial-3\/\"><\/div><div class=\"wpr-cv-container\"><div class=\"wpr-cv-outer\"><div class=\"wpr-cv-inner\"><div class=\"wpr-grid-media-hover-middle elementor-clearfix\"><div class=\"wpr-grid-item-lightbox elementor-repeater-item-c56f1c6 wpr-grid-item-display-block wpr-grid-item-align-center wpr-element-fade-in wpr-anim-size-large wpr-anim-timing-ease-default wpr-anim-transparency\"><div class=\"inner-block\"><span data-src=\"https:\/\/escalerasbalaguer.com\/wp-content\/uploads\/2023\/11\/Escalera-Basculante-en-nave-industrial.jpg\"><i class=\"fas fa-search\"><\/i><\/span><div class=\"wpr-grid-lightbox-overlay\"><\/div><\/div><\/div><h2 class=\"wpr-grid-item-title elementor-repeater-item-615135a wpr-grid-item-display-block wpr-grid-item-align-center wpr-element-fade-in wpr-anim-size-large wpr-anim-timing-ease-default wpr-anim-transparency wpr-pointer-none wpr-pointer-line-fx wpr-pointer-fx-fade\"><div class=\"inner-block\"><a  href=\"https:\/\/escalerasbalaguer.com\/ca\/escalera-basculante-en-nave-industrial-3\/\">Escalera Basculante en nave industrial<\/a><\/div><\/h2><\/div><\/div><\/div><\/div><\/div><\/div><\/div><\/article><article class=\"wpr-grid-item elementor-clearfix post-2002 attachment type-attachment status-inherit hentry\"><div class=\"wpr-grid-item-inner\"><div class=\"wpr-grid-media-wrap wpr-effect-size-small \"><div class=\"wpr-grid-image-wrap\" data-src=\"https:\/\/escalerasbalaguer.com\/wp-content\/uploads\/2023\/11\/Escalera-basculante-vista-por-debajo.jpg\"><img decoding=\"async\" src=\"https:\/\/escalerasbalaguer.com\/wp-content\/uploads\/elementor\/thumbs\/Escalera-basculante-vista-por-debajo-qieg770ttiu3y8472gmxtxha03l2lhuagpptcz6rhc.jpg\" alt=\"Escalera basculante &#8211; vista por debajo\" class=\"wpr-anim-timing-ease-default\"><\/div><div class=\"wpr-grid-media-hover wpr-animation-wrap\"><div class=\"wpr-grid-media-hover-bg  wpr-overlay-fade-in wpr-anim-size-large wpr-anim-timing-ease-default wpr-anim-transparency\" data-url=\"https:\/\/escalerasbalaguer.com\/ca\/escalera-basculante-vista-por-debajo-3\/\"><\/div><div class=\"wpr-cv-container\"><div class=\"wpr-cv-outer\"><div class=\"wpr-cv-inner\"><div class=\"wpr-grid-media-hover-middle elementor-clearfix\"><div class=\"wpr-grid-item-lightbox elementor-repeater-item-c56f1c6 wpr-grid-item-display-block wpr-grid-item-align-center wpr-element-fade-in wpr-anim-size-large wpr-anim-timing-ease-default wpr-anim-transparency\"><div class=\"inner-block\"><span data-src=\"https:\/\/escalerasbalaguer.com\/wp-content\/uploads\/2023\/11\/Escalera-basculante-vista-por-debajo.jpg\"><i class=\"fas fa-search\"><\/i><\/span><div class=\"wpr-grid-lightbox-overlay\"><\/div><\/div><\/div><h2 class=\"wpr-grid-item-title elementor-repeater-item-615135a wpr-grid-item-display-block wpr-grid-item-align-center wpr-element-fade-in wpr-anim-size-large wpr-anim-timing-ease-default wpr-anim-transparency wpr-pointer-none wpr-pointer-line-fx wpr-pointer-fx-fade\"><div class=\"inner-block\"><a  href=\"https:\/\/escalerasbalaguer.com\/ca\/escalera-basculante-vista-por-debajo-3\/\">Escalera basculante &#8211; vista por debajo<\/a><\/div><\/h2><\/div><\/div><\/div><\/div><\/div><\/div><\/div><\/article><article class=\"wpr-grid-item elementor-clearfix post-2005 attachment type-attachment status-inherit hentry\"><div class=\"wpr-grid-item-inner\"><div class=\"wpr-grid-media-wrap wpr-effect-size-small \"><div class=\"wpr-grid-image-wrap\" data-src=\"https:\/\/escalerasbalaguer.com\/wp-content\/uploads\/2023\/11\/Escalera-Basculante-un-solo-tramo-.jpg\"><img decoding=\"async\" src=\"https:\/\/escalerasbalaguer.com\/wp-content\/uploads\/elementor\/thumbs\/Escalera-Basculante-un-solo-tramo--qieg770ttiu3y8472gmxtxha03l2lhuagpptcz6rhc.jpg\" alt=\"Escalera Basculante un solo tramo\" class=\"wpr-anim-timing-ease-default\"><\/div><div class=\"wpr-grid-media-hover wpr-animation-wrap\"><div class=\"wpr-grid-media-hover-bg  wpr-overlay-fade-in wpr-anim-size-large wpr-anim-timing-ease-default wpr-anim-transparency\" data-url=\"https:\/\/escalerasbalaguer.com\/ca\/escalera-basculante-un-solo-tramo-3\/\"><\/div><div class=\"wpr-cv-container\"><div class=\"wpr-cv-outer\"><div class=\"wpr-cv-inner\"><div class=\"wpr-grid-media-hover-middle elementor-clearfix\"><div class=\"wpr-grid-item-lightbox elementor-repeater-item-c56f1c6 wpr-grid-item-display-block wpr-grid-item-align-center wpr-element-fade-in wpr-anim-size-large wpr-anim-timing-ease-default wpr-anim-transparency\"><div class=\"inner-block\"><span data-src=\"https:\/\/escalerasbalaguer.com\/wp-content\/uploads\/2023\/11\/Escalera-Basculante-un-solo-tramo-.jpg\"><i class=\"fas fa-search\"><\/i><\/span><div class=\"wpr-grid-lightbox-overlay\"><\/div><\/div><\/div><h2 class=\"wpr-grid-item-title elementor-repeater-item-615135a wpr-grid-item-display-block wpr-grid-item-align-center wpr-element-fade-in wpr-anim-size-large wpr-anim-timing-ease-default wpr-anim-transparency wpr-pointer-none wpr-pointer-line-fx wpr-pointer-fx-fade\"><div class=\"inner-block\"><a  href=\"https:\/\/escalerasbalaguer.com\/ca\/escalera-basculante-un-solo-tramo-3\/\">Escalera Basculante un solo tramo<\/a><\/div><\/h2><\/div><\/div><\/div><\/div><\/div><\/div><\/div><\/article><article class=\"wpr-grid-item elementor-clearfix post-2008 attachment type-attachment status-inherit hentry\"><div class=\"wpr-grid-item-inner\"><div class=\"wpr-grid-media-wrap wpr-effect-size-small \"><div class=\"wpr-grid-image-wrap\" data-src=\"https:\/\/escalerasbalaguer.com\/wp-content\/uploads\/2023\/11\/Escalera-Emergencia-Basculante-durante-el-montaje--e1704728444551.jpg\"><img decoding=\"async\" src=\"https:\/\/escalerasbalaguer.com\/wp-content\/uploads\/elementor\/thumbs\/Escalera-Emergencia-Basculante-durante-el-montaje--e1704728444551-qieg7xcb4vu4zb1yss0hrqu6mvzcl0qrwbzesq3qn4.jpg\" alt=\"Escalera Emergencia Basculante &#8211; durante el montaje\" class=\"wpr-anim-timing-ease-default\"><\/div><div class=\"wpr-grid-media-hover wpr-animation-wrap\"><div class=\"wpr-grid-media-hover-bg  wpr-overlay-fade-in wpr-anim-size-large wpr-anim-timing-ease-default wpr-anim-transparency\" data-url=\"https:\/\/escalerasbalaguer.com\/ca\/escalera-emergencia-basculante-durante-el-montaje-3\/\"><\/div><div class=\"wpr-cv-container\"><div class=\"wpr-cv-outer\"><div class=\"wpr-cv-inner\"><div class=\"wpr-grid-media-hover-middle elementor-clearfix\"><div class=\"wpr-grid-item-lightbox elementor-repeater-item-c56f1c6 wpr-grid-item-display-block wpr-grid-item-align-center wpr-element-fade-in wpr-anim-size-large wpr-anim-timing-ease-default wpr-anim-transparency\"><div class=\"inner-block\"><span data-src=\"https:\/\/escalerasbalaguer.com\/wp-content\/uploads\/2023\/11\/Escalera-Emergencia-Basculante-durante-el-montaje--e1704728444551.jpg\"><i class=\"fas fa-search\"><\/i><\/span><div class=\"wpr-grid-lightbox-overlay\"><\/div><\/div><\/div><h2 class=\"wpr-grid-item-title elementor-repeater-item-615135a wpr-grid-item-display-block wpr-grid-item-align-center wpr-element-fade-in wpr-anim-size-large wpr-anim-timing-ease-default wpr-anim-transparency wpr-pointer-none wpr-pointer-line-fx wpr-pointer-fx-fade\"><div class=\"inner-block\"><a  href=\"https:\/\/escalerasbalaguer.com\/ca\/escalera-emergencia-basculante-durante-el-montaje-3\/\">Escalera Emergencia Basculante &#8211; durante el montaje<\/a><\/div><\/h2><\/div><\/div><\/div><\/div><\/div><\/div><\/div><\/article><article class=\"wpr-grid-item elementor-clearfix post-2011 attachment type-attachment status-inherit hentry\"><div class=\"wpr-grid-item-inner\"><div class=\"wpr-grid-media-wrap wpr-effect-size-small \"><div class=\"wpr-grid-image-wrap\" data-src=\"https:\/\/escalerasbalaguer.com\/wp-content\/uploads\/2023\/11\/Escalera-Emergencia-Basculante-instalada-en-nave-bajando.jpg\"><img decoding=\"async\" src=\"https:\/\/escalerasbalaguer.com\/wp-content\/uploads\/elementor\/thumbs\/Escalera-Emergencia-Basculante-instalada-en-nave-bajando-qieg7z7zijwpmiz8hstqwqd3tnq30ey8kladra0yao.jpg\" alt=\"Escalera Emergencia Basculante instalada en nave &#8211; bajando\" class=\"wpr-anim-timing-ease-default\"><\/div><div class=\"wpr-grid-media-hover wpr-animation-wrap\"><div class=\"wpr-grid-media-hover-bg  wpr-overlay-fade-in wpr-anim-size-large wpr-anim-timing-ease-default wpr-anim-transparency\" data-url=\"https:\/\/escalerasbalaguer.com\/ca\/escalera-emergencia-basculante-instalada-en-nave-bajando-3\/\"><\/div><div class=\"wpr-cv-container\"><div class=\"wpr-cv-outer\"><div class=\"wpr-cv-inner\"><div class=\"wpr-grid-media-hover-middle elementor-clearfix\"><div class=\"wpr-grid-item-lightbox elementor-repeater-item-c56f1c6 wpr-grid-item-display-block wpr-grid-item-align-center wpr-element-fade-in wpr-anim-size-large wpr-anim-timing-ease-default wpr-anim-transparency\"><div class=\"inner-block\"><span data-src=\"https:\/\/escalerasbalaguer.com\/wp-content\/uploads\/2023\/11\/Escalera-Emergencia-Basculante-instalada-en-nave-bajando.jpg\"><i class=\"fas fa-search\"><\/i><\/span><div class=\"wpr-grid-lightbox-overlay\"><\/div><\/div><\/div><h2 class=\"wpr-grid-item-title elementor-repeater-item-615135a wpr-grid-item-display-block wpr-grid-item-align-center wpr-element-fade-in wpr-anim-size-large wpr-anim-timing-ease-default wpr-anim-transparency wpr-pointer-none wpr-pointer-line-fx wpr-pointer-fx-fade\"><div class=\"inner-block\"><a  href=\"https:\/\/escalerasbalaguer.com\/ca\/escalera-emergencia-basculante-instalada-en-nave-bajando-3\/\">Escalera Emergencia Basculante instalada en nave &#8211; bajando<\/a><\/div><\/h2><\/div><\/div><\/div><\/div><\/div><\/div><\/div><\/article><article class=\"wpr-grid-item elementor-clearfix post-2014 attachment type-attachment status-inherit hentry\"><div class=\"wpr-grid-item-inner\"><div class=\"wpr-grid-media-wrap wpr-effect-size-small \"><div class=\"wpr-grid-image-wrap\" data-src=\"https:\/\/escalerasbalaguer.com\/wp-content\/uploads\/2023\/11\/Escalera-Emergencia-Basculante-instalada-en-nave-recogid.jpg\"><img decoding=\"async\" src=\"https:\/\/escalerasbalaguer.com\/wp-content\/uploads\/elementor\/thumbs\/Escalera-Emergencia-Basculante-instalada-en-nave-recogid-qieg7z7zijwpmiz8hstqwqd3tnq30ey8kladra0yao.jpg\" alt=\"Escalera Emergencia Basculante instalada en nave &#8211; recogid\" class=\"wpr-anim-timing-ease-default\"><\/div><div class=\"wpr-grid-media-hover wpr-animation-wrap\"><div class=\"wpr-grid-media-hover-bg  wpr-overlay-fade-in wpr-anim-size-large wpr-anim-timing-ease-default wpr-anim-transparency\" data-url=\"https:\/\/escalerasbalaguer.com\/ca\/escalera-emergencia-basculante-instalada-en-nave-recogid-3\/\"><\/div><div class=\"wpr-cv-container\"><div class=\"wpr-cv-outer\"><div class=\"wpr-cv-inner\"><div class=\"wpr-grid-media-hover-middle elementor-clearfix\"><div class=\"wpr-grid-item-lightbox elementor-repeater-item-c56f1c6 wpr-grid-item-display-block wpr-grid-item-align-center wpr-element-fade-in wpr-anim-size-large wpr-anim-timing-ease-default wpr-anim-transparency\"><div class=\"inner-block\"><span data-src=\"https:\/\/escalerasbalaguer.com\/wp-content\/uploads\/2023\/11\/Escalera-Emergencia-Basculante-instalada-en-nave-recogid.jpg\"><i class=\"fas fa-search\"><\/i><\/span><div class=\"wpr-grid-lightbox-overlay\"><\/div><\/div><\/div><h2 class=\"wpr-grid-item-title elementor-repeater-item-615135a wpr-grid-item-display-block wpr-grid-item-align-center wpr-element-fade-in wpr-anim-size-large wpr-anim-timing-ease-default wpr-anim-transparency wpr-pointer-none wpr-pointer-line-fx wpr-pointer-fx-fade\"><div class=\"inner-block\"><a  href=\"https:\/\/escalerasbalaguer.com\/ca\/escalera-emergencia-basculante-instalada-en-nave-recogid-3\/\">Escalera Emergencia Basculante instalada en nave &#8211; recogid<\/a><\/div><\/h2><\/div><\/div><\/div><\/div><\/div><\/div><\/div><\/article><article class=\"wpr-grid-item elementor-clearfix post-2017 attachment type-attachment status-inherit hentry\"><div class=\"wpr-grid-item-inner\"><div class=\"wpr-grid-media-wrap wpr-effect-size-small \"><div class=\"wpr-grid-image-wrap\" data-src=\"https:\/\/escalerasbalaguer.com\/wp-content\/uploads\/2023\/11\/Escalera-Emergencia-Basculante-instalada-en-nave-recogida-.jpg\"><img decoding=\"async\" src=\"https:\/\/escalerasbalaguer.com\/wp-content\/uploads\/elementor\/thumbs\/Escalera-Emergencia-Basculante-instalada-en-nave-recogida--qieg7z7zijwpmiz8hstqwqd3tnq30ey8kladra0yao.jpg\" alt=\"Escalera Emergencia Basculante instalada en nave &#8211; recogida\" class=\"wpr-anim-timing-ease-default\"><\/div><div class=\"wpr-grid-media-hover wpr-animation-wrap\"><div class=\"wpr-grid-media-hover-bg  wpr-overlay-fade-in wpr-anim-size-large wpr-anim-timing-ease-default wpr-anim-transparency\" data-url=\"https:\/\/escalerasbalaguer.com\/ca\/escalera-emergencia-basculante-instalada-en-nave-recogida-3\/\"><\/div><div class=\"wpr-cv-container\"><div class=\"wpr-cv-outer\"><div class=\"wpr-cv-inner\"><div class=\"wpr-grid-media-hover-middle elementor-clearfix\"><div class=\"wpr-grid-item-lightbox elementor-repeater-item-c56f1c6 wpr-grid-item-display-block wpr-grid-item-align-center wpr-element-fade-in wpr-anim-size-large wpr-anim-timing-ease-default wpr-anim-transparency\"><div class=\"inner-block\"><span data-src=\"https:\/\/escalerasbalaguer.com\/wp-content\/uploads\/2023\/11\/Escalera-Emergencia-Basculante-instalada-en-nave-recogida-.jpg\"><i class=\"fas fa-search\"><\/i><\/span><div class=\"wpr-grid-lightbox-overlay\"><\/div><\/div><\/div><h2 class=\"wpr-grid-item-title elementor-repeater-item-615135a wpr-grid-item-display-block wpr-grid-item-align-center wpr-element-fade-in wpr-anim-size-large wpr-anim-timing-ease-default wpr-anim-transparency wpr-pointer-none wpr-pointer-line-fx wpr-pointer-fx-fade\"><div class=\"inner-block\"><a  href=\"https:\/\/escalerasbalaguer.com\/ca\/escalera-emergencia-basculante-instalada-en-nave-recogida-3\/\">Escalera Emergencia Basculante instalada en nave &#8211; recogida<\/a><\/div><\/h2><\/div><\/div><\/div><\/div><\/div><\/div><\/div><\/article><article class=\"wpr-grid-item elementor-clearfix post-2020 attachment type-attachment status-inherit hentry\"><div class=\"wpr-grid-item-inner\"><div class=\"wpr-grid-media-wrap wpr-effect-size-small \"><div class=\"wpr-grid-image-wrap\" data-src=\"https:\/\/escalerasbalaguer.com\/wp-content\/uploads\/2023\/11\/Escalera-Emergencia-Basculante-llegada-a-calle-bajada--e1704728499876.jpg\"><img decoding=\"async\" src=\"https:\/\/escalerasbalaguer.com\/wp-content\/uploads\/elementor\/thumbs\/Escalera-Emergencia-Basculante-llegada-a-calle-bajada--e1704728499876-qieg7z7zijwpmiz8hstqwqd3tnq30ey8kladra0yao.jpg\" alt=\"Escalera Emergencia Basculante -llegada a calle bajada\" class=\"wpr-anim-timing-ease-default\"><\/div><div class=\"wpr-grid-media-hover wpr-animation-wrap\"><div class=\"wpr-grid-media-hover-bg  wpr-overlay-fade-in wpr-anim-size-large wpr-anim-timing-ease-default wpr-anim-transparency\" data-url=\"https:\/\/escalerasbalaguer.com\/ca\/escalera-emergencia-basculante-llegada-a-calle-bajada-3\/\"><\/div><div class=\"wpr-cv-container\"><div class=\"wpr-cv-outer\"><div class=\"wpr-cv-inner\"><div class=\"wpr-grid-media-hover-middle elementor-clearfix\"><div class=\"wpr-grid-item-lightbox elementor-repeater-item-c56f1c6 wpr-grid-item-display-block wpr-grid-item-align-center wpr-element-fade-in wpr-anim-size-large wpr-anim-timing-ease-default wpr-anim-transparency\"><div class=\"inner-block\"><span data-src=\"https:\/\/escalerasbalaguer.com\/wp-content\/uploads\/2023\/11\/Escalera-Emergencia-Basculante-llegada-a-calle-bajada--e1704728499876.jpg\"><i class=\"fas fa-search\"><\/i><\/span><div class=\"wpr-grid-lightbox-overlay\"><\/div><\/div><\/div><h2 class=\"wpr-grid-item-title elementor-repeater-item-615135a wpr-grid-item-display-block wpr-grid-item-align-center wpr-element-fade-in wpr-anim-size-large wpr-anim-timing-ease-default wpr-anim-transparency wpr-pointer-none wpr-pointer-line-fx wpr-pointer-fx-fade\"><div class=\"inner-block\"><a  href=\"https:\/\/escalerasbalaguer.com\/ca\/escalera-emergencia-basculante-llegada-a-calle-bajada-3\/\">Escalera Emergencia Basculante -llegada a calle bajada<\/a><\/div><\/h2><\/div><\/div><\/div><\/div><\/div><\/div><\/div><\/article><article class=\"wpr-grid-item elementor-clearfix post-2023 attachment type-attachment status-inherit hentry\"><div class=\"wpr-grid-item-inner\"><div class=\"wpr-grid-media-wrap wpr-effect-size-small \"><div class=\"wpr-grid-image-wrap\" data-src=\"https:\/\/escalerasbalaguer.com\/wp-content\/uploads\/2023\/11\/Escalera-Emergencia-Basculante-llegada-a-calle-recogida--e1704728417607.jpg\"><img decoding=\"async\" src=\"https:\/\/escalerasbalaguer.com\/wp-content\/uploads\/elementor\/thumbs\/Escalera-Emergencia-Basculante-llegada-a-calle-recogida--e1704728417607-qieg805tpdxzy4xvcb8dh84kf1lg841ywpxv8jzk4g.jpg\" alt=\"Escalera Emergencia Basculante -llegada a calle recogida\" class=\"wpr-anim-timing-ease-default\"><\/div><div class=\"wpr-grid-media-hover wpr-animation-wrap\"><div class=\"wpr-grid-media-hover-bg  wpr-overlay-fade-in wpr-anim-size-large wpr-anim-timing-ease-default wpr-anim-transparency\" data-url=\"https:\/\/escalerasbalaguer.com\/ca\/escalera-emergencia-basculante-llegada-a-calle-recogida-3\/\"><\/div><div class=\"wpr-cv-container\"><div class=\"wpr-cv-outer\"><div class=\"wpr-cv-inner\"><div class=\"wpr-grid-media-hover-middle elementor-clearfix\"><div class=\"wpr-grid-item-lightbox elementor-repeater-item-c56f1c6 wpr-grid-item-display-block wpr-grid-item-align-center wpr-element-fade-in wpr-anim-size-large wpr-anim-timing-ease-default wpr-anim-transparency\"><div class=\"inner-block\"><span data-src=\"https:\/\/escalerasbalaguer.com\/wp-content\/uploads\/2023\/11\/Escalera-Emergencia-Basculante-llegada-a-calle-recogida--e1704728417607.jpg\"><i class=\"fas fa-search\"><\/i><\/span><div class=\"wpr-grid-lightbox-overlay\"><\/div><\/div><\/div><h2 class=\"wpr-grid-item-title elementor-repeater-item-615135a wpr-grid-item-display-block wpr-grid-item-align-center wpr-element-fade-in wpr-anim-size-large wpr-anim-timing-ease-default wpr-anim-transparency wpr-pointer-none wpr-pointer-line-fx wpr-pointer-fx-fade\"><div class=\"inner-block\"><a  href=\"https:\/\/escalerasbalaguer.com\/ca\/escalera-emergencia-basculante-llegada-a-calle-recogida-3\/\">Escalera Emergencia Basculante -llegada a calle recogida<\/a><\/div><\/h2><\/div><\/div><\/div><\/div><\/div><\/div><\/div><\/article><article class=\"wpr-grid-item elementor-clearfix post-2026 attachment type-attachment status-inherit hentry\"><div class=\"wpr-grid-item-inner\"><div class=\"wpr-grid-media-wrap wpr-effect-size-small \"><div class=\"wpr-grid-image-wrap\" data-src=\"https:\/\/escalerasbalaguer.com\/wp-content\/uploads\/2023\/11\/Escalera-Emergencia-Basculante-tramo-llegada-a-calle--e1704728475108.jpg\"><img decoding=\"async\" src=\"https:\/\/escalerasbalaguer.com\/wp-content\/uploads\/elementor\/thumbs\/Escalera-Emergencia-Basculante-tramo-llegada-a-calle--e1704728475108-qieg805tpdxzy4xvcb8dh84kf1lg841ywpxv8jzk4g.jpg\" alt=\"Escalera Emergencia Basculante -tramo llegada a calle\" class=\"wpr-anim-timing-ease-default\"><\/div><div class=\"wpr-grid-media-hover wpr-animation-wrap\"><div class=\"wpr-grid-media-hover-bg  wpr-overlay-fade-in wpr-anim-size-large wpr-anim-timing-ease-default wpr-anim-transparency\" data-url=\"https:\/\/escalerasbalaguer.com\/ca\/escalera-emergencia-basculante-tramo-llegada-a-calle-6\/\"><\/div><div class=\"wpr-cv-container\"><div class=\"wpr-cv-outer\"><div class=\"wpr-cv-inner\"><div class=\"wpr-grid-media-hover-middle elementor-clearfix\"><div class=\"wpr-grid-item-lightbox elementor-repeater-item-c56f1c6 wpr-grid-item-display-block wpr-grid-item-align-center wpr-element-fade-in wpr-anim-size-large wpr-anim-timing-ease-default wpr-anim-transparency\"><div class=\"inner-block\"><span data-src=\"https:\/\/escalerasbalaguer.com\/wp-content\/uploads\/2023\/11\/Escalera-Emergencia-Basculante-tramo-llegada-a-calle--e1704728475108.jpg\"><i class=\"fas fa-search\"><\/i><\/span><div class=\"wpr-grid-lightbox-overlay\"><\/div><\/div><\/div><h2 class=\"wpr-grid-item-title elementor-repeater-item-615135a wpr-grid-item-display-block wpr-grid-item-align-center wpr-element-fade-in wpr-anim-size-large wpr-anim-timing-ease-default wpr-anim-transparency wpr-pointer-none wpr-pointer-line-fx wpr-pointer-fx-fade\"><div class=\"inner-block\"><a  href=\"https:\/\/escalerasbalaguer.com\/ca\/escalera-emergencia-basculante-tramo-llegada-a-calle-6\/\">Escalera Emergencia Basculante -tramo llegada a calle<\/a><\/div><\/h2><\/div><\/div><\/div><\/div><\/div><\/div><\/div><\/article><article class=\"wpr-grid-item elementor-clearfix post-2029 attachment type-attachment status-inherit hentry\"><div class=\"wpr-grid-item-inner\"><div class=\"wpr-grid-media-wrap wpr-effect-size-small \"><div class=\"wpr-grid-image-wrap\" data-src=\"https:\/\/escalerasbalaguer.com\/wp-content\/uploads\/2023\/11\/Escalera-Emergencia-Basculante--e1704728432840.jpg\"><img decoding=\"async\" src=\"https:\/\/escalerasbalaguer.com\/wp-content\/uploads\/elementor\/thumbs\/Escalera-Emergencia-Basculante--e1704728432840-qieg7wegy1sunp3by9lv792q1i3zdbn1k7bxbg54tc.jpg\" alt=\"Escalera Emergencia Basculante\" class=\"wpr-anim-timing-ease-default\"><\/div><div class=\"wpr-grid-media-hover wpr-animation-wrap\"><div class=\"wpr-grid-media-hover-bg  wpr-overlay-fade-in wpr-anim-size-large wpr-anim-timing-ease-default wpr-anim-transparency\" data-url=\"https:\/\/escalerasbalaguer.com\/ca\/escalera-emergencia-basculante-3\/\"><\/div><div class=\"wpr-cv-container\"><div class=\"wpr-cv-outer\"><div class=\"wpr-cv-inner\"><div class=\"wpr-grid-media-hover-middle elementor-clearfix\"><div class=\"wpr-grid-item-lightbox elementor-repeater-item-c56f1c6 wpr-grid-item-display-block wpr-grid-item-align-center wpr-element-fade-in wpr-anim-size-large wpr-anim-timing-ease-default wpr-anim-transparency\"><div class=\"inner-block\"><span data-src=\"https:\/\/escalerasbalaguer.com\/wp-content\/uploads\/2023\/11\/Escalera-Emergencia-Basculante--e1704728432840.jpg\"><i class=\"fas fa-search\"><\/i><\/span><div class=\"wpr-grid-lightbox-overlay\"><\/div><\/div><\/div><h2 class=\"wpr-grid-item-title elementor-repeater-item-615135a wpr-grid-item-display-block wpr-grid-item-align-center wpr-element-fade-in wpr-anim-size-large wpr-anim-timing-ease-default wpr-anim-transparency wpr-pointer-none wpr-pointer-line-fx wpr-pointer-fx-fade\"><div class=\"inner-block\"><a  href=\"https:\/\/escalerasbalaguer.com\/ca\/escalera-emergencia-basculante-3\/\">Escalera Emergencia Basculante<\/a><\/div><\/h2><\/div><\/div><\/div><\/div><\/div><\/div><\/div><\/article><article class=\"wpr-grid-item elementor-clearfix post-2032 attachment type-attachment status-inherit hentry\"><div class=\"wpr-grid-item-inner\"><div class=\"wpr-grid-media-wrap wpr-effect-size-small \"><div class=\"wpr-grid-image-wrap\" data-src=\"https:\/\/escalerasbalaguer.com\/wp-content\/uploads\/2023\/11\/Escalera-Emergencia-Basculante-en-marquesina-recogida-arriba-e1704728387457.jpg\"><img decoding=\"async\" src=\"https:\/\/escalerasbalaguer.com\/wp-content\/uploads\/elementor\/thumbs\/Escalera-Emergencia-Basculante-en-marquesina-recogida-arriba-e1704728387457-qieg7ya5bpvfax0lnaf4c8ln89upspui8gmwa02cgw.jpg\" alt=\"Escalera Emergencia Basculante -en marquesina &#8211; recogida arriba\" class=\"wpr-anim-timing-ease-default\"><\/div><div class=\"wpr-grid-media-hover wpr-animation-wrap\"><div class=\"wpr-grid-media-hover-bg  wpr-overlay-fade-in wpr-anim-size-large wpr-anim-timing-ease-default wpr-anim-transparency\" data-url=\"https:\/\/escalerasbalaguer.com\/ca\/escalera-emergencia-basculante-en-marquesina-recogida-arriba-3\/\"><\/div><div class=\"wpr-cv-container\"><div class=\"wpr-cv-outer\"><div class=\"wpr-cv-inner\"><div class=\"wpr-grid-media-hover-middle elementor-clearfix\"><div class=\"wpr-grid-item-lightbox elementor-repeater-item-c56f1c6 wpr-grid-item-display-block wpr-grid-item-align-center wpr-element-fade-in wpr-anim-size-large wpr-anim-timing-ease-default wpr-anim-transparency\"><div class=\"inner-block\"><span data-src=\"https:\/\/escalerasbalaguer.com\/wp-content\/uploads\/2023\/11\/Escalera-Emergencia-Basculante-en-marquesina-recogida-arriba-e1704728387457.jpg\"><i class=\"fas fa-search\"><\/i><\/span><div class=\"wpr-grid-lightbox-overlay\"><\/div><\/div><\/div><h2 class=\"wpr-grid-item-title elementor-repeater-item-615135a wpr-grid-item-display-block wpr-grid-item-align-center wpr-element-fade-in wpr-anim-size-large wpr-anim-timing-ease-default wpr-anim-transparency wpr-pointer-none wpr-pointer-line-fx wpr-pointer-fx-fade\"><div class=\"inner-block\"><a  href=\"https:\/\/escalerasbalaguer.com\/ca\/escalera-emergencia-basculante-en-marquesina-recogida-arriba-3\/\">Escalera Emergencia Basculante -en marquesina &#8211; recogida arriba<\/a><\/div><\/h2><\/div><\/div><\/div><\/div><\/div><\/div><\/div><\/article><article class=\"wpr-grid-item elementor-clearfix post-2035 attachment type-attachment status-inherit hentry\"><div class=\"wpr-grid-item-inner\"><div class=\"wpr-grid-media-wrap wpr-effect-size-small \"><div class=\"wpr-grid-image-wrap\" data-src=\"https:\/\/escalerasbalaguer.com\/wp-content\/uploads\/2023\/11\/Escalera-Emergencia-Basculante-en-marquesina-recogida-e1704728457248.jpg\"><img decoding=\"async\" src=\"https:\/\/escalerasbalaguer.com\/wp-content\/uploads\/elementor\/thumbs\/Escalera-Emergencia-Basculante-en-marquesina-recogida-e1704728457248-qieg7ya5bpvfax0lnaf4c8ln89upspui8gmwa02cgw.jpg\" alt=\"Escalera Emergencia Basculante -en marquesina -recogida\" class=\"wpr-anim-timing-ease-default\"><\/div><div class=\"wpr-grid-media-hover wpr-animation-wrap\"><div class=\"wpr-grid-media-hover-bg  wpr-overlay-fade-in wpr-anim-size-large wpr-anim-timing-ease-default wpr-anim-transparency\" data-url=\"https:\/\/escalerasbalaguer.com\/ca\/escalera-emergencia-basculante-en-marquesina-recogida-3\/\"><\/div><div class=\"wpr-cv-container\"><div class=\"wpr-cv-outer\"><div class=\"wpr-cv-inner\"><div class=\"wpr-grid-media-hover-middle elementor-clearfix\"><div class=\"wpr-grid-item-lightbox elementor-repeater-item-c56f1c6 wpr-grid-item-display-block wpr-grid-item-align-center wpr-element-fade-in wpr-anim-size-large wpr-anim-timing-ease-default wpr-anim-transparency\"><div class=\"inner-block\"><span data-src=\"https:\/\/escalerasbalaguer.com\/wp-content\/uploads\/2023\/11\/Escalera-Emergencia-Basculante-en-marquesina-recogida-e1704728457248.jpg\"><i class=\"fas fa-search\"><\/i><\/span><div class=\"wpr-grid-lightbox-overlay\"><\/div><\/div><\/div><h2 class=\"wpr-grid-item-title elementor-repeater-item-615135a wpr-grid-item-display-block wpr-grid-item-align-center wpr-element-fade-in wpr-anim-size-large wpr-anim-timing-ease-default wpr-anim-transparency wpr-pointer-none wpr-pointer-line-fx wpr-pointer-fx-fade\"><div class=\"inner-block\"><a  href=\"https:\/\/escalerasbalaguer.com\/ca\/escalera-emergencia-basculante-en-marquesina-recogida-3\/\">Escalera Emergencia Basculante -en marquesina -recogida<\/a><\/div><\/h2><\/div><\/div><\/div><\/div><\/div><\/div><\/div><\/article><article class=\"wpr-grid-item elementor-clearfix post-2038 attachment type-attachment status-inherit hentry\"><div class=\"wpr-grid-item-inner\"><div class=\"wpr-grid-media-wrap wpr-effect-size-small \"><div class=\"wpr-grid-image-wrap\" data-src=\"https:\/\/escalerasbalaguer.com\/wp-content\/uploads\/2023\/11\/Escalera-Emergencia-Basculante-tramo-llegada-a-calle-1-1-e1704728402887.jpg\"><img decoding=\"async\" src=\"https:\/\/escalerasbalaguer.com\/wp-content\/uploads\/elementor\/thumbs\/Escalera-Emergencia-Basculante-tramo-llegada-a-calle-1-1-e1704728402887-qieg813nw7za9qwi6tn01pw10fgtft5p8ulcpty5y8.jpg\" alt=\"Escalera Emergencia Basculante tramo llegada a calle\" class=\"wpr-anim-timing-ease-default\"><\/div><div class=\"wpr-grid-media-hover wpr-animation-wrap\"><div class=\"wpr-grid-media-hover-bg  wpr-overlay-fade-in wpr-anim-size-large wpr-anim-timing-ease-default wpr-anim-transparency\" data-url=\"https:\/\/escalerasbalaguer.com\/ca\/escalera-emergencia-basculante-tramo-llegada-a-calle-2-2\/\"><\/div><div class=\"wpr-cv-container\"><div class=\"wpr-cv-outer\"><div class=\"wpr-cv-inner\"><div class=\"wpr-grid-media-hover-middle elementor-clearfix\"><div class=\"wpr-grid-item-lightbox elementor-repeater-item-c56f1c6 wpr-grid-item-display-block wpr-grid-item-align-center wpr-element-fade-in wpr-anim-size-large wpr-anim-timing-ease-default wpr-anim-transparency\"><div class=\"inner-block\"><span data-src=\"https:\/\/escalerasbalaguer.com\/wp-content\/uploads\/2023\/11\/Escalera-Emergencia-Basculante-tramo-llegada-a-calle-1-1-e1704728402887.jpg\"><i class=\"fas fa-search\"><\/i><\/span><div class=\"wpr-grid-lightbox-overlay\"><\/div><\/div><\/div><h2 class=\"wpr-grid-item-title elementor-repeater-item-615135a wpr-grid-item-display-block wpr-grid-item-align-center wpr-element-fade-in wpr-anim-size-large wpr-anim-timing-ease-default wpr-anim-transparency wpr-pointer-none wpr-pointer-line-fx wpr-pointer-fx-fade\"><div class=\"inner-block\"><a  href=\"https:\/\/escalerasbalaguer.com\/ca\/escalera-emergencia-basculante-tramo-llegada-a-calle-2-2\/\">Escalera Emergencia Basculante tramo llegada a calle<\/a><\/div><\/h2><\/div><\/div><\/div><\/div><\/div><\/div><\/div><\/article><article class=\"wpr-grid-item elementor-clearfix post-2041 attachment type-attachment status-inherit hentry\"><div class=\"wpr-grid-item-inner\"><div class=\"wpr-grid-media-wrap wpr-effect-size-small \"><div class=\"wpr-grid-image-wrap\" data-src=\"https:\/\/escalerasbalaguer.com\/wp-content\/uploads\/2023\/11\/Escalera-Emergencia-hidraulica-un-tramo-bajada.jpg\"><img decoding=\"async\" src=\"https:\/\/escalerasbalaguer.com\/wp-content\/uploads\/elementor\/thumbs\/Escalera-Emergencia-hidraulica-un-tramo-bajada-qieg8ai1skc5huiunxp9qnimya6hks70m547ilk880.jpg\" alt=\"Escalera Emergencia hidraulica -un tramo &#8211; bajada\" class=\"wpr-anim-timing-ease-default\"><\/div><div class=\"wpr-grid-media-hover wpr-animation-wrap\"><div class=\"wpr-grid-media-hover-bg  wpr-overlay-fade-in wpr-anim-size-large wpr-anim-timing-ease-default wpr-anim-transparency\" data-url=\"https:\/\/escalerasbalaguer.com\/ca\/escalera-emergencia-hidraulica-un-tramo-bajada-3\/\"><\/div><div class=\"wpr-cv-container\"><div class=\"wpr-cv-outer\"><div class=\"wpr-cv-inner\"><div class=\"wpr-grid-media-hover-middle elementor-clearfix\"><div class=\"wpr-grid-item-lightbox elementor-repeater-item-c56f1c6 wpr-grid-item-display-block wpr-grid-item-align-center wpr-element-fade-in wpr-anim-size-large wpr-anim-timing-ease-default wpr-anim-transparency\"><div class=\"inner-block\"><span data-src=\"https:\/\/escalerasbalaguer.com\/wp-content\/uploads\/2023\/11\/Escalera-Emergencia-hidraulica-un-tramo-bajada.jpg\"><i class=\"fas fa-search\"><\/i><\/span><div class=\"wpr-grid-lightbox-overlay\"><\/div><\/div><\/div><h2 class=\"wpr-grid-item-title elementor-repeater-item-615135a wpr-grid-item-display-block wpr-grid-item-align-center wpr-element-fade-in wpr-anim-size-large wpr-anim-timing-ease-default wpr-anim-transparency wpr-pointer-none wpr-pointer-line-fx wpr-pointer-fx-fade\"><div class=\"inner-block\"><a  href=\"https:\/\/escalerasbalaguer.com\/ca\/escalera-emergencia-hidraulica-un-tramo-bajada-3\/\">Escalera Emergencia hidraulica -un tramo &#8211; bajada<\/a><\/div><\/h2><\/div><\/div><\/div><\/div><\/div><\/div><\/div><\/article><article class=\"wpr-grid-item elementor-clearfix post-2044 attachment type-attachment status-inherit hentry\"><div class=\"wpr-grid-item-inner\"><div class=\"wpr-grid-media-wrap wpr-effect-size-small \"><div class=\"wpr-grid-image-wrap\" data-src=\"https:\/\/escalerasbalaguer.com\/wp-content\/uploads\/2023\/11\/Escalera-Emergencia-hidraulica-un-tramo.jpg\"><img decoding=\"async\" src=\"https:\/\/escalerasbalaguer.com\/wp-content\/uploads\/elementor\/thumbs\/Escalera-Emergencia-hidraulica-un-tramo-qieg8ai1skc5huiunxp9qnimya6hks70m547ilk880.jpg\" alt=\"Escalera Emergencia hidraulica -un tramo\" class=\"wpr-anim-timing-ease-default\"><\/div><div class=\"wpr-grid-media-hover wpr-animation-wrap\"><div class=\"wpr-grid-media-hover-bg  wpr-overlay-fade-in wpr-anim-size-large wpr-anim-timing-ease-default wpr-anim-transparency\" data-url=\"https:\/\/escalerasbalaguer.com\/ca\/escalera-emergencia-hidraulica-un-tramo-3\/\"><\/div><div class=\"wpr-cv-container\"><div class=\"wpr-cv-outer\"><div class=\"wpr-cv-inner\"><div class=\"wpr-grid-media-hover-middle elementor-clearfix\"><div class=\"wpr-grid-item-lightbox elementor-repeater-item-c56f1c6 wpr-grid-item-display-block wpr-grid-item-align-center wpr-element-fade-in wpr-anim-size-large wpr-anim-timing-ease-default wpr-anim-transparency\"><div class=\"inner-block\"><span data-src=\"https:\/\/escalerasbalaguer.com\/wp-content\/uploads\/2023\/11\/Escalera-Emergencia-hidraulica-un-tramo.jpg\"><i class=\"fas fa-search\"><\/i><\/span><div class=\"wpr-grid-lightbox-overlay\"><\/div><\/div><\/div><h2 class=\"wpr-grid-item-title elementor-repeater-item-615135a wpr-grid-item-display-block wpr-grid-item-align-center wpr-element-fade-in wpr-anim-size-large wpr-anim-timing-ease-default wpr-anim-transparency wpr-pointer-none wpr-pointer-line-fx wpr-pointer-fx-fade\"><div class=\"inner-block\"><a  href=\"https:\/\/escalerasbalaguer.com\/ca\/escalera-emergencia-hidraulica-un-tramo-3\/\">Escalera Emergencia hidraulica -un tramo<\/a><\/div><\/h2><\/div><\/div><\/div><\/div><\/div><\/div><\/div><\/article><article class=\"wpr-grid-item elementor-clearfix post-2050 attachment type-attachment status-inherit hentry\"><div class=\"wpr-grid-item-inner\"><div class=\"wpr-grid-media-wrap wpr-effect-size-small \"><div class=\"wpr-grid-image-wrap\" data-src=\"https:\/\/escalerasbalaguer.com\/wp-content\/uploads\/2023\/11\/Escalera-evacuacion-hidraulica-.jpg\"><img decoding=\"async\" src=\"https:\/\/escalerasbalaguer.com\/wp-content\/uploads\/elementor\/thumbs\/Escalera-evacuacion-hidraulica--qieg8e9ejwhasade1zbs0mkhbtnyfklxynq5fpenj4.jpg\" alt=\"Escalera evacuacion hidraulica .\" class=\"wpr-anim-timing-ease-default\"><\/div><div class=\"wpr-grid-media-hover wpr-animation-wrap\"><div class=\"wpr-grid-media-hover-bg  wpr-overlay-fade-in wpr-anim-size-large wpr-anim-timing-ease-default wpr-anim-transparency\" data-url=\"https:\/\/escalerasbalaguer.com\/ca\/escalera-evacuacion-hidraulica-7\/\"><\/div><div class=\"wpr-cv-container\"><div class=\"wpr-cv-outer\"><div class=\"wpr-cv-inner\"><div class=\"wpr-grid-media-hover-middle elementor-clearfix\"><div class=\"wpr-grid-item-lightbox elementor-repeater-item-c56f1c6 wpr-grid-item-display-block wpr-grid-item-align-center wpr-element-fade-in wpr-anim-size-large wpr-anim-timing-ease-default wpr-anim-transparency\"><div class=\"inner-block\"><span data-src=\"https:\/\/escalerasbalaguer.com\/wp-content\/uploads\/2023\/11\/Escalera-evacuacion-hidraulica-.jpg\"><i class=\"fas fa-search\"><\/i><\/span><div class=\"wpr-grid-lightbox-overlay\"><\/div><\/div><\/div><h2 class=\"wpr-grid-item-title elementor-repeater-item-615135a wpr-grid-item-display-block wpr-grid-item-align-center wpr-element-fade-in wpr-anim-size-large wpr-anim-timing-ease-default wpr-anim-transparency wpr-pointer-none wpr-pointer-line-fx wpr-pointer-fx-fade\"><div class=\"inner-block\"><a  href=\"https:\/\/escalerasbalaguer.com\/ca\/escalera-evacuacion-hidraulica-7\/\">Escalera evacuacion hidraulica .<\/a><\/div><\/h2><\/div><\/div><\/div><\/div><\/div><\/div><\/div><\/article><article class=\"wpr-grid-item elementor-clearfix post-2053 attachment type-attachment status-inherit hentry\"><div class=\"wpr-grid-item-inner\"><div class=\"wpr-grid-media-wrap wpr-effect-size-small \"><div class=\"wpr-grid-image-wrap\" data-src=\"https:\/\/escalerasbalaguer.com\/wp-content\/uploads\/2023\/11\/Escalera-evacuacion-hidraulica-1-1.jpg\"><img decoding=\"async\" src=\"https:\/\/escalerasbalaguer.com\/wp-content\/uploads\/elementor\/thumbs\/Escalera-evacuacion-hidraulica-1-1-qieg8e9ejwhasade1zbs0mkhbtnyfklxynq5fpenj4.jpg\" alt=\"Escalera evacuacion hidraulica &#8211;\" class=\"wpr-anim-timing-ease-default\"><\/div><div class=\"wpr-grid-media-hover wpr-animation-wrap\"><div class=\"wpr-grid-media-hover-bg  wpr-overlay-fade-in wpr-anim-size-large wpr-anim-timing-ease-default wpr-anim-transparency\" data-url=\"https:\/\/escalerasbalaguer.com\/ca\/escalera-evacuacion-hidraulica-2-2\/\"><\/div><div class=\"wpr-cv-container\"><div class=\"wpr-cv-outer\"><div class=\"wpr-cv-inner\"><div class=\"wpr-grid-media-hover-middle elementor-clearfix\"><div class=\"wpr-grid-item-lightbox elementor-repeater-item-c56f1c6 wpr-grid-item-display-block wpr-grid-item-align-center wpr-element-fade-in wpr-anim-size-large wpr-anim-timing-ease-default wpr-anim-transparency\"><div class=\"inner-block\"><span data-src=\"https:\/\/escalerasbalaguer.com\/wp-content\/uploads\/2023\/11\/Escalera-evacuacion-hidraulica-1-1.jpg\"><i class=\"fas fa-search\"><\/i><\/span><div class=\"wpr-grid-lightbox-overlay\"><\/div><\/div><\/div><h2 class=\"wpr-grid-item-title elementor-repeater-item-615135a wpr-grid-item-display-block wpr-grid-item-align-center wpr-element-fade-in wpr-anim-size-large wpr-anim-timing-ease-default wpr-anim-transparency wpr-pointer-none wpr-pointer-line-fx wpr-pointer-fx-fade\"><div class=\"inner-block\"><a  href=\"https:\/\/escalerasbalaguer.com\/ca\/escalera-evacuacion-hidraulica-2-2\/\">Escalera evacuacion hidraulica &#8211;<\/a><\/div><\/h2><\/div><\/div><\/div><\/div><\/div><\/div><\/div><\/article><article class=\"wpr-grid-item elementor-clearfix post-2056 attachment type-attachment status-inherit hentry\"><div class=\"wpr-grid-item-inner\"><div class=\"wpr-grid-media-wrap wpr-effect-size-small \"><div class=\"wpr-grid-image-wrap\" data-src=\"https:\/\/escalerasbalaguer.com\/wp-content\/uploads\/2023\/11\/Escalera-evacuacion-hidraulica-en-gimnasio-.jpg\"><img decoding=\"async\" src=\"https:\/\/escalerasbalaguer.com\/wp-content\/uploads\/elementor\/thumbs\/Escalera-evacuacion-hidraulica-en-gimnasio--qieg8f78qqil3wc0whqel4bxx7jbn9poasdmwzd9cw.jpg\" alt=\"Escalera evacuacion hidraulica en gimnasio\" class=\"wpr-anim-timing-ease-default\"><\/div><div class=\"wpr-grid-media-hover wpr-animation-wrap\"><div class=\"wpr-grid-media-hover-bg  wpr-overlay-fade-in wpr-anim-size-large wpr-anim-timing-ease-default wpr-anim-transparency\" data-url=\"https:\/\/escalerasbalaguer.com\/ca\/escalera-evacuacion-hidraulica-en-gimnasio-3\/\"><\/div><div class=\"wpr-cv-container\"><div class=\"wpr-cv-outer\"><div class=\"wpr-cv-inner\"><div class=\"wpr-grid-media-hover-middle elementor-clearfix\"><div class=\"wpr-grid-item-lightbox elementor-repeater-item-c56f1c6 wpr-grid-item-display-block wpr-grid-item-align-center wpr-element-fade-in wpr-anim-size-large wpr-anim-timing-ease-default wpr-anim-transparency\"><div class=\"inner-block\"><span data-src=\"https:\/\/escalerasbalaguer.com\/wp-content\/uploads\/2023\/11\/Escalera-evacuacion-hidraulica-en-gimnasio-.jpg\"><i class=\"fas fa-search\"><\/i><\/span><div class=\"wpr-grid-lightbox-overlay\"><\/div><\/div><\/div><h2 class=\"wpr-grid-item-title elementor-repeater-item-615135a wpr-grid-item-display-block wpr-grid-item-align-center wpr-element-fade-in wpr-anim-size-large wpr-anim-timing-ease-default wpr-anim-transparency wpr-pointer-none wpr-pointer-line-fx wpr-pointer-fx-fade\"><div class=\"inner-block\"><a  href=\"https:\/\/escalerasbalaguer.com\/ca\/escalera-evacuacion-hidraulica-en-gimnasio-3\/\">Escalera evacuacion hidraulica en gimnasio<\/a><\/div><\/h2><\/div><\/div><\/div><\/div><\/div><\/div><\/div><\/article><article class=\"wpr-grid-item elementor-clearfix post-2059 attachment type-attachment status-inherit hentry\"><div class=\"wpr-grid-item-inner\"><div class=\"wpr-grid-media-wrap wpr-effect-size-small \"><div class=\"wpr-grid-image-wrap\" data-src=\"https:\/\/escalerasbalaguer.com\/wp-content\/uploads\/2023\/11\/Escalera-movil-.jpg\"><img decoding=\"async\" src=\"https:\/\/escalerasbalaguer.com\/wp-content\/uploads\/elementor\/thumbs\/Escalera-movil--qieg8h2x4el5r49alijnq3uv3za22nx4z1olvjah0g.jpg\" alt=\"Escalera movil\" class=\"wpr-anim-timing-ease-default\"><\/div><div class=\"wpr-grid-media-hover wpr-animation-wrap\"><div class=\"wpr-grid-media-hover-bg  wpr-overlay-fade-in wpr-anim-size-large wpr-anim-timing-ease-default wpr-anim-transparency\" data-url=\"https:\/\/escalerasbalaguer.com\/ca\/escalera-movil-3\/\"><\/div><div class=\"wpr-cv-container\"><div class=\"wpr-cv-outer\"><div class=\"wpr-cv-inner\"><div class=\"wpr-grid-media-hover-middle elementor-clearfix\"><div class=\"wpr-grid-item-lightbox elementor-repeater-item-c56f1c6 wpr-grid-item-display-block wpr-grid-item-align-center wpr-element-fade-in wpr-anim-size-large wpr-anim-timing-ease-default wpr-anim-transparency\"><div class=\"inner-block\"><span data-src=\"https:\/\/escalerasbalaguer.com\/wp-content\/uploads\/2023\/11\/Escalera-movil-.jpg\"><i class=\"fas fa-search\"><\/i><\/span><div class=\"wpr-grid-lightbox-overlay\"><\/div><\/div><\/div><h2 class=\"wpr-grid-item-title elementor-repeater-item-615135a wpr-grid-item-display-block wpr-grid-item-align-center wpr-element-fade-in wpr-anim-size-large wpr-anim-timing-ease-default wpr-anim-transparency wpr-pointer-none wpr-pointer-line-fx wpr-pointer-fx-fade\"><div class=\"inner-block\"><a  href=\"https:\/\/escalerasbalaguer.com\/ca\/escalera-movil-3\/\">Escalera movil<\/a><\/div><\/h2><\/div><\/div><\/div><\/div><\/div><\/div><\/div><\/article><article class=\"wpr-grid-item elementor-clearfix post-2062 attachment type-attachment status-inherit hentry\"><div class=\"wpr-grid-item-inner\"><div class=\"wpr-grid-media-wrap wpr-effect-size-small \"><div class=\"wpr-grid-image-wrap\" data-src=\"https:\/\/escalerasbalaguer.com\/wp-content\/uploads\/2023\/11\/Escalera-Movil-de-un-tramo.jpg\"><img decoding=\"async\" src=\"https:\/\/escalerasbalaguer.com\/wp-content\/uploads\/elementor\/thumbs\/Escalera-Movil-de-un-tramo-qieg8h2x4el5r49alijnq3uv3za22nx4z1olvjah0g.jpg\" alt=\"Escalera Movil de un tramo\" class=\"wpr-anim-timing-ease-default\"><\/div><div class=\"wpr-grid-media-hover wpr-animation-wrap\"><div class=\"wpr-grid-media-hover-bg  wpr-overlay-fade-in wpr-anim-size-large wpr-anim-timing-ease-default wpr-anim-transparency\" data-url=\"https:\/\/escalerasbalaguer.com\/ca\/escalera-movil-de-un-tramo-3\/\"><\/div><div class=\"wpr-cv-container\"><div class=\"wpr-cv-outer\"><div class=\"wpr-cv-inner\"><div class=\"wpr-grid-media-hover-middle elementor-clearfix\"><div class=\"wpr-grid-item-lightbox elementor-repeater-item-c56f1c6 wpr-grid-item-display-block wpr-grid-item-align-center wpr-element-fade-in wpr-anim-size-large wpr-anim-timing-ease-default wpr-anim-transparency\"><div class=\"inner-block\"><span data-src=\"https:\/\/escalerasbalaguer.com\/wp-content\/uploads\/2023\/11\/Escalera-Movil-de-un-tramo.jpg\"><i class=\"fas fa-search\"><\/i><\/span><div class=\"wpr-grid-lightbox-overlay\"><\/div><\/div><\/div><h2 class=\"wpr-grid-item-title elementor-repeater-item-615135a wpr-grid-item-display-block wpr-grid-item-align-center wpr-element-fade-in wpr-anim-size-large wpr-anim-timing-ease-default wpr-anim-transparency wpr-pointer-none wpr-pointer-line-fx wpr-pointer-fx-fade\"><div class=\"inner-block\"><a  href=\"https:\/\/escalerasbalaguer.com\/ca\/escalera-movil-de-un-tramo-3\/\">Escalera Movil de un tramo<\/a><\/div><\/h2><\/div><\/div><\/div><\/div><\/div><\/div><\/div><\/article><\/section>\t\t<\/div>\n\t\t\t\t<\/div>\n\t\t\t\t\t<\/div>\n\t\t<\/div>\n\t\t\t\t\t\t\t<\/div>\n\t\t<\/section>\n\t\t\t\t\t\t\t<\/div>\n\t\t","protected":false},"excerpt":{"rendered":"<p>Escales d&#8217;Emerg\u00e8ncia Escales Hidr\u00e0uliques Escales Balaguer Escales M\u00f2bils, Basculants o Hidr\u00e0uliques Col\u00b7lecci\u00f3 escales emerg\u00e8ncia hidr\u00e0ulica Les escales d&#8217;emerg\u00e8ncia s\u00f3n elements cr\u00edtics en la seguretat d&#8217;edificis i estructures . Estan dissenyades per proporcionar una ruta segura d&#8217;evacuaci\u00f3 en cas d&#8217;emerg\u00e8ncia, com ara incendis o altres esdeveniments que requereixen evacuaci\u00f3 r\u00e0pida. Aquestes escales han de ser resistents &hellip;<\/p>\n<p class=\"read-more\"> <a class=\"\" href=\"https:\/\/escalerasbalaguer.com\/ca\/escalera-movil-de-un-tramo-3\/\"> <span class=\"screen-reader-text\">Escalera Movil de un tramo<\/span> Read More \u00bb<\/a><\/p>\n","protected":false},"author":1,"featured_media":0,"parent":0,"menu_order":0,"comment_status":"closed","ping_status":"closed","template":"","meta":{"ub_ctt_via":"","site-sidebar-layout":"no-sidebar","site-content-layout":"page-builder","ast-site-content-layout":"full-width-container","site-content-style":"unboxed","site-sidebar-style":"unboxed","ast-global-header-display":"","ast-banner-title-visibility":"","ast-main-header-display":"","ast-hfb-above-header-display":"","ast-hfb-below-header-display":"","ast-hfb-mobile-header-display":"","site-post-title":"disabled","ast-breadcrumbs-content":"disabled","ast-featured-img":"disabled","footer-sml-layout":"","theme-transparent-header-meta":"enabled","adv-header-id-meta":"","stick-header-meta":"","header-above-stick-meta":"","header-main-stick-meta":"","header-below-stick-meta":"","astra-migrate-meta-layouts":"","ast-page-background-enabled":"default","ast-page-background-meta":{"desktop":{"background-color":"","background-image":"","background-repeat":"repeat","background-position":"center center","background-size":"auto","background-attachment":"scroll","background-type":"","background-media":"","overlay-type":"","overlay-color":"","overlay-gradient":""},"tablet":{"background-color":"","background-image":"","background-repeat":"repeat","background-position":"center center","background-size":"auto","background-attachment":"scroll","background-type":"","background-media":"","overlay-type":"","overlay-color":"","overlay-gradient":""},"mobile":{"background-color":"","background-image":"","background-repeat":"repeat","background-position":"center center","background-size":"auto","background-attachment":"scroll","background-type":"","background-media":"","overlay-type":"","overlay-color":"","overlay-gradient":""}},"ast-content-background-meta":{"desktop":{"background-color":"var(--ast-global-color-5)","background-image":"","background-repeat":"repeat","background-position":"center center","background-size":"auto","background-attachment":"scroll","background-type":"","background-media":"","overlay-type":"","overlay-color":"","overlay-gradient":""},"tablet":{"background-color":"var(--ast-global-color-5)","background-image":"","background-repeat":"repeat","background-position":"center center","background-size":"auto","background-attachment":"scroll","background-type":"","background-media":"","overlay-type":"","overlay-color":"","overlay-gradient":""},"mobile":{"background-color":"var(--ast-global-color-5)","background-image":"","background-repeat":"repeat","background-position":"center center","background-size":"auto","background-attachment":"scroll","background-type":"","background-media":"","overlay-type":"","overlay-color":"","overlay-gradient":""}},"footnotes":""},"class_list":["post-3334","page","type-page","status-publish","hentry"],"featured_image_src":"https:\/\/escalerasbalaguer.com\/wp-content\/uploads\/2023\/11\/Escalera-Movil-de-un-tramo.jpg","_links":{"self":[{"href":"https:\/\/escalerasbalaguer.com\/ca\/wp-json\/wp\/v2\/pages\/3334","targetHints":{"allow":["GET"]}}],"collection":[{"href":"https:\/\/escalerasbalaguer.com\/ca\/wp-json\/wp\/v2\/pages"}],"about":[{"href":"https:\/\/escalerasbalaguer.com\/ca\/wp-json\/wp\/v2\/types\/page"}],"author":[{"embeddable":true,"href":"https:\/\/escalerasbalaguer.com\/ca\/wp-json\/wp\/v2\/users\/1"}],"replies":[{"embeddable":true,"href":"https:\/\/escalerasbalaguer.com\/ca\/wp-json\/wp\/v2\/comments?post=3334"}],"version-history":[{"count":4,"href":"https:\/\/escalerasbalaguer.com\/ca\/wp-json\/wp\/v2\/pages\/3334\/revisions"}],"predecessor-version":[{"id":3492,"href":"https:\/\/escalerasbalaguer.com\/ca\/wp-json\/wp\/v2\/pages\/3334\/revisions\/3492"}],"wp:attachment":[{"href":"https:\/\/escalerasbalaguer.com\/ca\/wp-json\/wp\/v2\/media?parent=3334"}],"curies":[{"name":"wp","href":"https:\/\/api.w.org\/{rel}","templated":true}]}}