{"id":3412,"date":"2023-11-16T11:40:48","date_gmt":"2023-11-16T10:40:48","guid":{"rendered":"https:\/\/escalerasbalaguer.com\/escales-emergencia-en-hotels\/"},"modified":"2024-03-27T13:24:20","modified_gmt":"2024-03-27T12:24:20","slug":"escales-emergencia-en-hotels","status":"publish","type":"page","link":"https:\/\/escalerasbalaguer.com\/ca\/escales-emergencia-en-hotels\/","title":{"rendered":"Escales emerg\u00e8ncia en hotels"},"content":{"rendered":"<p class=\"attachment\"><a href='https:\/\/escalerasbalaguer.com\/wp-content\/uploads\/2024\/03\/Escalera-Exterior-Curva.jpg'><img fetchpriority=\"high\" decoding=\"async\" width=\"218\" height=\"300\" src=\"https:\/\/escalerasbalaguer.com\/wp-content\/uploads\/2024\/03\/Escalera-Exterior-Curva-218x300.jpg\" class=\"attachment-medium size-medium\" alt=\"\" srcset=\"https:\/\/escalerasbalaguer.com\/wp-content\/uploads\/2024\/03\/Escalera-Exterior-Curva-218x300.jpg 218w, https:\/\/escalerasbalaguer.com\/wp-content\/uploads\/2024\/03\/Escalera-Exterior-Curva-746x1024.jpg 746w, https:\/\/escalerasbalaguer.com\/wp-content\/uploads\/2024\/03\/Escalera-Exterior-Curva-768x1055.jpg 768w, https:\/\/escalerasbalaguer.com\/wp-content\/uploads\/2024\/03\/Escalera-Exterior-Curva-1118x1536.jpg 1118w, https:\/\/escalerasbalaguer.com\/wp-content\/uploads\/2024\/03\/Escalera-Exterior-Curva.jpg 1176w\" sizes=\"(max-width: 218px) 100vw, 218px\" \/><\/a><\/p>\n\t\t<div data-elementor-type=\"wp-page\" data-elementor-id=\"3412\" class=\"elementor elementor-3412 elementor-1198\">\n\t\t\t\t\t\t\t\t\t<section class=\"elementor-section elementor-top-section elementor-element elementor-element-01f2300 elementor-section-height-min-height elementor-section-boxed elementor-section-height-default elementor-section-items-middle wpr-particle-no wpr-jarallax-no wpr-parallax-no wpr-sticky-section-no\" data-id=\"01f2300\" data-element_type=\"section\" data-settings=\"{&quot;background_background&quot;:&quot;classic&quot;}\">\n\t\t\t\t\t\t\t<div class=\"elementor-background-overlay\"><\/div>\n\t\t\t\t\t\t\t<div class=\"elementor-container elementor-column-gap-no\">\n\t\t\t\t\t<div class=\"elementor-column elementor-col-100 elementor-top-column elementor-element elementor-element-d908717\" data-id=\"d908717\" data-element_type=\"column\">\n\t\t\t<div class=\"elementor-widget-wrap elementor-element-populated\">\n\t\t\t\t\t\t\t\t<div class=\"elementor-element elementor-element-a92d70e elementor-widget elementor-widget-heading\" data-id=\"a92d70e\" data-element_type=\"widget\" data-widget_type=\"heading.default\">\n\t\t\t\t<div class=\"elementor-widget-container\">\n\t\t\t<style>\/*! elementor - v3.17.0 - 08-11-2023 *\/\n.elementor-heading-title{padding:0;margin:0;line-height:1}.elementor-widget-heading .elementor-heading-title[class*=elementor-size-]>a{color:inherit;font-size:inherit;line-height:inherit}.elementor-widget-heading .elementor-heading-title.elementor-size-small{font-size:15px}.elementor-widget-heading .elementor-heading-title.elementor-size-medium{font-size:19px}.elementor-widget-heading .elementor-heading-title.elementor-size-large{font-size:29px}.elementor-widget-heading .elementor-heading-title.elementor-size-xl{font-size:39px}.elementor-widget-heading .elementor-heading-title.elementor-size-xxl{font-size:59px}<\/style><h6 class=\"elementor-heading-title elementor-size-default\">Escales d'Emerg\u00e8ncia<\/h6>\t\t<\/div>\n\t\t\t\t<\/div>\n\t\t\t\t<div class=\"elementor-element elementor-element-39dcc49 elementor-widget elementor-widget-heading\" data-id=\"39dcc49\" data-element_type=\"widget\" data-widget_type=\"heading.default\">\n\t\t\t\t<div class=\"elementor-widget-container\">\n\t\t\t<h1 class=\"elementor-heading-title elementor-size-default\">Hotels<\/h1>\t\t<\/div>\n\t\t\t\t<\/div>\n\t\t\t\t\t<\/div>\n\t\t<\/div>\n\t\t\t\t\t\t\t<\/div>\n\t\t<\/section>\n\t\t\t\t<section class=\"elementor-section elementor-top-section elementor-element elementor-element-fd2c89a elementor-section-content-top elementor-section-boxed elementor-section-height-default elementor-section-height-default wpr-particle-no wpr-jarallax-no wpr-parallax-no wpr-sticky-section-no\" data-id=\"fd2c89a\" data-element_type=\"section\" data-settings=\"{&quot;background_background&quot;:&quot;classic&quot;}\">\n\t\t\t\t\t\t<div class=\"elementor-container elementor-column-gap-no\">\n\t\t\t\t\t<div class=\"elementor-column elementor-col-50 elementor-top-column elementor-element elementor-element-080d528\" data-id=\"080d528\" data-element_type=\"column\">\n\t\t\t<div class=\"elementor-widget-wrap elementor-element-populated\">\n\t\t\t\t\t\t\t\t<div class=\"elementor-element elementor-element-fd20bc1 elementor-widget elementor-widget-heading\" data-id=\"fd20bc1\" data-element_type=\"widget\" data-widget_type=\"heading.default\">\n\t\t\t\t<div class=\"elementor-widget-container\">\n\t\t\t<h6 class=\"elementor-heading-title elementor-size-default\">Escales Balaguer<\/h6>\t\t<\/div>\n\t\t\t\t<\/div>\n\t\t\t\t<div class=\"elementor-element elementor-element-a2ee5ea elementor-widget elementor-widget-heading\" data-id=\"a2ee5ea\" data-element_type=\"widget\" data-widget_type=\"heading.default\">\n\t\t\t\t<div class=\"elementor-widget-container\">\n\t\t\t<h2 class=\"elementor-heading-title elementor-size-default\">Escales d'emerg\u00e8ncia en Hotels<\/h2>\t\t<\/div>\n\t\t\t\t<\/div>\n\t\t\t\t\t<\/div>\n\t\t<\/div>\n\t\t\t\t<div class=\"elementor-column elementor-col-50 elementor-top-column elementor-element elementor-element-1615745\" data-id=\"1615745\" data-element_type=\"column\">\n\t\t\t<div class=\"elementor-widget-wrap elementor-element-populated\">\n\t\t\t\t\t\t\t\t<div class=\"elementor-element elementor-element-08301f0 elementor-widget elementor-widget-heading\" data-id=\"08301f0\" data-element_type=\"widget\" data-widget_type=\"heading.default\">\n\t\t\t\t<div class=\"elementor-widget-container\">\n\t\t\t<h5 class=\"elementor-heading-title elementor-size-default\">Col\u00b7lecci\u00f3 escales emerg\u00e8ncia<\/h5>\t\t<\/div>\n\t\t\t\t<\/div>\n\t\t\t\t<div class=\"elementor-element elementor-element-57238f9 elementor-widget elementor-widget-text-editor\" data-id=\"57238f9\" data-element_type=\"widget\" data-widget_type=\"text-editor.default\">\n\t\t\t\t<div class=\"elementor-widget-container\">\n\t\t\t<style>\/*! elementor - v3.17.0 - 08-11-2023 *\/\n.elementor-widget-text-editor.elementor-drop-cap-view-stacked .elementor-drop-cap{background-color:#69727d;color:#fff}.elementor-widget-text-editor.elementor-drop-cap-view-framed .elementor-drop-cap{color:#69727d;border:3px solid;background-color:transparent}.elementor-widget-text-editor:not(.elementor-drop-cap-view-default) .elementor-drop-cap{margin-top:8px}.elementor-widget-text-editor:not(.elementor-drop-cap-view-default) .elementor-drop-cap-letter{width:1em;height:1em}.elementor-widget-text-editor .elementor-drop-cap{float:left;text-align:center;line-height:1;font-size:50px}.elementor-widget-text-editor .elementor-drop-cap-letter{display:inline-block}<\/style>\t\t\t\t<div class=\"et_pb_row et_pb_row_1\">\n<div class=\"et_pb_column et_pb_column_4_4 et_pb_column_1 et_pb_css_mix_blend_mode_passthrough et-last-child\">\n<div class=\"et_pb_module et_pb_text et_pb_text_0 et_pb_text_align_left et_pb_bg_layout_light\">\n<div class=\"et_pb_text_inner\">\n<p>La Normativa Legal vigent fa necess\u00e0ria la incorporaci\u00f3 d&#8217;<strong>Escales d&#8217;Emerg\u00e8ncia<\/strong> en els edificis de diverses plantes contribuint d&#8217;aquesta manera a la salvaci\u00f3 de persones en cas d&#8217;incendi o emerg\u00e8ncia. Aquesta necessitat, avui, no t\u00e9 perqu\u00e8 ser un ajust en l&#8217;est\u00e8tica i disseny de l&#8217;edifici sin\u00f3 tot el contrari, la instal\u00b7laci\u00f3 d&#8217;escales singulars contribueix a ressaltar les particularitats constructives de l&#8217;edifici.<\/p>\n<\/div>\n<\/div>\n<\/div>\n<\/div>\n\t\t\t\t\t\t<\/div>\n\t\t\t\t<\/div>\n\t\t\t\t\t<\/div>\n\t\t<\/div>\n\t\t\t\t\t\t\t<\/div>\n\t\t<\/section>\n\t\t\t\t<section class=\"elementor-section elementor-top-section elementor-element elementor-element-bd29b3b elementor-section-boxed elementor-section-height-default elementor-section-height-default wpr-particle-no wpr-jarallax-no wpr-parallax-no wpr-sticky-section-no\" data-id=\"bd29b3b\" data-element_type=\"section\">\n\t\t\t\t\t\t<div class=\"elementor-container elementor-column-gap-no\">\n\t\t\t\t\t<div class=\"elementor-column elementor-col-100 elementor-top-column elementor-element elementor-element-cf7be5c\" data-id=\"cf7be5c\" data-element_type=\"column\">\n\t\t\t<div class=\"elementor-widget-wrap elementor-element-populated\">\n\t\t\t\t\t\t\t\t<div class=\"elementor-element elementor-element-c77324d elementor-widget elementor-widget-heading\" data-id=\"c77324d\" data-element_type=\"widget\" data-widget_type=\"heading.default\">\n\t\t\t\t<div class=\"elementor-widget-container\">\n\t\t\t<h2 class=\"elementor-heading-title elementor-size-default\">Les nostres Escales<\/h2>\t\t<\/div>\n\t\t\t\t<\/div>\n\t\t\t\t<div class=\"elementor-element elementor-element-43623bc wpr-grid-columns-4 wpr-grid-columns--tablet3 wpr-grid-columns--mobile1 elementor-widget elementor-widget-wpr-media-grid\" data-id=\"43623bc\" data-element_type=\"widget\" data-widget_type=\"wpr-media-grid.default\">\n\t\t\t\t<div class=\"elementor-widget-container\">\n\t\t\t<section class=\"wpr-grid wpr-media-grid elementor-clearfix\" data-settings=\"{&quot;layout&quot;:&quot;masonry&quot;,&quot;columns_desktop&quot;:&quot;4&quot;,&quot;gutter_hr&quot;:12,&quot;gutter_hr_mobile&quot;:12,&quot;gutter_hr_mobile_extra&quot;:12,&quot;gutter_hr_tablet&quot;:12,&quot;gutter_hr_tablet_extra&quot;:12,&quot;gutter_hr_laptop&quot;:12,&quot;gutter_hr_widescreen&quot;:12,&quot;gutter_vr&quot;:12,&quot;gutter_vr_mobile&quot;:12,&quot;gutter_vr_mobile_extra&quot;:12,&quot;gutter_vr_tablet&quot;:12,&quot;gutter_vr_tablet_extra&quot;:12,&quot;gutter_vr_laptop&quot;:12,&quot;gutter_vr_widescreen&quot;:12,&quot;animation&quot;:&quot;default&quot;,&quot;animation_duration&quot;:0.3,&quot;animation_delay&quot;:0.1,&quot;deeplinking&quot;:&quot;&quot;,&quot;filters_default_filter&quot;:&quot;&quot;,&quot;filters_linkable&quot;:&quot;no&quot;,&quot;filters_count&quot;:&quot;&quot;,&quot;filters_hide_empty&quot;:&quot;no&quot;,&quot;filters_animation&quot;:&quot;default&quot;,&quot;filters_animation_duration&quot;:0.3,&quot;filters_animation_delay&quot;:0.1,&quot;pagination_type&quot;:&quot;load-more&quot;,&quot;pagination_max_pages&quot;:1,&quot;lightbox&quot;:{&quot;selector&quot;:&quot;.wpr-grid-image-wrap&quot;,&quot;iframeMaxWidth&quot;:&quot;60%&quot;,&quot;hash&quot;:false,&quot;autoplay&quot;:&quot;true&quot;,&quot;pause&quot;:5000,&quot;progressBar&quot;:&quot;true&quot;,&quot;counter&quot;:&quot;true&quot;,&quot;controls&quot;:&quot;true&quot;,&quot;getCaptionFromTitleOrAlt&quot;:&quot;true&quot;,&quot;thumbnail&quot;:&quot;&quot;,&quot;showThumbByDefault&quot;:&quot;&quot;,&quot;share&quot;:&quot;&quot;,&quot;zoom&quot;:&quot;true&quot;,&quot;fullScreen&quot;:&quot;true&quot;,&quot;download&quot;:&quot;true&quot;}}\"><article class=\"wpr-grid-item elementor-clearfix post-2275 attachment type-attachment status-inherit hentry\"><div class=\"wpr-grid-item-inner\"><div class=\"wpr-grid-media-wrap wpr-effect-size-small \"><div class=\"wpr-grid-image-wrap\" data-src=\"https:\/\/escalerasbalaguer.com\/wp-content\/uploads\/2023\/11\/Escalera-caracol-instalada-en-hotel-1.jpg\"><img decoding=\"async\" src=\"https:\/\/escalerasbalaguer.com\/wp-content\/uploads\/elementor\/thumbs\/Escalera-caracol-instalada-en-hotel-1-qieg7as6kuz98nyqgi9g3wj4dn2jga97t8bra316sg.jpg\" alt=\"Escalera caracol instalada en hotel\" class=\"wpr-anim-timing-ease-default\"><\/div><div class=\"wpr-grid-media-hover wpr-animation-wrap\"><div class=\"wpr-grid-media-hover-bg  wpr-overlay-fade-in wpr-anim-size-large wpr-anim-timing-ease-default wpr-anim-transparency\" data-url=\"https:\/\/escalerasbalaguer.com\/ca\/escalera-caracol-instalada-en-hotel-2-2\/\"><\/div><div class=\"wpr-cv-container\"><div class=\"wpr-cv-outer\"><div class=\"wpr-cv-inner\"><div class=\"wpr-grid-media-hover-middle elementor-clearfix\"><div class=\"wpr-grid-item-lightbox elementor-repeater-item-c56f1c6 wpr-grid-item-display-block wpr-grid-item-align-center wpr-element-fade-in wpr-anim-size-large wpr-anim-timing-ease-default wpr-anim-transparency\"><div class=\"inner-block\"><span data-src=\"https:\/\/escalerasbalaguer.com\/wp-content\/uploads\/2023\/11\/Escalera-caracol-instalada-en-hotel-1.jpg\"><i class=\"fas fa-search\"><\/i><\/span><div class=\"wpr-grid-lightbox-overlay\"><\/div><\/div><\/div><h2 class=\"wpr-grid-item-title elementor-repeater-item-615135a wpr-grid-item-display-block wpr-grid-item-align-center wpr-element-fade-in wpr-anim-size-large wpr-anim-timing-ease-default wpr-anim-transparency wpr-pointer-none wpr-pointer-line-fx wpr-pointer-fx-fade\"><div class=\"inner-block\"><a  href=\"https:\/\/escalerasbalaguer.com\/ca\/escalera-caracol-instalada-en-hotel-2-2\/\">Escalera caracol instalada en hotel<\/a><\/div><\/h2><\/div><\/div><\/div><\/div><\/div><\/div><\/div><\/article><article class=\"wpr-grid-item elementor-clearfix post-2278 attachment type-attachment status-inherit hentry\"><div class=\"wpr-grid-item-inner\"><div class=\"wpr-grid-media-wrap wpr-effect-size-small \"><div class=\"wpr-grid-image-wrap\" data-src=\"https:\/\/escalerasbalaguer.com\/wp-content\/uploads\/2023\/11\/Escalera-de-tramo-recto-galvanizada-1-1.jpg\"><img decoding=\"async\" src=\"https:\/\/escalerasbalaguer.com\/wp-content\/uploads\/elementor\/thumbs\/Escalera-de-tramo-recto-galvanizada-1-1-qieg7j8qadau55mg33x38ce9q3wudk6sue74lkon8g.jpg\" alt=\"Escalera de tramo recto galvanizada\" class=\"wpr-anim-timing-ease-default\"><\/div><div class=\"wpr-grid-media-hover wpr-animation-wrap\"><div class=\"wpr-grid-media-hover-bg  wpr-overlay-fade-in wpr-anim-size-large wpr-anim-timing-ease-default wpr-anim-transparency\" data-url=\"https:\/\/escalerasbalaguer.com\/ca\/escalera-de-tramo-recto-galvanizada-2-2\/\"><\/div><div class=\"wpr-cv-container\"><div class=\"wpr-cv-outer\"><div class=\"wpr-cv-inner\"><div class=\"wpr-grid-media-hover-middle elementor-clearfix\"><div class=\"wpr-grid-item-lightbox elementor-repeater-item-c56f1c6 wpr-grid-item-display-block wpr-grid-item-align-center wpr-element-fade-in wpr-anim-size-large wpr-anim-timing-ease-default wpr-anim-transparency\"><div class=\"inner-block\"><span data-src=\"https:\/\/escalerasbalaguer.com\/wp-content\/uploads\/2023\/11\/Escalera-de-tramo-recto-galvanizada-1-1.jpg\"><i class=\"fas fa-search\"><\/i><\/span><div class=\"wpr-grid-lightbox-overlay\"><\/div><\/div><\/div><h2 class=\"wpr-grid-item-title elementor-repeater-item-615135a wpr-grid-item-display-block wpr-grid-item-align-center wpr-element-fade-in wpr-anim-size-large wpr-anim-timing-ease-default wpr-anim-transparency wpr-pointer-none wpr-pointer-line-fx wpr-pointer-fx-fade\"><div class=\"inner-block\"><a  href=\"https:\/\/escalerasbalaguer.com\/ca\/escalera-de-tramo-recto-galvanizada-2-2\/\">Escalera de tramo recto galvanizada<\/a><\/div><\/h2><\/div><\/div><\/div><\/div><\/div><\/div><\/div><\/article><article class=\"wpr-grid-item elementor-clearfix post-2281 attachment type-attachment status-inherit hentry\"><div class=\"wpr-grid-item-inner\"><div class=\"wpr-grid-media-wrap wpr-effect-size-small \"><div class=\"wpr-grid-image-wrap\" data-src=\"https:\/\/escalerasbalaguer.com\/wp-content\/uploads\/2023\/11\/Escalera-de-tramos-1-1.jpg\"><img decoding=\"async\" src=\"https:\/\/escalerasbalaguer.com\/wp-content\/uploads\/elementor\/thumbs\/Escalera-de-tramos-1-1-qieg7j8qadau55mg33x38ce9q3wudk6sue74lkon8g.jpg\" alt=\"Escalera de tramos\" class=\"wpr-anim-timing-ease-default\"><\/div><div class=\"wpr-grid-media-hover wpr-animation-wrap\"><div class=\"wpr-grid-media-hover-bg  wpr-overlay-fade-in wpr-anim-size-large wpr-anim-timing-ease-default wpr-anim-transparency\" data-url=\"https:\/\/escalerasbalaguer.com\/ca\/escalera-de-tramos-2-2\/\"><\/div><div class=\"wpr-cv-container\"><div class=\"wpr-cv-outer\"><div class=\"wpr-cv-inner\"><div class=\"wpr-grid-media-hover-middle elementor-clearfix\"><div class=\"wpr-grid-item-lightbox elementor-repeater-item-c56f1c6 wpr-grid-item-display-block wpr-grid-item-align-center wpr-element-fade-in wpr-anim-size-large wpr-anim-timing-ease-default wpr-anim-transparency\"><div class=\"inner-block\"><span data-src=\"https:\/\/escalerasbalaguer.com\/wp-content\/uploads\/2023\/11\/Escalera-de-tramos-1-1.jpg\"><i class=\"fas fa-search\"><\/i><\/span><div class=\"wpr-grid-lightbox-overlay\"><\/div><\/div><\/div><h2 class=\"wpr-grid-item-title elementor-repeater-item-615135a wpr-grid-item-display-block wpr-grid-item-align-center wpr-element-fade-in wpr-anim-size-large wpr-anim-timing-ease-default wpr-anim-transparency wpr-pointer-none wpr-pointer-line-fx wpr-pointer-fx-fade\"><div class=\"inner-block\"><a  href=\"https:\/\/escalerasbalaguer.com\/ca\/escalera-de-tramos-2-2\/\">Escalera de tramos<\/a><\/div><\/h2><\/div><\/div><\/div><\/div><\/div><\/div><\/div><\/article><article class=\"wpr-grid-item elementor-clearfix post-2284 attachment type-attachment status-inherit hentry\"><div class=\"wpr-grid-item-inner\"><div class=\"wpr-grid-media-wrap wpr-effect-size-small \"><div class=\"wpr-grid-image-wrap\" data-src=\"https:\/\/escalerasbalaguer.com\/wp-content\/uploads\/2023\/11\/Escalera-de-tramos-rectos-galvanizada-1-1.jpg\"><img decoding=\"async\" src=\"https:\/\/escalerasbalaguer.com\/wp-content\/uploads\/elementor\/thumbs\/Escalera-de-tramos-rectos-galvanizada-1-1-qieg7nxx8jh9r7fmbny82t7kp19og1pgj1gjzyhodc.jpg\" alt=\"Escalera de tramos rectos galvanizada\" class=\"wpr-anim-timing-ease-default\"><\/div><div class=\"wpr-grid-media-hover wpr-animation-wrap\"><div class=\"wpr-grid-media-hover-bg  wpr-overlay-fade-in wpr-anim-size-large wpr-anim-timing-ease-default wpr-anim-transparency\" data-url=\"https:\/\/escalerasbalaguer.com\/ca\/escalera-de-tramos-rectos-galvanizada-3-2\/\"><\/div><div class=\"wpr-cv-container\"><div class=\"wpr-cv-outer\"><div class=\"wpr-cv-inner\"><div class=\"wpr-grid-media-hover-middle elementor-clearfix\"><div class=\"wpr-grid-item-lightbox elementor-repeater-item-c56f1c6 wpr-grid-item-display-block wpr-grid-item-align-center wpr-element-fade-in wpr-anim-size-large wpr-anim-timing-ease-default wpr-anim-transparency\"><div class=\"inner-block\"><span data-src=\"https:\/\/escalerasbalaguer.com\/wp-content\/uploads\/2023\/11\/Escalera-de-tramos-rectos-galvanizada-1-1.jpg\"><i class=\"fas fa-search\"><\/i><\/span><div class=\"wpr-grid-lightbox-overlay\"><\/div><\/div><\/div><h2 class=\"wpr-grid-item-title elementor-repeater-item-615135a wpr-grid-item-display-block wpr-grid-item-align-center wpr-element-fade-in wpr-anim-size-large wpr-anim-timing-ease-default wpr-anim-transparency wpr-pointer-none wpr-pointer-line-fx wpr-pointer-fx-fade\"><div class=\"inner-block\"><a  href=\"https:\/\/escalerasbalaguer.com\/ca\/escalera-de-tramos-rectos-galvanizada-3-2\/\">Escalera de tramos rectos galvanizada<\/a><\/div><\/h2><\/div><\/div><\/div><\/div><\/div><\/div><\/div><\/article><article class=\"wpr-grid-item elementor-clearfix post-2287 attachment type-attachment status-inherit hentry\"><div class=\"wpr-grid-item-inner\"><div class=\"wpr-grid-media-wrap wpr-effect-size-small \"><div class=\"wpr-grid-image-wrap\" data-src=\"https:\/\/escalerasbalaguer.com\/wp-content\/uploads\/2023\/11\/Escalera-de-tramos-rectos-galvanizada-1.jpg\"><img decoding=\"async\" src=\"https:\/\/escalerasbalaguer.com\/wp-content\/uploads\/elementor\/thumbs\/Escalera-de-tramos-rectos-galvanizada-1-qieg7nxx8jh9r7fmbny82t7kp19og1pgj1gjzyhodc.jpg\" alt=\"Escalera de tramos rectos galvanizada\" class=\"wpr-anim-timing-ease-default\"><\/div><div class=\"wpr-grid-media-hover wpr-animation-wrap\"><div class=\"wpr-grid-media-hover-bg  wpr-overlay-fade-in wpr-anim-size-large wpr-anim-timing-ease-default wpr-anim-transparency\" data-url=\"https:\/\/escalerasbalaguer.com\/ca\/escalera-de-tramos-rectos-galvanizada-4-2\/\"><\/div><div class=\"wpr-cv-container\"><div class=\"wpr-cv-outer\"><div class=\"wpr-cv-inner\"><div class=\"wpr-grid-media-hover-middle elementor-clearfix\"><div class=\"wpr-grid-item-lightbox elementor-repeater-item-c56f1c6 wpr-grid-item-display-block wpr-grid-item-align-center wpr-element-fade-in wpr-anim-size-large wpr-anim-timing-ease-default wpr-anim-transparency\"><div class=\"inner-block\"><span data-src=\"https:\/\/escalerasbalaguer.com\/wp-content\/uploads\/2023\/11\/Escalera-de-tramos-rectos-galvanizada-1.jpg\"><i class=\"fas fa-search\"><\/i><\/span><div class=\"wpr-grid-lightbox-overlay\"><\/div><\/div><\/div><h2 class=\"wpr-grid-item-title elementor-repeater-item-615135a wpr-grid-item-display-block wpr-grid-item-align-center wpr-element-fade-in wpr-anim-size-large wpr-anim-timing-ease-default wpr-anim-transparency wpr-pointer-none wpr-pointer-line-fx wpr-pointer-fx-fade\"><div class=\"inner-block\"><a  href=\"https:\/\/escalerasbalaguer.com\/ca\/escalera-de-tramos-rectos-galvanizada-4-2\/\">Escalera de tramos rectos galvanizada<\/a><\/div><\/h2><\/div><\/div><\/div><\/div><\/div><\/div><\/div><\/article><article class=\"wpr-grid-item elementor-clearfix post-2290 attachment type-attachment status-inherit hentry\"><div class=\"wpr-grid-item-inner\"><div class=\"wpr-grid-media-wrap wpr-effect-size-small \"><div class=\"wpr-grid-image-wrap\" data-src=\"https:\/\/escalerasbalaguer.com\/wp-content\/uploads\/2023\/11\/Escalera-de-tramos-rectos-lip-stick-no1-1.jpg\"><img decoding=\"async\" src=\"https:\/\/escalerasbalaguer.com\/wp-content\/uploads\/elementor\/thumbs\/Escalera-de-tramos-rectos-lip-stick-no1-1-qieg7ovrfdik2te966cunaz1af51nqt6v641h8ga74.jpg\" alt=\"Escalera de tramos rectos lip stick n\u00ba1\" class=\"wpr-anim-timing-ease-default\"><\/div><div class=\"wpr-grid-media-hover wpr-animation-wrap\"><div class=\"wpr-grid-media-hover-bg  wpr-overlay-fade-in wpr-anim-size-large wpr-anim-timing-ease-default wpr-anim-transparency\" data-url=\"https:\/\/escalerasbalaguer.com\/ca\/escalera-de-tramos-rectos-lip-stick-no1-2-2\/\"><\/div><div class=\"wpr-cv-container\"><div class=\"wpr-cv-outer\"><div class=\"wpr-cv-inner\"><div class=\"wpr-grid-media-hover-middle elementor-clearfix\"><div class=\"wpr-grid-item-lightbox elementor-repeater-item-c56f1c6 wpr-grid-item-display-block wpr-grid-item-align-center wpr-element-fade-in wpr-anim-size-large wpr-anim-timing-ease-default wpr-anim-transparency\"><div class=\"inner-block\"><span data-src=\"https:\/\/escalerasbalaguer.com\/wp-content\/uploads\/2023\/11\/Escalera-de-tramos-rectos-lip-stick-no1-1.jpg\"><i class=\"fas fa-search\"><\/i><\/span><div class=\"wpr-grid-lightbox-overlay\"><\/div><\/div><\/div><h2 class=\"wpr-grid-item-title elementor-repeater-item-615135a wpr-grid-item-display-block wpr-grid-item-align-center wpr-element-fade-in wpr-anim-size-large wpr-anim-timing-ease-default wpr-anim-transparency wpr-pointer-none wpr-pointer-line-fx wpr-pointer-fx-fade\"><div class=\"inner-block\"><a  href=\"https:\/\/escalerasbalaguer.com\/ca\/escalera-de-tramos-rectos-lip-stick-no1-2-2\/\">Escalera de tramos rectos lip stick n\u00ba1<\/a><\/div><\/h2><\/div><\/div><\/div><\/div><\/div><\/div><\/div><\/article><article class=\"wpr-grid-item elementor-clearfix post-2293 attachment type-attachment status-inherit hentry\"><div class=\"wpr-grid-item-inner\"><div class=\"wpr-grid-media-wrap wpr-effect-size-small \"><div class=\"wpr-grid-image-wrap\" data-src=\"https:\/\/escalerasbalaguer.com\/wp-content\/uploads\/2023\/11\/Escalera-de-tramos-remonta-1-1.jpg\"><img decoding=\"async\" src=\"https:\/\/escalerasbalaguer.com\/wp-content\/uploads\/elementor\/thumbs\/Escalera-de-tramos-remonta-1-1-qieg7ovrfdik2te966cunaz1af51nqt6v641h8ga74.jpg\" alt=\"Escalera de tramos remonta\" class=\"wpr-anim-timing-ease-default\"><\/div><div class=\"wpr-grid-media-hover wpr-animation-wrap\"><div class=\"wpr-grid-media-hover-bg  wpr-overlay-fade-in wpr-anim-size-large wpr-anim-timing-ease-default wpr-anim-transparency\" data-url=\"https:\/\/escalerasbalaguer.com\/ca\/escalera-de-tramos-remonta-2-2\/\"><\/div><div class=\"wpr-cv-container\"><div class=\"wpr-cv-outer\"><div class=\"wpr-cv-inner\"><div class=\"wpr-grid-media-hover-middle elementor-clearfix\"><div class=\"wpr-grid-item-lightbox elementor-repeater-item-c56f1c6 wpr-grid-item-display-block wpr-grid-item-align-center wpr-element-fade-in wpr-anim-size-large wpr-anim-timing-ease-default wpr-anim-transparency\"><div class=\"inner-block\"><span data-src=\"https:\/\/escalerasbalaguer.com\/wp-content\/uploads\/2023\/11\/Escalera-de-tramos-remonta-1-1.jpg\"><i class=\"fas fa-search\"><\/i><\/span><div class=\"wpr-grid-lightbox-overlay\"><\/div><\/div><\/div><h2 class=\"wpr-grid-item-title elementor-repeater-item-615135a wpr-grid-item-display-block wpr-grid-item-align-center wpr-element-fade-in wpr-anim-size-large wpr-anim-timing-ease-default wpr-anim-transparency wpr-pointer-none wpr-pointer-line-fx wpr-pointer-fx-fade\"><div class=\"inner-block\"><a  href=\"https:\/\/escalerasbalaguer.com\/ca\/escalera-de-tramos-remonta-2-2\/\">Escalera de tramos remonta<\/a><\/div><\/h2><\/div><\/div><\/div><\/div><\/div><\/div><\/div><\/article><article class=\"wpr-grid-item elementor-clearfix post-2296 attachment type-attachment status-inherit hentry\"><div class=\"wpr-grid-item-inner\"><div class=\"wpr-grid-media-wrap wpr-effect-size-small \"><div class=\"wpr-grid-image-wrap\" data-src=\"https:\/\/escalerasbalaguer.com\/wp-content\/uploads\/2023\/11\/Escalera-Emergencia-caracol-con-jaula-1.jpg\"><img decoding=\"async\" src=\"https:\/\/escalerasbalaguer.com\/wp-content\/uploads\/elementor\/thumbs\/Escalera-Emergencia-caracol-con-jaula-1-qieg813nw7za9qwi6tn01pw10fgtft5p8ulcpty5y8.jpg\" alt=\"Escalera Emergencia caracol con jaula\" class=\"wpr-anim-timing-ease-default\"><\/div><div class=\"wpr-grid-media-hover wpr-animation-wrap\"><div class=\"wpr-grid-media-hover-bg  wpr-overlay-fade-in wpr-anim-size-large wpr-anim-timing-ease-default wpr-anim-transparency\" data-url=\"https:\/\/escalerasbalaguer.com\/ca\/escalera-emergencia-caracol-con-jaula-2-2\/\"><\/div><div class=\"wpr-cv-container\"><div class=\"wpr-cv-outer\"><div class=\"wpr-cv-inner\"><div class=\"wpr-grid-media-hover-middle elementor-clearfix\"><div class=\"wpr-grid-item-lightbox elementor-repeater-item-c56f1c6 wpr-grid-item-display-block wpr-grid-item-align-center wpr-element-fade-in wpr-anim-size-large wpr-anim-timing-ease-default wpr-anim-transparency\"><div class=\"inner-block\"><span data-src=\"https:\/\/escalerasbalaguer.com\/wp-content\/uploads\/2023\/11\/Escalera-Emergencia-caracol-con-jaula-1.jpg\"><i class=\"fas fa-search\"><\/i><\/span><div class=\"wpr-grid-lightbox-overlay\"><\/div><\/div><\/div><h2 class=\"wpr-grid-item-title elementor-repeater-item-615135a wpr-grid-item-display-block wpr-grid-item-align-center wpr-element-fade-in wpr-anim-size-large wpr-anim-timing-ease-default wpr-anim-transparency wpr-pointer-none wpr-pointer-line-fx wpr-pointer-fx-fade\"><div class=\"inner-block\"><a  href=\"https:\/\/escalerasbalaguer.com\/ca\/escalera-emergencia-caracol-con-jaula-2-2\/\">Escalera Emergencia caracol con jaula<\/a><\/div><\/h2><\/div><\/div><\/div><\/div><\/div><\/div><\/div><\/article><article class=\"wpr-grid-item elementor-clearfix post-2299 attachment type-attachment status-inherit hentry\"><div class=\"wpr-grid-item-inner\"><div class=\"wpr-grid-media-wrap wpr-effect-size-small \"><div class=\"wpr-grid-image-wrap\" data-src=\"https:\/\/escalerasbalaguer.com\/wp-content\/uploads\/2023\/11\/Escalera-Emergencia-de-tramos-con-cerramiento-abajo-instalada-en-Hotel-1-1.jpg\"><img decoding=\"async\" src=\"https:\/\/escalerasbalaguer.com\/wp-content\/uploads\/elementor\/thumbs\/Escalera-Emergencia-de-tramos-con-cerramiento-abajo-instalada-en-Hotel-1-1-qieg85suue5pvspofdo4w6pbzctniaocxhus47r734.jpg\" alt=\"Escalera Emergencia de tramos con cerramiento abajo &#8211; instalada en Hotel\" class=\"wpr-anim-timing-ease-default\"><\/div><div class=\"wpr-grid-media-hover wpr-animation-wrap\"><div class=\"wpr-grid-media-hover-bg  wpr-overlay-fade-in wpr-anim-size-large wpr-anim-timing-ease-default wpr-anim-transparency\" data-url=\"https:\/\/escalerasbalaguer.com\/ca\/escalera-emergencia-de-tramos-con-cerramiento-abajo-instalada-en-hotel-2-2\/\"><\/div><div class=\"wpr-cv-container\"><div class=\"wpr-cv-outer\"><div class=\"wpr-cv-inner\"><div class=\"wpr-grid-media-hover-middle elementor-clearfix\"><div class=\"wpr-grid-item-lightbox elementor-repeater-item-c56f1c6 wpr-grid-item-display-block wpr-grid-item-align-center wpr-element-fade-in wpr-anim-size-large wpr-anim-timing-ease-default wpr-anim-transparency\"><div class=\"inner-block\"><span data-src=\"https:\/\/escalerasbalaguer.com\/wp-content\/uploads\/2023\/11\/Escalera-Emergencia-de-tramos-con-cerramiento-abajo-instalada-en-Hotel-1-1.jpg\"><i class=\"fas fa-search\"><\/i><\/span><div class=\"wpr-grid-lightbox-overlay\"><\/div><\/div><\/div><h2 class=\"wpr-grid-item-title elementor-repeater-item-615135a wpr-grid-item-display-block wpr-grid-item-align-center wpr-element-fade-in wpr-anim-size-large wpr-anim-timing-ease-default wpr-anim-transparency wpr-pointer-none wpr-pointer-line-fx wpr-pointer-fx-fade\"><div class=\"inner-block\"><a  href=\"https:\/\/escalerasbalaguer.com\/ca\/escalera-emergencia-de-tramos-con-cerramiento-abajo-instalada-en-hotel-2-2\/\">Escalera Emergencia de tramos con cerramiento abajo &#8211; instalada en Hotel<\/a><\/div><\/h2><\/div><\/div><\/div><\/div><\/div><\/div><\/div><\/article><article class=\"wpr-grid-item elementor-clearfix post-2302 attachment type-attachment status-inherit hentry\"><div class=\"wpr-grid-item-inner\"><div class=\"wpr-grid-media-wrap wpr-effect-size-small \"><div class=\"wpr-grid-image-wrap\" data-src=\"https:\/\/escalerasbalaguer.com\/wp-content\/uploads\/2023\/11\/Escalera-Emergencia-de-tramos-instalacion-4.8-1.jpg\"><img decoding=\"async\" src=\"https:\/\/escalerasbalaguer.com\/wp-content\/uploads\/elementor\/thumbs\/Escalera-Emergencia-de-tramos-instalacion-4.8-1-qieg86qp18707eob9w2rgogskqp0pzs39mi9lhpsww.jpg\" alt=\"Escalera Emergencia de tramos -instalacion 4.8\" class=\"wpr-anim-timing-ease-default\"><\/div><div class=\"wpr-grid-media-hover wpr-animation-wrap\"><div class=\"wpr-grid-media-hover-bg  wpr-overlay-fade-in wpr-anim-size-large wpr-anim-timing-ease-default wpr-anim-transparency\" data-url=\"https:\/\/escalerasbalaguer.com\/ca\/escalera-emergencia-de-tramos-instalacion-4-8-2-2\/\"><\/div><div class=\"wpr-cv-container\"><div class=\"wpr-cv-outer\"><div class=\"wpr-cv-inner\"><div class=\"wpr-grid-media-hover-middle elementor-clearfix\"><div class=\"wpr-grid-item-lightbox elementor-repeater-item-c56f1c6 wpr-grid-item-display-block wpr-grid-item-align-center wpr-element-fade-in wpr-anim-size-large wpr-anim-timing-ease-default wpr-anim-transparency\"><div class=\"inner-block\"><span data-src=\"https:\/\/escalerasbalaguer.com\/wp-content\/uploads\/2023\/11\/Escalera-Emergencia-de-tramos-instalacion-4.8-1.jpg\"><i class=\"fas fa-search\"><\/i><\/span><div class=\"wpr-grid-lightbox-overlay\"><\/div><\/div><\/div><h2 class=\"wpr-grid-item-title elementor-repeater-item-615135a wpr-grid-item-display-block wpr-grid-item-align-center wpr-element-fade-in wpr-anim-size-large wpr-anim-timing-ease-default wpr-anim-transparency wpr-pointer-none wpr-pointer-line-fx wpr-pointer-fx-fade\"><div class=\"inner-block\"><a  href=\"https:\/\/escalerasbalaguer.com\/ca\/escalera-emergencia-de-tramos-instalacion-4-8-2-2\/\">Escalera Emergencia de tramos -instalacion 4.8<\/a><\/div><\/h2><\/div><\/div><\/div><\/div><\/div><\/div><\/div><\/article><article class=\"wpr-grid-item elementor-clearfix post-2305 attachment type-attachment status-inherit hentry\"><div class=\"wpr-grid-item-inner\"><div class=\"wpr-grid-media-wrap wpr-effect-size-small \"><div class=\"wpr-grid-image-wrap\" data-src=\"https:\/\/escalerasbalaguer.com\/wp-content\/uploads\/2023\/11\/Escalera-Emergencia-de-tramos-instalacion-52-1.jpg\"><img decoding=\"async\" src=\"https:\/\/escalerasbalaguer.com\/wp-content\/uploads\/elementor\/thumbs\/Escalera-Emergencia-de-tramos-instalacion-52-1-qieg86qp18707eob9w2rgogskqp0pzs39mi9lhpsww.jpg\" alt=\"Escalera Emergencia de tramos -instalacion 52\" class=\"wpr-anim-timing-ease-default\"><\/div><div class=\"wpr-grid-media-hover wpr-animation-wrap\"><div class=\"wpr-grid-media-hover-bg  wpr-overlay-fade-in wpr-anim-size-large wpr-anim-timing-ease-default wpr-anim-transparency\" data-url=\"https:\/\/escalerasbalaguer.com\/ca\/escalera-emergencia-de-tramos-instalacion-52-2-2\/\"><\/div><div class=\"wpr-cv-container\"><div class=\"wpr-cv-outer\"><div class=\"wpr-cv-inner\"><div class=\"wpr-grid-media-hover-middle elementor-clearfix\"><div class=\"wpr-grid-item-lightbox elementor-repeater-item-c56f1c6 wpr-grid-item-display-block wpr-grid-item-align-center wpr-element-fade-in wpr-anim-size-large wpr-anim-timing-ease-default wpr-anim-transparency\"><div class=\"inner-block\"><span data-src=\"https:\/\/escalerasbalaguer.com\/wp-content\/uploads\/2023\/11\/Escalera-Emergencia-de-tramos-instalacion-52-1.jpg\"><i class=\"fas fa-search\"><\/i><\/span><div class=\"wpr-grid-lightbox-overlay\"><\/div><\/div><\/div><h2 class=\"wpr-grid-item-title elementor-repeater-item-615135a wpr-grid-item-display-block wpr-grid-item-align-center wpr-element-fade-in wpr-anim-size-large wpr-anim-timing-ease-default wpr-anim-transparency wpr-pointer-none wpr-pointer-line-fx wpr-pointer-fx-fade\"><div class=\"inner-block\"><a  href=\"https:\/\/escalerasbalaguer.com\/ca\/escalera-emergencia-de-tramos-instalacion-52-2-2\/\">Escalera Emergencia de tramos -instalacion 52<\/a><\/div><\/h2><\/div><\/div><\/div><\/div><\/div><\/div><\/div><\/article><article class=\"wpr-grid-item elementor-clearfix post-2308 attachment type-attachment status-inherit hentry\"><div class=\"wpr-grid-item-inner\"><div class=\"wpr-grid-media-wrap wpr-effect-size-small \"><div class=\"wpr-grid-image-wrap\" data-src=\"https:\/\/escalerasbalaguer.com\/wp-content\/uploads\/2023\/11\/Escalera-Emergencia-de-tramos-instalacion-57-1.jpg\"><img decoding=\"async\" src=\"https:\/\/escalerasbalaguer.com\/wp-content\/uploads\/elementor\/thumbs\/Escalera-Emergencia-de-tramos-instalacion-57-1-qieg86qp18707eob9w2rgogskqp0pzs39mi9lhpsww.jpg\" alt=\"Escalera Emergencia de tramos -instalacion 57\" class=\"wpr-anim-timing-ease-default\"><\/div><div class=\"wpr-grid-media-hover wpr-animation-wrap\"><div class=\"wpr-grid-media-hover-bg  wpr-overlay-fade-in wpr-anim-size-large wpr-anim-timing-ease-default wpr-anim-transparency\" data-url=\"https:\/\/escalerasbalaguer.com\/ca\/escalera-emergencia-de-tramos-instalacion-57-2-2\/\"><\/div><div class=\"wpr-cv-container\"><div class=\"wpr-cv-outer\"><div class=\"wpr-cv-inner\"><div class=\"wpr-grid-media-hover-middle elementor-clearfix\"><div class=\"wpr-grid-item-lightbox elementor-repeater-item-c56f1c6 wpr-grid-item-display-block wpr-grid-item-align-center wpr-element-fade-in wpr-anim-size-large wpr-anim-timing-ease-default wpr-anim-transparency\"><div class=\"inner-block\"><span data-src=\"https:\/\/escalerasbalaguer.com\/wp-content\/uploads\/2023\/11\/Escalera-Emergencia-de-tramos-instalacion-57-1.jpg\"><i class=\"fas fa-search\"><\/i><\/span><div class=\"wpr-grid-lightbox-overlay\"><\/div><\/div><\/div><h2 class=\"wpr-grid-item-title elementor-repeater-item-615135a wpr-grid-item-display-block wpr-grid-item-align-center wpr-element-fade-in wpr-anim-size-large wpr-anim-timing-ease-default wpr-anim-transparency wpr-pointer-none wpr-pointer-line-fx wpr-pointer-fx-fade\"><div class=\"inner-block\"><a  href=\"https:\/\/escalerasbalaguer.com\/ca\/escalera-emergencia-de-tramos-instalacion-57-2-2\/\">Escalera Emergencia de tramos -instalacion 57<\/a><\/div><\/h2><\/div><\/div><\/div><\/div><\/div><\/div><\/div><\/article><article class=\"wpr-grid-item elementor-clearfix post-2311 attachment type-attachment status-inherit hentry\"><div class=\"wpr-grid-item-inner\"><div class=\"wpr-grid-media-wrap wpr-effect-size-small \"><div class=\"wpr-grid-image-wrap\" data-src=\"https:\/\/escalerasbalaguer.com\/wp-content\/uploads\/2023\/11\/Escalera-Emergencia-de-tramos-instalacion-59-1-1.jpg\"><img decoding=\"async\" src=\"https:\/\/escalerasbalaguer.com\/wp-content\/uploads\/elementor\/thumbs\/Escalera-Emergencia-de-tramos-instalacion-59-1-1-qieg87oj828aj0my4ehe168964kdxovtlr5r2roeqo.jpg\" alt=\"Escalera Emergencia de tramos -instalacion 59\" class=\"wpr-anim-timing-ease-default\"><\/div><div class=\"wpr-grid-media-hover wpr-animation-wrap\"><div class=\"wpr-grid-media-hover-bg  wpr-overlay-fade-in wpr-anim-size-large wpr-anim-timing-ease-default wpr-anim-transparency\" data-url=\"https:\/\/escalerasbalaguer.com\/ca\/escalera-emergencia-de-tramos-instalacion-59-2-2\/\"><\/div><div class=\"wpr-cv-container\"><div class=\"wpr-cv-outer\"><div class=\"wpr-cv-inner\"><div class=\"wpr-grid-media-hover-middle elementor-clearfix\"><div class=\"wpr-grid-item-lightbox elementor-repeater-item-c56f1c6 wpr-grid-item-display-block wpr-grid-item-align-center wpr-element-fade-in wpr-anim-size-large wpr-anim-timing-ease-default wpr-anim-transparency\"><div class=\"inner-block\"><span data-src=\"https:\/\/escalerasbalaguer.com\/wp-content\/uploads\/2023\/11\/Escalera-Emergencia-de-tramos-instalacion-59-1-1.jpg\"><i class=\"fas fa-search\"><\/i><\/span><div class=\"wpr-grid-lightbox-overlay\"><\/div><\/div><\/div><h2 class=\"wpr-grid-item-title elementor-repeater-item-615135a wpr-grid-item-display-block wpr-grid-item-align-center wpr-element-fade-in wpr-anim-size-large wpr-anim-timing-ease-default wpr-anim-transparency wpr-pointer-none wpr-pointer-line-fx wpr-pointer-fx-fade\"><div class=\"inner-block\"><a  href=\"https:\/\/escalerasbalaguer.com\/ca\/escalera-emergencia-de-tramos-instalacion-59-2-2\/\">Escalera Emergencia de tramos -instalacion 59<\/a><\/div><\/h2><\/div><\/div><\/div><\/div><\/div><\/div><\/div><\/article><article class=\"wpr-grid-item elementor-clearfix post-2314 attachment type-attachment status-inherit hentry\"><div class=\"wpr-grid-item-inner\"><div class=\"wpr-grid-media-wrap wpr-effect-size-small \"><div class=\"wpr-grid-image-wrap\" data-src=\"https:\/\/escalerasbalaguer.com\/wp-content\/uploads\/2023\/11\/Escalera-Emergencia-de-tramos-instalacion-60-1.jpg\"><img decoding=\"async\" src=\"https:\/\/escalerasbalaguer.com\/wp-content\/uploads\/elementor\/thumbs\/Escalera-Emergencia-de-tramos-instalacion-60-1-qieg87oj828aj0my4ehe168964kdxovtlr5r2roeqo.jpg\" alt=\"Escalera Emergencia de tramos -instalacion 60\" class=\"wpr-anim-timing-ease-default\"><\/div><div class=\"wpr-grid-media-hover wpr-animation-wrap\"><div class=\"wpr-grid-media-hover-bg  wpr-overlay-fade-in wpr-anim-size-large wpr-anim-timing-ease-default wpr-anim-transparency\" data-url=\"https:\/\/escalerasbalaguer.com\/ca\/escalera-emergencia-de-tramos-instalacion-60-2-2\/\"><\/div><div class=\"wpr-cv-container\"><div class=\"wpr-cv-outer\"><div class=\"wpr-cv-inner\"><div class=\"wpr-grid-media-hover-middle elementor-clearfix\"><div class=\"wpr-grid-item-lightbox elementor-repeater-item-c56f1c6 wpr-grid-item-display-block wpr-grid-item-align-center wpr-element-fade-in wpr-anim-size-large wpr-anim-timing-ease-default wpr-anim-transparency\"><div class=\"inner-block\"><span data-src=\"https:\/\/escalerasbalaguer.com\/wp-content\/uploads\/2023\/11\/Escalera-Emergencia-de-tramos-instalacion-60-1.jpg\"><i class=\"fas fa-search\"><\/i><\/span><div class=\"wpr-grid-lightbox-overlay\"><\/div><\/div><\/div><h2 class=\"wpr-grid-item-title elementor-repeater-item-615135a wpr-grid-item-display-block wpr-grid-item-align-center wpr-element-fade-in wpr-anim-size-large wpr-anim-timing-ease-default wpr-anim-transparency wpr-pointer-none wpr-pointer-line-fx wpr-pointer-fx-fade\"><div class=\"inner-block\"><a  href=\"https:\/\/escalerasbalaguer.com\/ca\/escalera-emergencia-de-tramos-instalacion-60-2-2\/\">Escalera Emergencia de tramos -instalacion 60<\/a><\/div><\/h2><\/div><\/div><\/div><\/div><\/div><\/div><\/div><\/article><article class=\"wpr-grid-item elementor-clearfix post-2317 attachment type-attachment status-inherit hentry\"><div class=\"wpr-grid-item-inner\"><div class=\"wpr-grid-media-wrap wpr-effect-size-small \"><div class=\"wpr-grid-image-wrap\" data-src=\"https:\/\/escalerasbalaguer.com\/wp-content\/uploads\/2023\/11\/Escalera-Emergencia-de-tramos-instalacion-1.jpg\"><img decoding=\"async\" src=\"https:\/\/escalerasbalaguer.com\/wp-content\/uploads\/elementor\/thumbs\/Escalera-Emergencia-de-tramos-instalacion-1-qieg86qp18707eob9w2rgogskqp0pzs39mi9lhpsww.jpg\" alt=\"Escalera Emergencia de tramos -instalacion\" class=\"wpr-anim-timing-ease-default\"><\/div><div class=\"wpr-grid-media-hover wpr-animation-wrap\"><div class=\"wpr-grid-media-hover-bg  wpr-overlay-fade-in wpr-anim-size-large wpr-anim-timing-ease-default wpr-anim-transparency\" data-url=\"https:\/\/escalerasbalaguer.com\/ca\/escalera-emergencia-de-tramos-instalacion-2-2\/\"><\/div><div class=\"wpr-cv-container\"><div class=\"wpr-cv-outer\"><div class=\"wpr-cv-inner\"><div class=\"wpr-grid-media-hover-middle elementor-clearfix\"><div class=\"wpr-grid-item-lightbox elementor-repeater-item-c56f1c6 wpr-grid-item-display-block wpr-grid-item-align-center wpr-element-fade-in wpr-anim-size-large wpr-anim-timing-ease-default wpr-anim-transparency\"><div class=\"inner-block\"><span data-src=\"https:\/\/escalerasbalaguer.com\/wp-content\/uploads\/2023\/11\/Escalera-Emergencia-de-tramos-instalacion-1.jpg\"><i class=\"fas fa-search\"><\/i><\/span><div class=\"wpr-grid-lightbox-overlay\"><\/div><\/div><\/div><h2 class=\"wpr-grid-item-title elementor-repeater-item-615135a wpr-grid-item-display-block wpr-grid-item-align-center wpr-element-fade-in wpr-anim-size-large wpr-anim-timing-ease-default wpr-anim-transparency wpr-pointer-none wpr-pointer-line-fx wpr-pointer-fx-fade\"><div class=\"inner-block\"><a  href=\"https:\/\/escalerasbalaguer.com\/ca\/escalera-emergencia-de-tramos-instalacion-2-2\/\">Escalera Emergencia de tramos -instalacion<\/a><\/div><\/h2><\/div><\/div><\/div><\/div><\/div><\/div><\/div><\/article><article class=\"wpr-grid-item elementor-clearfix post-2320 attachment type-attachment status-inherit hentry\"><div class=\"wpr-grid-item-inner\"><div class=\"wpr-grid-media-wrap wpr-effect-size-small \"><div class=\"wpr-grid-image-wrap\" data-src=\"https:\/\/escalerasbalaguer.com\/wp-content\/uploads\/2023\/11\/Escalera-Emergencia-en-Hotel-1.jpg\"><img decoding=\"async\" src=\"https:\/\/escalerasbalaguer.com\/wp-content\/uploads\/elementor\/thumbs\/Escalera-Emergencia-en-Hotel-1-qieg89k7lqav68k7tfan65r6cwb4d33aa0gq1blme8.jpg\" alt=\"Escalera Emergencia en Hotel\" class=\"wpr-anim-timing-ease-default\"><\/div><div class=\"wpr-grid-media-hover wpr-animation-wrap\"><div class=\"wpr-grid-media-hover-bg  wpr-overlay-fade-in wpr-anim-size-large wpr-anim-timing-ease-default wpr-anim-transparency\" data-url=\"https:\/\/escalerasbalaguer.com\/ca\/escalera-emergencia-en-hotel-2-2\/\"><\/div><div class=\"wpr-cv-container\"><div class=\"wpr-cv-outer\"><div class=\"wpr-cv-inner\"><div class=\"wpr-grid-media-hover-middle elementor-clearfix\"><div class=\"wpr-grid-item-lightbox elementor-repeater-item-c56f1c6 wpr-grid-item-display-block wpr-grid-item-align-center wpr-element-fade-in wpr-anim-size-large wpr-anim-timing-ease-default wpr-anim-transparency\"><div class=\"inner-block\"><span data-src=\"https:\/\/escalerasbalaguer.com\/wp-content\/uploads\/2023\/11\/Escalera-Emergencia-en-Hotel-1.jpg\"><i class=\"fas fa-search\"><\/i><\/span><div class=\"wpr-grid-lightbox-overlay\"><\/div><\/div><\/div><h2 class=\"wpr-grid-item-title elementor-repeater-item-615135a wpr-grid-item-display-block wpr-grid-item-align-center wpr-element-fade-in wpr-anim-size-large wpr-anim-timing-ease-default wpr-anim-transparency wpr-pointer-none wpr-pointer-line-fx wpr-pointer-fx-fade\"><div class=\"inner-block\"><a  href=\"https:\/\/escalerasbalaguer.com\/ca\/escalera-emergencia-en-hotel-2-2\/\">Escalera Emergencia en Hotel<\/a><\/div><\/h2><\/div><\/div><\/div><\/div><\/div><\/div><\/div><\/article><article class=\"wpr-grid-item elementor-clearfix post-2323 attachment type-attachment status-inherit hentry\"><div class=\"wpr-grid-item-inner\"><div class=\"wpr-grid-media-wrap wpr-effect-size-small \"><div class=\"wpr-grid-image-wrap\" data-src=\"https:\/\/escalerasbalaguer.com\/wp-content\/uploads\/2023\/11\/Escalera-Emergencia-hidraulica-un-tramo-bajada-1.jpg\"><img decoding=\"async\" src=\"https:\/\/escalerasbalaguer.com\/wp-content\/uploads\/elementor\/thumbs\/Escalera-Emergencia-hidraulica-un-tramo-bajada-1-qieg8ai1skc5huiunxp9qnimya6hks70m547ilk880.jpg\" alt=\"Escalera Emergencia hidraulica -un tramo &#8211; bajada\" class=\"wpr-anim-timing-ease-default\"><\/div><div class=\"wpr-grid-media-hover wpr-animation-wrap\"><div class=\"wpr-grid-media-hover-bg  wpr-overlay-fade-in wpr-anim-size-large wpr-anim-timing-ease-default wpr-anim-transparency\" data-url=\"https:\/\/escalerasbalaguer.com\/ca\/escalera-emergencia-hidraulica-un-tramo-bajada-2-2\/\"><\/div><div class=\"wpr-cv-container\"><div class=\"wpr-cv-outer\"><div class=\"wpr-cv-inner\"><div class=\"wpr-grid-media-hover-middle elementor-clearfix\"><div class=\"wpr-grid-item-lightbox elementor-repeater-item-c56f1c6 wpr-grid-item-display-block wpr-grid-item-align-center wpr-element-fade-in wpr-anim-size-large wpr-anim-timing-ease-default wpr-anim-transparency\"><div class=\"inner-block\"><span data-src=\"https:\/\/escalerasbalaguer.com\/wp-content\/uploads\/2023\/11\/Escalera-Emergencia-hidraulica-un-tramo-bajada-1.jpg\"><i class=\"fas fa-search\"><\/i><\/span><div class=\"wpr-grid-lightbox-overlay\"><\/div><\/div><\/div><h2 class=\"wpr-grid-item-title elementor-repeater-item-615135a wpr-grid-item-display-block wpr-grid-item-align-center wpr-element-fade-in wpr-anim-size-large wpr-anim-timing-ease-default wpr-anim-transparency wpr-pointer-none wpr-pointer-line-fx wpr-pointer-fx-fade\"><div class=\"inner-block\"><a  href=\"https:\/\/escalerasbalaguer.com\/ca\/escalera-emergencia-hidraulica-un-tramo-bajada-2-2\/\">Escalera Emergencia hidraulica -un tramo &#8211; bajada<\/a><\/div><\/h2><\/div><\/div><\/div><\/div><\/div><\/div><\/div><\/article><article class=\"wpr-grid-item elementor-clearfix post-2326 attachment type-attachment status-inherit hentry\"><div class=\"wpr-grid-item-inner\"><div class=\"wpr-grid-media-wrap wpr-effect-size-small \"><div class=\"wpr-grid-image-wrap\" data-src=\"https:\/\/escalerasbalaguer.com\/wp-content\/uploads\/2023\/11\/Escalera-Emergencia-hidraulica-un-tramo-1.jpg\"><img decoding=\"async\" src=\"https:\/\/escalerasbalaguer.com\/wp-content\/uploads\/elementor\/thumbs\/Escalera-Emergencia-hidraulica-un-tramo-1-qieg89k7lqav68k7tfan65r6cwb4d33aa0gq1blme8.jpg\" alt=\"Escalera Emergencia hidraulica -un tramo\" class=\"wpr-anim-timing-ease-default\"><\/div><div class=\"wpr-grid-media-hover wpr-animation-wrap\"><div class=\"wpr-grid-media-hover-bg  wpr-overlay-fade-in wpr-anim-size-large wpr-anim-timing-ease-default wpr-anim-transparency\" data-url=\"https:\/\/escalerasbalaguer.com\/ca\/escalera-emergencia-hidraulica-un-tramo-2-2\/\"><\/div><div class=\"wpr-cv-container\"><div class=\"wpr-cv-outer\"><div class=\"wpr-cv-inner\"><div class=\"wpr-grid-media-hover-middle elementor-clearfix\"><div class=\"wpr-grid-item-lightbox elementor-repeater-item-c56f1c6 wpr-grid-item-display-block wpr-grid-item-align-center wpr-element-fade-in wpr-anim-size-large wpr-anim-timing-ease-default wpr-anim-transparency\"><div class=\"inner-block\"><span data-src=\"https:\/\/escalerasbalaguer.com\/wp-content\/uploads\/2023\/11\/Escalera-Emergencia-hidraulica-un-tramo-1.jpg\"><i class=\"fas fa-search\"><\/i><\/span><div class=\"wpr-grid-lightbox-overlay\"><\/div><\/div><\/div><h2 class=\"wpr-grid-item-title elementor-repeater-item-615135a wpr-grid-item-display-block wpr-grid-item-align-center wpr-element-fade-in wpr-anim-size-large wpr-anim-timing-ease-default wpr-anim-transparency wpr-pointer-none wpr-pointer-line-fx wpr-pointer-fx-fade\"><div class=\"inner-block\"><a  href=\"https:\/\/escalerasbalaguer.com\/ca\/escalera-emergencia-hidraulica-un-tramo-2-2\/\">Escalera Emergencia hidraulica -un tramo<\/a><\/div><\/h2><\/div><\/div><\/div><\/div><\/div><\/div><\/div><\/article><article class=\"wpr-grid-item elementor-clearfix post-2329 attachment type-attachment status-inherit hentry\"><div class=\"wpr-grid-item-inner\"><div class=\"wpr-grid-media-wrap wpr-effect-size-small \"><div class=\"wpr-grid-image-wrap\" data-src=\"https:\/\/escalerasbalaguer.com\/wp-content\/uploads\/2023\/11\/Escalera-emergencia-Hotel-1-1.jpg\"><img decoding=\"async\" src=\"https:\/\/escalerasbalaguer.com\/wp-content\/uploads\/elementor\/thumbs\/Escalera-emergencia-Hotel-1-1-qieg8ai1skc5huiunxp9qnimya6hks70m547ilk880.jpg\" alt=\"Escalera emergencia Hotel 1\" class=\"wpr-anim-timing-ease-default\"><\/div><div class=\"wpr-grid-media-hover wpr-animation-wrap\"><div class=\"wpr-grid-media-hover-bg  wpr-overlay-fade-in wpr-anim-size-large wpr-anim-timing-ease-default wpr-anim-transparency\" data-url=\"https:\/\/escalerasbalaguer.com\/ca\/escalera-emergencia-hotel-1-2-2\/\"><\/div><div class=\"wpr-cv-container\"><div class=\"wpr-cv-outer\"><div class=\"wpr-cv-inner\"><div class=\"wpr-grid-media-hover-middle elementor-clearfix\"><div class=\"wpr-grid-item-lightbox elementor-repeater-item-c56f1c6 wpr-grid-item-display-block wpr-grid-item-align-center wpr-element-fade-in wpr-anim-size-large wpr-anim-timing-ease-default wpr-anim-transparency\"><div class=\"inner-block\"><span data-src=\"https:\/\/escalerasbalaguer.com\/wp-content\/uploads\/2023\/11\/Escalera-emergencia-Hotel-1-1.jpg\"><i class=\"fas fa-search\"><\/i><\/span><div class=\"wpr-grid-lightbox-overlay\"><\/div><\/div><\/div><h2 class=\"wpr-grid-item-title elementor-repeater-item-615135a wpr-grid-item-display-block wpr-grid-item-align-center wpr-element-fade-in wpr-anim-size-large wpr-anim-timing-ease-default wpr-anim-transparency wpr-pointer-none wpr-pointer-line-fx wpr-pointer-fx-fade\"><div class=\"inner-block\"><a  href=\"https:\/\/escalerasbalaguer.com\/ca\/escalera-emergencia-hotel-1-2-2\/\">Escalera emergencia Hotel 1<\/a><\/div><\/h2><\/div><\/div><\/div><\/div><\/div><\/div><\/div><\/article><article class=\"wpr-grid-item elementor-clearfix post-2332 attachment type-attachment status-inherit hentry\"><div class=\"wpr-grid-item-inner\"><div class=\"wpr-grid-media-wrap wpr-effect-size-small \"><div class=\"wpr-grid-image-wrap\" data-src=\"https:\/\/escalerasbalaguer.com\/wp-content\/uploads\/2023\/11\/Escalera-emergencia-Hotel-detalle-1.jpg\"><img decoding=\"async\" src=\"https:\/\/escalerasbalaguer.com\/wp-content\/uploads\/elementor\/thumbs\/Escalera-emergencia-Hotel-detalle-1-qieg8bfvzedftghhig3wb5a3jo1ushaqy9rozviu1s.jpg\" alt=\"Escalera emergencia Hotel detalle\" class=\"wpr-anim-timing-ease-default\"><\/div><div class=\"wpr-grid-media-hover wpr-animation-wrap\"><div class=\"wpr-grid-media-hover-bg  wpr-overlay-fade-in wpr-anim-size-large wpr-anim-timing-ease-default wpr-anim-transparency\" data-url=\"https:\/\/escalerasbalaguer.com\/ca\/escalera-emergencia-hotel-detalle-2-2\/\"><\/div><div class=\"wpr-cv-container\"><div class=\"wpr-cv-outer\"><div class=\"wpr-cv-inner\"><div class=\"wpr-grid-media-hover-middle elementor-clearfix\"><div class=\"wpr-grid-item-lightbox elementor-repeater-item-c56f1c6 wpr-grid-item-display-block wpr-grid-item-align-center wpr-element-fade-in wpr-anim-size-large wpr-anim-timing-ease-default wpr-anim-transparency\"><div class=\"inner-block\"><span data-src=\"https:\/\/escalerasbalaguer.com\/wp-content\/uploads\/2023\/11\/Escalera-emergencia-Hotel-detalle-1.jpg\"><i class=\"fas fa-search\"><\/i><\/span><div class=\"wpr-grid-lightbox-overlay\"><\/div><\/div><\/div><h2 class=\"wpr-grid-item-title elementor-repeater-item-615135a wpr-grid-item-display-block wpr-grid-item-align-center wpr-element-fade-in wpr-anim-size-large wpr-anim-timing-ease-default wpr-anim-transparency wpr-pointer-none wpr-pointer-line-fx wpr-pointer-fx-fade\"><div class=\"inner-block\"><a  href=\"https:\/\/escalerasbalaguer.com\/ca\/escalera-emergencia-hotel-detalle-2-2\/\">Escalera emergencia Hotel detalle<\/a><\/div><\/h2><\/div><\/div><\/div><\/div><\/div><\/div><\/div><\/article><article class=\"wpr-grid-item elementor-clearfix post-2335 attachment type-attachment status-inherit hentry\"><div class=\"wpr-grid-item-inner\"><div class=\"wpr-grid-media-wrap wpr-effect-size-small \"><div class=\"wpr-grid-image-wrap\" data-src=\"https:\/\/escalerasbalaguer.com\/wp-content\/uploads\/2023\/11\/Escalera-emergencia-Hotel-vistga-inferior-1.jpg\"><img decoding=\"async\" src=\"https:\/\/escalerasbalaguer.com\/wp-content\/uploads\/elementor\/thumbs\/Escalera-emergencia-Hotel-vistga-inferior-1-qieg8bfvzedftghhig3wb5a3jo1ushaqy9rozviu1s.jpg\" alt=\"Escalera emergencia Hotel vistga inferior\" class=\"wpr-anim-timing-ease-default\"><\/div><div class=\"wpr-grid-media-hover wpr-animation-wrap\"><div class=\"wpr-grid-media-hover-bg  wpr-overlay-fade-in wpr-anim-size-large wpr-anim-timing-ease-default wpr-anim-transparency\" data-url=\"https:\/\/escalerasbalaguer.com\/ca\/escalera-emergencia-hotel-vistga-inferior-2-2\/\"><\/div><div class=\"wpr-cv-container\"><div class=\"wpr-cv-outer\"><div class=\"wpr-cv-inner\"><div class=\"wpr-grid-media-hover-middle elementor-clearfix\"><div class=\"wpr-grid-item-lightbox elementor-repeater-item-c56f1c6 wpr-grid-item-display-block wpr-grid-item-align-center wpr-element-fade-in wpr-anim-size-large wpr-anim-timing-ease-default wpr-anim-transparency\"><div class=\"inner-block\"><span data-src=\"https:\/\/escalerasbalaguer.com\/wp-content\/uploads\/2023\/11\/Escalera-emergencia-Hotel-vistga-inferior-1.jpg\"><i class=\"fas fa-search\"><\/i><\/span><div class=\"wpr-grid-lightbox-overlay\"><\/div><\/div><\/div><h2 class=\"wpr-grid-item-title elementor-repeater-item-615135a wpr-grid-item-display-block wpr-grid-item-align-center wpr-element-fade-in wpr-anim-size-large wpr-anim-timing-ease-default wpr-anim-transparency wpr-pointer-none wpr-pointer-line-fx wpr-pointer-fx-fade\"><div class=\"inner-block\"><a  href=\"https:\/\/escalerasbalaguer.com\/ca\/escalera-emergencia-hotel-vistga-inferior-2-2\/\">Escalera emergencia Hotel vistga inferior<\/a><\/div><\/h2><\/div><\/div><\/div><\/div><\/div><\/div><\/div><\/article><article class=\"wpr-grid-item elementor-clearfix post-2338 attachment type-attachment status-inherit hentry\"><div class=\"wpr-grid-item-inner\"><div class=\"wpr-grid-media-wrap wpr-effect-size-small \"><div class=\"wpr-grid-image-wrap\" data-src=\"https:\/\/escalerasbalaguer.com\/wp-content\/uploads\/2023\/11\/Escalera-emergencia-hotel-2.jpg\"><img decoding=\"async\" src=\"https:\/\/escalerasbalaguer.com\/wp-content\/uploads\/elementor\/thumbs\/Escalera-emergencia-hotel-2-qieg8bfvzedftghhig3wb5a3jo1ushaqy9rozviu1s.jpg\" alt=\"Escalera emergencia hotel\" class=\"wpr-anim-timing-ease-default\"><\/div><div class=\"wpr-grid-media-hover wpr-animation-wrap\"><div class=\"wpr-grid-media-hover-bg  wpr-overlay-fade-in wpr-anim-size-large wpr-anim-timing-ease-default wpr-anim-transparency\" data-url=\"https:\/\/escalerasbalaguer.com\/ca\/escalera-emergencia-hotel-2-2\/\"><\/div><div class=\"wpr-cv-container\"><div class=\"wpr-cv-outer\"><div class=\"wpr-cv-inner\"><div class=\"wpr-grid-media-hover-middle elementor-clearfix\"><div class=\"wpr-grid-item-lightbox elementor-repeater-item-c56f1c6 wpr-grid-item-display-block wpr-grid-item-align-center wpr-element-fade-in wpr-anim-size-large wpr-anim-timing-ease-default wpr-anim-transparency\"><div class=\"inner-block\"><span data-src=\"https:\/\/escalerasbalaguer.com\/wp-content\/uploads\/2023\/11\/Escalera-emergencia-hotel-2.jpg\"><i class=\"fas fa-search\"><\/i><\/span><div class=\"wpr-grid-lightbox-overlay\"><\/div><\/div><\/div><h2 class=\"wpr-grid-item-title elementor-repeater-item-615135a wpr-grid-item-display-block wpr-grid-item-align-center wpr-element-fade-in wpr-anim-size-large wpr-anim-timing-ease-default wpr-anim-transparency wpr-pointer-none wpr-pointer-line-fx wpr-pointer-fx-fade\"><div class=\"inner-block\"><a  href=\"https:\/\/escalerasbalaguer.com\/ca\/escalera-emergencia-hotel-2-2\/\">Escalera emergencia hotel<\/a><\/div><\/h2><\/div><\/div><\/div><\/div><\/div><\/div><\/div><\/article><article class=\"wpr-grid-item elementor-clearfix post-2341 attachment type-attachment status-inherit hentry\"><div class=\"wpr-grid-item-inner\"><div class=\"wpr-grid-media-wrap wpr-effect-size-small \"><div class=\"wpr-grid-image-wrap\" data-src=\"https:\/\/escalerasbalaguer.com\/wp-content\/uploads\/2023\/11\/Escalera-evacuacin-de-tramos-en-albergue-1.jpg\"><img decoding=\"async\" src=\"https:\/\/escalerasbalaguer.com\/wp-content\/uploads\/elementor\/thumbs\/Escalera-evacuacin-de-tramos-en-albergue-1-qieg8cdq68eq52g4cyiivn1k51x806ehaef6h5hfvk.jpg\" alt=\"Escalera evacuacin de tramos en albergue\" class=\"wpr-anim-timing-ease-default\"><\/div><div class=\"wpr-grid-media-hover wpr-animation-wrap\"><div class=\"wpr-grid-media-hover-bg  wpr-overlay-fade-in wpr-anim-size-large wpr-anim-timing-ease-default wpr-anim-transparency\" data-url=\"https:\/\/escalerasbalaguer.com\/ca\/escalera-evacuacin-de-tramos-en-albergue-2-2\/\"><\/div><div class=\"wpr-cv-container\"><div class=\"wpr-cv-outer\"><div class=\"wpr-cv-inner\"><div class=\"wpr-grid-media-hover-middle elementor-clearfix\"><div class=\"wpr-grid-item-lightbox elementor-repeater-item-c56f1c6 wpr-grid-item-display-block wpr-grid-item-align-center wpr-element-fade-in wpr-anim-size-large wpr-anim-timing-ease-default wpr-anim-transparency\"><div class=\"inner-block\"><span data-src=\"https:\/\/escalerasbalaguer.com\/wp-content\/uploads\/2023\/11\/Escalera-evacuacin-de-tramos-en-albergue-1.jpg\"><i class=\"fas fa-search\"><\/i><\/span><div class=\"wpr-grid-lightbox-overlay\"><\/div><\/div><\/div><h2 class=\"wpr-grid-item-title elementor-repeater-item-615135a wpr-grid-item-display-block wpr-grid-item-align-center wpr-element-fade-in wpr-anim-size-large wpr-anim-timing-ease-default wpr-anim-transparency wpr-pointer-none wpr-pointer-line-fx wpr-pointer-fx-fade\"><div class=\"inner-block\"><a  href=\"https:\/\/escalerasbalaguer.com\/ca\/escalera-evacuacin-de-tramos-en-albergue-2-2\/\">Escalera evacuacin de tramos en albergue<\/a><\/div><\/h2><\/div><\/div><\/div><\/div><\/div><\/div><\/div><\/article><article class=\"wpr-grid-item elementor-clearfix post-2344 attachment type-attachment status-inherit hentry\"><div class=\"wpr-grid-item-inner\"><div class=\"wpr-grid-media-wrap wpr-effect-size-small \"><div class=\"wpr-grid-image-wrap\" data-src=\"https:\/\/escalerasbalaguer.com\/wp-content\/uploads\/2023\/11\/Escalera-Evacuacion-de-tramos-con-barandilla-chapa-instalada-en-albergue-1.jpg\"><img decoding=\"async\" src=\"https:\/\/escalerasbalaguer.com\/wp-content\/uploads\/elementor\/thumbs\/Escalera-Evacuacion-de-tramos-con-barandilla-chapa-instalada-en-albergue-1-qieg8dbkd2g0goer7gx5g4t0qfsl7vi7mj2nyfg1pc.jpg\" alt=\"Escalera Evacuacion de tramos -con barandilla chapa &#8211; instalada en albergue\" class=\"wpr-anim-timing-ease-default\"><\/div><div class=\"wpr-grid-media-hover wpr-animation-wrap\"><div class=\"wpr-grid-media-hover-bg  wpr-overlay-fade-in wpr-anim-size-large wpr-anim-timing-ease-default wpr-anim-transparency\" data-url=\"https:\/\/escalerasbalaguer.com\/ca\/escalera-evacuacion-de-tramos-con-barandilla-chapa-instalada-en-albergue-2-2\/\"><\/div><div class=\"wpr-cv-container\"><div class=\"wpr-cv-outer\"><div class=\"wpr-cv-inner\"><div class=\"wpr-grid-media-hover-middle elementor-clearfix\"><div class=\"wpr-grid-item-lightbox elementor-repeater-item-c56f1c6 wpr-grid-item-display-block wpr-grid-item-align-center wpr-element-fade-in wpr-anim-size-large wpr-anim-timing-ease-default wpr-anim-transparency\"><div class=\"inner-block\"><span data-src=\"https:\/\/escalerasbalaguer.com\/wp-content\/uploads\/2023\/11\/Escalera-Evacuacion-de-tramos-con-barandilla-chapa-instalada-en-albergue-1.jpg\"><i class=\"fas fa-search\"><\/i><\/span><div class=\"wpr-grid-lightbox-overlay\"><\/div><\/div><\/div><h2 class=\"wpr-grid-item-title elementor-repeater-item-615135a wpr-grid-item-display-block wpr-grid-item-align-center wpr-element-fade-in wpr-anim-size-large wpr-anim-timing-ease-default wpr-anim-transparency wpr-pointer-none wpr-pointer-line-fx wpr-pointer-fx-fade\"><div class=\"inner-block\"><a  href=\"https:\/\/escalerasbalaguer.com\/ca\/escalera-evacuacion-de-tramos-con-barandilla-chapa-instalada-en-albergue-2-2\/\">Escalera Evacuacion de tramos -con barandilla chapa &#8211; instalada en albergue<\/a><\/div><\/h2><\/div><\/div><\/div><\/div><\/div><\/div><\/div><\/article><article class=\"wpr-grid-item elementor-clearfix post-2347 attachment type-attachment status-inherit hentry\"><div class=\"wpr-grid-item-inner\"><div class=\"wpr-grid-media-wrap wpr-effect-size-small \"><div class=\"wpr-grid-image-wrap\" data-src=\"https:\/\/escalerasbalaguer.com\/wp-content\/uploads\/2023\/11\/Escalera-evacuanion-de-caracol-con-barandilla-de-chapa-lisa-instalada-en-hotel-1.jpg\"><img decoding=\"async\" src=\"https:\/\/escalerasbalaguer.com\/wp-content\/uploads\/elementor\/thumbs\/Escalera-evacuanion-de-caracol-con-barandilla-de-chapa-lisa-instalada-en-hotel-1-qieg8f78qqil3wc0whqel4bxx7jbn9poasdmwzd9cw.jpg\" alt=\"Escalera evacuanion de caracol con barandilla de chapa lisa instalada en hotel\" class=\"wpr-anim-timing-ease-default\"><\/div><div class=\"wpr-grid-media-hover wpr-animation-wrap\"><div class=\"wpr-grid-media-hover-bg  wpr-overlay-fade-in wpr-anim-size-large wpr-anim-timing-ease-default wpr-anim-transparency\" data-url=\"https:\/\/escalerasbalaguer.com\/ca\/escalera-evacuanion-de-caracol-con-barandilla-de-chapa-lisa-instalada-en-hotel-2-2\/\"><\/div><div class=\"wpr-cv-container\"><div class=\"wpr-cv-outer\"><div class=\"wpr-cv-inner\"><div class=\"wpr-grid-media-hover-middle elementor-clearfix\"><div class=\"wpr-grid-item-lightbox elementor-repeater-item-c56f1c6 wpr-grid-item-display-block wpr-grid-item-align-center wpr-element-fade-in wpr-anim-size-large wpr-anim-timing-ease-default wpr-anim-transparency\"><div class=\"inner-block\"><span data-src=\"https:\/\/escalerasbalaguer.com\/wp-content\/uploads\/2023\/11\/Escalera-evacuanion-de-caracol-con-barandilla-de-chapa-lisa-instalada-en-hotel-1.jpg\"><i class=\"fas fa-search\"><\/i><\/span><div class=\"wpr-grid-lightbox-overlay\"><\/div><\/div><\/div><h2 class=\"wpr-grid-item-title elementor-repeater-item-615135a wpr-grid-item-display-block wpr-grid-item-align-center wpr-element-fade-in wpr-anim-size-large wpr-anim-timing-ease-default wpr-anim-transparency wpr-pointer-none wpr-pointer-line-fx wpr-pointer-fx-fade\"><div class=\"inner-block\"><a  href=\"https:\/\/escalerasbalaguer.com\/ca\/escalera-evacuanion-de-caracol-con-barandilla-de-chapa-lisa-instalada-en-hotel-2-2\/\">Escalera evacuanion de caracol con barandilla de chapa lisa instalada en hotel<\/a><\/div><\/h2><\/div><\/div><\/div><\/div><\/div><\/div><\/div><\/article><article class=\"wpr-grid-item elementor-clearfix post-2350 attachment type-attachment status-inherit hentry\"><div class=\"wpr-grid-item-inner\"><div class=\"wpr-grid-media-wrap wpr-effect-size-small \"><div class=\"wpr-grid-image-wrap\" data-src=\"https:\/\/escalerasbalaguer.com\/wp-content\/uploads\/2023\/11\/Escalera-helicoidal-en-hotel-1.jpg\"><img decoding=\"async\" src=\"https:\/\/escalerasbalaguer.com\/wp-content\/uploads\/elementor\/thumbs\/Escalera-helicoidal-en-hotel-1-qieg8h2x4el5r49alijnq3uv3za22nx4z1olvjah0g.jpg\" alt=\"Escalera helicoidal en hotel\" class=\"wpr-anim-timing-ease-default\"><\/div><div class=\"wpr-grid-media-hover wpr-animation-wrap\"><div class=\"wpr-grid-media-hover-bg  wpr-overlay-fade-in wpr-anim-size-large wpr-anim-timing-ease-default wpr-anim-transparency\" data-url=\"https:\/\/escalerasbalaguer.com\/ca\/escalera-helicoidal-en-hotel-2-2\/\"><\/div><div class=\"wpr-cv-container\"><div class=\"wpr-cv-outer\"><div class=\"wpr-cv-inner\"><div class=\"wpr-grid-media-hover-middle elementor-clearfix\"><div class=\"wpr-grid-item-lightbox elementor-repeater-item-c56f1c6 wpr-grid-item-display-block wpr-grid-item-align-center wpr-element-fade-in wpr-anim-size-large wpr-anim-timing-ease-default wpr-anim-transparency\"><div class=\"inner-block\"><span data-src=\"https:\/\/escalerasbalaguer.com\/wp-content\/uploads\/2023\/11\/Escalera-helicoidal-en-hotel-1.jpg\"><i class=\"fas fa-search\"><\/i><\/span><div class=\"wpr-grid-lightbox-overlay\"><\/div><\/div><\/div><h2 class=\"wpr-grid-item-title elementor-repeater-item-615135a wpr-grid-item-display-block wpr-grid-item-align-center wpr-element-fade-in wpr-anim-size-large wpr-anim-timing-ease-default wpr-anim-transparency wpr-pointer-none wpr-pointer-line-fx wpr-pointer-fx-fade\"><div class=\"inner-block\"><a  href=\"https:\/\/escalerasbalaguer.com\/ca\/escalera-helicoidal-en-hotel-2-2\/\">Escalera helicoidal en hotel<\/a><\/div><\/h2><\/div><\/div><\/div><\/div><\/div><\/div><\/div><\/article><article class=\"wpr-grid-item elementor-clearfix post-2353 attachment type-attachment status-inherit hentry\"><div class=\"wpr-grid-item-inner\"><div class=\"wpr-grid-media-wrap wpr-effect-size-small \"><div class=\"wpr-grid-image-wrap\" data-src=\"https:\/\/escalerasbalaguer.com\/wp-content\/uploads\/2023\/11\/Escalera-caracol-con-barandilla-de-chapa-1.jpg\"><img decoding=\"async\" src=\"https:\/\/escalerasbalaguer.com\/wp-content\/uploads\/elementor\/thumbs\/Escalera-caracol-con-barandilla-de-chapa-1-qieg77yo0cve9u2twz1kef8qlhgft6y0sudau95db4.jpg\" alt=\"Escalera caracol con barandilla de chapa\" class=\"wpr-anim-timing-ease-default\"><\/div><div class=\"wpr-grid-media-hover wpr-animation-wrap\"><div class=\"wpr-grid-media-hover-bg  wpr-overlay-fade-in wpr-anim-size-large wpr-anim-timing-ease-default wpr-anim-transparency\" data-url=\"https:\/\/escalerasbalaguer.com\/ca\/escalera-caracol-con-barandilla-de-chapa-2-2\/\"><\/div><div class=\"wpr-cv-container\"><div class=\"wpr-cv-outer\"><div class=\"wpr-cv-inner\"><div class=\"wpr-grid-media-hover-middle elementor-clearfix\"><div class=\"wpr-grid-item-lightbox elementor-repeater-item-c56f1c6 wpr-grid-item-display-block wpr-grid-item-align-center wpr-element-fade-in wpr-anim-size-large wpr-anim-timing-ease-default wpr-anim-transparency\"><div class=\"inner-block\"><span data-src=\"https:\/\/escalerasbalaguer.com\/wp-content\/uploads\/2023\/11\/Escalera-caracol-con-barandilla-de-chapa-1.jpg\"><i class=\"fas fa-search\"><\/i><\/span><div class=\"wpr-grid-lightbox-overlay\"><\/div><\/div><\/div><h2 class=\"wpr-grid-item-title elementor-repeater-item-615135a wpr-grid-item-display-block wpr-grid-item-align-center wpr-element-fade-in wpr-anim-size-large wpr-anim-timing-ease-default wpr-anim-transparency wpr-pointer-none wpr-pointer-line-fx wpr-pointer-fx-fade\"><div class=\"inner-block\"><a  href=\"https:\/\/escalerasbalaguer.com\/ca\/escalera-caracol-con-barandilla-de-chapa-2-2\/\">Escalera caracol con barandilla de chapa<\/a><\/div><\/h2><\/div><\/div><\/div><\/div><\/div><\/div><\/div><\/article><article class=\"wpr-grid-item elementor-clearfix post-3835 attachment type-attachment status-inherit hentry\"><div class=\"wpr-grid-item-inner\"><div class=\"wpr-grid-media-wrap wpr-effect-size-small \"><div class=\"wpr-grid-image-wrap\" data-src=\"https:\/\/escalerasbalaguer.com\/wp-content\/uploads\/2024\/03\/Escalera-Exterior-Curva.jpg\"><img decoding=\"async\" src=\"https:\/\/escalerasbalaguer.com\/wp-content\/uploads\/elementor\/thumbs\/Escalera-Exterior-Curva-qltr044epkrsyi6bak5e0qf8zwwqaaj9615b2qpajk.jpg\" alt=\"Escalera Exterior Curva\" class=\"wpr-anim-timing-ease-default\"><\/div><div class=\"wpr-grid-media-hover wpr-animation-wrap\"><div class=\"wpr-grid-media-hover-bg  wpr-overlay-fade-in wpr-anim-size-large wpr-anim-timing-ease-default wpr-anim-transparency\" data-url=\"https:\/\/escalerasbalaguer.com\/ca\/escalera-exterior-curva-2\/\"><\/div><div class=\"wpr-cv-container\"><div class=\"wpr-cv-outer\"><div class=\"wpr-cv-inner\"><div class=\"wpr-grid-media-hover-middle elementor-clearfix\"><div class=\"wpr-grid-item-lightbox elementor-repeater-item-c56f1c6 wpr-grid-item-display-block wpr-grid-item-align-center wpr-element-fade-in wpr-anim-size-large wpr-anim-timing-ease-default wpr-anim-transparency\"><div class=\"inner-block\"><span data-src=\"https:\/\/escalerasbalaguer.com\/wp-content\/uploads\/2024\/03\/Escalera-Exterior-Curva.jpg\"><i class=\"fas fa-search\"><\/i><\/span><div class=\"wpr-grid-lightbox-overlay\"><\/div><\/div><\/div><h2 class=\"wpr-grid-item-title elementor-repeater-item-615135a wpr-grid-item-display-block wpr-grid-item-align-center wpr-element-fade-in wpr-anim-size-large wpr-anim-timing-ease-default wpr-anim-transparency wpr-pointer-none wpr-pointer-line-fx wpr-pointer-fx-fade\"><div class=\"inner-block\"><a  href=\"https:\/\/escalerasbalaguer.com\/ca\/escalera-exterior-curva-2\/\">Escalera Exterior Curva<\/a><\/div><\/h2><\/div><\/div><\/div><\/div><\/div><\/div><\/div><\/article><\/section>\t\t<\/div>\n\t\t\t\t<\/div>\n\t\t\t\t\t<\/div>\n\t\t<\/div>\n\t\t\t\t\t\t\t<\/div>\n\t\t<\/section>\n\t\t\t\t\t\t\t<\/div>\n\t\t","protected":false},"excerpt":{"rendered":"<p>Escales d&#8217;Emerg\u00e8ncia Hotels Escales Balaguer Escales d&#8217;emerg\u00e8ncia en Hotels Col\u00b7lecci\u00f3 escales emerg\u00e8ncia La Normativa Legal vigent fa necess\u00e0ria la incorporaci\u00f3 d&#8217;Escales d&#8217;Emerg\u00e8ncia en els edificis de diverses plantes contribuint d&#8217;aquesta manera a la salvaci\u00f3 de persones en cas d&#8217;incendi o emerg\u00e8ncia. Aquesta necessitat, avui, no t\u00e9 perqu\u00e8 ser un ajust en l&#8217;est\u00e8tica i disseny de &hellip;<\/p>\n<p class=\"read-more\"> <a class=\"\" href=\"https:\/\/escalerasbalaguer.com\/ca\/escalera-exterior-curva-2\/\"> <span class=\"screen-reader-text\">Escalera Exterior Curva<\/span> Read More \u00bb<\/a><\/p>\n","protected":false},"author":1,"featured_media":0,"parent":0,"menu_order":0,"comment_status":"closed","ping_status":"closed","template":"","meta":{"ub_ctt_via":"","site-sidebar-layout":"no-sidebar","site-content-layout":"page-builder","ast-site-content-layout":"full-width-container","site-content-style":"unboxed","site-sidebar-style":"unboxed","ast-global-header-display":"","ast-banner-title-visibility":"","ast-main-header-display":"","ast-hfb-above-header-display":"","ast-hfb-below-header-display":"","ast-hfb-mobile-header-display":"","site-post-title":"disabled","ast-breadcrumbs-content":"disabled","ast-featured-img":"disabled","footer-sml-layout":"","theme-transparent-header-meta":"enabled","adv-header-id-meta":"","stick-header-meta":"","header-above-stick-meta":"","header-main-stick-meta":"","header-below-stick-meta":"","astra-migrate-meta-layouts":"","ast-page-background-enabled":"default","ast-page-background-meta":{"desktop":{"background-color":"","background-image":"","background-repeat":"repeat","background-position":"center center","background-size":"auto","background-attachment":"scroll","background-type":"","background-media":"","overlay-type":"","overlay-color":"","overlay-gradient":""},"tablet":{"background-color":"","background-image":"","background-repeat":"repeat","background-position":"center center","background-size":"auto","background-attachment":"scroll","background-type":"","background-media":"","overlay-type":"","overlay-color":"","overlay-gradient":""},"mobile":{"background-color":"","background-image":"","background-repeat":"repeat","background-position":"center center","background-size":"auto","background-attachment":"scroll","background-type":"","background-media":"","overlay-type":"","overlay-color":"","overlay-gradient":""}},"ast-content-background-meta":{"desktop":{"background-color":"var(--ast-global-color-5)","background-image":"","background-repeat":"repeat","background-position":"center center","background-size":"auto","background-attachment":"scroll","background-type":"","background-media":"","overlay-type":"","overlay-color":"","overlay-gradient":""},"tablet":{"background-color":"var(--ast-global-color-5)","background-image":"","background-repeat":"repeat","background-position":"center center","background-size":"auto","background-attachment":"scroll","background-type":"","background-media":"","overlay-type":"","overlay-color":"","overlay-gradient":""},"mobile":{"background-color":"var(--ast-global-color-5)","background-image":"","background-repeat":"repeat","background-position":"center center","background-size":"auto","background-attachment":"scroll","background-type":"","background-media":"","overlay-type":"","overlay-color":"","overlay-gradient":""}},"footnotes":""},"class_list":["post-3412","page","type-page","status-publish","hentry"],"featured_image_src":"https:\/\/escalerasbalaguer.com\/wp-content\/uploads\/2024\/03\/Escalera-Exterior-Curva.jpg","_links":{"self":[{"href":"https:\/\/escalerasbalaguer.com\/ca\/wp-json\/wp\/v2\/pages\/3412","targetHints":{"allow":["GET"]}}],"collection":[{"href":"https:\/\/escalerasbalaguer.com\/ca\/wp-json\/wp\/v2\/pages"}],"about":[{"href":"https:\/\/escalerasbalaguer.com\/ca\/wp-json\/wp\/v2\/types\/page"}],"author":[{"embeddable":true,"href":"https:\/\/escalerasbalaguer.com\/ca\/wp-json\/wp\/v2\/users\/1"}],"replies":[{"embeddable":true,"href":"https:\/\/escalerasbalaguer.com\/ca\/wp-json\/wp\/v2\/comments?post=3412"}],"version-history":[{"count":3,"href":"https:\/\/escalerasbalaguer.com\/ca\/wp-json\/wp\/v2\/pages\/3412\/revisions"}],"predecessor-version":[{"id":3920,"href":"https:\/\/escalerasbalaguer.com\/ca\/wp-json\/wp\/v2\/pages\/3412\/revisions\/3920"}],"wp:attachment":[{"href":"https:\/\/escalerasbalaguer.com\/ca\/wp-json\/wp\/v2\/media?parent=3412"}],"curies":[{"name":"wp","href":"https:\/\/api.w.org\/{rel}","templated":true}]}}