{"id":3414,"date":"2023-11-16T11:12:45","date_gmt":"2023-11-16T10:12:45","guid":{"rendered":"https:\/\/escalerasbalaguer.com\/escales-emergencia-trams\/"},"modified":"2024-03-27T13:25:35","modified_gmt":"2024-03-27T12:25:35","slug":"escales-emergencia-trams","status":"publish","type":"page","link":"https:\/\/escalerasbalaguer.com\/ca\/escales-emergencia-trams\/","title":{"rendered":"Escales emerg\u00e8ncia trams"},"content":{"rendered":"<p class=\"attachment\"><a href='https:\/\/escalerasbalaguer.com\/wp-content\/uploads\/2024\/03\/Escalera-Emergencia-con-Celosia.jpeg'><img fetchpriority=\"high\" decoding=\"async\" width=\"230\" height=\"300\" src=\"https:\/\/escalerasbalaguer.com\/wp-content\/uploads\/2024\/03\/Escalera-Emergencia-con-Celosia-230x300.jpeg\" class=\"attachment-medium size-medium\" alt=\"\" srcset=\"https:\/\/escalerasbalaguer.com\/wp-content\/uploads\/2024\/03\/Escalera-Emergencia-con-Celosia-230x300.jpeg 230w, https:\/\/escalerasbalaguer.com\/wp-content\/uploads\/2024\/03\/Escalera-Emergencia-con-Celosia.jpeg 571w\" sizes=\"(max-width: 230px) 100vw, 230px\" \/><\/a><\/p>\n\t\t<div data-elementor-type=\"wp-page\" data-elementor-id=\"3414\" class=\"elementor elementor-3414 elementor-1106\">\n\t\t\t\t\t\t\t\t\t<section class=\"elementor-section elementor-top-section elementor-element elementor-element-01f2300 elementor-section-height-min-height elementor-section-boxed elementor-section-height-default elementor-section-items-middle wpr-particle-no wpr-jarallax-no wpr-parallax-no wpr-sticky-section-no\" data-id=\"01f2300\" data-element_type=\"section\" data-settings=\"{&quot;background_background&quot;:&quot;classic&quot;}\">\n\t\t\t\t\t\t\t<div class=\"elementor-background-overlay\"><\/div>\n\t\t\t\t\t\t\t<div class=\"elementor-container elementor-column-gap-no\">\n\t\t\t\t\t<div class=\"elementor-column elementor-col-100 elementor-top-column elementor-element elementor-element-d908717\" data-id=\"d908717\" data-element_type=\"column\">\n\t\t\t<div class=\"elementor-widget-wrap elementor-element-populated\">\n\t\t\t\t\t\t\t\t<div class=\"elementor-element elementor-element-a92d70e elementor-widget elementor-widget-heading\" data-id=\"a92d70e\" data-element_type=\"widget\" data-widget_type=\"heading.default\">\n\t\t\t\t<div class=\"elementor-widget-container\">\n\t\t\t<style>\/*! elementor - v3.17.0 - 08-11-2023 *\/\n.elementor-heading-title{padding:0;margin:0;line-height:1}.elementor-widget-heading .elementor-heading-title[class*=elementor-size-]>a{color:inherit;font-size:inherit;line-height:inherit}.elementor-widget-heading .elementor-heading-title.elementor-size-small{font-size:15px}.elementor-widget-heading .elementor-heading-title.elementor-size-medium{font-size:19px}.elementor-widget-heading .elementor-heading-title.elementor-size-large{font-size:29px}.elementor-widget-heading .elementor-heading-title.elementor-size-xl{font-size:39px}.elementor-widget-heading .elementor-heading-title.elementor-size-xxl{font-size:59px}<\/style><h6 class=\"elementor-heading-title elementor-size-default\">Escales d'Emerg\u00e8ncia<\/h6>\t\t<\/div>\n\t\t\t\t<\/div>\n\t\t\t\t<div class=\"elementor-element elementor-element-39dcc49 elementor-widget elementor-widget-heading\" data-id=\"39dcc49\" data-element_type=\"widget\" data-widget_type=\"heading.default\">\n\t\t\t\t<div class=\"elementor-widget-container\">\n\t\t\t<h1 class=\"elementor-heading-title elementor-size-default\">Escales trams<\/h1>\t\t<\/div>\n\t\t\t\t<\/div>\n\t\t\t\t\t<\/div>\n\t\t<\/div>\n\t\t\t\t\t\t\t<\/div>\n\t\t<\/section>\n\t\t\t\t<section class=\"elementor-section elementor-top-section elementor-element elementor-element-fd2c89a elementor-section-content-top elementor-section-boxed elementor-section-height-default elementor-section-height-default wpr-particle-no wpr-jarallax-no wpr-parallax-no wpr-sticky-section-no\" data-id=\"fd2c89a\" data-element_type=\"section\" data-settings=\"{&quot;background_background&quot;:&quot;classic&quot;}\">\n\t\t\t\t\t\t<div class=\"elementor-container elementor-column-gap-no\">\n\t\t\t\t\t<div class=\"elementor-column elementor-col-50 elementor-top-column elementor-element elementor-element-080d528\" data-id=\"080d528\" data-element_type=\"column\">\n\t\t\t<div class=\"elementor-widget-wrap elementor-element-populated\">\n\t\t\t\t\t\t\t\t<div class=\"elementor-element elementor-element-fd20bc1 elementor-widget elementor-widget-heading\" data-id=\"fd20bc1\" data-element_type=\"widget\" data-widget_type=\"heading.default\">\n\t\t\t\t<div class=\"elementor-widget-container\">\n\t\t\t<h6 class=\"elementor-heading-title elementor-size-default\">Escales Balaguer<\/h6>\t\t<\/div>\n\t\t\t\t<\/div>\n\t\t\t\t<div class=\"elementor-element elementor-element-a2ee5ea elementor-widget elementor-widget-heading\" data-id=\"a2ee5ea\" data-element_type=\"widget\" data-widget_type=\"heading.default\">\n\t\t\t\t<div class=\"elementor-widget-container\">\n\t\t\t<h2 class=\"elementor-heading-title elementor-size-default\">Escales emerg\u00e8ncia de\nTrams Rectes<\/h2>\t\t<\/div>\n\t\t\t\t<\/div>\n\t\t\t\t\t<\/div>\n\t\t<\/div>\n\t\t\t\t<div class=\"elementor-column elementor-col-50 elementor-top-column elementor-element elementor-element-1615745\" data-id=\"1615745\" data-element_type=\"column\">\n\t\t\t<div class=\"elementor-widget-wrap elementor-element-populated\">\n\t\t\t\t\t\t\t\t<div class=\"elementor-element elementor-element-08301f0 elementor-widget elementor-widget-heading\" data-id=\"08301f0\" data-element_type=\"widget\" data-widget_type=\"heading.default\">\n\t\t\t\t<div class=\"elementor-widget-container\">\n\t\t\t<h5 class=\"elementor-heading-title elementor-size-default\">Col\u00b7lecci\u00f3 escales emerg\u00e8ncia trams<\/h5>\t\t<\/div>\n\t\t\t\t<\/div>\n\t\t\t\t<div class=\"elementor-element elementor-element-57238f9 elementor-widget elementor-widget-text-editor\" data-id=\"57238f9\" data-element_type=\"widget\" data-widget_type=\"text-editor.default\">\n\t\t\t\t<div class=\"elementor-widget-container\">\n\t\t\t<style>\/*! elementor - v3.17.0 - 08-11-2023 *\/\n.elementor-widget-text-editor.elementor-drop-cap-view-stacked .elementor-drop-cap{background-color:#69727d;color:#fff}.elementor-widget-text-editor.elementor-drop-cap-view-framed .elementor-drop-cap{color:#69727d;border:3px solid;background-color:transparent}.elementor-widget-text-editor:not(.elementor-drop-cap-view-default) .elementor-drop-cap{margin-top:8px}.elementor-widget-text-editor:not(.elementor-drop-cap-view-default) .elementor-drop-cap-letter{width:1em;height:1em}.elementor-widget-text-editor .elementor-drop-cap{float:left;text-align:center;line-height:1;font-size:50px}.elementor-widget-text-editor .elementor-drop-cap-letter{display:inline-block}<\/style>\t\t\t\t<div class=\"et_pb_row et_pb_row_1\">\n<div class=\"et_pb_column et_pb_column_4_4 et_pb_column_1 et_pb_css_mix_blend_mode_passthrough et-last-child\">\n<div class=\"et_pb_module et_pb_text et_pb_text_0 et_pb_text_align_left et_pb_bg_layout_light\">\n<div class=\"et_pb_text_inner\">\n<p>Les escales d&#8217;emerg\u00e8ncia s\u00f3n<strong>elements essencials en la seguretat d&#8217;edificis i estructures<\/strong>. Aqu\u00ed hi ha algunes consideracions i recomanacions per al disseny d&#8217;escales d&#8217;emerg\u00e8ncia d&#8217;aquest tipus:<\/p><p><\/p>\n<\/div>\n<\/div>\n<\/div>\n<\/div>\t\t\t\t\t\t<\/div>\n\t\t\t\t<\/div>\n\t\t\t\t\t<\/div>\n\t\t<\/div>\n\t\t\t\t\t\t\t<\/div>\n\t\t<\/section>\n\t\t<div class=\"elementor-element elementor-element-56388a3 e-flex e-con-boxed wpr-particle-no wpr-jarallax-no wpr-parallax-no wpr-sticky-section-no e-con e-parent\" data-id=\"56388a3\" data-element_type=\"container\" data-settings=\"{&quot;background_background&quot;:&quot;classic&quot;,&quot;content_width&quot;:&quot;boxed&quot;}\" data-core-v316-plus=\"true\">\n\t\t\t\t\t<div class=\"e-con-inner\">\n\t\t<div class=\"elementor-element elementor-element-8751367 e-flex e-con-boxed wpr-particle-no wpr-jarallax-no wpr-parallax-no wpr-sticky-section-no e-con e-child\" data-id=\"8751367\" data-element_type=\"container\" data-settings=\"{&quot;content_width&quot;:&quot;boxed&quot;}\">\n\t\t\t\t\t<div class=\"e-con-inner\">\n\t\t\t\t<div class=\"elementor-element elementor-element-0f25ab7 elementor-icon-list--layout-traditional elementor-list-item-link-full_width elementor-widget elementor-widget-icon-list\" data-id=\"0f25ab7\" data-element_type=\"widget\" data-widget_type=\"icon-list.default\">\n\t\t\t\t<div class=\"elementor-widget-container\">\n\t\t\t<link rel=\"stylesheet\" href=\"https:\/\/escalerasbalaguer.com\/wp-content\/plugins\/elementor\/assets\/css\/widget-icon-list.min.css\">\t\t<ul class=\"elementor-icon-list-items\">\n\t\t\t\t\t\t\t<li class=\"elementor-icon-list-item\">\n\t\t\t\t\t\t\t\t\t\t\t<span class=\"elementor-icon-list-icon\">\n\t\t\t\t\t\t\t<i aria-hidden=\"true\" class=\"fas fa-chevron-circle-right\"><\/i>\t\t\t\t\t\t<\/span>\n\t\t\t\t\t\t\t\t\t\t<span class=\"elementor-icon-list-text\">Les escales hauran de complir amb totes les normatives i codis de construcci\u00f3 locals, regionals i internacionals relacionats amb les escales d'emerg\u00e8ncia. Dissenyem l'escala amb un ample adequat per a permetre un flux constant i segur de persones evacuant<\/span>\n\t\t\t\t\t\t\t\t\t<\/li>\n\t\t\t\t\t\t\t\t<li class=\"elementor-icon-list-item\">\n\t\t\t\t\t\t\t\t\t\t\t<span class=\"elementor-icon-list-icon\">\n\t\t\t\t\t\t\t<i aria-hidden=\"true\" class=\"fas fa-chevron-circle-right\"><\/i>\t\t\t\t\t\t<\/span>\n\t\t\t\t\t\t\t\t\t\t<span class=\"elementor-icon-list-text\">Utilitzem materials resistents al foc i duradors per a la construcci\u00f3 de l'escala, com a acer galvanitzat.<\/span>\n\t\t\t\t\t\t\t\t\t<\/li>\n\t\t\t\t\t\t\t\t<li class=\"elementor-icon-list-item\">\n\t\t\t\t\t\t\t\t\t\t\t<span class=\"elementor-icon-list-icon\">\n\t\t\t\t\t\t\t<i aria-hidden=\"true\" class=\"fas fa-chevron-circle-right\"><\/i>\t\t\t\t\t\t<\/span>\n\t\t\t\t\t\t\t\t\t\t<span class=\"elementor-icon-list-text\">Passamans segurs i resistents al llarg de l'escala per a proporcionar un suport ferm als qui les utilitzen durant una evacuaci\u00f3.<\/span>\n\t\t\t\t\t\t\t\t\t<\/li>\n\t\t\t\t\t\t\t\t<li class=\"elementor-icon-list-item\">\n\t\t\t\t\t\t\t\t\t\t\t<span class=\"elementor-icon-list-icon\">\n\t\t\t\t\t\t\t<i aria-hidden=\"true\" class=\"fas fa-chevron-circle-right\"><\/i>\t\t\t\t\t\t<\/span>\n\t\t\t\t\t\t\t\t\t\t<span class=\"elementor-icon-list-text\">Asegurat\u00e9 d'incorporar sistemes d'il\u00b7luminaci\u00f3 d'emerg\u00e8ncia per a assegurar la visibilitat en situacions de poca llum o en cas d'un tall d'energia.<\/span>\n\t\t\t\t\t\t\t\t\t<\/li>\n\t\t\t\t\t\t\t\t<li class=\"elementor-icon-list-item\">\n\t\t\t\t\t\t\t\t\t\t\t<span class=\"elementor-icon-list-icon\">\n\t\t\t\t\t\t\t<i aria-hidden=\"true\" class=\"fas fa-chevron-circle-right\"><\/i>\t\t\t\t\t\t<\/span>\n\t\t\t\t\t\t\t\t\t\t<span class=\"elementor-icon-list-text\">Col\u00b7loca senyals clars i visibles que indiquin la direcci\u00f3 de l'escala d'emerg\u00e8ncia i la sortida.<\/span>\n\t\t\t\t\t\t\t\t\t<\/li>\n\t\t\t\t\t\t\t\t<li class=\"elementor-icon-list-item\">\n\t\t\t\t\t\t\t\t\t\t\t<span class=\"elementor-icon-list-icon\">\n\t\t\t\t\t\t\t<i aria-hidden=\"true\" class=\"fas fa-chevron-circle-right\"><\/i>\t\t\t\t\t\t<\/span>\n\t\t\t\t\t\t\t\t\t\t<span class=\"elementor-icon-list-text\">Utilitzem esglaons antilliscants per a prevenir caigudes, especialment en situacions d'evacuaci\u00f3 precipitada.<\/span>\n\t\t\t\t\t\t\t\t\t<\/li>\n\t\t\t\t\t\t\t\t<li class=\"elementor-icon-list-item\">\n\t\t\t\t\t\t\t\t\t\t\t<span class=\"elementor-icon-list-icon\">\n\t\t\t\t\t\t\t<i aria-hidden=\"true\" class=\"fas fa-chevron-circle-right\"><\/i>\t\t\t\t\t\t<\/span>\n\t\t\t\t\t\t\t\t\t\t<span class=\"elementor-icon-list-text\">Assegura't que les portes en cada nivell de l'escala s'obrin f\u00e0cilment i compleixin amb els requisits de seguretat. Poden ser portes tallafocs per a garantir la integritat en situacions d'incendi.<\/span>\n\t\t\t\t\t\t\t\t\t<\/li>\n\t\t\t\t\t\t\t\t<li class=\"elementor-icon-list-item\">\n\t\t\t\t\t\t\t\t\t\t\t<span class=\"elementor-icon-list-icon\">\n\t\t\t\t\t\t\t<i aria-hidden=\"true\" class=\"fas fa-chevron-circle-right\"><\/i>\t\t\t\t\t\t<\/span>\n\t\t\t\t\t\t\t\t\t\t<span class=\"elementor-icon-list-text\">En casos d'edificis alts, assegura't d'incloure espais de descans o replans en l'escala per a permetre que les persones descansin durant una evacuaci\u00f3 prolongada.<\/span>\n\t\t\t\t\t\t\t\t\t<\/li>\n\t\t\t\t\t\t\t\t<li class=\"elementor-icon-list-item\">\n\t\t\t\t\t\t\t\t\t\t\t<span class=\"elementor-icon-list-icon\">\n\t\t\t\t\t\t\t<i aria-hidden=\"true\" class=\"fas fa-chevron-circle-right\"><\/i>\t\t\t\t\t\t<\/span>\n\t\t\t\t\t\t\t\t\t\t<span class=\"elementor-icon-list-text\">Estableix un programa de manteniment regular per a assegurar que l'escala estigui en condicions \u00f2ptimes en tot moment.<\/span>\n\t\t\t\t\t\t\t\t\t<\/li>\n\t\t\t\t\t\t\t\t<li class=\"elementor-icon-list-item\">\n\t\t\t\t\t\t\t\t\t\t\t<span class=\"elementor-icon-list-icon\">\n\t\t\t\t\t\t\t<i aria-hidden=\"true\" class=\"fas fa-chevron-circle-right\"><\/i>\t\t\t\t\t\t<\/span>\n\t\t\t\t\t\t\t\t\t\t<span class=\"elementor-icon-list-text\">Garanteix que l'acc\u00e9s a l'escala d'emerg\u00e8ncia estigui sempre buidat i no obstru\u00eft.<\/span>\n\t\t\t\t\t\t\t\t\t<\/li>\n\t\t\t\t\t\t<\/ul>\n\t\t\t\t<\/div>\n\t\t\t\t<\/div>\n\t\t\t\t<div class=\"elementor-element elementor-element-6f67afe elementor-widget elementor-widget-text-editor\" data-id=\"6f67afe\" data-element_type=\"widget\" data-widget_type=\"text-editor.default\">\n\t\t\t\t<div class=\"elementor-widget-container\">\n\t\t\t\t\t\t\t<p>Recorda que el disseny de les escales d&#8217;emerg\u00e8ncia ha de prioritzar la seguretat i l&#8217;efic\u00e0cia durant situacions cr\u00edtiques. Sempre \u00e9s recomanable treballar amb enginyers i professionals de seguretat per a garantir un disseny adequat i segur.<\/p>\n\t\t\t\t\t\t<\/div>\n\t\t\t\t<\/div>\n\t\t\t\t\t<\/div>\n\t\t\t\t<\/div>\n\t\t\t\t\t<\/div>\n\t\t\t\t<\/div>\n\t\t\t\t<section class=\"elementor-section elementor-top-section elementor-element elementor-element-bd29b3b elementor-section-boxed elementor-section-height-default elementor-section-height-default wpr-particle-no wpr-jarallax-no wpr-parallax-no wpr-sticky-section-no\" data-id=\"bd29b3b\" data-element_type=\"section\">\n\t\t\t\t\t\t<div class=\"elementor-container elementor-column-gap-no\">\n\t\t\t\t\t<div class=\"elementor-column elementor-col-100 elementor-top-column elementor-element elementor-element-cf7be5c\" data-id=\"cf7be5c\" data-element_type=\"column\">\n\t\t\t<div class=\"elementor-widget-wrap elementor-element-populated\">\n\t\t\t\t\t\t\t\t<div class=\"elementor-element elementor-element-c77324d elementor-widget elementor-widget-heading\" data-id=\"c77324d\" data-element_type=\"widget\" data-widget_type=\"heading.default\">\n\t\t\t\t<div class=\"elementor-widget-container\">\n\t\t\t<h2 class=\"elementor-heading-title elementor-size-default\">Les nostres Escales<\/h2>\t\t<\/div>\n\t\t\t\t<\/div>\n\t\t\t\t<div class=\"elementor-element elementor-element-43623bc wpr-grid-columns-4 wpr-grid-columns--tablet3 wpr-grid-columns--mobile1 elementor-widget elementor-widget-wpr-media-grid\" data-id=\"43623bc\" data-element_type=\"widget\" data-widget_type=\"wpr-media-grid.default\">\n\t\t\t\t<div class=\"elementor-widget-container\">\n\t\t\t<section class=\"wpr-grid wpr-media-grid elementor-clearfix\" data-settings=\"{&quot;layout&quot;:&quot;masonry&quot;,&quot;columns_desktop&quot;:&quot;4&quot;,&quot;gutter_hr&quot;:12,&quot;gutter_hr_mobile&quot;:12,&quot;gutter_hr_mobile_extra&quot;:12,&quot;gutter_hr_tablet&quot;:12,&quot;gutter_hr_tablet_extra&quot;:12,&quot;gutter_hr_laptop&quot;:12,&quot;gutter_hr_widescreen&quot;:12,&quot;gutter_vr&quot;:12,&quot;gutter_vr_mobile&quot;:12,&quot;gutter_vr_mobile_extra&quot;:12,&quot;gutter_vr_tablet&quot;:12,&quot;gutter_vr_tablet_extra&quot;:12,&quot;gutter_vr_laptop&quot;:12,&quot;gutter_vr_widescreen&quot;:12,&quot;animation&quot;:&quot;default&quot;,&quot;animation_duration&quot;:0.3,&quot;animation_delay&quot;:0.1,&quot;deeplinking&quot;:&quot;&quot;,&quot;filters_default_filter&quot;:&quot;&quot;,&quot;filters_linkable&quot;:&quot;no&quot;,&quot;filters_count&quot;:&quot;&quot;,&quot;filters_hide_empty&quot;:&quot;no&quot;,&quot;filters_animation&quot;:&quot;default&quot;,&quot;filters_animation_duration&quot;:0.3,&quot;filters_animation_delay&quot;:0.1,&quot;pagination_type&quot;:&quot;load-more&quot;,&quot;pagination_max_pages&quot;:1,&quot;lightbox&quot;:{&quot;selector&quot;:&quot;.wpr-grid-image-wrap&quot;,&quot;iframeMaxWidth&quot;:&quot;60%&quot;,&quot;hash&quot;:false,&quot;autoplay&quot;:&quot;true&quot;,&quot;pause&quot;:5000,&quot;progressBar&quot;:&quot;true&quot;,&quot;counter&quot;:&quot;true&quot;,&quot;controls&quot;:&quot;true&quot;,&quot;getCaptionFromTitleOrAlt&quot;:&quot;true&quot;,&quot;thumbnail&quot;:&quot;&quot;,&quot;showThumbByDefault&quot;:&quot;&quot;,&quot;share&quot;:&quot;&quot;,&quot;zoom&quot;:&quot;true&quot;,&quot;fullScreen&quot;:&quot;true&quot;,&quot;download&quot;:&quot;true&quot;}}\"><article class=\"wpr-grid-item elementor-clearfix post-2065 attachment type-attachment status-inherit hentry\"><div class=\"wpr-grid-item-inner\"><div class=\"wpr-grid-media-wrap wpr-effect-size-small \"><div class=\"wpr-grid-image-wrap\" data-src=\"https:\/\/escalerasbalaguer.com\/wp-content\/uploads\/2023\/11\/Escalera-de-tramo-recto-galvanizada-.jpg\"><img decoding=\"async\" src=\"https:\/\/escalerasbalaguer.com\/wp-content\/uploads\/elementor\/thumbs\/Escalera-de-tramo-recto-galvanizada--qieg7j8qadau55mg33x38ce9q3wudk6sue74lkon8g.jpg\" alt=\"Escalera de tramo recto galvanizada\" class=\"wpr-anim-timing-ease-default\"><\/div><div class=\"wpr-grid-media-hover wpr-animation-wrap\"><div class=\"wpr-grid-media-hover-bg  wpr-overlay-fade-in wpr-anim-size-large wpr-anim-timing-ease-default wpr-anim-transparency\" data-url=\"https:\/\/escalerasbalaguer.com\/ca\/escalera-de-tramo-recto-galvanizada-3\/\"><\/div><div class=\"wpr-cv-container\"><div class=\"wpr-cv-outer\"><div class=\"wpr-cv-inner\"><div class=\"wpr-grid-media-hover-middle elementor-clearfix\"><div class=\"wpr-grid-item-lightbox elementor-repeater-item-c56f1c6 wpr-grid-item-display-block wpr-grid-item-align-center wpr-element-fade-in wpr-anim-size-large wpr-anim-timing-ease-default wpr-anim-transparency\"><div class=\"inner-block\"><span data-src=\"https:\/\/escalerasbalaguer.com\/wp-content\/uploads\/2023\/11\/Escalera-de-tramo-recto-galvanizada-.jpg\"><i class=\"fas fa-search\"><\/i><\/span><div class=\"wpr-grid-lightbox-overlay\"><\/div><\/div><\/div><h2 class=\"wpr-grid-item-title elementor-repeater-item-615135a wpr-grid-item-display-block wpr-grid-item-align-center wpr-element-fade-in wpr-anim-size-large wpr-anim-timing-ease-default wpr-anim-transparency wpr-pointer-none wpr-pointer-line-fx wpr-pointer-fx-fade\"><div class=\"inner-block\"><a  href=\"https:\/\/escalerasbalaguer.com\/ca\/escalera-de-tramo-recto-galvanizada-3\/\">Escalera de tramo recto galvanizada<\/a><\/div><\/h2><\/div><\/div><\/div><\/div><\/div><\/div><\/div><\/article><article class=\"wpr-grid-item elementor-clearfix post-2068 attachment type-attachment status-inherit hentry\"><div class=\"wpr-grid-item-inner\"><div class=\"wpr-grid-media-wrap wpr-effect-size-small \"><div class=\"wpr-grid-image-wrap\" data-src=\"https:\/\/escalerasbalaguer.com\/wp-content\/uploads\/2023\/11\/Escalera-de-tramos-rectos-galvanizada-.jpg\"><img decoding=\"async\" src=\"https:\/\/escalerasbalaguer.com\/wp-content\/uploads\/elementor\/thumbs\/Escalera-de-tramos-rectos-galvanizada--qieg7nxx8jh9r7fmbny82t7kp19og1pgj1gjzyhodc.jpg\" alt=\"Escalera de tramos rectos galvanizada\" class=\"wpr-anim-timing-ease-default\"><\/div><div class=\"wpr-grid-media-hover wpr-animation-wrap\"><div class=\"wpr-grid-media-hover-bg  wpr-overlay-fade-in wpr-anim-size-large wpr-anim-timing-ease-default wpr-anim-transparency\" data-url=\"https:\/\/escalerasbalaguer.com\/ca\/escalera-de-tramos-rectos-galvanizada-5\/\"><\/div><div class=\"wpr-cv-container\"><div class=\"wpr-cv-outer\"><div class=\"wpr-cv-inner\"><div class=\"wpr-grid-media-hover-middle elementor-clearfix\"><div class=\"wpr-grid-item-lightbox elementor-repeater-item-c56f1c6 wpr-grid-item-display-block wpr-grid-item-align-center wpr-element-fade-in wpr-anim-size-large wpr-anim-timing-ease-default wpr-anim-transparency\"><div class=\"inner-block\"><span data-src=\"https:\/\/escalerasbalaguer.com\/wp-content\/uploads\/2023\/11\/Escalera-de-tramos-rectos-galvanizada-.jpg\"><i class=\"fas fa-search\"><\/i><\/span><div class=\"wpr-grid-lightbox-overlay\"><\/div><\/div><\/div><h2 class=\"wpr-grid-item-title elementor-repeater-item-615135a wpr-grid-item-display-block wpr-grid-item-align-center wpr-element-fade-in wpr-anim-size-large wpr-anim-timing-ease-default wpr-anim-transparency wpr-pointer-none wpr-pointer-line-fx wpr-pointer-fx-fade\"><div class=\"inner-block\"><a  href=\"https:\/\/escalerasbalaguer.com\/ca\/escalera-de-tramos-rectos-galvanizada-5\/\">Escalera de tramos rectos galvanizada<\/a><\/div><\/h2><\/div><\/div><\/div><\/div><\/div><\/div><\/div><\/article><article class=\"wpr-grid-item elementor-clearfix post-2071 attachment type-attachment status-inherit hentry\"><div class=\"wpr-grid-item-inner\"><div class=\"wpr-grid-media-wrap wpr-effect-size-small \"><div class=\"wpr-grid-image-wrap\" data-src=\"https:\/\/escalerasbalaguer.com\/wp-content\/uploads\/2023\/11\/Escalera-Emergencia-de-tramos-con-celosia-de-tubo2.jpg\"><img decoding=\"async\" src=\"https:\/\/escalerasbalaguer.com\/wp-content\/uploads\/elementor\/thumbs\/Escalera-Emergencia-de-tramos-con-celosia-de-tubo2-qieg84v0nk4fk6r1kv9iboxvdyyaalkmld7amxsl9c.jpg\" alt=\"Escalera Emergencia de tramos con celosia de tubo2\" class=\"wpr-anim-timing-ease-default\"><\/div><div class=\"wpr-grid-media-hover wpr-animation-wrap\"><div class=\"wpr-grid-media-hover-bg  wpr-overlay-fade-in wpr-anim-size-large wpr-anim-timing-ease-default wpr-anim-transparency\" data-url=\"https:\/\/escalerasbalaguer.com\/ca\/escalera-emergencia-de-tramos-con-celosia-de-tubo2-3\/\"><\/div><div class=\"wpr-cv-container\"><div class=\"wpr-cv-outer\"><div class=\"wpr-cv-inner\"><div class=\"wpr-grid-media-hover-middle elementor-clearfix\"><div class=\"wpr-grid-item-lightbox elementor-repeater-item-c56f1c6 wpr-grid-item-display-block wpr-grid-item-align-center wpr-element-fade-in wpr-anim-size-large wpr-anim-timing-ease-default wpr-anim-transparency\"><div class=\"inner-block\"><span data-src=\"https:\/\/escalerasbalaguer.com\/wp-content\/uploads\/2023\/11\/Escalera-Emergencia-de-tramos-con-celosia-de-tubo2.jpg\"><i class=\"fas fa-search\"><\/i><\/span><div class=\"wpr-grid-lightbox-overlay\"><\/div><\/div><\/div><h2 class=\"wpr-grid-item-title elementor-repeater-item-615135a wpr-grid-item-display-block wpr-grid-item-align-center wpr-element-fade-in wpr-anim-size-large wpr-anim-timing-ease-default wpr-anim-transparency wpr-pointer-none wpr-pointer-line-fx wpr-pointer-fx-fade\"><div class=\"inner-block\"><a  href=\"https:\/\/escalerasbalaguer.com\/ca\/escalera-emergencia-de-tramos-con-celosia-de-tubo2-3\/\">Escalera Emergencia de tramos con celosia de tubo2<\/a><\/div><\/h2><\/div><\/div><\/div><\/div><\/div><\/div><\/div><\/article><article class=\"wpr-grid-item elementor-clearfix post-2074 attachment type-attachment status-inherit hentry\"><div class=\"wpr-grid-item-inner\"><div class=\"wpr-grid-media-wrap wpr-effect-size-small \"><div class=\"wpr-grid-image-wrap\" data-src=\"https:\/\/escalerasbalaguer.com\/wp-content\/uploads\/2023\/11\/Escalera-evacuacin-de-tramos-en-albergue.jpg\"><img decoding=\"async\" src=\"https:\/\/escalerasbalaguer.com\/wp-content\/uploads\/elementor\/thumbs\/Escalera-evacuacin-de-tramos-en-albergue-qieg8cdq68eq52g4cyiivn1k51x806ehaef6h5hfvk.jpg\" alt=\"Escalera evacuacin de tramos en albergue\" class=\"wpr-anim-timing-ease-default\"><\/div><div class=\"wpr-grid-media-hover wpr-animation-wrap\"><div class=\"wpr-grid-media-hover-bg  wpr-overlay-fade-in wpr-anim-size-large wpr-anim-timing-ease-default wpr-anim-transparency\" data-url=\"https:\/\/escalerasbalaguer.com\/ca\/escalera-evacuacin-de-tramos-en-albergue-3\/\"><\/div><div class=\"wpr-cv-container\"><div class=\"wpr-cv-outer\"><div class=\"wpr-cv-inner\"><div class=\"wpr-grid-media-hover-middle elementor-clearfix\"><div class=\"wpr-grid-item-lightbox elementor-repeater-item-c56f1c6 wpr-grid-item-display-block wpr-grid-item-align-center wpr-element-fade-in wpr-anim-size-large wpr-anim-timing-ease-default wpr-anim-transparency\"><div class=\"inner-block\"><span data-src=\"https:\/\/escalerasbalaguer.com\/wp-content\/uploads\/2023\/11\/Escalera-evacuacin-de-tramos-en-albergue.jpg\"><i class=\"fas fa-search\"><\/i><\/span><div class=\"wpr-grid-lightbox-overlay\"><\/div><\/div><\/div><h2 class=\"wpr-grid-item-title elementor-repeater-item-615135a wpr-grid-item-display-block wpr-grid-item-align-center wpr-element-fade-in wpr-anim-size-large wpr-anim-timing-ease-default wpr-anim-transparency wpr-pointer-none wpr-pointer-line-fx wpr-pointer-fx-fade\"><div class=\"inner-block\"><a  href=\"https:\/\/escalerasbalaguer.com\/ca\/escalera-evacuacin-de-tramos-en-albergue-3\/\">Escalera evacuacin de tramos en albergue<\/a><\/div><\/h2><\/div><\/div><\/div><\/div><\/div><\/div><\/div><\/article><article class=\"wpr-grid-item elementor-clearfix post-2077 attachment type-attachment status-inherit hentry\"><div class=\"wpr-grid-item-inner\"><div class=\"wpr-grid-media-wrap wpr-effect-size-small \"><div class=\"wpr-grid-image-wrap\" data-src=\"https:\/\/escalerasbalaguer.com\/wp-content\/uploads\/2023\/11\/Escalera-de-tramos-llegada-arriba.jpg\"><img decoding=\"async\" src=\"https:\/\/escalerasbalaguer.com\/wp-content\/uploads\/elementor\/thumbs\/Escalera-de-tramos-llegada-arriba-qieg7m28uvep3zicmn4yxtoni9iy0nhzus5l1ekgps.jpg\" alt=\"Escalera de tramos -llegada arriba\" class=\"wpr-anim-timing-ease-default\"><\/div><div class=\"wpr-grid-media-hover wpr-animation-wrap\"><div class=\"wpr-grid-media-hover-bg  wpr-overlay-fade-in wpr-anim-size-large wpr-anim-timing-ease-default wpr-anim-transparency\" data-url=\"https:\/\/escalerasbalaguer.com\/ca\/escalera-de-tramos-llegada-arriba-5\/\"><\/div><div class=\"wpr-cv-container\"><div class=\"wpr-cv-outer\"><div class=\"wpr-cv-inner\"><div class=\"wpr-grid-media-hover-middle elementor-clearfix\"><div class=\"wpr-grid-item-lightbox elementor-repeater-item-c56f1c6 wpr-grid-item-display-block wpr-grid-item-align-center wpr-element-fade-in wpr-anim-size-large wpr-anim-timing-ease-default wpr-anim-transparency\"><div class=\"inner-block\"><span data-src=\"https:\/\/escalerasbalaguer.com\/wp-content\/uploads\/2023\/11\/Escalera-de-tramos-llegada-arriba.jpg\"><i class=\"fas fa-search\"><\/i><\/span><div class=\"wpr-grid-lightbox-overlay\"><\/div><\/div><\/div><h2 class=\"wpr-grid-item-title elementor-repeater-item-615135a wpr-grid-item-display-block wpr-grid-item-align-center wpr-element-fade-in wpr-anim-size-large wpr-anim-timing-ease-default wpr-anim-transparency wpr-pointer-none wpr-pointer-line-fx wpr-pointer-fx-fade\"><div class=\"inner-block\"><a  href=\"https:\/\/escalerasbalaguer.com\/ca\/escalera-de-tramos-llegada-arriba-5\/\">Escalera de tramos -llegada arriba<\/a><\/div><\/h2><\/div><\/div><\/div><\/div><\/div><\/div><\/div><\/article><article class=\"wpr-grid-item elementor-clearfix post-2080 attachment type-attachment status-inherit hentry\"><div class=\"wpr-grid-item-inner\"><div class=\"wpr-grid-media-wrap wpr-effect-size-small \"><div class=\"wpr-grid-image-wrap\" data-src=\"https:\/\/escalerasbalaguer.com\/wp-content\/uploads\/2023\/11\/montaje-escalera-de-tramos-para-forrar-.jpg\"><img decoding=\"async\" src=\"https:\/\/escalerasbalaguer.com\/wp-content\/uploads\/elementor\/thumbs\/montaje-escalera-de-tramos-para-forrar--qieg8jwfowp0py5751rjfl58w4w5pr8bzfn2bd6ahs.jpg\" alt=\"montaje escalera de tramos para forrar\" class=\"wpr-anim-timing-ease-default\"><\/div><div class=\"wpr-grid-media-hover wpr-animation-wrap\"><div class=\"wpr-grid-media-hover-bg  wpr-overlay-fade-in wpr-anim-size-large wpr-anim-timing-ease-default wpr-anim-transparency\" data-url=\"https:\/\/escalerasbalaguer.com\/ca\/montaje-escalera-de-tramos-para-forrar-3\/\"><\/div><div class=\"wpr-cv-container\"><div class=\"wpr-cv-outer\"><div class=\"wpr-cv-inner\"><div class=\"wpr-grid-media-hover-middle elementor-clearfix\"><div class=\"wpr-grid-item-lightbox elementor-repeater-item-c56f1c6 wpr-grid-item-display-block wpr-grid-item-align-center wpr-element-fade-in wpr-anim-size-large wpr-anim-timing-ease-default wpr-anim-transparency\"><div class=\"inner-block\"><span data-src=\"https:\/\/escalerasbalaguer.com\/wp-content\/uploads\/2023\/11\/montaje-escalera-de-tramos-para-forrar-.jpg\"><i class=\"fas fa-search\"><\/i><\/span><div class=\"wpr-grid-lightbox-overlay\"><\/div><\/div><\/div><h2 class=\"wpr-grid-item-title elementor-repeater-item-615135a wpr-grid-item-display-block wpr-grid-item-align-center wpr-element-fade-in wpr-anim-size-large wpr-anim-timing-ease-default wpr-anim-transparency wpr-pointer-none wpr-pointer-line-fx wpr-pointer-fx-fade\"><div class=\"inner-block\"><a  href=\"https:\/\/escalerasbalaguer.com\/ca\/montaje-escalera-de-tramos-para-forrar-3\/\">montaje escalera de tramos para forrar<\/a><\/div><\/h2><\/div><\/div><\/div><\/div><\/div><\/div><\/div><\/article><article class=\"wpr-grid-item elementor-clearfix post-2083 attachment type-attachment status-inherit hentry\"><div class=\"wpr-grid-item-inner\"><div class=\"wpr-grid-media-wrap wpr-effect-size-small \"><div class=\"wpr-grid-image-wrap\" data-src=\"https:\/\/escalerasbalaguer.com\/wp-content\/uploads\/2023\/11\/Escalera-de-tramos-acceso-oficina.jpg\"><img decoding=\"async\" src=\"https:\/\/escalerasbalaguer.com\/wp-content\/uploads\/elementor\/thumbs\/Escalera-de-tramos-acceso-oficina-qieg7j8qadau55mg33x38ce9q3wudk6sue74lkon8g.jpg\" alt=\"Escalera de tramos acceso oficina\" class=\"wpr-anim-timing-ease-default\"><\/div><div class=\"wpr-grid-media-hover wpr-animation-wrap\"><div class=\"wpr-grid-media-hover-bg  wpr-overlay-fade-in wpr-anim-size-large wpr-anim-timing-ease-default wpr-anim-transparency\" data-url=\"https:\/\/escalerasbalaguer.com\/ca\/escalera-de-tramos-acceso-oficina-3\/\"><\/div><div class=\"wpr-cv-container\"><div class=\"wpr-cv-outer\"><div class=\"wpr-cv-inner\"><div class=\"wpr-grid-media-hover-middle elementor-clearfix\"><div class=\"wpr-grid-item-lightbox elementor-repeater-item-c56f1c6 wpr-grid-item-display-block wpr-grid-item-align-center wpr-element-fade-in wpr-anim-size-large wpr-anim-timing-ease-default wpr-anim-transparency\"><div class=\"inner-block\"><span data-src=\"https:\/\/escalerasbalaguer.com\/wp-content\/uploads\/2023\/11\/Escalera-de-tramos-acceso-oficina.jpg\"><i class=\"fas fa-search\"><\/i><\/span><div class=\"wpr-grid-lightbox-overlay\"><\/div><\/div><\/div><h2 class=\"wpr-grid-item-title elementor-repeater-item-615135a wpr-grid-item-display-block wpr-grid-item-align-center wpr-element-fade-in wpr-anim-size-large wpr-anim-timing-ease-default wpr-anim-transparency wpr-pointer-none wpr-pointer-line-fx wpr-pointer-fx-fade\"><div class=\"inner-block\"><a  href=\"https:\/\/escalerasbalaguer.com\/ca\/escalera-de-tramos-acceso-oficina-3\/\">Escalera de tramos acceso oficina<\/a><\/div><\/h2><\/div><\/div><\/div><\/div><\/div><\/div><\/div><\/article><article class=\"wpr-grid-item elementor-clearfix post-2086 attachment type-attachment status-inherit hentry\"><div class=\"wpr-grid-item-inner\"><div class=\"wpr-grid-media-wrap wpr-effect-size-small \"><div class=\"wpr-grid-image-wrap\" data-src=\"https:\/\/escalerasbalaguer.com\/wp-content\/uploads\/2023\/11\/Escalera-Emergencia-de-tramos-con-celosia-7.jpg\"><img decoding=\"async\" src=\"https:\/\/escalerasbalaguer.com\/wp-content\/uploads\/elementor\/thumbs\/Escalera-Emergencia-de-tramos-con-celosia-7-qieg82zc9w1uwytrvug96pey777jv7d5x3wbodvdls.jpg\" alt=\"Escalera Emergencia de tramos con celosia 7\" class=\"wpr-anim-timing-ease-default\"><\/div><div class=\"wpr-grid-media-hover wpr-animation-wrap\"><div class=\"wpr-grid-media-hover-bg  wpr-overlay-fade-in wpr-anim-size-large wpr-anim-timing-ease-default wpr-anim-transparency\" data-url=\"https:\/\/escalerasbalaguer.com\/ca\/escalera-emergencia-de-tramos-con-celosia-7-3\/\"><\/div><div class=\"wpr-cv-container\"><div class=\"wpr-cv-outer\"><div class=\"wpr-cv-inner\"><div class=\"wpr-grid-media-hover-middle elementor-clearfix\"><div class=\"wpr-grid-item-lightbox elementor-repeater-item-c56f1c6 wpr-grid-item-display-block wpr-grid-item-align-center wpr-element-fade-in wpr-anim-size-large wpr-anim-timing-ease-default wpr-anim-transparency\"><div class=\"inner-block\"><span data-src=\"https:\/\/escalerasbalaguer.com\/wp-content\/uploads\/2023\/11\/Escalera-Emergencia-de-tramos-con-celosia-7.jpg\"><i class=\"fas fa-search\"><\/i><\/span><div class=\"wpr-grid-lightbox-overlay\"><\/div><\/div><\/div><h2 class=\"wpr-grid-item-title elementor-repeater-item-615135a wpr-grid-item-display-block wpr-grid-item-align-center wpr-element-fade-in wpr-anim-size-large wpr-anim-timing-ease-default wpr-anim-transparency wpr-pointer-none wpr-pointer-line-fx wpr-pointer-fx-fade\"><div class=\"inner-block\"><a  href=\"https:\/\/escalerasbalaguer.com\/ca\/escalera-emergencia-de-tramos-con-celosia-7-3\/\">Escalera Emergencia de tramos con celosia 7<\/a><\/div><\/h2><\/div><\/div><\/div><\/div><\/div><\/div><\/div><\/article><article class=\"wpr-grid-item elementor-clearfix post-2089 attachment type-attachment status-inherit hentry\"><div class=\"wpr-grid-item-inner\"><div class=\"wpr-grid-media-wrap wpr-effect-size-small \"><div class=\"wpr-grid-image-wrap\" data-src=\"https:\/\/escalerasbalaguer.com\/wp-content\/uploads\/2023\/11\/Escalera-de-tramos-.jpg\"><img decoding=\"async\" src=\"https:\/\/escalerasbalaguer.com\/wp-content\/uploads\/elementor\/thumbs\/Escalera-de-tramos--qieg7j8qadau55mg33x38ce9q3wudk6sue74lkon8g.jpg\" alt=\"Escalera de tramos\" class=\"wpr-anim-timing-ease-default\"><\/div><div class=\"wpr-grid-media-hover wpr-animation-wrap\"><div class=\"wpr-grid-media-hover-bg  wpr-overlay-fade-in wpr-anim-size-large wpr-anim-timing-ease-default wpr-anim-transparency\" data-url=\"https:\/\/escalerasbalaguer.com\/ca\/escalera-de-tramos-3\/\"><\/div><div class=\"wpr-cv-container\"><div class=\"wpr-cv-outer\"><div class=\"wpr-cv-inner\"><div class=\"wpr-grid-media-hover-middle elementor-clearfix\"><div class=\"wpr-grid-item-lightbox elementor-repeater-item-c56f1c6 wpr-grid-item-display-block wpr-grid-item-align-center wpr-element-fade-in wpr-anim-size-large wpr-anim-timing-ease-default wpr-anim-transparency\"><div class=\"inner-block\"><span data-src=\"https:\/\/escalerasbalaguer.com\/wp-content\/uploads\/2023\/11\/Escalera-de-tramos-.jpg\"><i class=\"fas fa-search\"><\/i><\/span><div class=\"wpr-grid-lightbox-overlay\"><\/div><\/div><\/div><h2 class=\"wpr-grid-item-title elementor-repeater-item-615135a wpr-grid-item-display-block wpr-grid-item-align-center wpr-element-fade-in wpr-anim-size-large wpr-anim-timing-ease-default wpr-anim-transparency wpr-pointer-none wpr-pointer-line-fx wpr-pointer-fx-fade\"><div class=\"inner-block\"><a  href=\"https:\/\/escalerasbalaguer.com\/ca\/escalera-de-tramos-3\/\">Escalera de tramos<\/a><\/div><\/h2><\/div><\/div><\/div><\/div><\/div><\/div><\/div><\/article><article class=\"wpr-grid-item elementor-clearfix post-2092 attachment type-attachment status-inherit hentry\"><div class=\"wpr-grid-item-inner\"><div class=\"wpr-grid-media-wrap wpr-effect-size-small \"><div class=\"wpr-grid-image-wrap\" data-src=\"https:\/\/escalerasbalaguer.com\/wp-content\/uploads\/2023\/11\/Escalera-Emergencia-de-tramos-instalacion-4.8.jpg\"><img decoding=\"async\" src=\"https:\/\/escalerasbalaguer.com\/wp-content\/uploads\/elementor\/thumbs\/Escalera-Emergencia-de-tramos-instalacion-4.8-qieg86qp18707eob9w2rgogskqp0pzs39mi9lhpsww.jpg\" alt=\"Escalera Emergencia de tramos -instalacion 4.8\" class=\"wpr-anim-timing-ease-default\"><\/div><div class=\"wpr-grid-media-hover wpr-animation-wrap\"><div class=\"wpr-grid-media-hover-bg  wpr-overlay-fade-in wpr-anim-size-large wpr-anim-timing-ease-default wpr-anim-transparency\" data-url=\"https:\/\/escalerasbalaguer.com\/ca\/escalera-emergencia-de-tramos-instalacion-4-8-3\/\"><\/div><div class=\"wpr-cv-container\"><div class=\"wpr-cv-outer\"><div class=\"wpr-cv-inner\"><div class=\"wpr-grid-media-hover-middle elementor-clearfix\"><div class=\"wpr-grid-item-lightbox elementor-repeater-item-c56f1c6 wpr-grid-item-display-block wpr-grid-item-align-center wpr-element-fade-in wpr-anim-size-large wpr-anim-timing-ease-default wpr-anim-transparency\"><div class=\"inner-block\"><span data-src=\"https:\/\/escalerasbalaguer.com\/wp-content\/uploads\/2023\/11\/Escalera-Emergencia-de-tramos-instalacion-4.8.jpg\"><i class=\"fas fa-search\"><\/i><\/span><div class=\"wpr-grid-lightbox-overlay\"><\/div><\/div><\/div><h2 class=\"wpr-grid-item-title elementor-repeater-item-615135a wpr-grid-item-display-block wpr-grid-item-align-center wpr-element-fade-in wpr-anim-size-large wpr-anim-timing-ease-default wpr-anim-transparency wpr-pointer-none wpr-pointer-line-fx wpr-pointer-fx-fade\"><div class=\"inner-block\"><a  href=\"https:\/\/escalerasbalaguer.com\/ca\/escalera-emergencia-de-tramos-instalacion-4-8-3\/\">Escalera Emergencia de tramos -instalacion 4.8<\/a><\/div><\/h2><\/div><\/div><\/div><\/div><\/div><\/div><\/div><\/article><article class=\"wpr-grid-item elementor-clearfix post-2095 attachment type-attachment status-inherit hentry\"><div class=\"wpr-grid-item-inner\"><div class=\"wpr-grid-media-wrap wpr-effect-size-small \"><div class=\"wpr-grid-image-wrap\" data-src=\"https:\/\/escalerasbalaguer.com\/wp-content\/uploads\/2023\/11\/Escalera-Emergencia-de-tramos-con-barandilla-chapa-lisa.jpg\"><img decoding=\"async\" src=\"https:\/\/escalerasbalaguer.com\/wp-content\/uploads\/elementor\/thumbs\/Escalera-Emergencia-de-tramos-con-barandilla-chapa-lisa-qieg82zc9w1uwytrvug96pey777jv7d5x3wbodvdls.jpg\" alt=\"Escalera Emergencia de tramos -con barandilla chapa lisa\" class=\"wpr-anim-timing-ease-default\"><\/div><div class=\"wpr-grid-media-hover wpr-animation-wrap\"><div class=\"wpr-grid-media-hover-bg  wpr-overlay-fade-in wpr-anim-size-large wpr-anim-timing-ease-default wpr-anim-transparency\" data-url=\"https:\/\/escalerasbalaguer.com\/ca\/escalera-emergencia-de-tramos-con-barandilla-chapa-lisa-5\/\"><\/div><div class=\"wpr-cv-container\"><div class=\"wpr-cv-outer\"><div class=\"wpr-cv-inner\"><div class=\"wpr-grid-media-hover-middle elementor-clearfix\"><div class=\"wpr-grid-item-lightbox elementor-repeater-item-c56f1c6 wpr-grid-item-display-block wpr-grid-item-align-center wpr-element-fade-in wpr-anim-size-large wpr-anim-timing-ease-default wpr-anim-transparency\"><div class=\"inner-block\"><span data-src=\"https:\/\/escalerasbalaguer.com\/wp-content\/uploads\/2023\/11\/Escalera-Emergencia-de-tramos-con-barandilla-chapa-lisa.jpg\"><i class=\"fas fa-search\"><\/i><\/span><div class=\"wpr-grid-lightbox-overlay\"><\/div><\/div><\/div><h2 class=\"wpr-grid-item-title elementor-repeater-item-615135a wpr-grid-item-display-block wpr-grid-item-align-center wpr-element-fade-in wpr-anim-size-large wpr-anim-timing-ease-default wpr-anim-transparency wpr-pointer-none wpr-pointer-line-fx wpr-pointer-fx-fade\"><div class=\"inner-block\"><a  href=\"https:\/\/escalerasbalaguer.com\/ca\/escalera-emergencia-de-tramos-con-barandilla-chapa-lisa-5\/\">Escalera Emergencia de tramos -con barandilla chapa lisa<\/a><\/div><\/h2><\/div><\/div><\/div><\/div><\/div><\/div><\/div><\/article><article class=\"wpr-grid-item elementor-clearfix post-2098 attachment type-attachment status-inherit hentry\"><div class=\"wpr-grid-item-inner\"><div class=\"wpr-grid-media-wrap wpr-effect-size-small \"><div class=\"wpr-grid-image-wrap\" data-src=\"https:\/\/escalerasbalaguer.com\/wp-content\/uploads\/2023\/11\/Escalera-de-tramos-remonta-.jpg\"><img decoding=\"async\" src=\"https:\/\/escalerasbalaguer.com\/wp-content\/uploads\/elementor\/thumbs\/Escalera-de-tramos-remonta--qieg7ovrfdik2te966cunaz1af51nqt6v641h8ga74.jpg\" alt=\"Escalera de tramos remonta\" class=\"wpr-anim-timing-ease-default\"><\/div><div class=\"wpr-grid-media-hover wpr-animation-wrap\"><div class=\"wpr-grid-media-hover-bg  wpr-overlay-fade-in wpr-anim-size-large wpr-anim-timing-ease-default wpr-anim-transparency\" data-url=\"https:\/\/escalerasbalaguer.com\/ca\/escalera-de-tramos-remonta-3\/\"><\/div><div class=\"wpr-cv-container\"><div class=\"wpr-cv-outer\"><div class=\"wpr-cv-inner\"><div class=\"wpr-grid-media-hover-middle elementor-clearfix\"><div class=\"wpr-grid-item-lightbox elementor-repeater-item-c56f1c6 wpr-grid-item-display-block wpr-grid-item-align-center wpr-element-fade-in wpr-anim-size-large wpr-anim-timing-ease-default wpr-anim-transparency\"><div class=\"inner-block\"><span data-src=\"https:\/\/escalerasbalaguer.com\/wp-content\/uploads\/2023\/11\/Escalera-de-tramos-remonta-.jpg\"><i class=\"fas fa-search\"><\/i><\/span><div class=\"wpr-grid-lightbox-overlay\"><\/div><\/div><\/div><h2 class=\"wpr-grid-item-title elementor-repeater-item-615135a wpr-grid-item-display-block wpr-grid-item-align-center wpr-element-fade-in wpr-anim-size-large wpr-anim-timing-ease-default wpr-anim-transparency wpr-pointer-none wpr-pointer-line-fx wpr-pointer-fx-fade\"><div class=\"inner-block\"><a  href=\"https:\/\/escalerasbalaguer.com\/ca\/escalera-de-tramos-remonta-3\/\">Escalera de tramos remonta<\/a><\/div><\/h2><\/div><\/div><\/div><\/div><\/div><\/div><\/div><\/article><article class=\"wpr-grid-item elementor-clearfix post-2101 attachment type-attachment status-inherit hentry\"><div class=\"wpr-grid-item-inner\"><div class=\"wpr-grid-media-wrap wpr-effect-size-small \"><div class=\"wpr-grid-image-wrap\" data-src=\"https:\/\/escalerasbalaguer.com\/wp-content\/uploads\/2023\/11\/Escalera-Emergencia-en-Hotel.jpg\"><img decoding=\"async\" src=\"https:\/\/escalerasbalaguer.com\/wp-content\/uploads\/elementor\/thumbs\/Escalera-Emergencia-en-Hotel-qieg89k7lqav68k7tfan65r6cwb4d33aa0gq1blme8.jpg\" alt=\"Escalera Emergencia en Hotel\" class=\"wpr-anim-timing-ease-default\"><\/div><div class=\"wpr-grid-media-hover wpr-animation-wrap\"><div class=\"wpr-grid-media-hover-bg  wpr-overlay-fade-in wpr-anim-size-large wpr-anim-timing-ease-default wpr-anim-transparency\" data-url=\"https:\/\/escalerasbalaguer.com\/ca\/escalera-emergencia-en-hotel-3\/\"><\/div><div class=\"wpr-cv-container\"><div class=\"wpr-cv-outer\"><div class=\"wpr-cv-inner\"><div class=\"wpr-grid-media-hover-middle elementor-clearfix\"><div class=\"wpr-grid-item-lightbox elementor-repeater-item-c56f1c6 wpr-grid-item-display-block wpr-grid-item-align-center wpr-element-fade-in wpr-anim-size-large wpr-anim-timing-ease-default wpr-anim-transparency\"><div class=\"inner-block\"><span data-src=\"https:\/\/escalerasbalaguer.com\/wp-content\/uploads\/2023\/11\/Escalera-Emergencia-en-Hotel.jpg\"><i class=\"fas fa-search\"><\/i><\/span><div class=\"wpr-grid-lightbox-overlay\"><\/div><\/div><\/div><h2 class=\"wpr-grid-item-title elementor-repeater-item-615135a wpr-grid-item-display-block wpr-grid-item-align-center wpr-element-fade-in wpr-anim-size-large wpr-anim-timing-ease-default wpr-anim-transparency wpr-pointer-none wpr-pointer-line-fx wpr-pointer-fx-fade\"><div class=\"inner-block\"><a  href=\"https:\/\/escalerasbalaguer.com\/ca\/escalera-emergencia-en-hotel-3\/\">Escalera Emergencia en Hotel<\/a><\/div><\/h2><\/div><\/div><\/div><\/div><\/div><\/div><\/div><\/article><article class=\"wpr-grid-item elementor-clearfix post-2104 attachment type-attachment status-inherit hentry\"><div class=\"wpr-grid-item-inner\"><div class=\"wpr-grid-media-wrap wpr-effect-size-small \"><div class=\"wpr-grid-image-wrap\" data-src=\"https:\/\/escalerasbalaguer.com\/wp-content\/uploads\/2023\/11\/Escalera-tramos-rectos-autoportante-instalada-en-parque-acuatico.jpg\"><img decoding=\"async\" src=\"https:\/\/escalerasbalaguer.com\/wp-content\/uploads\/elementor\/thumbs\/Escalera-tramos-rectos-autoportante-instalada-en-parque-acuatico-qieg8i0rb8mg2q7xg0yaalmbpd5fad0vb6c3ct92u8.jpg\" alt=\"Escalera tramos rectos autoportante instalada en parque acuatico\" class=\"wpr-anim-timing-ease-default\"><\/div><div class=\"wpr-grid-media-hover wpr-animation-wrap\"><div class=\"wpr-grid-media-hover-bg  wpr-overlay-fade-in wpr-anim-size-large wpr-anim-timing-ease-default wpr-anim-transparency\" data-url=\"https:\/\/escalerasbalaguer.com\/ca\/escalera-tramos-rectos-autoportante-instalada-en-parque-acuatico-3\/\"><\/div><div class=\"wpr-cv-container\"><div class=\"wpr-cv-outer\"><div class=\"wpr-cv-inner\"><div class=\"wpr-grid-media-hover-middle elementor-clearfix\"><div class=\"wpr-grid-item-lightbox elementor-repeater-item-c56f1c6 wpr-grid-item-display-block wpr-grid-item-align-center wpr-element-fade-in wpr-anim-size-large wpr-anim-timing-ease-default wpr-anim-transparency\"><div class=\"inner-block\"><span data-src=\"https:\/\/escalerasbalaguer.com\/wp-content\/uploads\/2023\/11\/Escalera-tramos-rectos-autoportante-instalada-en-parque-acuatico.jpg\"><i class=\"fas fa-search\"><\/i><\/span><div class=\"wpr-grid-lightbox-overlay\"><\/div><\/div><\/div><h2 class=\"wpr-grid-item-title elementor-repeater-item-615135a wpr-grid-item-display-block wpr-grid-item-align-center wpr-element-fade-in wpr-anim-size-large wpr-anim-timing-ease-default wpr-anim-transparency wpr-pointer-none wpr-pointer-line-fx wpr-pointer-fx-fade\"><div class=\"inner-block\"><a  href=\"https:\/\/escalerasbalaguer.com\/ca\/escalera-tramos-rectos-autoportante-instalada-en-parque-acuatico-3\/\">Escalera tramos rectos autoportante instalada en parque acuatico<\/a><\/div><\/h2><\/div><\/div><\/div><\/div><\/div><\/div><\/div><\/article><article class=\"wpr-grid-item elementor-clearfix post-2107 attachment type-attachment status-inherit hentry\"><div class=\"wpr-grid-item-inner\"><div class=\"wpr-grid-media-wrap wpr-effect-size-small \"><div class=\"wpr-grid-image-wrap\" data-src=\"https:\/\/escalerasbalaguer.com\/wp-content\/uploads\/2023\/11\/Escalera-Emergencia-de-tramos-con-celosia-cerramiento-de-tubo-.jpg\"><img decoding=\"async\" src=\"https:\/\/escalerasbalaguer.com\/wp-content\/uploads\/elementor\/thumbs\/Escalera-Emergencia-de-tramos-con-celosia-cerramiento-de-tubo--qieg82zc9w1uwytrvug96pey777jv7d5x3wbodvdls.jpg\" alt=\"Escalera Emergencia de tramos -con celosia -cerramiento de tubo &#8211;\" class=\"wpr-anim-timing-ease-default\"><\/div><div class=\"wpr-grid-media-hover wpr-animation-wrap\"><div class=\"wpr-grid-media-hover-bg  wpr-overlay-fade-in wpr-anim-size-large wpr-anim-timing-ease-default wpr-anim-transparency\" data-url=\"https:\/\/escalerasbalaguer.com\/ca\/escalera-emergencia-de-tramos-con-celosia-cerramiento-de-tubo-5\/\"><\/div><div class=\"wpr-cv-container\"><div class=\"wpr-cv-outer\"><div class=\"wpr-cv-inner\"><div class=\"wpr-grid-media-hover-middle elementor-clearfix\"><div class=\"wpr-grid-item-lightbox elementor-repeater-item-c56f1c6 wpr-grid-item-display-block wpr-grid-item-align-center wpr-element-fade-in wpr-anim-size-large wpr-anim-timing-ease-default wpr-anim-transparency\"><div class=\"inner-block\"><span data-src=\"https:\/\/escalerasbalaguer.com\/wp-content\/uploads\/2023\/11\/Escalera-Emergencia-de-tramos-con-celosia-cerramiento-de-tubo-.jpg\"><i class=\"fas fa-search\"><\/i><\/span><div class=\"wpr-grid-lightbox-overlay\"><\/div><\/div><\/div><h2 class=\"wpr-grid-item-title elementor-repeater-item-615135a wpr-grid-item-display-block wpr-grid-item-align-center wpr-element-fade-in wpr-anim-size-large wpr-anim-timing-ease-default wpr-anim-transparency wpr-pointer-none wpr-pointer-line-fx wpr-pointer-fx-fade\"><div class=\"inner-block\"><a  href=\"https:\/\/escalerasbalaguer.com\/ca\/escalera-emergencia-de-tramos-con-celosia-cerramiento-de-tubo-5\/\">Escalera Emergencia de tramos -con celosia -cerramiento de tubo &#8211;<\/a><\/div><\/h2><\/div><\/div><\/div><\/div><\/div><\/div><\/div><\/article><article class=\"wpr-grid-item elementor-clearfix post-2110 attachment type-attachment status-inherit hentry\"><div class=\"wpr-grid-item-inner\"><div class=\"wpr-grid-media-wrap wpr-effect-size-small \"><div class=\"wpr-grid-image-wrap\" data-src=\"https:\/\/escalerasbalaguer.com\/wp-content\/uploads\/2023\/11\/Escalera-Emergencia-de-tramos-instalacion-52.jpg\"><img decoding=\"async\" src=\"https:\/\/escalerasbalaguer.com\/wp-content\/uploads\/elementor\/thumbs\/Escalera-Emergencia-de-tramos-instalacion-52-qieg86qp18707eob9w2rgogskqp0pzs39mi9lhpsww.jpg\" alt=\"Escalera Emergencia de tramos -instalacion 52\" class=\"wpr-anim-timing-ease-default\"><\/div><div class=\"wpr-grid-media-hover wpr-animation-wrap\"><div class=\"wpr-grid-media-hover-bg  wpr-overlay-fade-in wpr-anim-size-large wpr-anim-timing-ease-default wpr-anim-transparency\" data-url=\"https:\/\/escalerasbalaguer.com\/ca\/escalera-emergencia-de-tramos-instalacion-52-3\/\"><\/div><div class=\"wpr-cv-container\"><div class=\"wpr-cv-outer\"><div class=\"wpr-cv-inner\"><div class=\"wpr-grid-media-hover-middle elementor-clearfix\"><div class=\"wpr-grid-item-lightbox elementor-repeater-item-c56f1c6 wpr-grid-item-display-block wpr-grid-item-align-center wpr-element-fade-in wpr-anim-size-large wpr-anim-timing-ease-default wpr-anim-transparency\"><div class=\"inner-block\"><span data-src=\"https:\/\/escalerasbalaguer.com\/wp-content\/uploads\/2023\/11\/Escalera-Emergencia-de-tramos-instalacion-52.jpg\"><i class=\"fas fa-search\"><\/i><\/span><div class=\"wpr-grid-lightbox-overlay\"><\/div><\/div><\/div><h2 class=\"wpr-grid-item-title elementor-repeater-item-615135a wpr-grid-item-display-block wpr-grid-item-align-center wpr-element-fade-in wpr-anim-size-large wpr-anim-timing-ease-default wpr-anim-transparency wpr-pointer-none wpr-pointer-line-fx wpr-pointer-fx-fade\"><div class=\"inner-block\"><a  href=\"https:\/\/escalerasbalaguer.com\/ca\/escalera-emergencia-de-tramos-instalacion-52-3\/\">Escalera Emergencia de tramos -instalacion 52<\/a><\/div><\/h2><\/div><\/div><\/div><\/div><\/div><\/div><\/div><\/article><article class=\"wpr-grid-item elementor-clearfix post-2113 attachment type-attachment status-inherit hentry\"><div class=\"wpr-grid-item-inner\"><div class=\"wpr-grid-media-wrap wpr-effect-size-small \"><div class=\"wpr-grid-image-wrap\" data-src=\"https:\/\/escalerasbalaguer.com\/wp-content\/uploads\/2023\/11\/Escalera-Emergencia-de-tramos-instalacion-59-.jpg\"><img decoding=\"async\" src=\"https:\/\/escalerasbalaguer.com\/wp-content\/uploads\/elementor\/thumbs\/Escalera-Emergencia-de-tramos-instalacion-59--qieg87oj828aj0my4ehe168964kdxovtlr5r2roeqo.jpg\" alt=\"Escalera Emergencia de tramos -instalacion 59\" class=\"wpr-anim-timing-ease-default\"><\/div><div class=\"wpr-grid-media-hover wpr-animation-wrap\"><div class=\"wpr-grid-media-hover-bg  wpr-overlay-fade-in wpr-anim-size-large wpr-anim-timing-ease-default wpr-anim-transparency\" data-url=\"https:\/\/escalerasbalaguer.com\/ca\/escalera-emergencia-de-tramos-instalacion-59-3\/\"><\/div><div class=\"wpr-cv-container\"><div class=\"wpr-cv-outer\"><div class=\"wpr-cv-inner\"><div class=\"wpr-grid-media-hover-middle elementor-clearfix\"><div class=\"wpr-grid-item-lightbox elementor-repeater-item-c56f1c6 wpr-grid-item-display-block wpr-grid-item-align-center wpr-element-fade-in wpr-anim-size-large wpr-anim-timing-ease-default wpr-anim-transparency\"><div class=\"inner-block\"><span data-src=\"https:\/\/escalerasbalaguer.com\/wp-content\/uploads\/2023\/11\/Escalera-Emergencia-de-tramos-instalacion-59-.jpg\"><i class=\"fas fa-search\"><\/i><\/span><div class=\"wpr-grid-lightbox-overlay\"><\/div><\/div><\/div><h2 class=\"wpr-grid-item-title elementor-repeater-item-615135a wpr-grid-item-display-block wpr-grid-item-align-center wpr-element-fade-in wpr-anim-size-large wpr-anim-timing-ease-default wpr-anim-transparency wpr-pointer-none wpr-pointer-line-fx wpr-pointer-fx-fade\"><div class=\"inner-block\"><a  href=\"https:\/\/escalerasbalaguer.com\/ca\/escalera-emergencia-de-tramos-instalacion-59-3\/\">Escalera Emergencia de tramos -instalacion 59<\/a><\/div><\/h2><\/div><\/div><\/div><\/div><\/div><\/div><\/div><\/article><article class=\"wpr-grid-item elementor-clearfix post-2116 attachment type-attachment status-inherit hentry\"><div class=\"wpr-grid-item-inner\"><div class=\"wpr-grid-media-wrap wpr-effect-size-small \"><div class=\"wpr-grid-image-wrap\" data-src=\"https:\/\/escalerasbalaguer.com\/wp-content\/uploads\/2023\/11\/Escalera-Emergencia-de-tramos-instalacion-57.jpg\"><img decoding=\"async\" src=\"https:\/\/escalerasbalaguer.com\/wp-content\/uploads\/elementor\/thumbs\/Escalera-Emergencia-de-tramos-instalacion-57-qieg87oj828aj0my4ehe168964kdxovtlr5r2roeqo.jpg\" alt=\"Escalera Emergencia de tramos -instalacion 57\" class=\"wpr-anim-timing-ease-default\"><\/div><div class=\"wpr-grid-media-hover wpr-animation-wrap\"><div class=\"wpr-grid-media-hover-bg  wpr-overlay-fade-in wpr-anim-size-large wpr-anim-timing-ease-default wpr-anim-transparency\" data-url=\"https:\/\/escalerasbalaguer.com\/ca\/escalera-emergencia-de-tramos-instalacion-57-3\/\"><\/div><div class=\"wpr-cv-container\"><div class=\"wpr-cv-outer\"><div class=\"wpr-cv-inner\"><div class=\"wpr-grid-media-hover-middle elementor-clearfix\"><div class=\"wpr-grid-item-lightbox elementor-repeater-item-c56f1c6 wpr-grid-item-display-block wpr-grid-item-align-center wpr-element-fade-in wpr-anim-size-large wpr-anim-timing-ease-default wpr-anim-transparency\"><div class=\"inner-block\"><span data-src=\"https:\/\/escalerasbalaguer.com\/wp-content\/uploads\/2023\/11\/Escalera-Emergencia-de-tramos-instalacion-57.jpg\"><i class=\"fas fa-search\"><\/i><\/span><div class=\"wpr-grid-lightbox-overlay\"><\/div><\/div><\/div><h2 class=\"wpr-grid-item-title elementor-repeater-item-615135a wpr-grid-item-display-block wpr-grid-item-align-center wpr-element-fade-in wpr-anim-size-large wpr-anim-timing-ease-default wpr-anim-transparency wpr-pointer-none wpr-pointer-line-fx wpr-pointer-fx-fade\"><div class=\"inner-block\"><a  href=\"https:\/\/escalerasbalaguer.com\/ca\/escalera-emergencia-de-tramos-instalacion-57-3\/\">Escalera Emergencia de tramos -instalacion 57<\/a><\/div><\/h2><\/div><\/div><\/div><\/div><\/div><\/div><\/div><\/article><article class=\"wpr-grid-item elementor-clearfix post-2119 attachment type-attachment status-inherit hentry\"><div class=\"wpr-grid-item-inner\"><div class=\"wpr-grid-media-wrap wpr-effect-size-small \"><div class=\"wpr-grid-image-wrap\" data-src=\"https:\/\/escalerasbalaguer.com\/wp-content\/uploads\/2023\/11\/Escalera-Emergencia-de-tramos-instalacion.jpg\"><img decoding=\"async\" src=\"https:\/\/escalerasbalaguer.com\/wp-content\/uploads\/elementor\/thumbs\/Escalera-Emergencia-de-tramos-instalacion-qieg87oj828aj0my4ehe168964kdxovtlr5r2roeqo.jpg\" alt=\"Escalera Emergencia de tramos -instalacion\" class=\"wpr-anim-timing-ease-default\"><\/div><div class=\"wpr-grid-media-hover wpr-animation-wrap\"><div class=\"wpr-grid-media-hover-bg  wpr-overlay-fade-in wpr-anim-size-large wpr-anim-timing-ease-default wpr-anim-transparency\" data-url=\"https:\/\/escalerasbalaguer.com\/ca\/escalera-emergencia-de-tramos-instalacion-3\/\"><\/div><div class=\"wpr-cv-container\"><div class=\"wpr-cv-outer\"><div class=\"wpr-cv-inner\"><div class=\"wpr-grid-media-hover-middle elementor-clearfix\"><div class=\"wpr-grid-item-lightbox elementor-repeater-item-c56f1c6 wpr-grid-item-display-block wpr-grid-item-align-center wpr-element-fade-in wpr-anim-size-large wpr-anim-timing-ease-default wpr-anim-transparency\"><div class=\"inner-block\"><span data-src=\"https:\/\/escalerasbalaguer.com\/wp-content\/uploads\/2023\/11\/Escalera-Emergencia-de-tramos-instalacion.jpg\"><i class=\"fas fa-search\"><\/i><\/span><div class=\"wpr-grid-lightbox-overlay\"><\/div><\/div><\/div><h2 class=\"wpr-grid-item-title elementor-repeater-item-615135a wpr-grid-item-display-block wpr-grid-item-align-center wpr-element-fade-in wpr-anim-size-large wpr-anim-timing-ease-default wpr-anim-transparency wpr-pointer-none wpr-pointer-line-fx wpr-pointer-fx-fade\"><div class=\"inner-block\"><a  href=\"https:\/\/escalerasbalaguer.com\/ca\/escalera-emergencia-de-tramos-instalacion-3\/\">Escalera Emergencia de tramos -instalacion<\/a><\/div><\/h2><\/div><\/div><\/div><\/div><\/div><\/div><\/div><\/article><article class=\"wpr-grid-item elementor-clearfix post-2122 attachment type-attachment status-inherit hentry\"><div class=\"wpr-grid-item-inner\"><div class=\"wpr-grid-media-wrap wpr-effect-size-small \"><div class=\"wpr-grid-image-wrap\" data-src=\"https:\/\/escalerasbalaguer.com\/wp-content\/uploads\/2023\/11\/Escalera-de-tramos-galvanizada.jpg\"><img decoding=\"async\" src=\"https:\/\/escalerasbalaguer.com\/wp-content\/uploads\/elementor\/thumbs\/Escalera-de-tramos-galvanizada-qieg7l4eo1desdjps4qcdbx6wvnksye9ini3k4luw0.jpg\" alt=\"Escalera de tramos galvanizada\" class=\"wpr-anim-timing-ease-default\"><\/div><div class=\"wpr-grid-media-hover wpr-animation-wrap\"><div class=\"wpr-grid-media-hover-bg  wpr-overlay-fade-in wpr-anim-size-large wpr-anim-timing-ease-default wpr-anim-transparency\" data-url=\"https:\/\/escalerasbalaguer.com\/ca\/escalera-de-tramos-galvanizada-3\/\"><\/div><div class=\"wpr-cv-container\"><div class=\"wpr-cv-outer\"><div class=\"wpr-cv-inner\"><div class=\"wpr-grid-media-hover-middle elementor-clearfix\"><div class=\"wpr-grid-item-lightbox elementor-repeater-item-c56f1c6 wpr-grid-item-display-block wpr-grid-item-align-center wpr-element-fade-in wpr-anim-size-large wpr-anim-timing-ease-default wpr-anim-transparency\"><div class=\"inner-block\"><span data-src=\"https:\/\/escalerasbalaguer.com\/wp-content\/uploads\/2023\/11\/Escalera-de-tramos-galvanizada.jpg\"><i class=\"fas fa-search\"><\/i><\/span><div class=\"wpr-grid-lightbox-overlay\"><\/div><\/div><\/div><h2 class=\"wpr-grid-item-title elementor-repeater-item-615135a wpr-grid-item-display-block wpr-grid-item-align-center wpr-element-fade-in wpr-anim-size-large wpr-anim-timing-ease-default wpr-anim-transparency wpr-pointer-none wpr-pointer-line-fx wpr-pointer-fx-fade\"><div class=\"inner-block\"><a  href=\"https:\/\/escalerasbalaguer.com\/ca\/escalera-de-tramos-galvanizada-3\/\">Escalera de tramos galvanizada<\/a><\/div><\/h2><\/div><\/div><\/div><\/div><\/div><\/div><\/div><\/article><article class=\"wpr-grid-item elementor-clearfix post-2125 attachment type-attachment status-inherit hentry\"><div class=\"wpr-grid-item-inner\"><div class=\"wpr-grid-media-wrap wpr-effect-size-small \"><div class=\"wpr-grid-image-wrap\" data-src=\"https:\/\/escalerasbalaguer.com\/wp-content\/uploads\/2023\/11\/Escalera-Emergencia-de-tramos.jpg\"><img decoding=\"async\" src=\"https:\/\/escalerasbalaguer.com\/wp-content\/uploads\/elementor\/thumbs\/Escalera-Emergencia-de-tramos-qieg88mdew9kumlkyww0lnzprifr5dzjxvt8k1n0kg.jpg\" alt=\"Escalera Emergencia de tramos\" class=\"wpr-anim-timing-ease-default\"><\/div><div class=\"wpr-grid-media-hover wpr-animation-wrap\"><div class=\"wpr-grid-media-hover-bg  wpr-overlay-fade-in wpr-anim-size-large wpr-anim-timing-ease-default wpr-anim-transparency\" data-url=\"https:\/\/escalerasbalaguer.com\/ca\/escalera-emergencia-de-tramos-3\/\"><\/div><div class=\"wpr-cv-container\"><div class=\"wpr-cv-outer\"><div class=\"wpr-cv-inner\"><div class=\"wpr-grid-media-hover-middle elementor-clearfix\"><div class=\"wpr-grid-item-lightbox elementor-repeater-item-c56f1c6 wpr-grid-item-display-block wpr-grid-item-align-center wpr-element-fade-in wpr-anim-size-large wpr-anim-timing-ease-default wpr-anim-transparency\"><div class=\"inner-block\"><span data-src=\"https:\/\/escalerasbalaguer.com\/wp-content\/uploads\/2023\/11\/Escalera-Emergencia-de-tramos.jpg\"><i class=\"fas fa-search\"><\/i><\/span><div class=\"wpr-grid-lightbox-overlay\"><\/div><\/div><\/div><h2 class=\"wpr-grid-item-title elementor-repeater-item-615135a wpr-grid-item-display-block wpr-grid-item-align-center wpr-element-fade-in wpr-anim-size-large wpr-anim-timing-ease-default wpr-anim-transparency wpr-pointer-none wpr-pointer-line-fx wpr-pointer-fx-fade\"><div class=\"inner-block\"><a  href=\"https:\/\/escalerasbalaguer.com\/ca\/escalera-emergencia-de-tramos-3\/\">Escalera Emergencia de tramos<\/a><\/div><\/h2><\/div><\/div><\/div><\/div><\/div><\/div><\/div><\/article><article class=\"wpr-grid-item elementor-clearfix post-2128 attachment type-attachment status-inherit hentry\"><div class=\"wpr-grid-item-inner\"><div class=\"wpr-grid-media-wrap wpr-effect-size-small \"><div class=\"wpr-grid-image-wrap\" data-src=\"https:\/\/escalerasbalaguer.com\/wp-content\/uploads\/2023\/11\/Escalera-Emergencia-de-tramos-instalacion-60.jpg\"><img decoding=\"async\" src=\"https:\/\/escalerasbalaguer.com\/wp-content\/uploads\/elementor\/thumbs\/Escalera-Emergencia-de-tramos-instalacion-60-qieg87oj828aj0my4ehe168964kdxovtlr5r2roeqo.jpg\" alt=\"Escalera Emergencia de tramos -instalacion 60\" class=\"wpr-anim-timing-ease-default\"><\/div><div class=\"wpr-grid-media-hover wpr-animation-wrap\"><div class=\"wpr-grid-media-hover-bg  wpr-overlay-fade-in wpr-anim-size-large wpr-anim-timing-ease-default wpr-anim-transparency\" data-url=\"https:\/\/escalerasbalaguer.com\/ca\/escalera-emergencia-de-tramos-instalacion-60-3\/\"><\/div><div class=\"wpr-cv-container\"><div class=\"wpr-cv-outer\"><div class=\"wpr-cv-inner\"><div class=\"wpr-grid-media-hover-middle elementor-clearfix\"><div class=\"wpr-grid-item-lightbox elementor-repeater-item-c56f1c6 wpr-grid-item-display-block wpr-grid-item-align-center wpr-element-fade-in wpr-anim-size-large wpr-anim-timing-ease-default wpr-anim-transparency\"><div class=\"inner-block\"><span data-src=\"https:\/\/escalerasbalaguer.com\/wp-content\/uploads\/2023\/11\/Escalera-Emergencia-de-tramos-instalacion-60.jpg\"><i class=\"fas fa-search\"><\/i><\/span><div class=\"wpr-grid-lightbox-overlay\"><\/div><\/div><\/div><h2 class=\"wpr-grid-item-title elementor-repeater-item-615135a wpr-grid-item-display-block wpr-grid-item-align-center wpr-element-fade-in wpr-anim-size-large wpr-anim-timing-ease-default wpr-anim-transparency wpr-pointer-none wpr-pointer-line-fx wpr-pointer-fx-fade\"><div class=\"inner-block\"><a  href=\"https:\/\/escalerasbalaguer.com\/ca\/escalera-emergencia-de-tramos-instalacion-60-3\/\">Escalera Emergencia de tramos -instalacion 60<\/a><\/div><\/h2><\/div><\/div><\/div><\/div><\/div><\/div><\/div><\/article><article class=\"wpr-grid-item elementor-clearfix post-2131 attachment type-attachment status-inherit hentry\"><div class=\"wpr-grid-item-inner\"><div class=\"wpr-grid-media-wrap wpr-effect-size-small \"><div class=\"wpr-grid-image-wrap\" data-src=\"https:\/\/escalerasbalaguer.com\/wp-content\/uploads\/2023\/11\/Escalera-Emergencia-de-tramos-instalada-en-biblioteca-scaled.jpg\"><img decoding=\"async\" src=\"https:\/\/escalerasbalaguer.com\/wp-content\/uploads\/elementor\/thumbs\/Escalera-Emergencia-de-tramos-instalada-en-biblioteca-scaled-qieg87oj828aj0my4ehe168964kdxovtlr5r2roeqo.jpg\" alt=\"Escalera Emergencia de tramos instalada en biblioteca\" class=\"wpr-anim-timing-ease-default\"><\/div><div class=\"wpr-grid-media-hover wpr-animation-wrap\"><div class=\"wpr-grid-media-hover-bg  wpr-overlay-fade-in wpr-anim-size-large wpr-anim-timing-ease-default wpr-anim-transparency\" data-url=\"https:\/\/escalerasbalaguer.com\/ca\/escalera-emergencia-de-tramos-instalada-en-biblioteca-3\/\"><\/div><div class=\"wpr-cv-container\"><div class=\"wpr-cv-outer\"><div class=\"wpr-cv-inner\"><div class=\"wpr-grid-media-hover-middle elementor-clearfix\"><div class=\"wpr-grid-item-lightbox elementor-repeater-item-c56f1c6 wpr-grid-item-display-block wpr-grid-item-align-center wpr-element-fade-in wpr-anim-size-large wpr-anim-timing-ease-default wpr-anim-transparency\"><div class=\"inner-block\"><span data-src=\"https:\/\/escalerasbalaguer.com\/wp-content\/uploads\/2023\/11\/Escalera-Emergencia-de-tramos-instalada-en-biblioteca-scaled.jpg\"><i class=\"fas fa-search\"><\/i><\/span><div class=\"wpr-grid-lightbox-overlay\"><\/div><\/div><\/div><h2 class=\"wpr-grid-item-title elementor-repeater-item-615135a wpr-grid-item-display-block wpr-grid-item-align-center wpr-element-fade-in wpr-anim-size-large wpr-anim-timing-ease-default wpr-anim-transparency wpr-pointer-none wpr-pointer-line-fx wpr-pointer-fx-fade\"><div class=\"inner-block\"><a  href=\"https:\/\/escalerasbalaguer.com\/ca\/escalera-emergencia-de-tramos-instalada-en-biblioteca-3\/\">Escalera Emergencia de tramos instalada en biblioteca<\/a><\/div><\/h2><\/div><\/div><\/div><\/div><\/div><\/div><\/div><\/article><article class=\"wpr-grid-item elementor-clearfix post-2134 attachment type-attachment status-inherit hentry\"><div class=\"wpr-grid-item-inner\"><div class=\"wpr-grid-media-wrap wpr-effect-size-small \"><div class=\"wpr-grid-image-wrap\" data-src=\"https:\/\/escalerasbalaguer.com\/wp-content\/uploads\/2023\/11\/Escalera-Emergencia-en-Clinica-.jpg\"><img decoding=\"async\" src=\"https:\/\/escalerasbalaguer.com\/wp-content\/uploads\/elementor\/thumbs\/Escalera-Emergencia-en-Clinica--qieg88mdew9kumlkyww0lnzprifr5dzjxvt8k1n0kg.jpg\" alt=\"Escalera Emergencia en Clinica\" class=\"wpr-anim-timing-ease-default\"><\/div><div class=\"wpr-grid-media-hover wpr-animation-wrap\"><div class=\"wpr-grid-media-hover-bg  wpr-overlay-fade-in wpr-anim-size-large wpr-anim-timing-ease-default wpr-anim-transparency\" data-url=\"https:\/\/escalerasbalaguer.com\/ca\/escalera-emergencia-en-clinica-3\/\"><\/div><div class=\"wpr-cv-container\"><div class=\"wpr-cv-outer\"><div class=\"wpr-cv-inner\"><div class=\"wpr-grid-media-hover-middle elementor-clearfix\"><div class=\"wpr-grid-item-lightbox elementor-repeater-item-c56f1c6 wpr-grid-item-display-block wpr-grid-item-align-center wpr-element-fade-in wpr-anim-size-large wpr-anim-timing-ease-default wpr-anim-transparency\"><div class=\"inner-block\"><span data-src=\"https:\/\/escalerasbalaguer.com\/wp-content\/uploads\/2023\/11\/Escalera-Emergencia-en-Clinica-.jpg\"><i class=\"fas fa-search\"><\/i><\/span><div class=\"wpr-grid-lightbox-overlay\"><\/div><\/div><\/div><h2 class=\"wpr-grid-item-title elementor-repeater-item-615135a wpr-grid-item-display-block wpr-grid-item-align-center wpr-element-fade-in wpr-anim-size-large wpr-anim-timing-ease-default wpr-anim-transparency wpr-pointer-none wpr-pointer-line-fx wpr-pointer-fx-fade\"><div class=\"inner-block\"><a  href=\"https:\/\/escalerasbalaguer.com\/ca\/escalera-emergencia-en-clinica-3\/\">Escalera Emergencia en Clinica<\/a><\/div><\/h2><\/div><\/div><\/div><\/div><\/div><\/div><\/div><\/article><article class=\"wpr-grid-item elementor-clearfix post-2137 attachment type-attachment status-inherit hentry\"><div class=\"wpr-grid-item-inner\"><div class=\"wpr-grid-media-wrap wpr-effect-size-small \"><div class=\"wpr-grid-image-wrap\" data-src=\"https:\/\/escalerasbalaguer.com\/wp-content\/uploads\/2023\/11\/Escalera-Emergencia-de-tramos-con-celosia-en-centro-educativo.jpg\"><img decoding=\"async\" src=\"https:\/\/escalerasbalaguer.com\/wp-content\/uploads\/elementor\/thumbs\/Escalera-Emergencia-de-tramos-con-celosia-en-centro-educativo-qieg84v0nk4fk6r1kv9iboxvdyyaalkmld7amxsl9c.jpg\" alt=\"Escalera Emergencia de tramos con celosia en centro educativo\" class=\"wpr-anim-timing-ease-default\"><\/div><div class=\"wpr-grid-media-hover wpr-animation-wrap\"><div class=\"wpr-grid-media-hover-bg  wpr-overlay-fade-in wpr-anim-size-large wpr-anim-timing-ease-default wpr-anim-transparency\" data-url=\"https:\/\/escalerasbalaguer.com\/ca\/escalera-emergencia-de-tramos-con-celosia-en-centro-educativo-3\/\"><\/div><div class=\"wpr-cv-container\"><div class=\"wpr-cv-outer\"><div class=\"wpr-cv-inner\"><div class=\"wpr-grid-media-hover-middle elementor-clearfix\"><div class=\"wpr-grid-item-lightbox elementor-repeater-item-c56f1c6 wpr-grid-item-display-block wpr-grid-item-align-center wpr-element-fade-in wpr-anim-size-large wpr-anim-timing-ease-default wpr-anim-transparency\"><div class=\"inner-block\"><span data-src=\"https:\/\/escalerasbalaguer.com\/wp-content\/uploads\/2023\/11\/Escalera-Emergencia-de-tramos-con-celosia-en-centro-educativo.jpg\"><i class=\"fas fa-search\"><\/i><\/span><div class=\"wpr-grid-lightbox-overlay\"><\/div><\/div><\/div><h2 class=\"wpr-grid-item-title elementor-repeater-item-615135a wpr-grid-item-display-block wpr-grid-item-align-center wpr-element-fade-in wpr-anim-size-large wpr-anim-timing-ease-default wpr-anim-transparency wpr-pointer-none wpr-pointer-line-fx wpr-pointer-fx-fade\"><div class=\"inner-block\"><a  href=\"https:\/\/escalerasbalaguer.com\/ca\/escalera-emergencia-de-tramos-con-celosia-en-centro-educativo-3\/\">Escalera Emergencia de tramos con celosia en centro educativo<\/a><\/div><\/h2><\/div><\/div><\/div><\/div><\/div><\/div><\/div><\/article><article class=\"wpr-grid-item elementor-clearfix post-2140 attachment type-attachment status-inherit hentry\"><div class=\"wpr-grid-item-inner\"><div class=\"wpr-grid-media-wrap wpr-effect-size-small \"><div class=\"wpr-grid-image-wrap\" data-src=\"https:\/\/escalerasbalaguer.com\/wp-content\/uploads\/2023\/11\/Escalera-Evacuacion-de-tramos-con-barandilla-chapa-instalada-en-albergue.jpg\"><img decoding=\"async\" src=\"https:\/\/escalerasbalaguer.com\/wp-content\/uploads\/elementor\/thumbs\/Escalera-Evacuacion-de-tramos-con-barandilla-chapa-instalada-en-albergue-qieg8dbkd2g0goer7gx5g4t0qfsl7vi7mj2nyfg1pc.jpg\" alt=\"Escalera Evacuacion de tramos -con barandilla chapa &#8211; instalada en albergue\" class=\"wpr-anim-timing-ease-default\"><\/div><div class=\"wpr-grid-media-hover wpr-animation-wrap\"><div class=\"wpr-grid-media-hover-bg  wpr-overlay-fade-in wpr-anim-size-large wpr-anim-timing-ease-default wpr-anim-transparency\" data-url=\"https:\/\/escalerasbalaguer.com\/ca\/escalera-evacuacion-de-tramos-con-barandilla-chapa-instalada-en-albergue-3\/\"><\/div><div class=\"wpr-cv-container\"><div class=\"wpr-cv-outer\"><div class=\"wpr-cv-inner\"><div class=\"wpr-grid-media-hover-middle elementor-clearfix\"><div class=\"wpr-grid-item-lightbox elementor-repeater-item-c56f1c6 wpr-grid-item-display-block wpr-grid-item-align-center wpr-element-fade-in wpr-anim-size-large wpr-anim-timing-ease-default wpr-anim-transparency\"><div class=\"inner-block\"><span data-src=\"https:\/\/escalerasbalaguer.com\/wp-content\/uploads\/2023\/11\/Escalera-Evacuacion-de-tramos-con-barandilla-chapa-instalada-en-albergue.jpg\"><i class=\"fas fa-search\"><\/i><\/span><div class=\"wpr-grid-lightbox-overlay\"><\/div><\/div><\/div><h2 class=\"wpr-grid-item-title elementor-repeater-item-615135a wpr-grid-item-display-block wpr-grid-item-align-center wpr-element-fade-in wpr-anim-size-large wpr-anim-timing-ease-default wpr-anim-transparency wpr-pointer-none wpr-pointer-line-fx wpr-pointer-fx-fade\"><div class=\"inner-block\"><a  href=\"https:\/\/escalerasbalaguer.com\/ca\/escalera-evacuacion-de-tramos-con-barandilla-chapa-instalada-en-albergue-3\/\">Escalera Evacuacion de tramos -con barandilla chapa &#8211; instalada en albergue<\/a><\/div><\/h2><\/div><\/div><\/div><\/div><\/div><\/div><\/div><\/article><article class=\"wpr-grid-item elementor-clearfix post-2143 attachment type-attachment status-inherit hentry\"><div class=\"wpr-grid-item-inner\"><div class=\"wpr-grid-media-wrap wpr-effect-size-small \"><div class=\"wpr-grid-image-wrap\" data-src=\"https:\/\/escalerasbalaguer.com\/wp-content\/uploads\/2023\/11\/Escalera-de-tramos-rectos-detalle.jpg\"><img decoding=\"async\" src=\"https:\/\/escalerasbalaguer.com\/wp-content\/uploads\/elementor\/thumbs\/Escalera-de-tramos-rectos-detalle-qieg7nxx8jh9r7fmbny82t7kp19og1pgj1gjzyhodc.jpg\" alt=\"Escalera de tramos rectos &#8211; detalle\" class=\"wpr-anim-timing-ease-default\"><\/div><div class=\"wpr-grid-media-hover wpr-animation-wrap\"><div class=\"wpr-grid-media-hover-bg  wpr-overlay-fade-in wpr-anim-size-large wpr-anim-timing-ease-default wpr-anim-transparency\" data-url=\"https:\/\/escalerasbalaguer.com\/ca\/escalera-de-tramos-rectos-detalle-3\/\"><\/div><div class=\"wpr-cv-container\"><div class=\"wpr-cv-outer\"><div class=\"wpr-cv-inner\"><div class=\"wpr-grid-media-hover-middle elementor-clearfix\"><div class=\"wpr-grid-item-lightbox elementor-repeater-item-c56f1c6 wpr-grid-item-display-block wpr-grid-item-align-center wpr-element-fade-in wpr-anim-size-large wpr-anim-timing-ease-default wpr-anim-transparency\"><div class=\"inner-block\"><span data-src=\"https:\/\/escalerasbalaguer.com\/wp-content\/uploads\/2023\/11\/Escalera-de-tramos-rectos-detalle.jpg\"><i class=\"fas fa-search\"><\/i><\/span><div class=\"wpr-grid-lightbox-overlay\"><\/div><\/div><\/div><h2 class=\"wpr-grid-item-title elementor-repeater-item-615135a wpr-grid-item-display-block wpr-grid-item-align-center wpr-element-fade-in wpr-anim-size-large wpr-anim-timing-ease-default wpr-anim-transparency wpr-pointer-none wpr-pointer-line-fx wpr-pointer-fx-fade\"><div class=\"inner-block\"><a  href=\"https:\/\/escalerasbalaguer.com\/ca\/escalera-de-tramos-rectos-detalle-3\/\">Escalera de tramos rectos &#8211; detalle<\/a><\/div><\/h2><\/div><\/div><\/div><\/div><\/div><\/div><\/div><\/article><article class=\"wpr-grid-item elementor-clearfix post-2146 attachment type-attachment status-inherit hentry\"><div class=\"wpr-grid-item-inner\"><div class=\"wpr-grid-media-wrap wpr-effect-size-small \"><div class=\"wpr-grid-image-wrap\" data-src=\"https:\/\/escalerasbalaguer.com\/wp-content\/uploads\/2023\/11\/escalera-recta-instalada-en-nave-industrial.jpg\"><img decoding=\"async\" src=\"https:\/\/escalerasbalaguer.com\/wp-content\/uploads\/elementor\/thumbs\/escalera-recta-instalada-en-nave-industrial-qieg8i0rb8mg2q7xg0yaalmbpd5fad0vb6c3ct92u8.jpg\" alt=\"escalera recta instalada en nave industrial\" class=\"wpr-anim-timing-ease-default\"><\/div><div class=\"wpr-grid-media-hover wpr-animation-wrap\"><div class=\"wpr-grid-media-hover-bg  wpr-overlay-fade-in wpr-anim-size-large wpr-anim-timing-ease-default wpr-anim-transparency\" data-url=\"https:\/\/escalerasbalaguer.com\/ca\/escalera-recta-instalada-en-nave-industrial-3\/\"><\/div><div class=\"wpr-cv-container\"><div class=\"wpr-cv-outer\"><div class=\"wpr-cv-inner\"><div class=\"wpr-grid-media-hover-middle elementor-clearfix\"><div class=\"wpr-grid-item-lightbox elementor-repeater-item-c56f1c6 wpr-grid-item-display-block wpr-grid-item-align-center wpr-element-fade-in wpr-anim-size-large wpr-anim-timing-ease-default wpr-anim-transparency\"><div class=\"inner-block\"><span data-src=\"https:\/\/escalerasbalaguer.com\/wp-content\/uploads\/2023\/11\/escalera-recta-instalada-en-nave-industrial.jpg\"><i class=\"fas fa-search\"><\/i><\/span><div class=\"wpr-grid-lightbox-overlay\"><\/div><\/div><\/div><h2 class=\"wpr-grid-item-title elementor-repeater-item-615135a wpr-grid-item-display-block wpr-grid-item-align-center wpr-element-fade-in wpr-anim-size-large wpr-anim-timing-ease-default wpr-anim-transparency wpr-pointer-none wpr-pointer-line-fx wpr-pointer-fx-fade\"><div class=\"inner-block\"><a  href=\"https:\/\/escalerasbalaguer.com\/ca\/escalera-recta-instalada-en-nave-industrial-3\/\">escalera recta instalada en nave industrial<\/a><\/div><\/h2><\/div><\/div><\/div><\/div><\/div><\/div><\/div><\/article><article class=\"wpr-grid-item elementor-clearfix post-2149 attachment type-attachment status-inherit hentry\"><div class=\"wpr-grid-item-inner\"><div class=\"wpr-grid-media-wrap wpr-effect-size-small \"><div class=\"wpr-grid-image-wrap\" data-src=\"https:\/\/escalerasbalaguer.com\/wp-content\/uploads\/2023\/11\/Escalera-Emergencia-de-tramos-con-cerramiento-a-nivel-de-calle-instalada-en-hospital-.jpg\"><img decoding=\"async\" src=\"https:\/\/escalerasbalaguer.com\/wp-content\/uploads\/elementor\/thumbs\/Escalera-Emergencia-de-tramos-con-cerramiento-a-nivel-de-calle-instalada-en-hospital--qieg85suue5pvspofdo4w6pbzctniaocxhus47r734.jpg\" alt=\"Escalera Emergencia de tramos con cerramiento a nivel de calle -instalada en hospital\" class=\"wpr-anim-timing-ease-default\"><\/div><div class=\"wpr-grid-media-hover wpr-animation-wrap\"><div class=\"wpr-grid-media-hover-bg  wpr-overlay-fade-in wpr-anim-size-large wpr-anim-timing-ease-default wpr-anim-transparency\" data-url=\"https:\/\/escalerasbalaguer.com\/ca\/escalera-emergencia-de-tramos-con-cerramiento-a-nivel-de-calle-instalada-en-hospital-3\/\"><\/div><div class=\"wpr-cv-container\"><div class=\"wpr-cv-outer\"><div class=\"wpr-cv-inner\"><div class=\"wpr-grid-media-hover-middle elementor-clearfix\"><div class=\"wpr-grid-item-lightbox elementor-repeater-item-c56f1c6 wpr-grid-item-display-block wpr-grid-item-align-center wpr-element-fade-in wpr-anim-size-large wpr-anim-timing-ease-default wpr-anim-transparency\"><div class=\"inner-block\"><span data-src=\"https:\/\/escalerasbalaguer.com\/wp-content\/uploads\/2023\/11\/Escalera-Emergencia-de-tramos-con-cerramiento-a-nivel-de-calle-instalada-en-hospital-.jpg\"><i class=\"fas fa-search\"><\/i><\/span><div class=\"wpr-grid-lightbox-overlay\"><\/div><\/div><\/div><h2 class=\"wpr-grid-item-title elementor-repeater-item-615135a wpr-grid-item-display-block wpr-grid-item-align-center wpr-element-fade-in wpr-anim-size-large wpr-anim-timing-ease-default wpr-anim-transparency wpr-pointer-none wpr-pointer-line-fx wpr-pointer-fx-fade\"><div class=\"inner-block\"><a  href=\"https:\/\/escalerasbalaguer.com\/ca\/escalera-emergencia-de-tramos-con-cerramiento-a-nivel-de-calle-instalada-en-hospital-3\/\">Escalera Emergencia de tramos con cerramiento a nivel de calle -instalada en hospital<\/a><\/div><\/h2><\/div><\/div><\/div><\/div><\/div><\/div><\/div><\/article><article class=\"wpr-grid-item elementor-clearfix post-2152 attachment type-attachment status-inherit hentry\"><div class=\"wpr-grid-item-inner\"><div class=\"wpr-grid-media-wrap wpr-effect-size-small \"><div class=\"wpr-grid-image-wrap\" data-src=\"https:\/\/escalerasbalaguer.com\/wp-content\/uploads\/2023\/11\/Escalera-de-tramos-rectos-2.jpg\"><img decoding=\"async\" src=\"https:\/\/escalerasbalaguer.com\/wp-content\/uploads\/elementor\/thumbs\/Escalera-de-tramos-rectos-2-qieg7n031pfzflgzh5jlibg43neb8clq6wt2ioj2jk.jpg\" alt=\"Escalera de tramos rectos 2\" class=\"wpr-anim-timing-ease-default\"><\/div><div class=\"wpr-grid-media-hover wpr-animation-wrap\"><div class=\"wpr-grid-media-hover-bg  wpr-overlay-fade-in wpr-anim-size-large wpr-anim-timing-ease-default wpr-anim-transparency\" data-url=\"https:\/\/escalerasbalaguer.com\/ca\/escalera-de-tramos-rectos-2-3\/\"><\/div><div class=\"wpr-cv-container\"><div class=\"wpr-cv-outer\"><div class=\"wpr-cv-inner\"><div class=\"wpr-grid-media-hover-middle elementor-clearfix\"><div class=\"wpr-grid-item-lightbox elementor-repeater-item-c56f1c6 wpr-grid-item-display-block wpr-grid-item-align-center wpr-element-fade-in wpr-anim-size-large wpr-anim-timing-ease-default wpr-anim-transparency\"><div class=\"inner-block\"><span data-src=\"https:\/\/escalerasbalaguer.com\/wp-content\/uploads\/2023\/11\/Escalera-de-tramos-rectos-2.jpg\"><i class=\"fas fa-search\"><\/i><\/span><div class=\"wpr-grid-lightbox-overlay\"><\/div><\/div><\/div><h2 class=\"wpr-grid-item-title elementor-repeater-item-615135a wpr-grid-item-display-block wpr-grid-item-align-center wpr-element-fade-in wpr-anim-size-large wpr-anim-timing-ease-default wpr-anim-transparency wpr-pointer-none wpr-pointer-line-fx wpr-pointer-fx-fade\"><div class=\"inner-block\"><a  href=\"https:\/\/escalerasbalaguer.com\/ca\/escalera-de-tramos-rectos-2-3\/\">Escalera de tramos rectos 2<\/a><\/div><\/h2><\/div><\/div><\/div><\/div><\/div><\/div><\/div><\/article><article class=\"wpr-grid-item elementor-clearfix post-2155 attachment type-attachment status-inherit hentry\"><div class=\"wpr-grid-item-inner\"><div class=\"wpr-grid-media-wrap wpr-effect-size-small \"><div class=\"wpr-grid-image-wrap\" data-src=\"https:\/\/escalerasbalaguer.com\/wp-content\/uploads\/2023\/11\/Escalera-de-tramos-rectos-1.jpg\"><img decoding=\"async\" src=\"https:\/\/escalerasbalaguer.com\/wp-content\/uploads\/elementor\/thumbs\/Escalera-de-tramos-rectos-1-qieg7n031pfzflgzh5jlibg43neb8clq6wt2ioj2jk.jpg\" alt=\"Escalera de tramos rectos 1\" class=\"wpr-anim-timing-ease-default\"><\/div><div class=\"wpr-grid-media-hover wpr-animation-wrap\"><div class=\"wpr-grid-media-hover-bg  wpr-overlay-fade-in wpr-anim-size-large wpr-anim-timing-ease-default wpr-anim-transparency\" data-url=\"https:\/\/escalerasbalaguer.com\/ca\/escalera-de-tramos-rectos-1-3\/\"><\/div><div class=\"wpr-cv-container\"><div class=\"wpr-cv-outer\"><div class=\"wpr-cv-inner\"><div class=\"wpr-grid-media-hover-middle elementor-clearfix\"><div class=\"wpr-grid-item-lightbox elementor-repeater-item-c56f1c6 wpr-grid-item-display-block wpr-grid-item-align-center wpr-element-fade-in wpr-anim-size-large wpr-anim-timing-ease-default wpr-anim-transparency\"><div class=\"inner-block\"><span data-src=\"https:\/\/escalerasbalaguer.com\/wp-content\/uploads\/2023\/11\/Escalera-de-tramos-rectos-1.jpg\"><i class=\"fas fa-search\"><\/i><\/span><div class=\"wpr-grid-lightbox-overlay\"><\/div><\/div><\/div><h2 class=\"wpr-grid-item-title elementor-repeater-item-615135a wpr-grid-item-display-block wpr-grid-item-align-center wpr-element-fade-in wpr-anim-size-large wpr-anim-timing-ease-default wpr-anim-transparency wpr-pointer-none wpr-pointer-line-fx wpr-pointer-fx-fade\"><div class=\"inner-block\"><a  href=\"https:\/\/escalerasbalaguer.com\/ca\/escalera-de-tramos-rectos-1-3\/\">Escalera de tramos rectos 1<\/a><\/div><\/h2><\/div><\/div><\/div><\/div><\/div><\/div><\/div><\/article><article class=\"wpr-grid-item elementor-clearfix post-2158 attachment type-attachment status-inherit hentry\"><div class=\"wpr-grid-item-inner\"><div class=\"wpr-grid-media-wrap wpr-effect-size-small \"><div class=\"wpr-grid-image-wrap\" data-src=\"https:\/\/escalerasbalaguer.com\/wp-content\/uploads\/2023\/11\/Escalera-Emergencia-de-tramos-con-celosia-cerramiento-de-tubo-1-1.jpg\"><img decoding=\"async\" src=\"https:\/\/escalerasbalaguer.com\/wp-content\/uploads\/elementor\/thumbs\/Escalera-Emergencia-de-tramos-con-celosia-cerramiento-de-tubo-1-1-qieg83x6gq358kseqcuvr76esl2x2wgw98jt5ntzfk.jpg\" alt=\"Escalera Emergencia de tramos -con celosia -cerramiento de tubo\" class=\"wpr-anim-timing-ease-default\"><\/div><div class=\"wpr-grid-media-hover wpr-animation-wrap\"><div class=\"wpr-grid-media-hover-bg  wpr-overlay-fade-in wpr-anim-size-large wpr-anim-timing-ease-default wpr-anim-transparency\" data-url=\"https:\/\/escalerasbalaguer.com\/ca\/escalera-emergencia-de-tramos-con-celosia-cerramiento-de-tubo-2-2\/\"><\/div><div class=\"wpr-cv-container\"><div class=\"wpr-cv-outer\"><div class=\"wpr-cv-inner\"><div class=\"wpr-grid-media-hover-middle elementor-clearfix\"><div class=\"wpr-grid-item-lightbox elementor-repeater-item-c56f1c6 wpr-grid-item-display-block wpr-grid-item-align-center wpr-element-fade-in wpr-anim-size-large wpr-anim-timing-ease-default wpr-anim-transparency\"><div class=\"inner-block\"><span data-src=\"https:\/\/escalerasbalaguer.com\/wp-content\/uploads\/2023\/11\/Escalera-Emergencia-de-tramos-con-celosia-cerramiento-de-tubo-1-1.jpg\"><i class=\"fas fa-search\"><\/i><\/span><div class=\"wpr-grid-lightbox-overlay\"><\/div><\/div><\/div><h2 class=\"wpr-grid-item-title elementor-repeater-item-615135a wpr-grid-item-display-block wpr-grid-item-align-center wpr-element-fade-in wpr-anim-size-large wpr-anim-timing-ease-default wpr-anim-transparency wpr-pointer-none wpr-pointer-line-fx wpr-pointer-fx-fade\"><div class=\"inner-block\"><a  href=\"https:\/\/escalerasbalaguer.com\/ca\/escalera-emergencia-de-tramos-con-celosia-cerramiento-de-tubo-2-2\/\">Escalera Emergencia de tramos -con celosia -cerramiento de tubo<\/a><\/div><\/h2><\/div><\/div><\/div><\/div><\/div><\/div><\/div><\/article><article class=\"wpr-grid-item elementor-clearfix post-2161 attachment type-attachment status-inherit hentry\"><div class=\"wpr-grid-item-inner\"><div class=\"wpr-grid-media-wrap wpr-effect-size-small \"><div class=\"wpr-grid-image-wrap\" data-src=\"https:\/\/escalerasbalaguer.com\/wp-content\/uploads\/2023\/11\/Escalera-de-tramos-de-diseno-instalada-en-Universidad-.jpg\"><img decoding=\"async\" src=\"https:\/\/escalerasbalaguer.com\/wp-content\/uploads\/elementor\/thumbs\/Escalera-de-tramos-de-diseno-instalada-en-Universidad--qieg7k6kh7c4grl2xmbpsu5qbhs7l9aj6ium2un928.jpg\" alt=\"Escalera de tramos de dise\u00f1o instalada en Universidad\" class=\"wpr-anim-timing-ease-default\"><\/div><div class=\"wpr-grid-media-hover wpr-animation-wrap\"><div class=\"wpr-grid-media-hover-bg  wpr-overlay-fade-in wpr-anim-size-large wpr-anim-timing-ease-default wpr-anim-transparency\" data-url=\"https:\/\/escalerasbalaguer.com\/ca\/escalera-de-tramos-de-diseno-instalada-en-universidad-4\/\"><\/div><div class=\"wpr-cv-container\"><div class=\"wpr-cv-outer\"><div class=\"wpr-cv-inner\"><div class=\"wpr-grid-media-hover-middle elementor-clearfix\"><div class=\"wpr-grid-item-lightbox elementor-repeater-item-c56f1c6 wpr-grid-item-display-block wpr-grid-item-align-center wpr-element-fade-in wpr-anim-size-large wpr-anim-timing-ease-default wpr-anim-transparency\"><div class=\"inner-block\"><span data-src=\"https:\/\/escalerasbalaguer.com\/wp-content\/uploads\/2023\/11\/Escalera-de-tramos-de-diseno-instalada-en-Universidad-.jpg\"><i class=\"fas fa-search\"><\/i><\/span><div class=\"wpr-grid-lightbox-overlay\"><\/div><\/div><\/div><h2 class=\"wpr-grid-item-title elementor-repeater-item-615135a wpr-grid-item-display-block wpr-grid-item-align-center wpr-element-fade-in wpr-anim-size-large wpr-anim-timing-ease-default wpr-anim-transparency wpr-pointer-none wpr-pointer-line-fx wpr-pointer-fx-fade\"><div class=\"inner-block\"><a  href=\"https:\/\/escalerasbalaguer.com\/ca\/escalera-de-tramos-de-diseno-instalada-en-universidad-4\/\">Escalera de tramos de dise\u00f1o instalada en Universidad<\/a><\/div><\/h2><\/div><\/div><\/div><\/div><\/div><\/div><\/div><\/article><article class=\"wpr-grid-item elementor-clearfix post-2164 attachment type-attachment status-inherit hentry\"><div class=\"wpr-grid-item-inner\"><div class=\"wpr-grid-media-wrap wpr-effect-size-small \"><div class=\"wpr-grid-image-wrap\" data-src=\"https:\/\/escalerasbalaguer.com\/wp-content\/uploads\/2023\/11\/Escalera-Emergencia-de-tramos-con-cerramiento-a-nivel-de-calle-detalle-instalada-en-Hospital--scaled.jpg\"><img decoding=\"async\" src=\"https:\/\/escalerasbalaguer.com\/wp-content\/uploads\/elementor\/thumbs\/Escalera-Emergencia-de-tramos-con-cerramiento-a-nivel-de-calle-detalle-instalada-en-Hospital--scaled-qieg84v0nk4fk6r1kv9iboxvdyyaalkmld7amxsl9c.jpg\" alt=\"Escalera Emergencia de tramos con cerramiento a nivel de calle -detalle instalada en Hospital\" class=\"wpr-anim-timing-ease-default\"><\/div><div class=\"wpr-grid-media-hover wpr-animation-wrap\"><div class=\"wpr-grid-media-hover-bg  wpr-overlay-fade-in wpr-anim-size-large wpr-anim-timing-ease-default wpr-anim-transparency\" data-url=\"https:\/\/escalerasbalaguer.com\/ca\/escalera-emergencia-de-tramos-con-cerramiento-a-nivel-de-calle-detalle-instalada-en-hospital-3\/\"><\/div><div class=\"wpr-cv-container\"><div class=\"wpr-cv-outer\"><div class=\"wpr-cv-inner\"><div class=\"wpr-grid-media-hover-middle elementor-clearfix\"><div class=\"wpr-grid-item-lightbox elementor-repeater-item-c56f1c6 wpr-grid-item-display-block wpr-grid-item-align-center wpr-element-fade-in wpr-anim-size-large wpr-anim-timing-ease-default wpr-anim-transparency\"><div class=\"inner-block\"><span data-src=\"https:\/\/escalerasbalaguer.com\/wp-content\/uploads\/2023\/11\/Escalera-Emergencia-de-tramos-con-cerramiento-a-nivel-de-calle-detalle-instalada-en-Hospital--scaled.jpg\"><i class=\"fas fa-search\"><\/i><\/span><div class=\"wpr-grid-lightbox-overlay\"><\/div><\/div><\/div><h2 class=\"wpr-grid-item-title elementor-repeater-item-615135a wpr-grid-item-display-block wpr-grid-item-align-center wpr-element-fade-in wpr-anim-size-large wpr-anim-timing-ease-default wpr-anim-transparency wpr-pointer-none wpr-pointer-line-fx wpr-pointer-fx-fade\"><div class=\"inner-block\"><a  href=\"https:\/\/escalerasbalaguer.com\/ca\/escalera-emergencia-de-tramos-con-cerramiento-a-nivel-de-calle-detalle-instalada-en-hospital-3\/\">Escalera Emergencia de tramos con cerramiento a nivel de calle -detalle instalada en Hospital<\/a><\/div><\/h2><\/div><\/div><\/div><\/div><\/div><\/div><\/div><\/article><article class=\"wpr-grid-item elementor-clearfix post-2167 attachment type-attachment status-inherit hentry\"><div class=\"wpr-grid-item-inner\"><div class=\"wpr-grid-media-wrap wpr-effect-size-small \"><div class=\"wpr-grid-image-wrap\" data-src=\"https:\/\/escalerasbalaguer.com\/wp-content\/uploads\/2023\/11\/Escalera-de-tramos-rectos-3.jpg\"><img decoding=\"async\" src=\"https:\/\/escalerasbalaguer.com\/wp-content\/uploads\/elementor\/thumbs\/Escalera-de-tramos-rectos-3-qieg7nxx8jh9r7fmbny82t7kp19og1pgj1gjzyhodc.jpg\" alt=\"Escalera de tramos rectos 3\" class=\"wpr-anim-timing-ease-default\"><\/div><div class=\"wpr-grid-media-hover wpr-animation-wrap\"><div class=\"wpr-grid-media-hover-bg  wpr-overlay-fade-in wpr-anim-size-large wpr-anim-timing-ease-default wpr-anim-transparency\" data-url=\"https:\/\/escalerasbalaguer.com\/ca\/escalera-de-tramos-rectos-3-3\/\"><\/div><div class=\"wpr-cv-container\"><div class=\"wpr-cv-outer\"><div class=\"wpr-cv-inner\"><div class=\"wpr-grid-media-hover-middle elementor-clearfix\"><div class=\"wpr-grid-item-lightbox elementor-repeater-item-c56f1c6 wpr-grid-item-display-block wpr-grid-item-align-center wpr-element-fade-in wpr-anim-size-large wpr-anim-timing-ease-default wpr-anim-transparency\"><div class=\"inner-block\"><span data-src=\"https:\/\/escalerasbalaguer.com\/wp-content\/uploads\/2023\/11\/Escalera-de-tramos-rectos-3.jpg\"><i class=\"fas fa-search\"><\/i><\/span><div class=\"wpr-grid-lightbox-overlay\"><\/div><\/div><\/div><h2 class=\"wpr-grid-item-title elementor-repeater-item-615135a wpr-grid-item-display-block wpr-grid-item-align-center wpr-element-fade-in wpr-anim-size-large wpr-anim-timing-ease-default wpr-anim-transparency wpr-pointer-none wpr-pointer-line-fx wpr-pointer-fx-fade\"><div class=\"inner-block\"><a  href=\"https:\/\/escalerasbalaguer.com\/ca\/escalera-de-tramos-rectos-3-3\/\">Escalera de tramos rectos 3<\/a><\/div><\/h2><\/div><\/div><\/div><\/div><\/div><\/div><\/div><\/article><article class=\"wpr-grid-item elementor-clearfix post-2170 attachment type-attachment status-inherit hentry\"><div class=\"wpr-grid-item-inner\"><div class=\"wpr-grid-media-wrap wpr-effect-size-small \"><div class=\"wpr-grid-image-wrap\" data-src=\"https:\/\/escalerasbalaguer.com\/wp-content\/uploads\/2023\/11\/Escalera-Emergencia-de-tramos-en-hospital.jpg\"><img decoding=\"async\" src=\"https:\/\/escalerasbalaguer.com\/wp-content\/uploads\/elementor\/thumbs\/Escalera-Emergencia-de-tramos-en-hospital-qieg86qp18707eob9w2rgogskqp0pzs39mi9lhpsww.jpg\" alt=\"Escalera Emergencia de tramos en hospital\" class=\"wpr-anim-timing-ease-default\"><\/div><div class=\"wpr-grid-media-hover wpr-animation-wrap\"><div class=\"wpr-grid-media-hover-bg  wpr-overlay-fade-in wpr-anim-size-large wpr-anim-timing-ease-default wpr-anim-transparency\" data-url=\"https:\/\/escalerasbalaguer.com\/ca\/escalera-emergencia-de-tramos-en-hospital-3\/\"><\/div><div class=\"wpr-cv-container\"><div class=\"wpr-cv-outer\"><div class=\"wpr-cv-inner\"><div class=\"wpr-grid-media-hover-middle elementor-clearfix\"><div class=\"wpr-grid-item-lightbox elementor-repeater-item-c56f1c6 wpr-grid-item-display-block wpr-grid-item-align-center wpr-element-fade-in wpr-anim-size-large wpr-anim-timing-ease-default wpr-anim-transparency\"><div class=\"inner-block\"><span data-src=\"https:\/\/escalerasbalaguer.com\/wp-content\/uploads\/2023\/11\/Escalera-Emergencia-de-tramos-en-hospital.jpg\"><i class=\"fas fa-search\"><\/i><\/span><div class=\"wpr-grid-lightbox-overlay\"><\/div><\/div><\/div><h2 class=\"wpr-grid-item-title elementor-repeater-item-615135a wpr-grid-item-display-block wpr-grid-item-align-center wpr-element-fade-in wpr-anim-size-large wpr-anim-timing-ease-default wpr-anim-transparency wpr-pointer-none wpr-pointer-line-fx wpr-pointer-fx-fade\"><div class=\"inner-block\"><a  href=\"https:\/\/escalerasbalaguer.com\/ca\/escalera-emergencia-de-tramos-en-hospital-3\/\">Escalera Emergencia de tramos en hospital<\/a><\/div><\/h2><\/div><\/div><\/div><\/div><\/div><\/div><\/div><\/article><article class=\"wpr-grid-item elementor-clearfix post-2173 attachment type-attachment status-inherit hentry\"><div class=\"wpr-grid-item-inner\"><div class=\"wpr-grid-media-wrap wpr-effect-size-small \"><div class=\"wpr-grid-image-wrap\" data-src=\"https:\/\/escalerasbalaguer.com\/wp-content\/uploads\/2023\/11\/Escalera-de-tramos-instalacion.jpg\"><img decoding=\"async\" src=\"https:\/\/escalerasbalaguer.com\/wp-content\/uploads\/elementor\/thumbs\/Escalera-de-tramos-instalacion-qieg7m28uvep3zicmn4yxtoni9iy0nhzus5l1ekgps.jpg\" alt=\"Escalera de tramos -instalacion\" class=\"wpr-anim-timing-ease-default\"><\/div><div class=\"wpr-grid-media-hover wpr-animation-wrap\"><div class=\"wpr-grid-media-hover-bg  wpr-overlay-fade-in wpr-anim-size-large wpr-anim-timing-ease-default wpr-anim-transparency\" data-url=\"https:\/\/escalerasbalaguer.com\/ca\/escalera-de-tramos-instalacion-3\/\"><\/div><div class=\"wpr-cv-container\"><div class=\"wpr-cv-outer\"><div class=\"wpr-cv-inner\"><div class=\"wpr-grid-media-hover-middle elementor-clearfix\"><div class=\"wpr-grid-item-lightbox elementor-repeater-item-c56f1c6 wpr-grid-item-display-block wpr-grid-item-align-center wpr-element-fade-in wpr-anim-size-large wpr-anim-timing-ease-default wpr-anim-transparency\"><div class=\"inner-block\"><span data-src=\"https:\/\/escalerasbalaguer.com\/wp-content\/uploads\/2023\/11\/Escalera-de-tramos-instalacion.jpg\"><i class=\"fas fa-search\"><\/i><\/span><div class=\"wpr-grid-lightbox-overlay\"><\/div><\/div><\/div><h2 class=\"wpr-grid-item-title elementor-repeater-item-615135a wpr-grid-item-display-block wpr-grid-item-align-center wpr-element-fade-in wpr-anim-size-large wpr-anim-timing-ease-default wpr-anim-transparency wpr-pointer-none wpr-pointer-line-fx wpr-pointer-fx-fade\"><div class=\"inner-block\"><a  href=\"https:\/\/escalerasbalaguer.com\/ca\/escalera-de-tramos-instalacion-3\/\">Escalera de tramos -instalacion<\/a><\/div><\/h2><\/div><\/div><\/div><\/div><\/div><\/div><\/div><\/article><article class=\"wpr-grid-item elementor-clearfix post-2176 attachment type-attachment status-inherit hentry\"><div class=\"wpr-grid-item-inner\"><div class=\"wpr-grid-media-wrap wpr-effect-size-small \"><div class=\"wpr-grid-image-wrap\" data-src=\"https:\/\/escalerasbalaguer.com\/wp-content\/uploads\/2023\/11\/Escalera-Emergencia-de-tramos-con-cerramiento-abajo-instalada-en-Hotel-.jpg\"><img decoding=\"async\" src=\"https:\/\/escalerasbalaguer.com\/wp-content\/uploads\/elementor\/thumbs\/Escalera-Emergencia-de-tramos-con-cerramiento-abajo-instalada-en-Hotel--qieg85suue5pvspofdo4w6pbzctniaocxhus47r734.jpg\" alt=\"Escalera Emergencia de tramos con cerramiento abajo &#8211; instalada en Hotel\" class=\"wpr-anim-timing-ease-default\"><\/div><div class=\"wpr-grid-media-hover wpr-animation-wrap\"><div class=\"wpr-grid-media-hover-bg  wpr-overlay-fade-in wpr-anim-size-large wpr-anim-timing-ease-default wpr-anim-transparency\" data-url=\"https:\/\/escalerasbalaguer.com\/ca\/escalera-emergencia-de-tramos-con-cerramiento-abajo-instalada-en-hotel-3\/\"><\/div><div class=\"wpr-cv-container\"><div class=\"wpr-cv-outer\"><div class=\"wpr-cv-inner\"><div class=\"wpr-grid-media-hover-middle elementor-clearfix\"><div class=\"wpr-grid-item-lightbox elementor-repeater-item-c56f1c6 wpr-grid-item-display-block wpr-grid-item-align-center wpr-element-fade-in wpr-anim-size-large wpr-anim-timing-ease-default wpr-anim-transparency\"><div class=\"inner-block\"><span data-src=\"https:\/\/escalerasbalaguer.com\/wp-content\/uploads\/2023\/11\/Escalera-Emergencia-de-tramos-con-cerramiento-abajo-instalada-en-Hotel-.jpg\"><i class=\"fas fa-search\"><\/i><\/span><div class=\"wpr-grid-lightbox-overlay\"><\/div><\/div><\/div><h2 class=\"wpr-grid-item-title elementor-repeater-item-615135a wpr-grid-item-display-block wpr-grid-item-align-center wpr-element-fade-in wpr-anim-size-large wpr-anim-timing-ease-default wpr-anim-transparency wpr-pointer-none wpr-pointer-line-fx wpr-pointer-fx-fade\"><div class=\"inner-block\"><a  href=\"https:\/\/escalerasbalaguer.com\/ca\/escalera-emergencia-de-tramos-con-cerramiento-abajo-instalada-en-hotel-3\/\">Escalera Emergencia de tramos con cerramiento abajo &#8211; instalada en Hotel<\/a><\/div><\/h2><\/div><\/div><\/div><\/div><\/div><\/div><\/div><\/article><article class=\"wpr-grid-item elementor-clearfix post-2179 attachment type-attachment status-inherit hentry\"><div class=\"wpr-grid-item-inner\"><div class=\"wpr-grid-media-wrap wpr-effect-size-small \"><div class=\"wpr-grid-image-wrap\" data-src=\"https:\/\/escalerasbalaguer.com\/wp-content\/uploads\/2023\/11\/Escalera-Emergencia-de-tramos-con-celosia-de-tubo-005.jpg\"><img decoding=\"async\" src=\"https:\/\/escalerasbalaguer.com\/wp-content\/uploads\/elementor\/thumbs\/Escalera-Emergencia-de-tramos-con-celosia-de-tubo-005-qieg83x6gq358kseqcuvr76esl2x2wgw98jt5ntzfk.jpg\" alt=\"Escalera Emergencia de tramos con celosia de tubo 005\" class=\"wpr-anim-timing-ease-default\"><\/div><div class=\"wpr-grid-media-hover wpr-animation-wrap\"><div class=\"wpr-grid-media-hover-bg  wpr-overlay-fade-in wpr-anim-size-large wpr-anim-timing-ease-default wpr-anim-transparency\" data-url=\"https:\/\/escalerasbalaguer.com\/ca\/escalera-emergencia-de-tramos-con-celosia-de-tubo-005-3\/\"><\/div><div class=\"wpr-cv-container\"><div class=\"wpr-cv-outer\"><div class=\"wpr-cv-inner\"><div class=\"wpr-grid-media-hover-middle elementor-clearfix\"><div class=\"wpr-grid-item-lightbox elementor-repeater-item-c56f1c6 wpr-grid-item-display-block wpr-grid-item-align-center wpr-element-fade-in wpr-anim-size-large wpr-anim-timing-ease-default wpr-anim-transparency\"><div class=\"inner-block\"><span data-src=\"https:\/\/escalerasbalaguer.com\/wp-content\/uploads\/2023\/11\/Escalera-Emergencia-de-tramos-con-celosia-de-tubo-005.jpg\"><i class=\"fas fa-search\"><\/i><\/span><div class=\"wpr-grid-lightbox-overlay\"><\/div><\/div><\/div><h2 class=\"wpr-grid-item-title elementor-repeater-item-615135a wpr-grid-item-display-block wpr-grid-item-align-center wpr-element-fade-in wpr-anim-size-large wpr-anim-timing-ease-default wpr-anim-transparency wpr-pointer-none wpr-pointer-line-fx wpr-pointer-fx-fade\"><div class=\"inner-block\"><a  href=\"https:\/\/escalerasbalaguer.com\/ca\/escalera-emergencia-de-tramos-con-celosia-de-tubo-005-3\/\">Escalera Emergencia de tramos con celosia de tubo 005<\/a><\/div><\/h2><\/div><\/div><\/div><\/div><\/div><\/div><\/div><\/article><article class=\"wpr-grid-item elementor-clearfix post-2182 attachment type-attachment status-inherit hentry\"><div class=\"wpr-grid-item-inner\"><div class=\"wpr-grid-media-wrap wpr-effect-size-small \"><div class=\"wpr-grid-image-wrap\" data-src=\"https:\/\/escalerasbalaguer.com\/wp-content\/uploads\/2023\/11\/Escalera-Emergencia-de-tramos-con-celosia-de-tubo-1.jpg\"><img decoding=\"async\" src=\"https:\/\/escalerasbalaguer.com\/wp-content\/uploads\/elementor\/thumbs\/Escalera-Emergencia-de-tramos-con-celosia-de-tubo-1-qieg84v0nk4fk6r1kv9iboxvdyyaalkmld7amxsl9c.jpg\" alt=\"Escalera Emergencia de tramos -con celosia de tubo 1\" class=\"wpr-anim-timing-ease-default\"><\/div><div class=\"wpr-grid-media-hover wpr-animation-wrap\"><div class=\"wpr-grid-media-hover-bg  wpr-overlay-fade-in wpr-anim-size-large wpr-anim-timing-ease-default wpr-anim-transparency\" data-url=\"https:\/\/escalerasbalaguer.com\/ca\/escalera-emergencia-de-tramos-con-celosia-de-tubo-1-5\/\"><\/div><div class=\"wpr-cv-container\"><div class=\"wpr-cv-outer\"><div class=\"wpr-cv-inner\"><div class=\"wpr-grid-media-hover-middle elementor-clearfix\"><div class=\"wpr-grid-item-lightbox elementor-repeater-item-c56f1c6 wpr-grid-item-display-block wpr-grid-item-align-center wpr-element-fade-in wpr-anim-size-large wpr-anim-timing-ease-default wpr-anim-transparency\"><div class=\"inner-block\"><span data-src=\"https:\/\/escalerasbalaguer.com\/wp-content\/uploads\/2023\/11\/Escalera-Emergencia-de-tramos-con-celosia-de-tubo-1.jpg\"><i class=\"fas fa-search\"><\/i><\/span><div class=\"wpr-grid-lightbox-overlay\"><\/div><\/div><\/div><h2 class=\"wpr-grid-item-title elementor-repeater-item-615135a wpr-grid-item-display-block wpr-grid-item-align-center wpr-element-fade-in wpr-anim-size-large wpr-anim-timing-ease-default wpr-anim-transparency wpr-pointer-none wpr-pointer-line-fx wpr-pointer-fx-fade\"><div class=\"inner-block\"><a  href=\"https:\/\/escalerasbalaguer.com\/ca\/escalera-emergencia-de-tramos-con-celosia-de-tubo-1-5\/\">Escalera Emergencia de tramos -con celosia de tubo 1<\/a><\/div><\/h2><\/div><\/div><\/div><\/div><\/div><\/div><\/div><\/article><article class=\"wpr-grid-item elementor-clearfix post-2185 attachment type-attachment status-inherit hentry\"><div class=\"wpr-grid-item-inner\"><div class=\"wpr-grid-media-wrap wpr-effect-size-small \"><div class=\"wpr-grid-image-wrap\" data-src=\"https:\/\/escalerasbalaguer.com\/wp-content\/uploads\/2023\/11\/Escalera-de-tramos-rectos-lip-stick-no1.jpg\"><img decoding=\"async\" src=\"https:\/\/escalerasbalaguer.com\/wp-content\/uploads\/elementor\/thumbs\/Escalera-de-tramos-rectos-lip-stick-no1-qieg7ovrfdik2te966cunaz1af51nqt6v641h8ga74.jpg\" alt=\"Escalera de tramos rectos lip stick n\u00ba1\" class=\"wpr-anim-timing-ease-default\"><\/div><div class=\"wpr-grid-media-hover wpr-animation-wrap\"><div class=\"wpr-grid-media-hover-bg  wpr-overlay-fade-in wpr-anim-size-large wpr-anim-timing-ease-default wpr-anim-transparency\" data-url=\"https:\/\/escalerasbalaguer.com\/ca\/escalera-de-tramos-rectos-lip-stick-no1-3\/\"><\/div><div class=\"wpr-cv-container\"><div class=\"wpr-cv-outer\"><div class=\"wpr-cv-inner\"><div class=\"wpr-grid-media-hover-middle elementor-clearfix\"><div class=\"wpr-grid-item-lightbox elementor-repeater-item-c56f1c6 wpr-grid-item-display-block wpr-grid-item-align-center wpr-element-fade-in wpr-anim-size-large wpr-anim-timing-ease-default wpr-anim-transparency\"><div class=\"inner-block\"><span data-src=\"https:\/\/escalerasbalaguer.com\/wp-content\/uploads\/2023\/11\/Escalera-de-tramos-rectos-lip-stick-no1.jpg\"><i class=\"fas fa-search\"><\/i><\/span><div class=\"wpr-grid-lightbox-overlay\"><\/div><\/div><\/div><h2 class=\"wpr-grid-item-title elementor-repeater-item-615135a wpr-grid-item-display-block wpr-grid-item-align-center wpr-element-fade-in wpr-anim-size-large wpr-anim-timing-ease-default wpr-anim-transparency wpr-pointer-none wpr-pointer-line-fx wpr-pointer-fx-fade\"><div class=\"inner-block\"><a  href=\"https:\/\/escalerasbalaguer.com\/ca\/escalera-de-tramos-rectos-lip-stick-no1-3\/\">Escalera de tramos rectos lip stick n\u00ba1<\/a><\/div><\/h2><\/div><\/div><\/div><\/div><\/div><\/div><\/div><\/article><article class=\"wpr-grid-item elementor-clearfix post-2188 attachment type-attachment status-inherit hentry\"><div class=\"wpr-grid-item-inner\"><div class=\"wpr-grid-media-wrap wpr-effect-size-small \"><div class=\"wpr-grid-image-wrap\" data-src=\"https:\/\/escalerasbalaguer.com\/wp-content\/uploads\/2023\/11\/Escalera-de-tramos-llegada-arriba-1.jpg\"><img decoding=\"async\" src=\"https:\/\/escalerasbalaguer.com\/wp-content\/uploads\/elementor\/thumbs\/Escalera-de-tramos-llegada-arriba-1-qieg7m28uvep3zicmn4yxtoni9iy0nhzus5l1ekgps.jpg\" alt=\"Escalera de tramos &#8211; llegada arriba\" class=\"wpr-anim-timing-ease-default\"><\/div><div class=\"wpr-grid-media-hover wpr-animation-wrap\"><div class=\"wpr-grid-media-hover-bg  wpr-overlay-fade-in wpr-anim-size-large wpr-anim-timing-ease-default wpr-anim-transparency\" data-url=\"https:\/\/escalerasbalaguer.com\/ca\/escalera-de-tramos-llegada-arriba-2-2\/\"><\/div><div class=\"wpr-cv-container\"><div class=\"wpr-cv-outer\"><div class=\"wpr-cv-inner\"><div class=\"wpr-grid-media-hover-middle elementor-clearfix\"><div class=\"wpr-grid-item-lightbox elementor-repeater-item-c56f1c6 wpr-grid-item-display-block wpr-grid-item-align-center wpr-element-fade-in wpr-anim-size-large wpr-anim-timing-ease-default wpr-anim-transparency\"><div class=\"inner-block\"><span data-src=\"https:\/\/escalerasbalaguer.com\/wp-content\/uploads\/2023\/11\/Escalera-de-tramos-llegada-arriba-1.jpg\"><i class=\"fas fa-search\"><\/i><\/span><div class=\"wpr-grid-lightbox-overlay\"><\/div><\/div><\/div><h2 class=\"wpr-grid-item-title elementor-repeater-item-615135a wpr-grid-item-display-block wpr-grid-item-align-center wpr-element-fade-in wpr-anim-size-large wpr-anim-timing-ease-default wpr-anim-transparency wpr-pointer-none wpr-pointer-line-fx wpr-pointer-fx-fade\"><div class=\"inner-block\"><a  href=\"https:\/\/escalerasbalaguer.com\/ca\/escalera-de-tramos-llegada-arriba-2-2\/\">Escalera de tramos &#8211; llegada arriba<\/a><\/div><\/h2><\/div><\/div><\/div><\/div><\/div><\/div><\/div><\/article><article class=\"wpr-grid-item elementor-clearfix post-2191 attachment type-attachment status-inherit hentry\"><div class=\"wpr-grid-item-inner\"><div class=\"wpr-grid-media-wrap wpr-effect-size-small \"><div class=\"wpr-grid-image-wrap\" data-src=\"https:\/\/escalerasbalaguer.com\/wp-content\/uploads\/2023\/11\/Escalera-de-tramos-detalle-peldanos.jpg\"><img decoding=\"async\" src=\"https:\/\/escalerasbalaguer.com\/wp-content\/uploads\/elementor\/thumbs\/Escalera-de-tramos-detalle-peldanos-qieg7l4eo1desdjps4qcdbx6wvnksye9ini3k4luw0.jpg\" alt=\"Escalera de tramos &#8211; detalle pelda\u00f1os\" class=\"wpr-anim-timing-ease-default\"><\/div><div class=\"wpr-grid-media-hover wpr-animation-wrap\"><div class=\"wpr-grid-media-hover-bg  wpr-overlay-fade-in wpr-anim-size-large wpr-anim-timing-ease-default wpr-anim-transparency\" data-url=\"https:\/\/escalerasbalaguer.com\/ca\/escalera-de-tramos-detalle-peldanos-3\/\"><\/div><div class=\"wpr-cv-container\"><div class=\"wpr-cv-outer\"><div class=\"wpr-cv-inner\"><div class=\"wpr-grid-media-hover-middle elementor-clearfix\"><div class=\"wpr-grid-item-lightbox elementor-repeater-item-c56f1c6 wpr-grid-item-display-block wpr-grid-item-align-center wpr-element-fade-in wpr-anim-size-large wpr-anim-timing-ease-default wpr-anim-transparency\"><div class=\"inner-block\"><span data-src=\"https:\/\/escalerasbalaguer.com\/wp-content\/uploads\/2023\/11\/Escalera-de-tramos-detalle-peldanos.jpg\"><i class=\"fas fa-search\"><\/i><\/span><div class=\"wpr-grid-lightbox-overlay\"><\/div><\/div><\/div><h2 class=\"wpr-grid-item-title elementor-repeater-item-615135a wpr-grid-item-display-block wpr-grid-item-align-center wpr-element-fade-in wpr-anim-size-large wpr-anim-timing-ease-default wpr-anim-transparency wpr-pointer-none wpr-pointer-line-fx wpr-pointer-fx-fade\"><div class=\"inner-block\"><a  href=\"https:\/\/escalerasbalaguer.com\/ca\/escalera-de-tramos-detalle-peldanos-3\/\">Escalera de tramos &#8211; detalle pelda\u00f1os<\/a><\/div><\/h2><\/div><\/div><\/div><\/div><\/div><\/div><\/div><\/article><article class=\"wpr-grid-item elementor-clearfix post-2194 attachment type-attachment status-inherit hentry\"><div class=\"wpr-grid-item-inner\"><div class=\"wpr-grid-media-wrap wpr-effect-size-small \"><div class=\"wpr-grid-image-wrap\" data-src=\"https:\/\/escalerasbalaguer.com\/wp-content\/uploads\/2023\/11\/Escalera-de-tramos-detalle-peldaneado-.jpg\"><img decoding=\"async\" src=\"https:\/\/escalerasbalaguer.com\/wp-content\/uploads\/elementor\/thumbs\/Escalera-de-tramos-detalle-peldaneado--qieg7l4eo1desdjps4qcdbx6wvnksye9ini3k4luw0.jpg\" alt=\"Escalera de tramos -detalle pelda\u00f1eado\" class=\"wpr-anim-timing-ease-default\"><\/div><div class=\"wpr-grid-media-hover wpr-animation-wrap\"><div class=\"wpr-grid-media-hover-bg  wpr-overlay-fade-in wpr-anim-size-large wpr-anim-timing-ease-default wpr-anim-transparency\" data-url=\"https:\/\/escalerasbalaguer.com\/ca\/escalera-de-tramos-detalle-peldaneado-3\/\"><\/div><div class=\"wpr-cv-container\"><div class=\"wpr-cv-outer\"><div class=\"wpr-cv-inner\"><div class=\"wpr-grid-media-hover-middle elementor-clearfix\"><div class=\"wpr-grid-item-lightbox elementor-repeater-item-c56f1c6 wpr-grid-item-display-block wpr-grid-item-align-center wpr-element-fade-in wpr-anim-size-large wpr-anim-timing-ease-default wpr-anim-transparency\"><div class=\"inner-block\"><span data-src=\"https:\/\/escalerasbalaguer.com\/wp-content\/uploads\/2023\/11\/Escalera-de-tramos-detalle-peldaneado-.jpg\"><i class=\"fas fa-search\"><\/i><\/span><div class=\"wpr-grid-lightbox-overlay\"><\/div><\/div><\/div><h2 class=\"wpr-grid-item-title elementor-repeater-item-615135a wpr-grid-item-display-block wpr-grid-item-align-center wpr-element-fade-in wpr-anim-size-large wpr-anim-timing-ease-default wpr-anim-transparency wpr-pointer-none wpr-pointer-line-fx wpr-pointer-fx-fade\"><div class=\"inner-block\"><a  href=\"https:\/\/escalerasbalaguer.com\/ca\/escalera-de-tramos-detalle-peldaneado-3\/\">Escalera de tramos -detalle pelda\u00f1eado<\/a><\/div><\/h2><\/div><\/div><\/div><\/div><\/div><\/div><\/div><\/article><article class=\"wpr-grid-item elementor-clearfix post-2197 attachment type-attachment status-inherit hentry\"><div class=\"wpr-grid-item-inner\"><div class=\"wpr-grid-media-wrap wpr-effect-size-small \"><div class=\"wpr-grid-image-wrap\" data-src=\"https:\/\/escalerasbalaguer.com\/wp-content\/uploads\/2023\/11\/Escalera-de-tramos-alzado.jpg\"><img decoding=\"async\" src=\"https:\/\/escalerasbalaguer.com\/wp-content\/uploads\/elementor\/thumbs\/Escalera-de-tramos-alzado-qieg7k6kh7c4grl2xmbpsu5qbhs7l9aj6ium2un928.jpg\" alt=\"Escalera de tramos -alzado\" class=\"wpr-anim-timing-ease-default\"><\/div><div class=\"wpr-grid-media-hover wpr-animation-wrap\"><div class=\"wpr-grid-media-hover-bg  wpr-overlay-fade-in wpr-anim-size-large wpr-anim-timing-ease-default wpr-anim-transparency\" data-url=\"https:\/\/escalerasbalaguer.com\/ca\/escalera-de-tramos-alzado-3\/\"><\/div><div class=\"wpr-cv-container\"><div class=\"wpr-cv-outer\"><div class=\"wpr-cv-inner\"><div class=\"wpr-grid-media-hover-middle elementor-clearfix\"><div class=\"wpr-grid-item-lightbox elementor-repeater-item-c56f1c6 wpr-grid-item-display-block wpr-grid-item-align-center wpr-element-fade-in wpr-anim-size-large wpr-anim-timing-ease-default wpr-anim-transparency\"><div class=\"inner-block\"><span data-src=\"https:\/\/escalerasbalaguer.com\/wp-content\/uploads\/2023\/11\/Escalera-de-tramos-alzado.jpg\"><i class=\"fas fa-search\"><\/i><\/span><div class=\"wpr-grid-lightbox-overlay\"><\/div><\/div><\/div><h2 class=\"wpr-grid-item-title elementor-repeater-item-615135a wpr-grid-item-display-block wpr-grid-item-align-center wpr-element-fade-in wpr-anim-size-large wpr-anim-timing-ease-default wpr-anim-transparency wpr-pointer-none wpr-pointer-line-fx wpr-pointer-fx-fade\"><div class=\"inner-block\"><a  href=\"https:\/\/escalerasbalaguer.com\/ca\/escalera-de-tramos-alzado-3\/\">Escalera de tramos -alzado<\/a><\/div><\/h2><\/div><\/div><\/div><\/div><\/div><\/div><\/div><\/article><article class=\"wpr-grid-item elementor-clearfix post-2200 attachment type-attachment status-inherit hentry\"><div class=\"wpr-grid-item-inner\"><div class=\"wpr-grid-media-wrap wpr-effect-size-small \"><div class=\"wpr-grid-image-wrap\" data-src=\"https:\/\/escalerasbalaguer.com\/wp-content\/uploads\/2023\/11\/Escalera-Emergencia-de-tramos-en-colegio.jpg\"><img decoding=\"async\" src=\"https:\/\/escalerasbalaguer.com\/wp-content\/uploads\/elementor\/thumbs\/Escalera-Emergencia-de-tramos-en-colegio-qieg86qp18707eob9w2rgogskqp0pzs39mi9lhpsww.jpg\" alt=\"Escalera Emergencia de tramos en colegio\" class=\"wpr-anim-timing-ease-default\"><\/div><div class=\"wpr-grid-media-hover wpr-animation-wrap\"><div class=\"wpr-grid-media-hover-bg  wpr-overlay-fade-in wpr-anim-size-large wpr-anim-timing-ease-default wpr-anim-transparency\" data-url=\"https:\/\/escalerasbalaguer.com\/ca\/escalera-emergencia-de-tramos-en-colegio-3\/\"><\/div><div class=\"wpr-cv-container\"><div class=\"wpr-cv-outer\"><div class=\"wpr-cv-inner\"><div class=\"wpr-grid-media-hover-middle elementor-clearfix\"><div class=\"wpr-grid-item-lightbox elementor-repeater-item-c56f1c6 wpr-grid-item-display-block wpr-grid-item-align-center wpr-element-fade-in wpr-anim-size-large wpr-anim-timing-ease-default wpr-anim-transparency\"><div class=\"inner-block\"><span data-src=\"https:\/\/escalerasbalaguer.com\/wp-content\/uploads\/2023\/11\/Escalera-Emergencia-de-tramos-en-colegio.jpg\"><i class=\"fas fa-search\"><\/i><\/span><div class=\"wpr-grid-lightbox-overlay\"><\/div><\/div><\/div><h2 class=\"wpr-grid-item-title elementor-repeater-item-615135a wpr-grid-item-display-block wpr-grid-item-align-center wpr-element-fade-in wpr-anim-size-large wpr-anim-timing-ease-default wpr-anim-transparency wpr-pointer-none wpr-pointer-line-fx wpr-pointer-fx-fade\"><div class=\"inner-block\"><a  href=\"https:\/\/escalerasbalaguer.com\/ca\/escalera-emergencia-de-tramos-en-colegio-3\/\">Escalera Emergencia de tramos en colegio<\/a><\/div><\/h2><\/div><\/div><\/div><\/div><\/div><\/div><\/div><\/article><article class=\"wpr-grid-item elementor-clearfix post-2203 attachment type-attachment status-inherit hentry\"><div class=\"wpr-grid-item-inner\"><div class=\"wpr-grid-media-wrap wpr-effect-size-small \"><div class=\"wpr-grid-image-wrap\" data-src=\"https:\/\/escalerasbalaguer.com\/wp-content\/uploads\/2023\/11\/IMG_20211223_104032.jpg\"><img decoding=\"async\" src=\"https:\/\/escalerasbalaguer.com\/wp-content\/uploads\/elementor\/thumbs\/IMG_20211223_104032-qieg8jwfowp0py5751rjfl58w4w5pr8bzfn2bd6ahs.jpg\" alt=\"IMG_20211223_104032\" class=\"wpr-anim-timing-ease-default\"><\/div><div class=\"wpr-grid-media-hover wpr-animation-wrap\"><div class=\"wpr-grid-media-hover-bg  wpr-overlay-fade-in wpr-anim-size-large wpr-anim-timing-ease-default wpr-anim-transparency\" data-url=\"https:\/\/escalerasbalaguer.com\/ca\/img_20211223_104032-3\/\"><\/div><div class=\"wpr-cv-container\"><div class=\"wpr-cv-outer\"><div class=\"wpr-cv-inner\"><div class=\"wpr-grid-media-hover-middle elementor-clearfix\"><div class=\"wpr-grid-item-lightbox elementor-repeater-item-c56f1c6 wpr-grid-item-display-block wpr-grid-item-align-center wpr-element-fade-in wpr-anim-size-large wpr-anim-timing-ease-default wpr-anim-transparency\"><div class=\"inner-block\"><span data-src=\"https:\/\/escalerasbalaguer.com\/wp-content\/uploads\/2023\/11\/IMG_20211223_104032.jpg\"><i class=\"fas fa-search\"><\/i><\/span><div class=\"wpr-grid-lightbox-overlay\"><\/div><\/div><\/div><h2 class=\"wpr-grid-item-title elementor-repeater-item-615135a wpr-grid-item-display-block wpr-grid-item-align-center wpr-element-fade-in wpr-anim-size-large wpr-anim-timing-ease-default wpr-anim-transparency wpr-pointer-none wpr-pointer-line-fx wpr-pointer-fx-fade\"><div class=\"inner-block\"><a  href=\"https:\/\/escalerasbalaguer.com\/ca\/img_20211223_104032-3\/\">IMG_20211223_104032<\/a><\/div><\/h2><\/div><\/div><\/div><\/div><\/div><\/div><\/div><\/article><article class=\"wpr-grid-item elementor-clearfix post-2206 attachment type-attachment status-inherit hentry\"><div class=\"wpr-grid-item-inner\"><div class=\"wpr-grid-media-wrap wpr-effect-size-small \"><div class=\"wpr-grid-image-wrap\" data-src=\"https:\/\/escalerasbalaguer.com\/wp-content\/uploads\/2023\/11\/montaje-tramo-recto-pasarela-.jpg\"><img decoding=\"async\" src=\"https:\/\/escalerasbalaguer.com\/wp-content\/uploads\/elementor\/thumbs\/montaje-tramo-recto-pasarela--qieg8jwfowp0py5751rjfl58w4w5pr8bzfn2bd6ahs.jpg\" alt=\"montaje tramo recto pasarela\" class=\"wpr-anim-timing-ease-default\"><\/div><div class=\"wpr-grid-media-hover wpr-animation-wrap\"><div class=\"wpr-grid-media-hover-bg  wpr-overlay-fade-in wpr-anim-size-large wpr-anim-timing-ease-default wpr-anim-transparency\" data-url=\"https:\/\/escalerasbalaguer.com\/ca\/montaje-tramo-recto-pasarela-3\/\"><\/div><div class=\"wpr-cv-container\"><div class=\"wpr-cv-outer\"><div class=\"wpr-cv-inner\"><div class=\"wpr-grid-media-hover-middle elementor-clearfix\"><div class=\"wpr-grid-item-lightbox elementor-repeater-item-c56f1c6 wpr-grid-item-display-block wpr-grid-item-align-center wpr-element-fade-in wpr-anim-size-large wpr-anim-timing-ease-default wpr-anim-transparency\"><div class=\"inner-block\"><span data-src=\"https:\/\/escalerasbalaguer.com\/wp-content\/uploads\/2023\/11\/montaje-tramo-recto-pasarela-.jpg\"><i class=\"fas fa-search\"><\/i><\/span><div class=\"wpr-grid-lightbox-overlay\"><\/div><\/div><\/div><h2 class=\"wpr-grid-item-title elementor-repeater-item-615135a wpr-grid-item-display-block wpr-grid-item-align-center wpr-element-fade-in wpr-anim-size-large wpr-anim-timing-ease-default wpr-anim-transparency wpr-pointer-none wpr-pointer-line-fx wpr-pointer-fx-fade\"><div class=\"inner-block\"><a  href=\"https:\/\/escalerasbalaguer.com\/ca\/montaje-tramo-recto-pasarela-3\/\">montaje tramo recto pasarela<\/a><\/div><\/h2><\/div><\/div><\/div><\/div><\/div><\/div><\/div><\/article><article class=\"wpr-grid-item elementor-clearfix post-2209 attachment type-attachment status-inherit hentry\"><div class=\"wpr-grid-item-inner\"><div class=\"wpr-grid-media-wrap wpr-effect-size-small \"><div class=\"wpr-grid-image-wrap\" data-src=\"https:\/\/escalerasbalaguer.com\/wp-content\/uploads\/2023\/11\/Escalera-Emergencia-de-tramos-con-celosia-de-tubo-1-1.jpg\"><img decoding=\"async\" src=\"https:\/\/escalerasbalaguer.com\/wp-content\/uploads\/elementor\/thumbs\/Escalera-Emergencia-de-tramos-con-celosia-de-tubo-1-1-qieg83x6gq358kseqcuvr76esl2x2wgw98jt5ntzfk.jpg\" alt=\"Escalera Emergencia de tramos con celosia de tubo 1\" class=\"wpr-anim-timing-ease-default\"><\/div><div class=\"wpr-grid-media-hover wpr-animation-wrap\"><div class=\"wpr-grid-media-hover-bg  wpr-overlay-fade-in wpr-anim-size-large wpr-anim-timing-ease-default wpr-anim-transparency\" data-url=\"https:\/\/escalerasbalaguer.com\/ca\/escalera-emergencia-de-tramos-con-celosia-de-tubo-1-2-2\/\"><\/div><div class=\"wpr-cv-container\"><div class=\"wpr-cv-outer\"><div class=\"wpr-cv-inner\"><div class=\"wpr-grid-media-hover-middle elementor-clearfix\"><div class=\"wpr-grid-item-lightbox elementor-repeater-item-c56f1c6 wpr-grid-item-display-block wpr-grid-item-align-center wpr-element-fade-in wpr-anim-size-large wpr-anim-timing-ease-default wpr-anim-transparency\"><div class=\"inner-block\"><span data-src=\"https:\/\/escalerasbalaguer.com\/wp-content\/uploads\/2023\/11\/Escalera-Emergencia-de-tramos-con-celosia-de-tubo-1-1.jpg\"><i class=\"fas fa-search\"><\/i><\/span><div class=\"wpr-grid-lightbox-overlay\"><\/div><\/div><\/div><h2 class=\"wpr-grid-item-title elementor-repeater-item-615135a wpr-grid-item-display-block wpr-grid-item-align-center wpr-element-fade-in wpr-anim-size-large wpr-anim-timing-ease-default wpr-anim-transparency wpr-pointer-none wpr-pointer-line-fx wpr-pointer-fx-fade\"><div class=\"inner-block\"><a  href=\"https:\/\/escalerasbalaguer.com\/ca\/escalera-emergencia-de-tramos-con-celosia-de-tubo-1-2-2\/\">Escalera Emergencia de tramos con celosia de tubo 1<\/a><\/div><\/h2><\/div><\/div><\/div><\/div><\/div><\/div><\/div><\/article><article class=\"wpr-grid-item elementor-clearfix post-2212 attachment type-attachment status-inherit hentry\"><div class=\"wpr-grid-item-inner\"><div class=\"wpr-grid-media-wrap wpr-effect-size-small \"><div class=\"wpr-grid-image-wrap\" data-src=\"https:\/\/escalerasbalaguer.com\/wp-content\/uploads\/2023\/11\/Escalera-de-un-tramo-con-cerramiento-abajo.jpg\"><img decoding=\"async\" src=\"https:\/\/escalerasbalaguer.com\/wp-content\/uploads\/elementor\/thumbs\/Escalera-de-un-tramo-con-cerramiento-abajo-qieg7ovrfdik2te966cunaz1af51nqt6v641h8ga74.jpg\" alt=\"Escalera de un tramo con cerramiento abajo\" class=\"wpr-anim-timing-ease-default\"><\/div><div class=\"wpr-grid-media-hover wpr-animation-wrap\"><div class=\"wpr-grid-media-hover-bg  wpr-overlay-fade-in wpr-anim-size-large wpr-anim-timing-ease-default wpr-anim-transparency\" data-url=\"https:\/\/escalerasbalaguer.com\/ca\/escalera-de-un-tramo-con-cerramiento-abajo-3\/\"><\/div><div class=\"wpr-cv-container\"><div class=\"wpr-cv-outer\"><div class=\"wpr-cv-inner\"><div class=\"wpr-grid-media-hover-middle elementor-clearfix\"><div class=\"wpr-grid-item-lightbox elementor-repeater-item-c56f1c6 wpr-grid-item-display-block wpr-grid-item-align-center wpr-element-fade-in wpr-anim-size-large wpr-anim-timing-ease-default wpr-anim-transparency\"><div class=\"inner-block\"><span data-src=\"https:\/\/escalerasbalaguer.com\/wp-content\/uploads\/2023\/11\/Escalera-de-un-tramo-con-cerramiento-abajo.jpg\"><i class=\"fas fa-search\"><\/i><\/span><div class=\"wpr-grid-lightbox-overlay\"><\/div><\/div><\/div><h2 class=\"wpr-grid-item-title elementor-repeater-item-615135a wpr-grid-item-display-block wpr-grid-item-align-center wpr-element-fade-in wpr-anim-size-large wpr-anim-timing-ease-default wpr-anim-transparency wpr-pointer-none wpr-pointer-line-fx wpr-pointer-fx-fade\"><div class=\"inner-block\"><a  href=\"https:\/\/escalerasbalaguer.com\/ca\/escalera-de-un-tramo-con-cerramiento-abajo-3\/\">Escalera de un tramo con cerramiento abajo<\/a><\/div><\/h2><\/div><\/div><\/div><\/div><\/div><\/div><\/div><\/article><article class=\"wpr-grid-item elementor-clearfix post-2215 attachment type-attachment status-inherit hentry\"><div class=\"wpr-grid-item-inner\"><div class=\"wpr-grid-media-wrap wpr-effect-size-small \"><div class=\"wpr-grid-image-wrap\" data-src=\"https:\/\/escalerasbalaguer.com\/wp-content\/uploads\/2023\/11\/Escalera-Evacuacion-en-comunidad.jpg\"><img decoding=\"async\" src=\"https:\/\/escalerasbalaguer.com\/wp-content\/uploads\/elementor\/thumbs\/Escalera-Evacuacion-en-comunidad-qieg8e9ejwhasade1zbs0mkhbtnyfklxynq5fpenj4.jpg\" alt=\"Escalera Evacuacion en comunidad\" class=\"wpr-anim-timing-ease-default\"><\/div><div class=\"wpr-grid-media-hover wpr-animation-wrap\"><div class=\"wpr-grid-media-hover-bg  wpr-overlay-fade-in wpr-anim-size-large wpr-anim-timing-ease-default wpr-anim-transparency\" data-url=\"https:\/\/escalerasbalaguer.com\/ca\/escalera-evacuacion-en-comunidad-3\/\"><\/div><div class=\"wpr-cv-container\"><div class=\"wpr-cv-outer\"><div class=\"wpr-cv-inner\"><div class=\"wpr-grid-media-hover-middle elementor-clearfix\"><div class=\"wpr-grid-item-lightbox elementor-repeater-item-c56f1c6 wpr-grid-item-display-block wpr-grid-item-align-center wpr-element-fade-in wpr-anim-size-large wpr-anim-timing-ease-default wpr-anim-transparency\"><div class=\"inner-block\"><span data-src=\"https:\/\/escalerasbalaguer.com\/wp-content\/uploads\/2023\/11\/Escalera-Evacuacion-en-comunidad.jpg\"><i class=\"fas fa-search\"><\/i><\/span><div class=\"wpr-grid-lightbox-overlay\"><\/div><\/div><\/div><h2 class=\"wpr-grid-item-title elementor-repeater-item-615135a wpr-grid-item-display-block wpr-grid-item-align-center wpr-element-fade-in wpr-anim-size-large wpr-anim-timing-ease-default wpr-anim-transparency wpr-pointer-none wpr-pointer-line-fx wpr-pointer-fx-fade\"><div class=\"inner-block\"><a  href=\"https:\/\/escalerasbalaguer.com\/ca\/escalera-evacuacion-en-comunidad-3\/\">Escalera Evacuacion en comunidad<\/a><\/div><\/h2><\/div><\/div><\/div><\/div><\/div><\/div><\/div><\/article><article class=\"wpr-grid-item elementor-clearfix post-2218 attachment type-attachment status-inherit hentry\"><div class=\"wpr-grid-item-inner\"><div class=\"wpr-grid-media-wrap wpr-effect-size-small \"><div class=\"wpr-grid-image-wrap\" data-src=\"https:\/\/escalerasbalaguer.com\/wp-content\/uploads\/2023\/11\/Escalera-de-tramos-rectos-galvanizada.jpg\"><img decoding=\"async\" src=\"https:\/\/escalerasbalaguer.com\/wp-content\/uploads\/elementor\/thumbs\/Escalera-de-tramos-rectos-galvanizada-qieg7ovrfdik2te966cunaz1af51nqt6v641h8ga74.jpg\" alt=\"Escalera de tramos rectos galvanizada\" class=\"wpr-anim-timing-ease-default\"><\/div><div class=\"wpr-grid-media-hover wpr-animation-wrap\"><div class=\"wpr-grid-media-hover-bg  wpr-overlay-fade-in wpr-anim-size-large wpr-anim-timing-ease-default wpr-anim-transparency\" data-url=\"https:\/\/escalerasbalaguer.com\/ca\/escalera-de-tramos-rectos-galvanizada-2-2\/\"><\/div><div class=\"wpr-cv-container\"><div class=\"wpr-cv-outer\"><div class=\"wpr-cv-inner\"><div class=\"wpr-grid-media-hover-middle elementor-clearfix\"><div class=\"wpr-grid-item-lightbox elementor-repeater-item-c56f1c6 wpr-grid-item-display-block wpr-grid-item-align-center wpr-element-fade-in wpr-anim-size-large wpr-anim-timing-ease-default wpr-anim-transparency\"><div class=\"inner-block\"><span data-src=\"https:\/\/escalerasbalaguer.com\/wp-content\/uploads\/2023\/11\/Escalera-de-tramos-rectos-galvanizada.jpg\"><i class=\"fas fa-search\"><\/i><\/span><div class=\"wpr-grid-lightbox-overlay\"><\/div><\/div><\/div><h2 class=\"wpr-grid-item-title elementor-repeater-item-615135a wpr-grid-item-display-block wpr-grid-item-align-center wpr-element-fade-in wpr-anim-size-large wpr-anim-timing-ease-default wpr-anim-transparency wpr-pointer-none wpr-pointer-line-fx wpr-pointer-fx-fade\"><div class=\"inner-block\"><a  href=\"https:\/\/escalerasbalaguer.com\/ca\/escalera-de-tramos-rectos-galvanizada-2-2\/\">Escalera de tramos rectos galvanizada<\/a><\/div><\/h2><\/div><\/div><\/div><\/div><\/div><\/div><\/div><\/article><article class=\"wpr-grid-item elementor-clearfix post-2221 attachment type-attachment status-inherit hentry\"><div class=\"wpr-grid-item-inner\"><div class=\"wpr-grid-media-wrap wpr-effect-size-small \"><div class=\"wpr-grid-image-wrap\" data-src=\"https:\/\/escalerasbalaguer.com\/wp-content\/uploads\/2023\/11\/Escaler-de-Emergencia-de-tramos-con-celosia-tubo.jpg\"><img decoding=\"async\" src=\"https:\/\/escalerasbalaguer.com\/wp-content\/uploads\/elementor\/thumbs\/Escaler-de-Emergencia-de-tramos-con-celosia-tubo-qieg747b90q8ze8aixf24g6w7xyyyej3gbrcx5ay00.jpg\" alt=\"Escaler de Emergencia de tramos con celosia tubo\" class=\"wpr-anim-timing-ease-default\"><\/div><div class=\"wpr-grid-media-hover wpr-animation-wrap\"><div class=\"wpr-grid-media-hover-bg  wpr-overlay-fade-in wpr-anim-size-large wpr-anim-timing-ease-default wpr-anim-transparency\" data-url=\"https:\/\/escalerasbalaguer.com\/ca\/escaler-de-emergencia-de-tramos-con-celosia-tubo-3\/\"><\/div><div class=\"wpr-cv-container\"><div class=\"wpr-cv-outer\"><div class=\"wpr-cv-inner\"><div class=\"wpr-grid-media-hover-middle elementor-clearfix\"><div class=\"wpr-grid-item-lightbox elementor-repeater-item-c56f1c6 wpr-grid-item-display-block wpr-grid-item-align-center wpr-element-fade-in wpr-anim-size-large wpr-anim-timing-ease-default wpr-anim-transparency\"><div class=\"inner-block\"><span data-src=\"https:\/\/escalerasbalaguer.com\/wp-content\/uploads\/2023\/11\/Escaler-de-Emergencia-de-tramos-con-celosia-tubo.jpg\"><i class=\"fas fa-search\"><\/i><\/span><div class=\"wpr-grid-lightbox-overlay\"><\/div><\/div><\/div><h2 class=\"wpr-grid-item-title elementor-repeater-item-615135a wpr-grid-item-display-block wpr-grid-item-align-center wpr-element-fade-in wpr-anim-size-large wpr-anim-timing-ease-default wpr-anim-transparency wpr-pointer-none wpr-pointer-line-fx wpr-pointer-fx-fade\"><div class=\"inner-block\"><a  href=\"https:\/\/escalerasbalaguer.com\/ca\/escaler-de-emergencia-de-tramos-con-celosia-tubo-3\/\">Escaler de Emergencia de tramos con celosia tubo<\/a><\/div><\/h2><\/div><\/div><\/div><\/div><\/div><\/div><\/div><\/article><article class=\"wpr-grid-item elementor-clearfix post-2224 attachment type-attachment status-inherit hentry\"><div class=\"wpr-grid-item-inner\"><div class=\"wpr-grid-media-wrap wpr-effect-size-small \"><div class=\"wpr-grid-image-wrap\" data-src=\"https:\/\/escalerasbalaguer.com\/wp-content\/uploads\/2023\/11\/Escalera-de-tramos-con-cerramiento-de-chapa-.jpg\"><img decoding=\"async\" src=\"https:\/\/escalerasbalaguer.com\/wp-content\/uploads\/elementor\/thumbs\/Escalera-de-tramos-con-cerramiento-de-chapa--qieg7k6kh7c4grl2xmbpsu5qbhs7l9aj6ium2un928.jpg\" alt=\"Escalera de tramos con cerramiento de chapa\" class=\"wpr-anim-timing-ease-default\"><\/div><div class=\"wpr-grid-media-hover wpr-animation-wrap\"><div class=\"wpr-grid-media-hover-bg  wpr-overlay-fade-in wpr-anim-size-large wpr-anim-timing-ease-default wpr-anim-transparency\" data-url=\"https:\/\/escalerasbalaguer.com\/ca\/escalera-de-tramos-con-cerramiento-de-chapa-3\/\"><\/div><div class=\"wpr-cv-container\"><div class=\"wpr-cv-outer\"><div class=\"wpr-cv-inner\"><div class=\"wpr-grid-media-hover-middle elementor-clearfix\"><div class=\"wpr-grid-item-lightbox elementor-repeater-item-c56f1c6 wpr-grid-item-display-block wpr-grid-item-align-center wpr-element-fade-in wpr-anim-size-large wpr-anim-timing-ease-default wpr-anim-transparency\"><div class=\"inner-block\"><span data-src=\"https:\/\/escalerasbalaguer.com\/wp-content\/uploads\/2023\/11\/Escalera-de-tramos-con-cerramiento-de-chapa-.jpg\"><i class=\"fas fa-search\"><\/i><\/span><div class=\"wpr-grid-lightbox-overlay\"><\/div><\/div><\/div><h2 class=\"wpr-grid-item-title elementor-repeater-item-615135a wpr-grid-item-display-block wpr-grid-item-align-center wpr-element-fade-in wpr-anim-size-large wpr-anim-timing-ease-default wpr-anim-transparency wpr-pointer-none wpr-pointer-line-fx wpr-pointer-fx-fade\"><div class=\"inner-block\"><a  href=\"https:\/\/escalerasbalaguer.com\/ca\/escalera-de-tramos-con-cerramiento-de-chapa-3\/\">Escalera de tramos con cerramiento de chapa<\/a><\/div><\/h2><\/div><\/div><\/div><\/div><\/div><\/div><\/div><\/article><article class=\"wpr-grid-item elementor-clearfix post-2227 attachment type-attachment status-inherit hentry\"><div class=\"wpr-grid-item-inner\"><div class=\"wpr-grid-media-wrap wpr-effect-size-small \"><div class=\"wpr-grid-image-wrap\" data-src=\"https:\/\/escalerasbalaguer.com\/wp-content\/uploads\/2023\/11\/Escalera-de-tramos-peldanos.jpg\"><img decoding=\"async\" src=\"https:\/\/escalerasbalaguer.com\/wp-content\/uploads\/elementor\/thumbs\/Escalera-de-tramos-peldanos-qieg7m28uvep3zicmn4yxtoni9iy0nhzus5l1ekgps.jpg\" alt=\"Escalera de tramos -pelda\u00f1os\" class=\"wpr-anim-timing-ease-default\"><\/div><div class=\"wpr-grid-media-hover wpr-animation-wrap\"><div class=\"wpr-grid-media-hover-bg  wpr-overlay-fade-in wpr-anim-size-large wpr-anim-timing-ease-default wpr-anim-transparency\" data-url=\"https:\/\/escalerasbalaguer.com\/ca\/escalera-de-tramos-peldanos-3\/\"><\/div><div class=\"wpr-cv-container\"><div class=\"wpr-cv-outer\"><div class=\"wpr-cv-inner\"><div class=\"wpr-grid-media-hover-middle elementor-clearfix\"><div class=\"wpr-grid-item-lightbox elementor-repeater-item-c56f1c6 wpr-grid-item-display-block wpr-grid-item-align-center wpr-element-fade-in wpr-anim-size-large wpr-anim-timing-ease-default wpr-anim-transparency\"><div class=\"inner-block\"><span data-src=\"https:\/\/escalerasbalaguer.com\/wp-content\/uploads\/2023\/11\/Escalera-de-tramos-peldanos.jpg\"><i class=\"fas fa-search\"><\/i><\/span><div class=\"wpr-grid-lightbox-overlay\"><\/div><\/div><\/div><h2 class=\"wpr-grid-item-title elementor-repeater-item-615135a wpr-grid-item-display-block wpr-grid-item-align-center wpr-element-fade-in wpr-anim-size-large wpr-anim-timing-ease-default wpr-anim-transparency wpr-pointer-none wpr-pointer-line-fx wpr-pointer-fx-fade\"><div class=\"inner-block\"><a  href=\"https:\/\/escalerasbalaguer.com\/ca\/escalera-de-tramos-peldanos-3\/\">Escalera de tramos -pelda\u00f1os<\/a><\/div><\/h2><\/div><\/div><\/div><\/div><\/div><\/div><\/div><\/article><article class=\"wpr-grid-item elementor-clearfix post-2230 attachment type-attachment status-inherit hentry\"><div class=\"wpr-grid-item-inner\"><div class=\"wpr-grid-media-wrap wpr-effect-size-small \"><div class=\"wpr-grid-image-wrap\" data-src=\"https:\/\/escalerasbalaguer.com\/wp-content\/uploads\/2023\/11\/Escalera-de-Emergencia-de-tramos-.jpg\"><img decoding=\"async\" src=\"https:\/\/escalerasbalaguer.com\/wp-content\/uploads\/elementor\/thumbs\/Escalera-de-Emergencia-de-tramos--qieg7iaw3j9jtjnt8lignumt4q1h5v32i9jn4aq1eo.jpg\" alt=\"Escalera de Emergencia de tramos\" class=\"wpr-anim-timing-ease-default\"><\/div><div class=\"wpr-grid-media-hover wpr-animation-wrap\"><div class=\"wpr-grid-media-hover-bg  wpr-overlay-fade-in wpr-anim-size-large wpr-anim-timing-ease-default wpr-anim-transparency\" data-url=\"https:\/\/escalerasbalaguer.com\/ca\/escalera-de-emergencia-de-tramos-3\/\"><\/div><div class=\"wpr-cv-container\"><div class=\"wpr-cv-outer\"><div class=\"wpr-cv-inner\"><div class=\"wpr-grid-media-hover-middle elementor-clearfix\"><div class=\"wpr-grid-item-lightbox elementor-repeater-item-c56f1c6 wpr-grid-item-display-block wpr-grid-item-align-center wpr-element-fade-in wpr-anim-size-large wpr-anim-timing-ease-default wpr-anim-transparency\"><div class=\"inner-block\"><span data-src=\"https:\/\/escalerasbalaguer.com\/wp-content\/uploads\/2023\/11\/Escalera-de-Emergencia-de-tramos-.jpg\"><i class=\"fas fa-search\"><\/i><\/span><div class=\"wpr-grid-lightbox-overlay\"><\/div><\/div><\/div><h2 class=\"wpr-grid-item-title elementor-repeater-item-615135a wpr-grid-item-display-block wpr-grid-item-align-center wpr-element-fade-in wpr-anim-size-large wpr-anim-timing-ease-default wpr-anim-transparency wpr-pointer-none wpr-pointer-line-fx wpr-pointer-fx-fade\"><div class=\"inner-block\"><a  href=\"https:\/\/escalerasbalaguer.com\/ca\/escalera-de-emergencia-de-tramos-3\/\">Escalera de Emergencia de tramos<\/a><\/div><\/h2><\/div><\/div><\/div><\/div><\/div><\/div><\/div><\/article><article class=\"wpr-grid-item elementor-clearfix post-2233 attachment type-attachment status-inherit hentry\"><div class=\"wpr-grid-item-inner\"><div class=\"wpr-grid-media-wrap wpr-effect-size-small \"><div class=\"wpr-grid-image-wrap\" data-src=\"https:\/\/escalerasbalaguer.com\/wp-content\/uploads\/2023\/11\/Escalera-emergencia-de-tramos-con-cerramiento-de-chapa-.jpg\"><img decoding=\"async\" src=\"https:\/\/escalerasbalaguer.com\/wp-content\/uploads\/elementor\/thumbs\/Escalera-emergencia-de-tramos-con-cerramiento-de-chapa--qieg85suue5pvspofdo4w6pbzctniaocxhus47r734.jpg\" alt=\"Escalera emergencia de tramos con cerramiento de chapa\" class=\"wpr-anim-timing-ease-default\"><\/div><div class=\"wpr-grid-media-hover wpr-animation-wrap\"><div class=\"wpr-grid-media-hover-bg  wpr-overlay-fade-in wpr-anim-size-large wpr-anim-timing-ease-default wpr-anim-transparency\" data-url=\"https:\/\/escalerasbalaguer.com\/ca\/escalera-emergencia-de-tramos-con-cerramiento-de-chapa-3\/\"><\/div><div class=\"wpr-cv-container\"><div class=\"wpr-cv-outer\"><div class=\"wpr-cv-inner\"><div class=\"wpr-grid-media-hover-middle elementor-clearfix\"><div class=\"wpr-grid-item-lightbox elementor-repeater-item-c56f1c6 wpr-grid-item-display-block wpr-grid-item-align-center wpr-element-fade-in wpr-anim-size-large wpr-anim-timing-ease-default wpr-anim-transparency\"><div class=\"inner-block\"><span data-src=\"https:\/\/escalerasbalaguer.com\/wp-content\/uploads\/2023\/11\/Escalera-emergencia-de-tramos-con-cerramiento-de-chapa-.jpg\"><i class=\"fas fa-search\"><\/i><\/span><div class=\"wpr-grid-lightbox-overlay\"><\/div><\/div><\/div><h2 class=\"wpr-grid-item-title elementor-repeater-item-615135a wpr-grid-item-display-block wpr-grid-item-align-center wpr-element-fade-in wpr-anim-size-large wpr-anim-timing-ease-default wpr-anim-transparency wpr-pointer-none wpr-pointer-line-fx wpr-pointer-fx-fade\"><div class=\"inner-block\"><a  href=\"https:\/\/escalerasbalaguer.com\/ca\/escalera-emergencia-de-tramos-con-cerramiento-de-chapa-3\/\">Escalera emergencia de tramos con cerramiento de chapa<\/a><\/div><\/h2><\/div><\/div><\/div><\/div><\/div><\/div><\/div><\/article><article class=\"wpr-grid-item elementor-clearfix post-2236 attachment type-attachment status-inherit hentry\"><div class=\"wpr-grid-item-inner\"><div class=\"wpr-grid-media-wrap wpr-effect-size-small \"><div class=\"wpr-grid-image-wrap\" data-src=\"https:\/\/escalerasbalaguer.com\/wp-content\/uploads\/2023\/11\/Escalera-Emergencia-de-tramos-con-barandilla-chapa-lisa-.jpg\"><img decoding=\"async\" src=\"https:\/\/escalerasbalaguer.com\/wp-content\/uploads\/elementor\/thumbs\/Escalera-Emergencia-de-tramos-con-barandilla-chapa-lisa--qieg82zc9w1uwytrvug96pey777jv7d5x3wbodvdls.jpg\" alt=\"Escalera Emergencia de tramos &#8211; con barandilla chapa lisa\" class=\"wpr-anim-timing-ease-default\"><\/div><div class=\"wpr-grid-media-hover wpr-animation-wrap\"><div class=\"wpr-grid-media-hover-bg  wpr-overlay-fade-in wpr-anim-size-large wpr-anim-timing-ease-default wpr-anim-transparency\" data-url=\"https:\/\/escalerasbalaguer.com\/ca\/escalera-emergencia-de-tramos-con-barandilla-chapa-lisa-2-2\/\"><\/div><div class=\"wpr-cv-container\"><div class=\"wpr-cv-outer\"><div class=\"wpr-cv-inner\"><div class=\"wpr-grid-media-hover-middle elementor-clearfix\"><div class=\"wpr-grid-item-lightbox elementor-repeater-item-c56f1c6 wpr-grid-item-display-block wpr-grid-item-align-center wpr-element-fade-in wpr-anim-size-large wpr-anim-timing-ease-default wpr-anim-transparency\"><div class=\"inner-block\"><span data-src=\"https:\/\/escalerasbalaguer.com\/wp-content\/uploads\/2023\/11\/Escalera-Emergencia-de-tramos-con-barandilla-chapa-lisa-.jpg\"><i class=\"fas fa-search\"><\/i><\/span><div class=\"wpr-grid-lightbox-overlay\"><\/div><\/div><\/div><h2 class=\"wpr-grid-item-title elementor-repeater-item-615135a wpr-grid-item-display-block wpr-grid-item-align-center wpr-element-fade-in wpr-anim-size-large wpr-anim-timing-ease-default wpr-anim-transparency wpr-pointer-none wpr-pointer-line-fx wpr-pointer-fx-fade\"><div class=\"inner-block\"><a  href=\"https:\/\/escalerasbalaguer.com\/ca\/escalera-emergencia-de-tramos-con-barandilla-chapa-lisa-2-2\/\">Escalera Emergencia de tramos &#8211; con barandilla chapa lisa<\/a><\/div><\/h2><\/div><\/div><\/div><\/div><\/div><\/div><\/div><\/article><article class=\"wpr-grid-item elementor-clearfix post-3823 attachment type-attachment status-inherit hentry\"><div class=\"wpr-grid-item-inner\"><div class=\"wpr-grid-media-wrap wpr-effect-size-small \"><div class=\"wpr-grid-image-wrap\" data-src=\"https:\/\/escalerasbalaguer.com\/wp-content\/uploads\/2024\/03\/Escalera-Emergencia-con-Celosia.jpeg\"><img decoding=\"async\" src=\"https:\/\/escalerasbalaguer.com\/wp-content\/uploads\/elementor\/thumbs\/Escalera-Emergencia-con-Celosia-qltqzxjjdqisp8fvczb01a30u7t5set4t4kwpsz1r4.jpeg\" alt=\"Escalera Emergencia con Celosia\" class=\"wpr-anim-timing-ease-default\"><\/div><div class=\"wpr-grid-media-hover wpr-animation-wrap\"><div class=\"wpr-grid-media-hover-bg  wpr-overlay-fade-in wpr-anim-size-large wpr-anim-timing-ease-default wpr-anim-transparency\" data-url=\"https:\/\/escalerasbalaguer.com\/ca\/escalera-emergencia-con-celosia-2\/\"><\/div><div class=\"wpr-cv-container\"><div class=\"wpr-cv-outer\"><div class=\"wpr-cv-inner\"><div class=\"wpr-grid-media-hover-middle elementor-clearfix\"><div class=\"wpr-grid-item-lightbox elementor-repeater-item-c56f1c6 wpr-grid-item-display-block wpr-grid-item-align-center wpr-element-fade-in wpr-anim-size-large wpr-anim-timing-ease-default wpr-anim-transparency\"><div class=\"inner-block\"><span data-src=\"https:\/\/escalerasbalaguer.com\/wp-content\/uploads\/2024\/03\/Escalera-Emergencia-con-Celosia.jpeg\"><i class=\"fas fa-search\"><\/i><\/span><div class=\"wpr-grid-lightbox-overlay\"><\/div><\/div><\/div><h2 class=\"wpr-grid-item-title elementor-repeater-item-615135a wpr-grid-item-display-block wpr-grid-item-align-center wpr-element-fade-in wpr-anim-size-large wpr-anim-timing-ease-default wpr-anim-transparency wpr-pointer-none wpr-pointer-line-fx wpr-pointer-fx-fade\"><div class=\"inner-block\"><a  href=\"https:\/\/escalerasbalaguer.com\/ca\/escalera-emergencia-con-celosia-2\/\">Escalera Emergencia con Celosia<\/a><\/div><\/h2><\/div><\/div><\/div><\/div><\/div><\/div><\/div><\/article><\/section>\t\t<\/div>\n\t\t\t\t<\/div>\n\t\t\t\t\t<\/div>\n\t\t<\/div>\n\t\t\t\t\t\t\t<\/div>\n\t\t<\/section>\n\t\t\t\t\t\t\t<\/div>\n\t\t","protected":false},"excerpt":{"rendered":"<p>Escales d&#8217;Emerg\u00e8ncia Escales trams Escales Balaguer Escales emerg\u00e8ncia de Trams Rectes Col\u00b7lecci\u00f3 escales emerg\u00e8ncia trams Les escales d&#8217;emerg\u00e8ncia s\u00f3nelements essencials en la seguretat d&#8217;edificis i estructures. Aqu\u00ed hi ha algunes consideracions i recomanacions per al disseny d&#8217;escales d&#8217;emerg\u00e8ncia d&#8217;aquest tipus: Les escales hauran de complir amb totes les normatives i codis de construcci\u00f3 locals, regionals &hellip;<\/p>\n<p class=\"read-more\"> <a class=\"\" href=\"https:\/\/escalerasbalaguer.com\/ca\/escalera-emergencia-con-celosia-2\/\"> <span class=\"screen-reader-text\">Escalera Emergencia con Celosia<\/span> Read More \u00bb<\/a><\/p>\n","protected":false},"author":1,"featured_media":0,"parent":0,"menu_order":0,"comment_status":"closed","ping_status":"closed","template":"","meta":{"ub_ctt_via":"","site-sidebar-layout":"no-sidebar","site-content-layout":"page-builder","ast-site-content-layout":"full-width-container","site-content-style":"unboxed","site-sidebar-style":"unboxed","ast-global-header-display":"","ast-banner-title-visibility":"","ast-main-header-display":"","ast-hfb-above-header-display":"","ast-hfb-below-header-display":"","ast-hfb-mobile-header-display":"","site-post-title":"disabled","ast-breadcrumbs-content":"disabled","ast-featured-img":"disabled","footer-sml-layout":"","theme-transparent-header-meta":"enabled","adv-header-id-meta":"","stick-header-meta":"","header-above-stick-meta":"","header-main-stick-meta":"","header-below-stick-meta":"","astra-migrate-meta-layouts":"","ast-page-background-enabled":"default","ast-page-background-meta":{"desktop":{"background-color":"","background-image":"","background-repeat":"repeat","background-position":"center center","background-size":"auto","background-attachment":"scroll","background-type":"","background-media":"","overlay-type":"","overlay-color":"","overlay-gradient":""},"tablet":{"background-color":"","background-image":"","background-repeat":"repeat","background-position":"center center","background-size":"auto","background-attachment":"scroll","background-type":"","background-media":"","overlay-type":"","overlay-color":"","overlay-gradient":""},"mobile":{"background-color":"","background-image":"","background-repeat":"repeat","background-position":"center center","background-size":"auto","background-attachment":"scroll","background-type":"","background-media":"","overlay-type":"","overlay-color":"","overlay-gradient":""}},"ast-content-background-meta":{"desktop":{"background-color":"var(--ast-global-color-5)","background-image":"","background-repeat":"repeat","background-position":"center center","background-size":"auto","background-attachment":"scroll","background-type":"","background-media":"","overlay-type":"","overlay-color":"","overlay-gradient":""},"tablet":{"background-color":"var(--ast-global-color-5)","background-image":"","background-repeat":"repeat","background-position":"center center","background-size":"auto","background-attachment":"scroll","background-type":"","background-media":"","overlay-type":"","overlay-color":"","overlay-gradient":""},"mobile":{"background-color":"var(--ast-global-color-5)","background-image":"","background-repeat":"repeat","background-position":"center center","background-size":"auto","background-attachment":"scroll","background-type":"","background-media":"","overlay-type":"","overlay-color":"","overlay-gradient":""}},"footnotes":""},"class_list":["post-3414","page","type-page","status-publish","hentry"],"featured_image_src":"https:\/\/escalerasbalaguer.com\/wp-content\/uploads\/2024\/03\/Escalera-Emergencia-con-Celosia.jpeg","_links":{"self":[{"href":"https:\/\/escalerasbalaguer.com\/ca\/wp-json\/wp\/v2\/pages\/3414","targetHints":{"allow":["GET"]}}],"collection":[{"href":"https:\/\/escalerasbalaguer.com\/ca\/wp-json\/wp\/v2\/pages"}],"about":[{"href":"https:\/\/escalerasbalaguer.com\/ca\/wp-json\/wp\/v2\/types\/page"}],"author":[{"embeddable":true,"href":"https:\/\/escalerasbalaguer.com\/ca\/wp-json\/wp\/v2\/users\/1"}],"replies":[{"embeddable":true,"href":"https:\/\/escalerasbalaguer.com\/ca\/wp-json\/wp\/v2\/comments?post=3414"}],"version-history":[{"count":5,"href":"https:\/\/escalerasbalaguer.com\/ca\/wp-json\/wp\/v2\/pages\/3414\/revisions"}],"predecessor-version":[{"id":3931,"href":"https:\/\/escalerasbalaguer.com\/ca\/wp-json\/wp\/v2\/pages\/3414\/revisions\/3931"}],"wp:attachment":[{"href":"https:\/\/escalerasbalaguer.com\/ca\/wp-json\/wp\/v2\/media?parent=3414"}],"curies":[{"name":"wp","href":"https:\/\/api.w.org\/{rel}","templated":true}]}}