{"id":3217,"date":"2023-11-16T13:37:56","date_gmt":"2023-11-16T12:37:56","guid":{"rendered":"https:\/\/escalerasbalaguer.com\/escaliers-ouverts\/"},"modified":"2023-12-20T15:55:59","modified_gmt":"2023-12-20T14:55:59","slug":"escaliers-ouverts","status":"publish","type":"page","link":"https:\/\/escalerasbalaguer.com\/fr\/escaliers-ouverts\/","title":{"rendered":"Escaliers ouverts"},"content":{"rendered":"<p class=\"attachment\"><a href='https:\/\/escalerasbalaguer.com\/wp-content\/uploads\/2023\/11\/HABITARE-LISA_BARANDILLA-BARROTES.jpg'><img fetchpriority=\"high\" decoding=\"async\" width=\"169\" height=\"300\" src=\"https:\/\/escalerasbalaguer.com\/wp-content\/uploads\/2023\/11\/HABITARE-LISA_BARANDILLA-BARROTES-169x300.jpg\" class=\"attachment-medium size-medium\" alt=\"\" srcset=\"https:\/\/escalerasbalaguer.com\/wp-content\/uploads\/2023\/11\/HABITARE-LISA_BARANDILLA-BARROTES-169x300.jpg 169w, https:\/\/escalerasbalaguer.com\/wp-content\/uploads\/2023\/11\/HABITARE-LISA_BARANDILLA-BARROTES-576x1024.jpg 576w, https:\/\/escalerasbalaguer.com\/wp-content\/uploads\/2023\/11\/HABITARE-LISA_BARANDILLA-BARROTES-768x1366.jpg 768w, https:\/\/escalerasbalaguer.com\/wp-content\/uploads\/2023\/11\/HABITARE-LISA_BARANDILLA-BARROTES-864x1536.jpg 864w, https:\/\/escalerasbalaguer.com\/wp-content\/uploads\/2023\/11\/HABITARE-LISA_BARANDILLA-BARROTES.jpg 899w\" sizes=\"(max-width: 169px) 100vw, 169px\" \/><\/a><\/p>\n\t\t<div data-elementor-type=\"wp-page\" data-elementor-id=\"3217\" class=\"elementor elementor-3217 elementor-1468\">\n\t\t\t\t\t\t\t\t\t<section class=\"elementor-section elementor-top-section elementor-element elementor-element-01f2300 elementor-section-height-min-height elementor-section-boxed elementor-section-height-default elementor-section-items-middle wpr-particle-no wpr-jarallax-no wpr-parallax-no wpr-sticky-section-no\" data-id=\"01f2300\" data-element_type=\"section\" data-settings=\"{&quot;background_background&quot;:&quot;classic&quot;}\">\n\t\t\t\t\t\t\t<div class=\"elementor-background-overlay\"><\/div>\n\t\t\t\t\t\t\t<div class=\"elementor-container elementor-column-gap-no\">\n\t\t\t\t\t<div class=\"elementor-column elementor-col-100 elementor-top-column elementor-element elementor-element-d908717\" data-id=\"d908717\" data-element_type=\"column\">\n\t\t\t<div class=\"elementor-widget-wrap elementor-element-populated\">\n\t\t\t\t\t\t\t\t<div class=\"elementor-element elementor-element-a92d70e elementor-widget elementor-widget-heading\" data-id=\"a92d70e\" data-element_type=\"widget\" data-widget_type=\"heading.default\">\n\t\t\t\t<div class=\"elementor-widget-container\">\n\t\t\t<style>\/*! elementor - v3.17.0 - 08-11-2023 *\/\n.elementor-heading-title{padding:0;margin:0;line-height:1}.elementor-widget-heading .elementor-heading-title[class*=elementor-size-]>a{color:inherit;font-size:inherit;line-height:inherit}.elementor-widget-heading .elementor-heading-title.elementor-size-small{font-size:15px}.elementor-widget-heading .elementor-heading-title.elementor-size-medium{font-size:19px}.elementor-widget-heading .elementor-heading-title.elementor-size-large{font-size:29px}.elementor-widget-heading .elementor-heading-title.elementor-size-xl{font-size:39px}.elementor-widget-heading .elementor-heading-title.elementor-size-xxl{font-size:59px}<\/style><h6 class=\"elementor-heading-title elementor-size-default\">Escaliers de secours<\/h6>\t\t<\/div>\n\t\t\t\t<\/div>\n\t\t\t\t<div class=\"elementor-element elementor-element-39dcc49 elementor-widget elementor-widget-heading\" data-id=\"39dcc49\" data-element_type=\"widget\" data-widget_type=\"heading.default\">\n\t\t\t\t<div class=\"elementor-widget-container\">\n\t\t\t<h1 class=\"elementor-heading-title elementor-size-default\">Escaliers<\/h1>\t\t<\/div>\n\t\t\t\t<\/div>\n\t\t\t\t\t<\/div>\n\t\t<\/div>\n\t\t\t\t\t\t\t<\/div>\n\t\t<\/section>\n\t\t\t\t<section class=\"elementor-section elementor-top-section elementor-element elementor-element-fd2c89a elementor-section-content-top elementor-section-boxed elementor-section-height-default elementor-section-height-default wpr-particle-no wpr-jarallax-no wpr-parallax-no wpr-sticky-section-no\" data-id=\"fd2c89a\" data-element_type=\"section\" data-settings=\"{&quot;background_background&quot;:&quot;classic&quot;}\">\n\t\t\t\t\t\t<div class=\"elementor-container elementor-column-gap-no\">\n\t\t\t\t\t<div class=\"elementor-column elementor-col-50 elementor-top-column elementor-element elementor-element-080d528\" data-id=\"080d528\" data-element_type=\"column\">\n\t\t\t<div class=\"elementor-widget-wrap elementor-element-populated\">\n\t\t\t\t\t\t\t\t<div class=\"elementor-element elementor-element-fd20bc1 elementor-widget elementor-widget-heading\" data-id=\"fd20bc1\" data-element_type=\"widget\" data-widget_type=\"heading.default\">\n\t\t\t\t<div class=\"elementor-widget-container\">\n\t\t\t<h6 class=\"elementor-heading-title elementor-size-default\">Escaliers Balaguer<\/h6>\t\t<\/div>\n\t\t\t\t<\/div>\n\t\t\t\t<div class=\"elementor-element elementor-element-a2ee5ea elementor-widget elementor-widget-heading\" data-id=\"a2ee5ea\" data-element_type=\"widget\" data-widget_type=\"heading.default\">\n\t\t\t\t<div class=\"elementor-widget-container\">\n\t\t\t<h2 class=\"elementor-heading-title elementor-size-default\">Escaliers de\nSections droites<\/h2>\t\t<\/div>\n\t\t\t\t<\/div>\n\t\t\t\t\t<\/div>\n\t\t<\/div>\n\t\t\t\t<div class=\"elementor-column elementor-col-50 elementor-top-column elementor-element elementor-element-1615745\" data-id=\"1615745\" data-element_type=\"column\">\n\t\t\t<div class=\"elementor-widget-wrap elementor-element-populated\">\n\t\t\t\t\t\t\t\t<div class=\"elementor-element elementor-element-08301f0 elementor-widget elementor-widget-heading\" data-id=\"08301f0\" data-element_type=\"widget\" data-widget_type=\"heading.default\">\n\t\t\t\t<div class=\"elementor-widget-container\">\n\t\t\t<h5 class=\"elementor-heading-title elementor-size-default\">Collection d'escaliers<\/h5>\t\t<\/div>\n\t\t\t\t<\/div>\n\t\t\t\t<div class=\"elementor-element elementor-element-57238f9 elementor-widget elementor-widget-text-editor\" data-id=\"57238f9\" data-element_type=\"widget\" data-widget_type=\"text-editor.default\">\n\t\t\t\t<div class=\"elementor-widget-container\">\n\t\t\t<style>\/*! elementor - v3.17.0 - 08-11-2023 *\/\n.elementor-widget-text-editor.elementor-drop-cap-view-stacked .elementor-drop-cap{background-color:#69727d;color:#fff}.elementor-widget-text-editor.elementor-drop-cap-view-framed .elementor-drop-cap{color:#69727d;border:3px solid;background-color:transparent}.elementor-widget-text-editor:not(.elementor-drop-cap-view-default) .elementor-drop-cap{margin-top:8px}.elementor-widget-text-editor:not(.elementor-drop-cap-view-default) .elementor-drop-cap-letter{width:1em;height:1em}.elementor-widget-text-editor .elementor-drop-cap{float:left;text-align:center;line-height:1;font-size:50px}.elementor-widget-text-editor .elementor-drop-cap-letter{display:inline-block}<\/style>\t\t\t\t<p>Les escaliers \u00e0 vol\u00e9es droites sont des structures courantes dans les b\u00e2timents et les maisons. Ils sont constitu\u00e9s d&rsquo;une s\u00e9rie de marches dispos\u00e9es en ligne droite, sans virages ni courbes, ce qui facilite leur mont\u00e9e et leur descente. Leur conception simple et fonctionnelle les rend populaires dans les petits espaces, car ils prennent moins de place que les escaliers avec paliers ou courbes. Ces types d\u2019escaliers se retrouvent aussi bien \u00e0 l\u2019int\u00e9rieur qu\u2019\u00e0 l\u2019ext\u00e9rieur, permettant d\u2019acc\u00e9der efficacement aux diff\u00e9rents niveaux. Leur construction est g\u00e9n\u00e9ralement robuste et s\u00fbre, offrant un moyen pratique et direct de relier les niveaux dans n&rsquo;importe quelle structure architecturale.<\/p>\t\t\t\t\t\t<\/div>\n\t\t\t\t<\/div>\n\t\t\t\t\t<\/div>\n\t\t<\/div>\n\t\t\t\t\t\t\t<\/div>\n\t\t<\/section>\n\t\t\t\t<section class=\"elementor-section elementor-top-section elementor-element elementor-element-bd29b3b elementor-section-boxed elementor-section-height-default elementor-section-height-default wpr-particle-no wpr-jarallax-no wpr-parallax-no wpr-sticky-section-no\" data-id=\"bd29b3b\" data-element_type=\"section\">\n\t\t\t\t\t\t<div class=\"elementor-container elementor-column-gap-no\">\n\t\t\t\t\t<div class=\"elementor-column elementor-col-100 elementor-top-column elementor-element elementor-element-cf7be5c\" data-id=\"cf7be5c\" data-element_type=\"column\">\n\t\t\t<div class=\"elementor-widget-wrap elementor-element-populated\">\n\t\t\t\t\t\t\t\t<div class=\"elementor-element elementor-element-c77324d elementor-widget elementor-widget-heading\" data-id=\"c77324d\" data-element_type=\"widget\" data-widget_type=\"heading.default\">\n\t\t\t\t<div class=\"elementor-widget-container\">\n\t\t\t<h2 class=\"elementor-heading-title elementor-size-default\">Nos escaliers<\/h2>\t\t<\/div>\n\t\t\t\t<\/div>\n\t\t\t\t<div class=\"elementor-element elementor-element-43623bc wpr-grid-columns-4 wpr-grid-columns--tablet3 wpr-grid-columns--mobile1 elementor-widget elementor-widget-wpr-media-grid\" data-id=\"43623bc\" data-element_type=\"widget\" data-widget_type=\"wpr-media-grid.default\">\n\t\t\t\t<div class=\"elementor-widget-container\">\n\t\t\t<section class=\"wpr-grid wpr-media-grid elementor-clearfix\" data-settings=\"{&quot;layout&quot;:&quot;masonry&quot;,&quot;columns_desktop&quot;:&quot;4&quot;,&quot;gutter_hr&quot;:12,&quot;gutter_hr_mobile&quot;:12,&quot;gutter_hr_mobile_extra&quot;:12,&quot;gutter_hr_tablet&quot;:12,&quot;gutter_hr_tablet_extra&quot;:12,&quot;gutter_hr_laptop&quot;:12,&quot;gutter_hr_widescreen&quot;:12,&quot;gutter_vr&quot;:12,&quot;gutter_vr_mobile&quot;:12,&quot;gutter_vr_mobile_extra&quot;:12,&quot;gutter_vr_tablet&quot;:12,&quot;gutter_vr_tablet_extra&quot;:12,&quot;gutter_vr_laptop&quot;:12,&quot;gutter_vr_widescreen&quot;:12,&quot;animation&quot;:&quot;default&quot;,&quot;animation_duration&quot;:0.3,&quot;animation_delay&quot;:0.1,&quot;deeplinking&quot;:&quot;&quot;,&quot;filters_default_filter&quot;:&quot;&quot;,&quot;filters_linkable&quot;:&quot;no&quot;,&quot;filters_count&quot;:&quot;&quot;,&quot;filters_hide_empty&quot;:&quot;no&quot;,&quot;filters_animation&quot;:&quot;default&quot;,&quot;filters_animation_duration&quot;:0.3,&quot;filters_animation_delay&quot;:0.1,&quot;pagination_type&quot;:&quot;load-more&quot;,&quot;pagination_max_pages&quot;:1,&quot;lightbox&quot;:{&quot;selector&quot;:&quot;.wpr-grid-image-wrap&quot;,&quot;iframeMaxWidth&quot;:&quot;60%&quot;,&quot;hash&quot;:false,&quot;autoplay&quot;:&quot;true&quot;,&quot;pause&quot;:5000,&quot;progressBar&quot;:&quot;true&quot;,&quot;counter&quot;:&quot;true&quot;,&quot;controls&quot;:&quot;true&quot;,&quot;getCaptionFromTitleOrAlt&quot;:&quot;true&quot;,&quot;thumbnail&quot;:&quot;&quot;,&quot;showThumbByDefault&quot;:&quot;&quot;,&quot;share&quot;:&quot;&quot;,&quot;zoom&quot;:&quot;true&quot;,&quot;fullScreen&quot;:&quot;true&quot;,&quot;download&quot;:&quot;true&quot;}}\"><article class=\"wpr-grid-item elementor-clearfix post-2934 attachment type-attachment status-inherit hentry\"><div class=\"wpr-grid-item-inner\"><div class=\"wpr-grid-media-wrap wpr-effect-size-small \"><div class=\"wpr-grid-image-wrap\" data-src=\"https:\/\/escalerasbalaguer.com\/wp-content\/uploads\/2023\/11\/Escalera-Habitare-con-baranda-metalica.jpg\"><img decoding=\"async\" src=\"https:\/\/escalerasbalaguer.com\/wp-content\/uploads\/elementor\/thumbs\/Escalera-Habitare-con-baranda-metalica-qieg8f78qqil3wc0whqel4bxx7jbn9poasdmwzd9cw.jpg\" alt=\"Escalera Habitare con baranda metalica\" class=\"wpr-anim-timing-ease-default\"><\/div><div class=\"wpr-grid-media-hover wpr-animation-wrap\"><div class=\"wpr-grid-media-hover-bg  wpr-overlay-fade-in wpr-anim-size-large wpr-anim-timing-ease-default wpr-anim-transparency\" data-url=\"https:\/\/escalerasbalaguer.com\/fr\/escalera-habitare-con-baranda-metalica-2\/\"><\/div><div class=\"wpr-cv-container\"><div class=\"wpr-cv-outer\"><div class=\"wpr-cv-inner\"><div class=\"wpr-grid-media-hover-middle elementor-clearfix\"><div class=\"wpr-grid-item-lightbox elementor-repeater-item-c56f1c6 wpr-grid-item-display-block wpr-grid-item-align-center wpr-element-fade-in wpr-anim-size-large wpr-anim-timing-ease-default wpr-anim-transparency\"><div class=\"inner-block\"><span data-src=\"https:\/\/escalerasbalaguer.com\/wp-content\/uploads\/2023\/11\/Escalera-Habitare-con-baranda-metalica.jpg\"><i class=\"fas fa-search\"><\/i><\/span><div class=\"wpr-grid-lightbox-overlay\"><\/div><\/div><\/div><h2 class=\"wpr-grid-item-title elementor-repeater-item-615135a wpr-grid-item-display-block wpr-grid-item-align-center wpr-element-fade-in wpr-anim-size-large wpr-anim-timing-ease-default wpr-anim-transparency wpr-pointer-none wpr-pointer-line-fx wpr-pointer-fx-fade\"><div class=\"inner-block\"><a  href=\"https:\/\/escalerasbalaguer.com\/fr\/escalera-habitare-con-baranda-metalica-2\/\">Escalera Habitare con baranda metalica<\/a><\/div><\/h2><\/div><\/div><\/div><\/div><\/div><\/div><\/div><\/article><article class=\"wpr-grid-item elementor-clearfix post-2937 attachment type-attachment status-inherit hentry\"><div class=\"wpr-grid-item-inner\"><div class=\"wpr-grid-media-wrap wpr-effect-size-small \"><div class=\"wpr-grid-image-wrap\" data-src=\"https:\/\/escalerasbalaguer.com\/wp-content\/uploads\/2023\/11\/escalera-habitare-con-dos-zancas-lisas-barand-inox-.jpg\"><img decoding=\"async\" src=\"https:\/\/escalerasbalaguer.com\/wp-content\/uploads\/elementor\/thumbs\/escalera-habitare-con-dos-zancas-lisas-barand-inox--qieg8f78qqil3wc0whqel4bxx7jbn9poasdmwzd9cw.jpg\" alt=\"escalera habitare con dos zancas lisas &#8211; barand inox\" class=\"wpr-anim-timing-ease-default\"><\/div><div class=\"wpr-grid-media-hover wpr-animation-wrap\"><div class=\"wpr-grid-media-hover-bg  wpr-overlay-fade-in wpr-anim-size-large wpr-anim-timing-ease-default wpr-anim-transparency\" data-url=\"https:\/\/escalerasbalaguer.com\/fr\/escalera-habitare-con-dos-zancas-lisas-barand-inox-2\/\"><\/div><div class=\"wpr-cv-container\"><div class=\"wpr-cv-outer\"><div class=\"wpr-cv-inner\"><div class=\"wpr-grid-media-hover-middle elementor-clearfix\"><div class=\"wpr-grid-item-lightbox elementor-repeater-item-c56f1c6 wpr-grid-item-display-block wpr-grid-item-align-center wpr-element-fade-in wpr-anim-size-large wpr-anim-timing-ease-default wpr-anim-transparency\"><div class=\"inner-block\"><span data-src=\"https:\/\/escalerasbalaguer.com\/wp-content\/uploads\/2023\/11\/escalera-habitare-con-dos-zancas-lisas-barand-inox-.jpg\"><i class=\"fas fa-search\"><\/i><\/span><div class=\"wpr-grid-lightbox-overlay\"><\/div><\/div><\/div><h2 class=\"wpr-grid-item-title elementor-repeater-item-615135a wpr-grid-item-display-block wpr-grid-item-align-center wpr-element-fade-in wpr-anim-size-large wpr-anim-timing-ease-default wpr-anim-transparency wpr-pointer-none wpr-pointer-line-fx wpr-pointer-fx-fade\"><div class=\"inner-block\"><a  href=\"https:\/\/escalerasbalaguer.com\/fr\/escalera-habitare-con-dos-zancas-lisas-barand-inox-2\/\">escalera habitare con dos zancas lisas &#8211; barand inox<\/a><\/div><\/h2><\/div><\/div><\/div><\/div><\/div><\/div><\/div><\/article><article class=\"wpr-grid-item elementor-clearfix post-2940 attachment type-attachment status-inherit hentry\"><div class=\"wpr-grid-item-inner\"><div class=\"wpr-grid-media-wrap wpr-effect-size-small \"><div class=\"wpr-grid-image-wrap\" data-src=\"https:\/\/escalerasbalaguer.com\/wp-content\/uploads\/2023\/11\/Escalera-habitare-con-dos-zancas-lisas-exterior-con-peldanos-de-relig.jpg\"><img decoding=\"async\" src=\"https:\/\/escalerasbalaguer.com\/wp-content\/uploads\/elementor\/thumbs\/Escalera-habitare-con-dos-zancas-lisas-exterior-con-peldanos-de-relig-qieg8f78qqil3wc0whqel4bxx7jbn9poasdmwzd9cw.jpg\" alt=\"Escalera habitare con dos zancas lisas &#8211; exterior con pelda\u00f1os de relig\" class=\"wpr-anim-timing-ease-default\"><\/div><div class=\"wpr-grid-media-hover wpr-animation-wrap\"><div class=\"wpr-grid-media-hover-bg  wpr-overlay-fade-in wpr-anim-size-large wpr-anim-timing-ease-default wpr-anim-transparency\" data-url=\"https:\/\/escalerasbalaguer.com\/fr\/escalera-habitare-con-dos-zancas-lisas-exterior-con-peldanos-de-relig-2\/\"><\/div><div class=\"wpr-cv-container\"><div class=\"wpr-cv-outer\"><div class=\"wpr-cv-inner\"><div class=\"wpr-grid-media-hover-middle elementor-clearfix\"><div class=\"wpr-grid-item-lightbox elementor-repeater-item-c56f1c6 wpr-grid-item-display-block wpr-grid-item-align-center wpr-element-fade-in wpr-anim-size-large wpr-anim-timing-ease-default wpr-anim-transparency\"><div class=\"inner-block\"><span data-src=\"https:\/\/escalerasbalaguer.com\/wp-content\/uploads\/2023\/11\/Escalera-habitare-con-dos-zancas-lisas-exterior-con-peldanos-de-relig.jpg\"><i class=\"fas fa-search\"><\/i><\/span><div class=\"wpr-grid-lightbox-overlay\"><\/div><\/div><\/div><h2 class=\"wpr-grid-item-title elementor-repeater-item-615135a wpr-grid-item-display-block wpr-grid-item-align-center wpr-element-fade-in wpr-anim-size-large wpr-anim-timing-ease-default wpr-anim-transparency wpr-pointer-none wpr-pointer-line-fx wpr-pointer-fx-fade\"><div class=\"inner-block\"><a  href=\"https:\/\/escalerasbalaguer.com\/fr\/escalera-habitare-con-dos-zancas-lisas-exterior-con-peldanos-de-relig-2\/\">Escalera habitare con dos zancas lisas &#8211; exterior con pelda\u00f1os de relig<\/a><\/div><\/h2><\/div><\/div><\/div><\/div><\/div><\/div><\/div><\/article><article class=\"wpr-grid-item elementor-clearfix post-2943 attachment type-attachment status-inherit hentry\"><div class=\"wpr-grid-item-inner\"><div class=\"wpr-grid-media-wrap wpr-effect-size-small \"><div class=\"wpr-grid-image-wrap\" data-src=\"https:\/\/escalerasbalaguer.com\/wp-content\/uploads\/2023\/11\/Escalera-Habitare-exterior-para-vidrio-.jpg\"><img decoding=\"async\" src=\"https:\/\/escalerasbalaguer.com\/wp-content\/uploads\/elementor\/thumbs\/Escalera-Habitare-exterior-para-vidrio--qieg8g52xkjvfianr0515m3eileouytemx14e9bv6o.jpg\" alt=\"Escalera Habitare exterior para vidrio\" class=\"wpr-anim-timing-ease-default\"><\/div><div class=\"wpr-grid-media-hover wpr-animation-wrap\"><div class=\"wpr-grid-media-hover-bg  wpr-overlay-fade-in wpr-anim-size-large wpr-anim-timing-ease-default wpr-anim-transparency\" data-url=\"https:\/\/escalerasbalaguer.com\/fr\/escalera-habitare-exterior-para-vidrio-2\/\"><\/div><div class=\"wpr-cv-container\"><div class=\"wpr-cv-outer\"><div class=\"wpr-cv-inner\"><div class=\"wpr-grid-media-hover-middle elementor-clearfix\"><div class=\"wpr-grid-item-lightbox elementor-repeater-item-c56f1c6 wpr-grid-item-display-block wpr-grid-item-align-center wpr-element-fade-in wpr-anim-size-large wpr-anim-timing-ease-default wpr-anim-transparency\"><div class=\"inner-block\"><span data-src=\"https:\/\/escalerasbalaguer.com\/wp-content\/uploads\/2023\/11\/Escalera-Habitare-exterior-para-vidrio-.jpg\"><i class=\"fas fa-search\"><\/i><\/span><div class=\"wpr-grid-lightbox-overlay\"><\/div><\/div><\/div><h2 class=\"wpr-grid-item-title elementor-repeater-item-615135a wpr-grid-item-display-block wpr-grid-item-align-center wpr-element-fade-in wpr-anim-size-large wpr-anim-timing-ease-default wpr-anim-transparency wpr-pointer-none wpr-pointer-line-fx wpr-pointer-fx-fade\"><div class=\"inner-block\"><a  href=\"https:\/\/escalerasbalaguer.com\/fr\/escalera-habitare-exterior-para-vidrio-2\/\">Escalera Habitare exterior para vidrio<\/a><\/div><\/h2><\/div><\/div><\/div><\/div><\/div><\/div><\/div><\/article><article class=\"wpr-grid-item elementor-clearfix post-2946 attachment type-attachment status-inherit hentry\"><div class=\"wpr-grid-item-inner\"><div class=\"wpr-grid-media-wrap wpr-effect-size-small \"><div class=\"wpr-grid-image-wrap\" data-src=\"https:\/\/escalerasbalaguer.com\/wp-content\/uploads\/2023\/11\/Escalera-Habitare-lisa-para-vidrio-.jpg\"><img decoding=\"async\" src=\"https:\/\/escalerasbalaguer.com\/wp-content\/uploads\/elementor\/thumbs\/Escalera-Habitare-lisa-para-vidrio--qieg8g52xkjvfianr0515m3eileouytemx14e9bv6o.jpg\" alt=\"Escalera Habitare lisa para vidrio\" class=\"wpr-anim-timing-ease-default\"><\/div><div class=\"wpr-grid-media-hover wpr-animation-wrap\"><div class=\"wpr-grid-media-hover-bg  wpr-overlay-fade-in wpr-anim-size-large wpr-anim-timing-ease-default wpr-anim-transparency\" data-url=\"https:\/\/escalerasbalaguer.com\/fr\/escalera-habitare-lisa-para-vidrio-2\/\"><\/div><div class=\"wpr-cv-container\"><div class=\"wpr-cv-outer\"><div class=\"wpr-cv-inner\"><div class=\"wpr-grid-media-hover-middle elementor-clearfix\"><div class=\"wpr-grid-item-lightbox elementor-repeater-item-c56f1c6 wpr-grid-item-display-block wpr-grid-item-align-center wpr-element-fade-in wpr-anim-size-large wpr-anim-timing-ease-default wpr-anim-transparency\"><div class=\"inner-block\"><span data-src=\"https:\/\/escalerasbalaguer.com\/wp-content\/uploads\/2023\/11\/Escalera-Habitare-lisa-para-vidrio-.jpg\"><i class=\"fas fa-search\"><\/i><\/span><div class=\"wpr-grid-lightbox-overlay\"><\/div><\/div><\/div><h2 class=\"wpr-grid-item-title elementor-repeater-item-615135a wpr-grid-item-display-block wpr-grid-item-align-center wpr-element-fade-in wpr-anim-size-large wpr-anim-timing-ease-default wpr-anim-transparency wpr-pointer-none wpr-pointer-line-fx wpr-pointer-fx-fade\"><div class=\"inner-block\"><a  href=\"https:\/\/escalerasbalaguer.com\/fr\/escalera-habitare-lisa-para-vidrio-2\/\">Escalera Habitare lisa para vidrio<\/a><\/div><\/h2><\/div><\/div><\/div><\/div><\/div><\/div><\/div><\/article><article class=\"wpr-grid-item elementor-clearfix post-2949 attachment type-attachment status-inherit hentry\"><div class=\"wpr-grid-item-inner\"><div class=\"wpr-grid-media-wrap wpr-effect-size-small \"><div class=\"wpr-grid-image-wrap\" data-src=\"https:\/\/escalerasbalaguer.com\/wp-content\/uploads\/2023\/11\/Escalera-Habitare-preparada-para-vidrio.jpg\"><img decoding=\"async\" src=\"https:\/\/escalerasbalaguer.com\/wp-content\/uploads\/elementor\/thumbs\/Escalera-Habitare-preparada-para-vidrio-qieg8g52xkjvfianr0515m3eileouytemx14e9bv6o.jpg\" alt=\"Escalera Habitare preparada para vidrio\" class=\"wpr-anim-timing-ease-default\"><\/div><div class=\"wpr-grid-media-hover wpr-animation-wrap\"><div class=\"wpr-grid-media-hover-bg  wpr-overlay-fade-in wpr-anim-size-large wpr-anim-timing-ease-default wpr-anim-transparency\" data-url=\"https:\/\/escalerasbalaguer.com\/fr\/escalera-habitare-preparada-para-vidrio-2\/\"><\/div><div class=\"wpr-cv-container\"><div class=\"wpr-cv-outer\"><div class=\"wpr-cv-inner\"><div class=\"wpr-grid-media-hover-middle elementor-clearfix\"><div class=\"wpr-grid-item-lightbox elementor-repeater-item-c56f1c6 wpr-grid-item-display-block wpr-grid-item-align-center wpr-element-fade-in wpr-anim-size-large wpr-anim-timing-ease-default wpr-anim-transparency\"><div class=\"inner-block\"><span data-src=\"https:\/\/escalerasbalaguer.com\/wp-content\/uploads\/2023\/11\/Escalera-Habitare-preparada-para-vidrio.jpg\"><i class=\"fas fa-search\"><\/i><\/span><div class=\"wpr-grid-lightbox-overlay\"><\/div><\/div><\/div><h2 class=\"wpr-grid-item-title elementor-repeater-item-615135a wpr-grid-item-display-block wpr-grid-item-align-center wpr-element-fade-in wpr-anim-size-large wpr-anim-timing-ease-default wpr-anim-transparency wpr-pointer-none wpr-pointer-line-fx wpr-pointer-fx-fade\"><div class=\"inner-block\"><a  href=\"https:\/\/escalerasbalaguer.com\/fr\/escalera-habitare-preparada-para-vidrio-2\/\">Escalera Habitare preparada para vidrio<\/a><\/div><\/h2><\/div><\/div><\/div><\/div><\/div><\/div><\/div><\/article><article class=\"wpr-grid-item elementor-clearfix post-2952 attachment type-attachment status-inherit hentry\"><div class=\"wpr-grid-item-inner\"><div class=\"wpr-grid-media-wrap wpr-effect-size-small \"><div class=\"wpr-grid-image-wrap\" data-src=\"https:\/\/escalerasbalaguer.com\/wp-content\/uploads\/2023\/11\/Escalera-Habitare-Zanca-central-compensada-vista-por-debajo.jpg\"><img decoding=\"async\" src=\"https:\/\/escalerasbalaguer.com\/wp-content\/uploads\/elementor\/thumbs\/Escalera-Habitare-Zanca-central-compensada-vista-por-debajo-qieg8g52xkjvfianr0515m3eileouytemx14e9bv6o.jpg\" alt=\"Escalera Habitare Zanca central &#8211; compensada -vista por debajo\" class=\"wpr-anim-timing-ease-default\"><\/div><div class=\"wpr-grid-media-hover wpr-animation-wrap\"><div class=\"wpr-grid-media-hover-bg  wpr-overlay-fade-in wpr-anim-size-large wpr-anim-timing-ease-default wpr-anim-transparency\" data-url=\"https:\/\/escalerasbalaguer.com\/fr\/escalera-habitare-zanca-central-compensada-vista-por-debajo-2\/\"><\/div><div class=\"wpr-cv-container\"><div class=\"wpr-cv-outer\"><div class=\"wpr-cv-inner\"><div class=\"wpr-grid-media-hover-middle elementor-clearfix\"><div class=\"wpr-grid-item-lightbox elementor-repeater-item-c56f1c6 wpr-grid-item-display-block wpr-grid-item-align-center wpr-element-fade-in wpr-anim-size-large wpr-anim-timing-ease-default wpr-anim-transparency\"><div class=\"inner-block\"><span data-src=\"https:\/\/escalerasbalaguer.com\/wp-content\/uploads\/2023\/11\/Escalera-Habitare-Zanca-central-compensada-vista-por-debajo.jpg\"><i class=\"fas fa-search\"><\/i><\/span><div class=\"wpr-grid-lightbox-overlay\"><\/div><\/div><\/div><h2 class=\"wpr-grid-item-title elementor-repeater-item-615135a wpr-grid-item-display-block wpr-grid-item-align-center wpr-element-fade-in wpr-anim-size-large wpr-anim-timing-ease-default wpr-anim-transparency wpr-pointer-none wpr-pointer-line-fx wpr-pointer-fx-fade\"><div class=\"inner-block\"><a  href=\"https:\/\/escalerasbalaguer.com\/fr\/escalera-habitare-zanca-central-compensada-vista-por-debajo-2\/\">Escalera Habitare Zanca central &#8211; compensada -vista por debajo<\/a><\/div><\/h2><\/div><\/div><\/div><\/div><\/div><\/div><\/div><\/article><article class=\"wpr-grid-item elementor-clearfix post-2955 attachment type-attachment status-inherit hentry\"><div class=\"wpr-grid-item-inner\"><div class=\"wpr-grid-media-wrap wpr-effect-size-small \"><div class=\"wpr-grid-image-wrap\" data-src=\"https:\/\/escalerasbalaguer.com\/wp-content\/uploads\/2023\/11\/Escalera-Habitare-Zanca-central-compensada.jpg\"><img decoding=\"async\" src=\"https:\/\/escalerasbalaguer.com\/wp-content\/uploads\/elementor\/thumbs\/Escalera-Habitare-Zanca-central-compensada-qieg8g52xkjvfianr0515m3eileouytemx14e9bv6o.jpg\" alt=\"Escalera Habitare Zanca central &#8211; compensada\" class=\"wpr-anim-timing-ease-default\"><\/div><div class=\"wpr-grid-media-hover wpr-animation-wrap\"><div class=\"wpr-grid-media-hover-bg  wpr-overlay-fade-in wpr-anim-size-large wpr-anim-timing-ease-default wpr-anim-transparency\" data-url=\"https:\/\/escalerasbalaguer.com\/fr\/escalera-habitare-zanca-central-compensada-2\/\"><\/div><div class=\"wpr-cv-container\"><div class=\"wpr-cv-outer\"><div class=\"wpr-cv-inner\"><div class=\"wpr-grid-media-hover-middle elementor-clearfix\"><div class=\"wpr-grid-item-lightbox elementor-repeater-item-c56f1c6 wpr-grid-item-display-block wpr-grid-item-align-center wpr-element-fade-in wpr-anim-size-large wpr-anim-timing-ease-default wpr-anim-transparency\"><div class=\"inner-block\"><span data-src=\"https:\/\/escalerasbalaguer.com\/wp-content\/uploads\/2023\/11\/Escalera-Habitare-Zanca-central-compensada.jpg\"><i class=\"fas fa-search\"><\/i><\/span><div class=\"wpr-grid-lightbox-overlay\"><\/div><\/div><\/div><h2 class=\"wpr-grid-item-title elementor-repeater-item-615135a wpr-grid-item-display-block wpr-grid-item-align-center wpr-element-fade-in wpr-anim-size-large wpr-anim-timing-ease-default wpr-anim-transparency wpr-pointer-none wpr-pointer-line-fx wpr-pointer-fx-fade\"><div class=\"inner-block\"><a  href=\"https:\/\/escalerasbalaguer.com\/fr\/escalera-habitare-zanca-central-compensada-2\/\">Escalera Habitare Zanca central &#8211; compensada<\/a><\/div><\/h2><\/div><\/div><\/div><\/div><\/div><\/div><\/div><\/article><article class=\"wpr-grid-item elementor-clearfix post-2958 attachment type-attachment status-inherit hentry\"><div class=\"wpr-grid-item-inner\"><div class=\"wpr-grid-media-wrap wpr-effect-size-small \"><div class=\"wpr-grid-image-wrap\" data-src=\"https:\/\/escalerasbalaguer.com\/wp-content\/uploads\/2023\/11\/Escalera-Habitare-Zanca-central-tramos-rectos-scaled.jpg\"><img decoding=\"async\" src=\"https:\/\/escalerasbalaguer.com\/wp-content\/uploads\/elementor\/thumbs\/Escalera-Habitare-Zanca-central-tramos-rectos-scaled-qieg8g52xkjvfianr0515m3eileouytemx14e9bv6o.jpg\" alt=\"Escalera Habitare Zanca central &#8211; tramos rectos\" class=\"wpr-anim-timing-ease-default\"><\/div><div class=\"wpr-grid-media-hover wpr-animation-wrap\"><div class=\"wpr-grid-media-hover-bg  wpr-overlay-fade-in wpr-anim-size-large wpr-anim-timing-ease-default wpr-anim-transparency\" data-url=\"https:\/\/escalerasbalaguer.com\/fr\/escalera-habitare-zanca-central-tramos-rectos-2\/\"><\/div><div class=\"wpr-cv-container\"><div class=\"wpr-cv-outer\"><div class=\"wpr-cv-inner\"><div class=\"wpr-grid-media-hover-middle elementor-clearfix\"><div class=\"wpr-grid-item-lightbox elementor-repeater-item-c56f1c6 wpr-grid-item-display-block wpr-grid-item-align-center wpr-element-fade-in wpr-anim-size-large wpr-anim-timing-ease-default wpr-anim-transparency\"><div class=\"inner-block\"><span data-src=\"https:\/\/escalerasbalaguer.com\/wp-content\/uploads\/2023\/11\/Escalera-Habitare-Zanca-central-tramos-rectos-scaled.jpg\"><i class=\"fas fa-search\"><\/i><\/span><div class=\"wpr-grid-lightbox-overlay\"><\/div><\/div><\/div><h2 class=\"wpr-grid-item-title elementor-repeater-item-615135a wpr-grid-item-display-block wpr-grid-item-align-center wpr-element-fade-in wpr-anim-size-large wpr-anim-timing-ease-default wpr-anim-transparency wpr-pointer-none wpr-pointer-line-fx wpr-pointer-fx-fade\"><div class=\"inner-block\"><a  href=\"https:\/\/escalerasbalaguer.com\/fr\/escalera-habitare-zanca-central-tramos-rectos-2\/\">Escalera Habitare Zanca central &#8211; tramos rectos<\/a><\/div><\/h2><\/div><\/div><\/div><\/div><\/div><\/div><\/div><\/article><article class=\"wpr-grid-item elementor-clearfix post-2961 attachment type-attachment status-inherit hentry\"><div class=\"wpr-grid-item-inner\"><div class=\"wpr-grid-media-wrap wpr-effect-size-small \"><div class=\"wpr-grid-image-wrap\" data-src=\"https:\/\/escalerasbalaguer.com\/wp-content\/uploads\/2023\/11\/Escalera-Recta-Puzzle-.jpg\"><img decoding=\"async\" src=\"https:\/\/escalerasbalaguer.com\/wp-content\/uploads\/elementor\/thumbs\/Escalera-Recta-Puzzle--qieg8i0rb8mg2q7xg0yaalmbpd5fad0vb6c3ct92u8.jpg\" alt=\"Escalera Recta Puzzle\" class=\"wpr-anim-timing-ease-default\"><\/div><div class=\"wpr-grid-media-hover wpr-animation-wrap\"><div class=\"wpr-grid-media-hover-bg  wpr-overlay-fade-in wpr-anim-size-large wpr-anim-timing-ease-default wpr-anim-transparency\" data-url=\"https:\/\/escalerasbalaguer.com\/fr\/escalera-recta-puzzle-2\/\"><\/div><div class=\"wpr-cv-container\"><div class=\"wpr-cv-outer\"><div class=\"wpr-cv-inner\"><div class=\"wpr-grid-media-hover-middle elementor-clearfix\"><div class=\"wpr-grid-item-lightbox elementor-repeater-item-c56f1c6 wpr-grid-item-display-block wpr-grid-item-align-center wpr-element-fade-in wpr-anim-size-large wpr-anim-timing-ease-default wpr-anim-transparency\"><div class=\"inner-block\"><span data-src=\"https:\/\/escalerasbalaguer.com\/wp-content\/uploads\/2023\/11\/Escalera-Recta-Puzzle-.jpg\"><i class=\"fas fa-search\"><\/i><\/span><div class=\"wpr-grid-lightbox-overlay\"><\/div><\/div><\/div><h2 class=\"wpr-grid-item-title elementor-repeater-item-615135a wpr-grid-item-display-block wpr-grid-item-align-center wpr-element-fade-in wpr-anim-size-large wpr-anim-timing-ease-default wpr-anim-transparency wpr-pointer-none wpr-pointer-line-fx wpr-pointer-fx-fade\"><div class=\"inner-block\"><a  href=\"https:\/\/escalerasbalaguer.com\/fr\/escalera-recta-puzzle-2\/\">Escalera Recta Puzzle<\/a><\/div><\/h2><\/div><\/div><\/div><\/div><\/div><\/div><\/div><\/article><article class=\"wpr-grid-item elementor-clearfix post-2964 attachment type-attachment status-inherit hentry\"><div class=\"wpr-grid-item-inner\"><div class=\"wpr-grid-media-wrap wpr-effect-size-small \"><div class=\"wpr-grid-image-wrap\" data-src=\"https:\/\/escalerasbalaguer.com\/wp-content\/uploads\/2023\/11\/Escalera-Recta-PUZZLE-corta.jpg\"><img decoding=\"async\" src=\"https:\/\/escalerasbalaguer.com\/wp-content\/uploads\/elementor\/thumbs\/Escalera-Recta-PUZZLE-corta-qieg8i0rb8mg2q7xg0yaalmbpd5fad0vb6c3ct92u8.jpg\" alt=\"Escalera Recta PUZZLE corta\" class=\"wpr-anim-timing-ease-default\"><\/div><div class=\"wpr-grid-media-hover wpr-animation-wrap\"><div class=\"wpr-grid-media-hover-bg  wpr-overlay-fade-in wpr-anim-size-large wpr-anim-timing-ease-default wpr-anim-transparency\" data-url=\"https:\/\/escalerasbalaguer.com\/fr\/escalera-recta-puzzle-corta-2\/\"><\/div><div class=\"wpr-cv-container\"><div class=\"wpr-cv-outer\"><div class=\"wpr-cv-inner\"><div class=\"wpr-grid-media-hover-middle elementor-clearfix\"><div class=\"wpr-grid-item-lightbox elementor-repeater-item-c56f1c6 wpr-grid-item-display-block wpr-grid-item-align-center wpr-element-fade-in wpr-anim-size-large wpr-anim-timing-ease-default wpr-anim-transparency\"><div class=\"inner-block\"><span data-src=\"https:\/\/escalerasbalaguer.com\/wp-content\/uploads\/2023\/11\/Escalera-Recta-PUZZLE-corta.jpg\"><i class=\"fas fa-search\"><\/i><\/span><div class=\"wpr-grid-lightbox-overlay\"><\/div><\/div><\/div><h2 class=\"wpr-grid-item-title elementor-repeater-item-615135a wpr-grid-item-display-block wpr-grid-item-align-center wpr-element-fade-in wpr-anim-size-large wpr-anim-timing-ease-default wpr-anim-transparency wpr-pointer-none wpr-pointer-line-fx wpr-pointer-fx-fade\"><div class=\"inner-block\"><a  href=\"https:\/\/escalerasbalaguer.com\/fr\/escalera-recta-puzzle-corta-2\/\">Escalera Recta PUZZLE corta<\/a><\/div><\/h2><\/div><\/div><\/div><\/div><\/div><\/div><\/div><\/article><article class=\"wpr-grid-item elementor-clearfix post-2967 attachment type-attachment status-inherit hentry\"><div class=\"wpr-grid-item-inner\"><div class=\"wpr-grid-media-wrap wpr-effect-size-small \"><div class=\"wpr-grid-image-wrap\" data-src=\"https:\/\/escalerasbalaguer.com\/wp-content\/uploads\/2023\/11\/Escalera-Recta-Puzzle.vista-frontal.jpg\"><img decoding=\"async\" src=\"https:\/\/escalerasbalaguer.com\/wp-content\/uploads\/elementor\/thumbs\/Escalera-Recta-Puzzle.vista-frontal-qieg8i0rb8mg2q7xg0yaalmbpd5fad0vb6c3ct92u8.jpg\" alt=\"Escalera Recta Puzzle.vista frontal\" class=\"wpr-anim-timing-ease-default\"><\/div><div class=\"wpr-grid-media-hover wpr-animation-wrap\"><div class=\"wpr-grid-media-hover-bg  wpr-overlay-fade-in wpr-anim-size-large wpr-anim-timing-ease-default wpr-anim-transparency\" data-url=\"https:\/\/escalerasbalaguer.com\/fr\/escalera-recta-puzzle-vista-frontal-2\/\"><\/div><div class=\"wpr-cv-container\"><div class=\"wpr-cv-outer\"><div class=\"wpr-cv-inner\"><div class=\"wpr-grid-media-hover-middle elementor-clearfix\"><div class=\"wpr-grid-item-lightbox elementor-repeater-item-c56f1c6 wpr-grid-item-display-block wpr-grid-item-align-center wpr-element-fade-in wpr-anim-size-large wpr-anim-timing-ease-default wpr-anim-transparency\"><div class=\"inner-block\"><span data-src=\"https:\/\/escalerasbalaguer.com\/wp-content\/uploads\/2023\/11\/Escalera-Recta-Puzzle.vista-frontal.jpg\"><i class=\"fas fa-search\"><\/i><\/span><div class=\"wpr-grid-lightbox-overlay\"><\/div><\/div><\/div><h2 class=\"wpr-grid-item-title elementor-repeater-item-615135a wpr-grid-item-display-block wpr-grid-item-align-center wpr-element-fade-in wpr-anim-size-large wpr-anim-timing-ease-default wpr-anim-transparency wpr-pointer-none wpr-pointer-line-fx wpr-pointer-fx-fade\"><div class=\"inner-block\"><a  href=\"https:\/\/escalerasbalaguer.com\/fr\/escalera-recta-puzzle-vista-frontal-2\/\">Escalera Recta Puzzle.vista frontal<\/a><\/div><\/h2><\/div><\/div><\/div><\/div><\/div><\/div><\/div><\/article><article class=\"wpr-grid-item elementor-clearfix post-2970 attachment type-attachment status-inherit hentry\"><div class=\"wpr-grid-item-inner\"><div class=\"wpr-grid-media-wrap wpr-effect-size-small \"><div class=\"wpr-grid-image-wrap\" data-src=\"https:\/\/escalerasbalaguer.com\/wp-content\/uploads\/2023\/11\/Escaleras-con-dos-zancas-laterales-54.42.jpeg\"><img decoding=\"async\" src=\"https:\/\/escalerasbalaguer.com\/wp-content\/uploads\/elementor\/thumbs\/Escaleras-con-dos-zancas-laterales-54.42-qieg8iyli2nqec6kajcwv3dsar0si24lnazku37oo0.jpeg\" alt=\"Escaleras con dos zancas laterales 54.42\" class=\"wpr-anim-timing-ease-default\"><\/div><div class=\"wpr-grid-media-hover wpr-animation-wrap\"><div class=\"wpr-grid-media-hover-bg  wpr-overlay-fade-in wpr-anim-size-large wpr-anim-timing-ease-default wpr-anim-transparency\" data-url=\"https:\/\/escalerasbalaguer.com\/fr\/escaleras-con-dos-zancas-laterales-54-42-2\/\"><\/div><div class=\"wpr-cv-container\"><div class=\"wpr-cv-outer\"><div class=\"wpr-cv-inner\"><div class=\"wpr-grid-media-hover-middle elementor-clearfix\"><div class=\"wpr-grid-item-lightbox elementor-repeater-item-c56f1c6 wpr-grid-item-display-block wpr-grid-item-align-center wpr-element-fade-in wpr-anim-size-large wpr-anim-timing-ease-default wpr-anim-transparency\"><div class=\"inner-block\"><span data-src=\"https:\/\/escalerasbalaguer.com\/wp-content\/uploads\/2023\/11\/Escaleras-con-dos-zancas-laterales-54.42.jpeg\"><i class=\"fas fa-search\"><\/i><\/span><div class=\"wpr-grid-lightbox-overlay\"><\/div><\/div><\/div><h2 class=\"wpr-grid-item-title elementor-repeater-item-615135a wpr-grid-item-display-block wpr-grid-item-align-center wpr-element-fade-in wpr-anim-size-large wpr-anim-timing-ease-default wpr-anim-transparency wpr-pointer-none wpr-pointer-line-fx wpr-pointer-fx-fade\"><div class=\"inner-block\"><a  href=\"https:\/\/escalerasbalaguer.com\/fr\/escaleras-con-dos-zancas-laterales-54-42-2\/\">Escaleras con dos zancas laterales 54.42<\/a><\/div><\/h2><\/div><\/div><\/div><\/div><\/div><\/div><\/div><\/article><article class=\"wpr-grid-item elementor-clearfix post-2973 attachment type-attachment status-inherit hentry\"><div class=\"wpr-grid-item-inner\"><div class=\"wpr-grid-media-wrap wpr-effect-size-small \"><div class=\"wpr-grid-image-wrap\" data-src=\"https:\/\/escalerasbalaguer.com\/wp-content\/uploads\/2023\/11\/Habitare-Lisa-con-contrahuella-y-madera-010.jpg\"><img decoding=\"async\" src=\"https:\/\/escalerasbalaguer.com\/wp-content\/uploads\/elementor\/thumbs\/Habitare-Lisa-con-contrahuella-y-madera-010-qieg8iyli2nqec6kajcwv3dsar0si24lnazku37oo0.jpg\" alt=\"Habitare Lisa con contrahuella y madera 010\" class=\"wpr-anim-timing-ease-default\"><\/div><div class=\"wpr-grid-media-hover wpr-animation-wrap\"><div class=\"wpr-grid-media-hover-bg  wpr-overlay-fade-in wpr-anim-size-large wpr-anim-timing-ease-default wpr-anim-transparency\" data-url=\"https:\/\/escalerasbalaguer.com\/fr\/habitare-lisa-con-contrahuella-y-madera-010-2\/\"><\/div><div class=\"wpr-cv-container\"><div class=\"wpr-cv-outer\"><div class=\"wpr-cv-inner\"><div class=\"wpr-grid-media-hover-middle elementor-clearfix\"><div class=\"wpr-grid-item-lightbox elementor-repeater-item-c56f1c6 wpr-grid-item-display-block wpr-grid-item-align-center wpr-element-fade-in wpr-anim-size-large wpr-anim-timing-ease-default wpr-anim-transparency\"><div class=\"inner-block\"><span data-src=\"https:\/\/escalerasbalaguer.com\/wp-content\/uploads\/2023\/11\/Habitare-Lisa-con-contrahuella-y-madera-010.jpg\"><i class=\"fas fa-search\"><\/i><\/span><div class=\"wpr-grid-lightbox-overlay\"><\/div><\/div><\/div><h2 class=\"wpr-grid-item-title elementor-repeater-item-615135a wpr-grid-item-display-block wpr-grid-item-align-center wpr-element-fade-in wpr-anim-size-large wpr-anim-timing-ease-default wpr-anim-transparency wpr-pointer-none wpr-pointer-line-fx wpr-pointer-fx-fade\"><div class=\"inner-block\"><a  href=\"https:\/\/escalerasbalaguer.com\/fr\/habitare-lisa-con-contrahuella-y-madera-010-2\/\">Habitare Lisa con contrahuella y madera 010<\/a><\/div><\/h2><\/div><\/div><\/div><\/div><\/div><\/div><\/div><\/article><article class=\"wpr-grid-item elementor-clearfix post-2976 attachment type-attachment status-inherit hentry\"><div class=\"wpr-grid-item-inner\"><div class=\"wpr-grid-media-wrap wpr-effect-size-small \"><div class=\"wpr-grid-image-wrap\" data-src=\"https:\/\/escalerasbalaguer.com\/wp-content\/uploads\/2023\/11\/habitare-lisa-recta_barrotes.jpg\"><img decoding=\"async\" src=\"https:\/\/escalerasbalaguer.com\/wp-content\/uploads\/elementor\/thumbs\/habitare-lisa-recta_barrotes-qieg8iyli2nqec6kajcwv3dsar0si24lnazku37oo0.jpg\" alt=\"habitare lisa recta_barrotes\" class=\"wpr-anim-timing-ease-default\"><\/div><div class=\"wpr-grid-media-hover wpr-animation-wrap\"><div class=\"wpr-grid-media-hover-bg  wpr-overlay-fade-in wpr-anim-size-large wpr-anim-timing-ease-default wpr-anim-transparency\" data-url=\"https:\/\/escalerasbalaguer.com\/fr\/habitare-lisa-recta_barrotes-2\/\"><\/div><div class=\"wpr-cv-container\"><div class=\"wpr-cv-outer\"><div class=\"wpr-cv-inner\"><div class=\"wpr-grid-media-hover-middle elementor-clearfix\"><div class=\"wpr-grid-item-lightbox elementor-repeater-item-c56f1c6 wpr-grid-item-display-block wpr-grid-item-align-center wpr-element-fade-in wpr-anim-size-large wpr-anim-timing-ease-default wpr-anim-transparency\"><div class=\"inner-block\"><span data-src=\"https:\/\/escalerasbalaguer.com\/wp-content\/uploads\/2023\/11\/habitare-lisa-recta_barrotes.jpg\"><i class=\"fas fa-search\"><\/i><\/span><div class=\"wpr-grid-lightbox-overlay\"><\/div><\/div><\/div><h2 class=\"wpr-grid-item-title elementor-repeater-item-615135a wpr-grid-item-display-block wpr-grid-item-align-center wpr-element-fade-in wpr-anim-size-large wpr-anim-timing-ease-default wpr-anim-transparency wpr-pointer-none wpr-pointer-line-fx wpr-pointer-fx-fade\"><div class=\"inner-block\"><a  href=\"https:\/\/escalerasbalaguer.com\/fr\/habitare-lisa-recta_barrotes-2\/\">habitare lisa recta_barrotes<\/a><\/div><\/h2><\/div><\/div><\/div><\/div><\/div><\/div><\/div><\/article><article class=\"wpr-grid-item elementor-clearfix post-2979 attachment type-attachment status-inherit hentry\"><div class=\"wpr-grid-item-inner\"><div class=\"wpr-grid-media-wrap wpr-effect-size-small \"><div class=\"wpr-grid-image-wrap\" data-src=\"https:\/\/escalerasbalaguer.com\/wp-content\/uploads\/2023\/11\/HABITARE-LISA_BARANDILLA-BARROTES.jpg\"><img decoding=\"async\" src=\"https:\/\/escalerasbalaguer.com\/wp-content\/uploads\/elementor\/thumbs\/HABITARE-LISA_BARANDILLA-BARROTES-qieg8jwfowp0py5751rjfl58w4w5pr8bzfn2bd6ahs.jpg\" alt=\"HABITARE LISA_BARANDILLA BARROTES\" class=\"wpr-anim-timing-ease-default\"><\/div><div class=\"wpr-grid-media-hover wpr-animation-wrap\"><div class=\"wpr-grid-media-hover-bg  wpr-overlay-fade-in wpr-anim-size-large wpr-anim-timing-ease-default wpr-anim-transparency\" data-url=\"https:\/\/escalerasbalaguer.com\/fr\/habitare-lisa_barandilla-barrotes-2\/\"><\/div><div class=\"wpr-cv-container\"><div class=\"wpr-cv-outer\"><div class=\"wpr-cv-inner\"><div class=\"wpr-grid-media-hover-middle elementor-clearfix\"><div class=\"wpr-grid-item-lightbox elementor-repeater-item-c56f1c6 wpr-grid-item-display-block wpr-grid-item-align-center wpr-element-fade-in wpr-anim-size-large wpr-anim-timing-ease-default wpr-anim-transparency\"><div class=\"inner-block\"><span data-src=\"https:\/\/escalerasbalaguer.com\/wp-content\/uploads\/2023\/11\/HABITARE-LISA_BARANDILLA-BARROTES.jpg\"><i class=\"fas fa-search\"><\/i><\/span><div class=\"wpr-grid-lightbox-overlay\"><\/div><\/div><\/div><h2 class=\"wpr-grid-item-title elementor-repeater-item-615135a wpr-grid-item-display-block wpr-grid-item-align-center wpr-element-fade-in wpr-anim-size-large wpr-anim-timing-ease-default wpr-anim-transparency wpr-pointer-none wpr-pointer-line-fx wpr-pointer-fx-fade\"><div class=\"inner-block\"><a  href=\"https:\/\/escalerasbalaguer.com\/fr\/habitare-lisa_barandilla-barrotes-2\/\">HABITARE LISA_BARANDILLA BARROTES<\/a><\/div><\/h2><\/div><\/div><\/div><\/div><\/div><\/div><\/div><\/article><\/section>\t\t<\/div>\n\t\t\t\t<\/div>\n\t\t\t\t\t<\/div>\n\t\t<\/div>\n\t\t\t\t\t\t\t<\/div>\n\t\t<\/section>\n\t\t\t\t\t\t\t<\/div>\n\t\t","protected":false},"excerpt":{"rendered":"<p>Escaliers de secours Escaliers Escaliers Balaguer Escaliers de Sections droites Collection d&rsquo;escaliers Les escaliers \u00e0 vol\u00e9es droites sont des structures courantes dans les b\u00e2timents et les maisons. Ils sont constitu\u00e9s d&rsquo;une s\u00e9rie de marches dispos\u00e9es en ligne droite, sans virages ni courbes, ce qui facilite leur mont\u00e9e et leur descente. Leur conception simple et fonctionnelle &hellip;<\/p>\n<p class=\"read-more\"> <a class=\"\" href=\"https:\/\/escalerasbalaguer.com\/fr\/habitare-lisa_barandilla-barrotes-2\/\"> <span class=\"screen-reader-text\">HABITARE LISA_BARANDILLA BARROTES<\/span> Lire la suite \u00bb<\/a><\/p>\n","protected":false},"author":1,"featured_media":0,"parent":0,"menu_order":0,"comment_status":"closed","ping_status":"closed","template":"","meta":{"ub_ctt_via":"","site-sidebar-layout":"no-sidebar","site-content-layout":"page-builder","ast-site-content-layout":"full-width-container","site-content-style":"unboxed","site-sidebar-style":"unboxed","ast-global-header-display":"","ast-banner-title-visibility":"","ast-main-header-display":"","ast-hfb-above-header-display":"","ast-hfb-below-header-display":"","ast-hfb-mobile-header-display":"","site-post-title":"disabled","ast-breadcrumbs-content":"disabled","ast-featured-img":"disabled","footer-sml-layout":"","theme-transparent-header-meta":"enabled","adv-header-id-meta":"","stick-header-meta":"","header-above-stick-meta":"","header-main-stick-meta":"","header-below-stick-meta":"","astra-migrate-meta-layouts":"","ast-page-background-enabled":"default","ast-page-background-meta":{"desktop":{"background-color":"","background-image":"","background-repeat":"repeat","background-position":"center center","background-size":"auto","background-attachment":"scroll","background-type":"","background-media":"","overlay-type":"","overlay-color":"","overlay-gradient":""},"tablet":{"background-color":"","background-image":"","background-repeat":"repeat","background-position":"center center","background-size":"auto","background-attachment":"scroll","background-type":"","background-media":"","overlay-type":"","overlay-color":"","overlay-gradient":""},"mobile":{"background-color":"","background-image":"","background-repeat":"repeat","background-position":"center center","background-size":"auto","background-attachment":"scroll","background-type":"","background-media":"","overlay-type":"","overlay-color":"","overlay-gradient":""}},"ast-content-background-meta":{"desktop":{"background-color":"var(--ast-global-color-5)","background-image":"","background-repeat":"repeat","background-position":"center center","background-size":"auto","background-attachment":"scroll","background-type":"","background-media":"","overlay-type":"","overlay-color":"","overlay-gradient":""},"tablet":{"background-color":"var(--ast-global-color-5)","background-image":"","background-repeat":"repeat","background-position":"center center","background-size":"auto","background-attachment":"scroll","background-type":"","background-media":"","overlay-type":"","overlay-color":"","overlay-gradient":""},"mobile":{"background-color":"var(--ast-global-color-5)","background-image":"","background-repeat":"repeat","background-position":"center center","background-size":"auto","background-attachment":"scroll","background-type":"","background-media":"","overlay-type":"","overlay-color":"","overlay-gradient":""}},"footnotes":""},"class_list":["post-3217","page","type-page","status-publish","hentry"],"featured_image_src":"https:\/\/escalerasbalaguer.com\/wp-content\/uploads\/2023\/11\/HABITARE-LISA_BARANDILLA-BARROTES.jpg","_links":{"self":[{"href":"https:\/\/escalerasbalaguer.com\/fr\/wp-json\/wp\/v2\/pages\/3217","targetHints":{"allow":["GET"]}}],"collection":[{"href":"https:\/\/escalerasbalaguer.com\/fr\/wp-json\/wp\/v2\/pages"}],"about":[{"href":"https:\/\/escalerasbalaguer.com\/fr\/wp-json\/wp\/v2\/types\/page"}],"author":[{"embeddable":true,"href":"https:\/\/escalerasbalaguer.com\/fr\/wp-json\/wp\/v2\/users\/1"}],"replies":[{"embeddable":true,"href":"https:\/\/escalerasbalaguer.com\/fr\/wp-json\/wp\/v2\/comments?post=3217"}],"version-history":[{"count":8,"href":"https:\/\/escalerasbalaguer.com\/fr\/wp-json\/wp\/v2\/pages\/3217\/revisions"}],"predecessor-version":[{"id":3509,"href":"https:\/\/escalerasbalaguer.com\/fr\/wp-json\/wp\/v2\/pages\/3217\/revisions\/3509"}],"wp:attachment":[{"href":"https:\/\/escalerasbalaguer.com\/fr\/wp-json\/wp\/v2\/media?parent=3217"}],"curies":[{"name":"wp","href":"https:\/\/api.w.org\/{rel}","templated":true}]}}