{"id":3602,"date":"2024-01-08T16:56:42","date_gmt":"2024-01-08T15:56:42","guid":{"rendered":"https:\/\/escalerasbalaguer.com\/conception-descaliers\/"},"modified":"2024-03-27T13:26:52","modified_gmt":"2024-03-27T12:26:52","slug":"conception-descaliers","status":"publish","type":"page","link":"https:\/\/escalerasbalaguer.com\/fr\/conception-descaliers\/","title":{"rendered":"Conception d&rsquo;escaliers"},"content":{"rendered":"<p class=\"attachment\"><a href='https:\/\/escalerasbalaguer.com\/wp-content\/uploads\/2024\/03\/Escalera-de-diseno.jpg'><img fetchpriority=\"high\" decoding=\"async\" width=\"225\" height=\"300\" src=\"https:\/\/escalerasbalaguer.com\/wp-content\/uploads\/2024\/03\/Escalera-de-diseno-225x300.jpg\" class=\"attachment-medium size-medium\" alt=\"\" srcset=\"https:\/\/escalerasbalaguer.com\/wp-content\/uploads\/2024\/03\/Escalera-de-diseno-225x300.jpg 225w, https:\/\/escalerasbalaguer.com\/wp-content\/uploads\/2024\/03\/Escalera-de-diseno.jpg 480w\" sizes=\"(max-width: 225px) 100vw, 225px\" \/><\/a><\/p>\n\t\t<div data-elementor-type=\"wp-page\" data-elementor-id=\"3602\" class=\"elementor elementor-3602 elementor-3577\">\n\t\t\t\t\t\t\t\t\t<section class=\"elementor-section elementor-top-section elementor-element elementor-element-ca4c07f elementor-section-height-min-height elementor-section-boxed elementor-section-height-default elementor-section-items-middle wpr-particle-no wpr-jarallax-no wpr-parallax-no wpr-sticky-section-no\" data-id=\"ca4c07f\" data-element_type=\"section\" data-settings=\"{&quot;background_background&quot;:&quot;classic&quot;}\">\n\t\t\t\t\t\t\t<div class=\"elementor-background-overlay\"><\/div>\n\t\t\t\t\t\t\t<div class=\"elementor-container elementor-column-gap-no\">\n\t\t\t\t\t<div class=\"elementor-column elementor-col-100 elementor-top-column elementor-element elementor-element-acabba1\" data-id=\"acabba1\" data-element_type=\"column\">\n\t\t\t<div class=\"elementor-widget-wrap elementor-element-populated\">\n\t\t\t\t\t\t\t\t<div class=\"elementor-element elementor-element-e91f863 elementor-widget elementor-widget-heading\" data-id=\"e91f863\" data-element_type=\"widget\" data-widget_type=\"heading.default\">\n\t\t\t\t<div class=\"elementor-widget-container\">\n\t\t\t<style>\/*! elementor - v3.17.0 - 08-11-2023 *\/\n.elementor-heading-title{padding:0;margin:0;line-height:1}.elementor-widget-heading .elementor-heading-title[class*=elementor-size-]>a{color:inherit;font-size:inherit;line-height:inherit}.elementor-widget-heading .elementor-heading-title.elementor-size-small{font-size:15px}.elementor-widget-heading .elementor-heading-title.elementor-size-medium{font-size:19px}.elementor-widget-heading .elementor-heading-title.elementor-size-large{font-size:29px}.elementor-widget-heading .elementor-heading-title.elementor-size-xl{font-size:39px}.elementor-widget-heading .elementor-heading-title.elementor-size-xxl{font-size:59px}<\/style><h1 class=\"elementor-heading-title elementor-size-default\">Escaliers design<\/h1>\t\t<\/div>\n\t\t\t\t<\/div>\n\t\t\t\t\t<\/div>\n\t\t<\/div>\n\t\t\t\t\t\t\t<\/div>\n\t\t<\/section>\n\t\t\t\t<section class=\"elementor-section elementor-top-section elementor-element elementor-element-55b671d elementor-section-content-top elementor-section-boxed elementor-section-height-default elementor-section-height-default wpr-particle-no wpr-jarallax-no wpr-parallax-no wpr-sticky-section-no\" data-id=\"55b671d\" data-element_type=\"section\" data-settings=\"{&quot;background_background&quot;:&quot;classic&quot;}\">\n\t\t\t\t\t\t<div class=\"elementor-container elementor-column-gap-no\">\n\t\t\t\t\t<div class=\"elementor-column elementor-col-50 elementor-top-column elementor-element elementor-element-b9238e7\" data-id=\"b9238e7\" data-element_type=\"column\">\n\t\t\t<div class=\"elementor-widget-wrap elementor-element-populated\">\n\t\t\t\t\t\t\t\t<div class=\"elementor-element elementor-element-e6eb6e6 elementor-widget elementor-widget-heading\" data-id=\"e6eb6e6\" data-element_type=\"widget\" data-widget_type=\"heading.default\">\n\t\t\t\t<div class=\"elementor-widget-container\">\n\t\t\t<h6 class=\"elementor-heading-title elementor-size-default\">Escaliers Balaguer<\/h6>\t\t<\/div>\n\t\t\t\t<\/div>\n\t\t\t\t<div class=\"elementor-element elementor-element-e6c2a4b elementor-widget elementor-widget-heading\" data-id=\"e6c2a4b\" data-element_type=\"widget\" data-widget_type=\"heading.default\">\n\t\t\t\t<div class=\"elementor-widget-container\">\n\t\t\t<h2 class=\"elementor-heading-title elementor-size-default\">Escaliers design<\/h2>\t\t<\/div>\n\t\t\t\t<\/div>\n\t\t\t\t\t<\/div>\n\t\t<\/div>\n\t\t\t\t<div class=\"elementor-column elementor-col-50 elementor-top-column elementor-element elementor-element-b831e2d\" data-id=\"b831e2d\" data-element_type=\"column\">\n\t\t\t<div class=\"elementor-widget-wrap elementor-element-populated\">\n\t\t\t\t\t\t\t\t<div class=\"elementor-element elementor-element-a775458 elementor-widget elementor-widget-text-editor\" data-id=\"a775458\" data-element_type=\"widget\" data-widget_type=\"text-editor.default\">\n\t\t\t\t<div class=\"elementor-widget-container\">\n\t\t\t<style>\/*! elementor - v3.17.0 - 08-11-2023 *\/\n.elementor-widget-text-editor.elementor-drop-cap-view-stacked .elementor-drop-cap{background-color:#69727d;color:#fff}.elementor-widget-text-editor.elementor-drop-cap-view-framed .elementor-drop-cap{color:#69727d;border:3px solid;background-color:transparent}.elementor-widget-text-editor:not(.elementor-drop-cap-view-default) .elementor-drop-cap{margin-top:8px}.elementor-widget-text-editor:not(.elementor-drop-cap-view-default) .elementor-drop-cap-letter{width:1em;height:1em}.elementor-widget-text-editor .elementor-drop-cap{float:left;text-align:center;line-height:1;font-size:50px}.elementor-widget-text-editor .elementor-drop-cap-letter{display:inline-block}<\/style>\t\t\t\t<p>Nous sommes sp\u00e9cialis\u00e9s dans la cr\u00e9ation de solutions d\u2019escaliers alliant fonctionnalit\u00e9 et esth\u00e9tique, offrant des produits qui sont de v\u00e9ritables \u0153uvres d\u2019art architectural.<\/p>\n<p>Nous sommes fiers de nous d\u00e9marquer comme cr\u00e9ateurs d\u2019<strong>escaliers uniques et personnalis\u00e9s r\u00e9pondant aux plus hauts standards de qualit\u00e9<\/strong>. Notre exp\u00e9rience en conception et en fabrication nous a permis de collaborer avec des clients exigeants pour cr\u00e9er des escaliers qui non seulement remplissent leur objectif fonctionnel, mais ajoutent \u00e9galement une touche distinctive \u00e0 leurs espaces.<\/p>\n<p><strong>Chaque escalier raconte une histoire de cr\u00e9ativit\u00e9, d&rsquo;innovation et de savoir-faire artisanal<\/strong>.<\/p>\n\t\t\t\t\t\t<\/div>\n\t\t\t\t<\/div>\n\t\t\t\t\t<\/div>\n\t\t<\/div>\n\t\t\t\t\t\t\t<\/div>\n\t\t<\/section>\n\t\t<div class=\"elementor-element elementor-element-2480ea8 e-flex e-con-boxed wpr-particle-no wpr-jarallax-no wpr-parallax-no wpr-sticky-section-no e-con e-parent\" data-id=\"2480ea8\" data-element_type=\"container\" data-settings=\"{&quot;background_background&quot;:&quot;classic&quot;,&quot;content_width&quot;:&quot;boxed&quot;}\" data-core-v316-plus=\"true\">\n\t\t\t\t\t<div class=\"e-con-inner\">\n\t\t<div class=\"elementor-element elementor-element-c42ed18 e-flex e-con-boxed wpr-particle-no wpr-jarallax-no wpr-parallax-no wpr-sticky-section-no e-con e-child\" data-id=\"c42ed18\" data-element_type=\"container\" data-settings=\"{&quot;content_width&quot;:&quot;boxed&quot;}\">\n\t\t\t\t\t<div class=\"e-con-inner\">\n\t\t\t\t<div class=\"elementor-element elementor-element-124834b elementor-widget elementor-widget-text-editor\" data-id=\"124834b\" data-element_type=\"widget\" data-widget_type=\"text-editor.default\">\n\t\t\t\t<div class=\"elementor-widget-container\">\n\t\t\t\t\t\t\t<p>Les escaliers design construits en fer sont une option pour combiner la r\u00e9sistance structurelle avec une esth\u00e9tique moderne et industrielle. Le fer, de par sa polyvalence et sa durabilit\u00e9, permet la cr\u00e9ation de designs uniques et contemporains<\/p>\n\t\t\t\t\t\t<\/div>\n\t\t\t\t<\/div>\n\t\t\t\t<div class=\"elementor-element elementor-element-e9ba91d elementor-icon-list--layout-traditional elementor-list-item-link-full_width elementor-widget elementor-widget-icon-list\" data-id=\"e9ba91d\" data-element_type=\"widget\" data-widget_type=\"icon-list.default\">\n\t\t\t\t<div class=\"elementor-widget-container\">\n\t\t\t<link rel=\"stylesheet\" href=\"https:\/\/escalerasbalaguer.com\/wp-content\/plugins\/elementor\/assets\/css\/widget-icon-list.min.css\">\t\t<ul class=\"elementor-icon-list-items\">\n\t\t\t\t\t\t\t<li class=\"elementor-icon-list-item\">\n\t\t\t\t\t\t\t\t\t\t\t<span class=\"elementor-icon-list-icon\">\n\t\t\t\t\t\t\t<i aria-hidden=\"true\" class=\"fas fa-chevron-circle-right\"><\/i>\t\t\t\t\t\t<\/span>\n\t\t\t\t\t\t\t\t\t\t<span class=\"elementor-icon-list-text\">Le fer est souvent associ\u00e9 \u00e0 un style industriel et contemporain. Sa polyvalence et sa durabilit\u00e9 permettent la cr\u00e9ation de designs uniques et contemporains.<\/span>\n\t\t\t\t\t\t\t\t\t<\/li>\n\t\t\t\t\t\t\t\t<li class=\"elementor-icon-list-item\">\n\t\t\t\t\t\t\t\t\t\t\t<span class=\"elementor-icon-list-icon\">\n\t\t\t\t\t\t\t<i aria-hidden=\"true\" class=\"fas fa-chevron-circle-right\"><\/i>\t\t\t\t\t\t<\/span>\n\t\t\t\t\t\t\t\t\t\t<span class=\"elementor-icon-list-text\">Les escaliers en fer peuvent \u00eatre con\u00e7us dans une vari\u00e9t\u00e9 de styles, allant de lignes simples et minimalistes \u00e0 des designs plus orn\u00e9s et d\u00e9taill\u00e9s. La polyvalence du mat\u00e9riau permet un large \u00e9ventail d'options. Il convient aux escaliers droits et en colima\u00e7on, offrant une flexibilit\u00e9 de conception et de mise en \u0153uvre dans diff\u00e9rents espaces.<\/span>\n\t\t\t\t\t\t\t\t\t<\/li>\n\t\t\t\t\t\t\t\t<li class=\"elementor-icon-list-item\">\n\t\t\t\t\t\t\t\t\t\t\t<span class=\"elementor-icon-list-icon\">\n\t\t\t\t\t\t\t<i aria-hidden=\"true\" class=\"fas fa-chevron-circle-right\"><\/i>\t\t\t\t\t\t<\/span>\n\t\t\t\t\t\t\t\t\t\t<span class=\"elementor-icon-list-text\">Compte tenu de la forme incurv\u00e9e des escaliers en colima\u00e7on, les rampes et les mains courantes doivent \u00eatre soigneusement con\u00e7ues pour offrir un soutien ad\u00e9quat et respecter les r\u00e8gles de s\u00e9curit\u00e9.<\/span>\n\t\t\t\t\t\t\t\t\t<\/li>\n\t\t\t\t\t\t\t\t<li class=\"elementor-icon-list-item\">\n\t\t\t\t\t\t\t\t\t\t\t<span class=\"elementor-icon-list-icon\">\n\t\t\t\t\t\t\t<i aria-hidden=\"true\" class=\"fas fa-chevron-circle-right\"><\/i>\t\t\t\t\t\t<\/span>\n\t\t\t\t\t\t\t\t\t\t<span class=\"elementor-icon-list-text\">Les escaliers en fer peuvent \u00eatre combin\u00e9s avec d\u2019autres mat\u00e9riaux, comme le bois, le verre ou la pierre, pour cr\u00e9er des contrastes visuels int\u00e9ressants et ajouter de la chaleur au design.<\/span>\n\t\t\t\t\t\t\t\t\t<\/li>\n\t\t\t\t\t\t\t\t<li class=\"elementor-icon-list-item\">\n\t\t\t\t\t\t\t\t\t\t\t<span class=\"elementor-icon-list-icon\">\n\t\t\t\t\t\t\t<i aria-hidden=\"true\" class=\"fas fa-chevron-circle-right\"><\/i>\t\t\t\t\t\t<\/span>\n\t\t\t\t\t\t\t\t\t\t<span class=\"elementor-icon-list-text\">Les balustrades et mains courantes en fer peuvent \u00eatre con\u00e7ues de mani\u00e8re cr\u00e9ative, incorporant des motifs g\u00e9om\u00e9triques, des courbes \u00e9l\u00e9gantes ou des \u00e9l\u00e9ments d\u00e9coratifs uniques.<\/span>\n\t\t\t\t\t\t\t\t\t<\/li>\n\t\t\t\t\t\t\t\t<li class=\"elementor-icon-list-item\">\n\t\t\t\t\t\t\t\t\t\t\t<span class=\"elementor-icon-list-icon\">\n\t\t\t\t\t\t\t<i aria-hidden=\"true\" class=\"fas fa-chevron-circle-right\"><\/i>\t\t\t\t\t\t<\/span>\n\t\t\t\t\t\t\t\t\t\t<span class=\"elementor-icon-list-text\">Le fer permet de cr\u00e9er des structures ouvertes et l\u00e9g\u00e8res, id\u00e9ales pour les espaces o\u00f9 l'on souhaite conserver une sensation d'espace et de lumi\u00e8re.<\/span>\n\t\t\t\t\t\t\t\t\t<\/li>\n\t\t\t\t\t\t<\/ul>\n\t\t\t\t<\/div>\n\t\t\t\t<\/div>\n\t\t\t\t<div class=\"elementor-element elementor-element-6407618 elementor-widget elementor-widget-text-editor\" data-id=\"6407618\" data-element_type=\"widget\" data-widget_type=\"text-editor.default\">\n\t\t\t\t<div class=\"elementor-widget-container\">\n\t\t\t\t\t\t\t<p><strong>Projets en vedette<\/strong> : Chaque escalier de notre collection fait l&rsquo;objet d&rsquo;un processus de conception, de fabrication et d&rsquo;assemblage minutieux. Nous avons collabor\u00e9 avec des architectes visionnaires, des designers innovants et des clients passionn\u00e9s pour donner vie \u00e0 des projets qui d\u00e9fient les limites de l&rsquo;imagination. Explorez notre galerie pour d\u00e9couvrir quelques-unes des \u0153uvres que nous avons eu le privil\u00e8ge de cr\u00e9er.<\/p>\n<p> Si vous pouvez le r\u00eaver, nous pouvons le construire.<\/p>\n<p><strong>Contactez-nous<\/strong> : Pour des devis, n&rsquo;h\u00e9sitez pas \u00e0 nous contacter et \u00e0 nous faire parvenir votre projet. Nous sommes l\u00e0 pour transformer vos id\u00e9es en escaliers extraordinaires. Si vous pouvez le r\u00eaver, nous pouvons le construire.<\/p>\n\t\t\t\t\t\t<\/div>\n\t\t\t\t<\/div>\n\t\t\t\t\t<\/div>\n\t\t\t\t<\/div>\n\t\t\t\t\t<\/div>\n\t\t\t\t<\/div>\n\t\t\t\t<section class=\"elementor-section elementor-top-section elementor-element elementor-element-99dafad elementor-section-boxed elementor-section-height-default elementor-section-height-default wpr-particle-no wpr-jarallax-no wpr-parallax-no wpr-sticky-section-no\" data-id=\"99dafad\" data-element_type=\"section\">\n\t\t\t\t\t\t<div class=\"elementor-container elementor-column-gap-no\">\n\t\t\t\t\t<div class=\"elementor-column elementor-col-100 elementor-top-column elementor-element elementor-element-2c3fd98\" data-id=\"2c3fd98\" data-element_type=\"column\">\n\t\t\t<div class=\"elementor-widget-wrap elementor-element-populated\">\n\t\t\t\t\t\t\t\t<div class=\"elementor-element elementor-element-0ea12b6 elementor-widget elementor-widget-heading\" data-id=\"0ea12b6\" data-element_type=\"widget\" data-widget_type=\"heading.default\">\n\t\t\t\t<div class=\"elementor-widget-container\">\n\t\t\t<h2 class=\"elementor-heading-title elementor-size-default\">Nos escaliers<\/h2>\t\t<\/div>\n\t\t\t\t<\/div>\n\t\t\t\t<div class=\"elementor-element elementor-element-1fc32b6 wpr-grid-columns-4 wpr-grid-columns--tablet3 wpr-grid-columns--mobile1 elementor-widget elementor-widget-wpr-media-grid\" data-id=\"1fc32b6\" data-element_type=\"widget\" data-widget_type=\"wpr-media-grid.default\">\n\t\t\t\t<div class=\"elementor-widget-container\">\n\t\t\t<section class=\"wpr-grid wpr-media-grid elementor-clearfix\" data-settings=\"{&quot;layout&quot;:&quot;masonry&quot;,&quot;columns_desktop&quot;:&quot;4&quot;,&quot;gutter_hr&quot;:12,&quot;gutter_hr_mobile&quot;:12,&quot;gutter_hr_mobile_extra&quot;:12,&quot;gutter_hr_tablet&quot;:12,&quot;gutter_hr_tablet_extra&quot;:12,&quot;gutter_hr_laptop&quot;:12,&quot;gutter_hr_widescreen&quot;:12,&quot;gutter_vr&quot;:12,&quot;gutter_vr_mobile&quot;:12,&quot;gutter_vr_mobile_extra&quot;:12,&quot;gutter_vr_tablet&quot;:12,&quot;gutter_vr_tablet_extra&quot;:12,&quot;gutter_vr_laptop&quot;:12,&quot;gutter_vr_widescreen&quot;:12,&quot;animation&quot;:&quot;default&quot;,&quot;animation_duration&quot;:0.3,&quot;animation_delay&quot;:0.1,&quot;deeplinking&quot;:&quot;&quot;,&quot;filters_default_filter&quot;:&quot;&quot;,&quot;filters_linkable&quot;:&quot;no&quot;,&quot;filters_count&quot;:&quot;&quot;,&quot;filters_hide_empty&quot;:&quot;no&quot;,&quot;filters_animation&quot;:&quot;default&quot;,&quot;filters_animation_duration&quot;:0.3,&quot;filters_animation_delay&quot;:0.1,&quot;pagination_type&quot;:&quot;load-more&quot;,&quot;pagination_max_pages&quot;:1,&quot;lightbox&quot;:{&quot;selector&quot;:&quot;.wpr-grid-image-wrap&quot;,&quot;iframeMaxWidth&quot;:&quot;60%&quot;,&quot;hash&quot;:false,&quot;autoplay&quot;:&quot;true&quot;,&quot;pause&quot;:5000,&quot;progressBar&quot;:&quot;true&quot;,&quot;counter&quot;:&quot;true&quot;,&quot;controls&quot;:&quot;true&quot;,&quot;getCaptionFromTitleOrAlt&quot;:&quot;true&quot;,&quot;thumbnail&quot;:&quot;&quot;,&quot;showThumbByDefault&quot;:&quot;&quot;,&quot;share&quot;:&quot;&quot;,&quot;zoom&quot;:&quot;true&quot;,&quot;fullScreen&quot;:&quot;true&quot;,&quot;download&quot;:&quot;true&quot;}}\"><article class=\"wpr-grid-item elementor-clearfix post-1749 attachment type-attachment status-inherit hentry\"><div class=\"wpr-grid-item-inner\"><div class=\"wpr-grid-media-wrap wpr-effect-size-small \"><div class=\"wpr-grid-image-wrap\" data-src=\"https:\/\/escalerasbalaguer.com\/wp-content\/uploads\/2023\/11\/Escalera-Diseno-detalle--scaled.jpg\"><img decoding=\"async\" src=\"https:\/\/escalerasbalaguer.com\/wp-content\/uploads\/elementor\/thumbs\/Escalera-Diseno-detalle--scaled-qieg7sn46pnpd98sk7zcxa0vnymiij847opzecapi8.jpg\" alt=\"Escalera Dise\u00f1o &#8211; detalle\" class=\"wpr-anim-timing-ease-default\"><\/div><div class=\"wpr-grid-media-hover wpr-animation-wrap\"><div class=\"wpr-grid-media-hover-bg  wpr-overlay-fade-in wpr-anim-size-large wpr-anim-timing-ease-default wpr-anim-transparency\" data-url=\"https:\/\/escalerasbalaguer.com\/fr\/escalera-diseno-detalle-2\/\"><\/div><div class=\"wpr-cv-container\"><div class=\"wpr-cv-outer\"><div class=\"wpr-cv-inner\"><div class=\"wpr-grid-media-hover-middle elementor-clearfix\"><div class=\"wpr-grid-item-lightbox elementor-repeater-item-c56f1c6 wpr-grid-item-display-block wpr-grid-item-align-center wpr-element-fade-in wpr-anim-size-large wpr-anim-timing-ease-default wpr-anim-transparency\"><div class=\"inner-block\"><span data-src=\"https:\/\/escalerasbalaguer.com\/wp-content\/uploads\/2023\/11\/Escalera-Diseno-detalle--scaled.jpg\"><i class=\"fas fa-search\"><\/i><\/span><div class=\"wpr-grid-lightbox-overlay\"><\/div><\/div><\/div><h2 class=\"wpr-grid-item-title elementor-repeater-item-615135a wpr-grid-item-display-block wpr-grid-item-align-center wpr-element-fade-in wpr-anim-size-large wpr-anim-timing-ease-default wpr-anim-transparency wpr-pointer-none wpr-pointer-line-fx wpr-pointer-fx-fade\"><div class=\"inner-block\"><a  href=\"https:\/\/escalerasbalaguer.com\/fr\/escalera-diseno-detalle-2\/\">Escalera Dise\u00f1o &#8211; detalle<\/a><\/div><\/h2><\/div><\/div><\/div><\/div><\/div><\/div><\/div><\/article><article class=\"wpr-grid-item elementor-clearfix post-1752 attachment type-attachment status-inherit hentry\"><div class=\"wpr-grid-item-inner\"><div class=\"wpr-grid-media-wrap wpr-effect-size-small \"><div class=\"wpr-grid-image-wrap\" data-src=\"https:\/\/escalerasbalaguer.com\/wp-content\/uploads\/2023\/11\/Escalera-Diseno-Agbar13-scaled.jpg\"><img decoding=\"async\" src=\"https:\/\/escalerasbalaguer.com\/wp-content\/uploads\/elementor\/thumbs\/Escalera-Diseno-Agbar13-scaled-qieg7ptlm7juefcw0orh7sqhvt0evfwx7ariyiew0w.jpg\" alt=\"Escalera Dise\u00f1o &#8211; Agbar(13)\" class=\"wpr-anim-timing-ease-default\"><\/div><div class=\"wpr-grid-media-hover wpr-animation-wrap\"><div class=\"wpr-grid-media-hover-bg  wpr-overlay-fade-in wpr-anim-size-large wpr-anim-timing-ease-default wpr-anim-transparency\" data-url=\"https:\/\/escalerasbalaguer.com\/fr\/escalera-diseno-agbar13-2\/\"><\/div><div class=\"wpr-cv-container\"><div class=\"wpr-cv-outer\"><div class=\"wpr-cv-inner\"><div class=\"wpr-grid-media-hover-middle elementor-clearfix\"><div class=\"wpr-grid-item-lightbox elementor-repeater-item-c56f1c6 wpr-grid-item-display-block wpr-grid-item-align-center wpr-element-fade-in wpr-anim-size-large wpr-anim-timing-ease-default wpr-anim-transparency\"><div class=\"inner-block\"><span data-src=\"https:\/\/escalerasbalaguer.com\/wp-content\/uploads\/2023\/11\/Escalera-Diseno-Agbar13-scaled.jpg\"><i class=\"fas fa-search\"><\/i><\/span><div class=\"wpr-grid-lightbox-overlay\"><\/div><\/div><\/div><h2 class=\"wpr-grid-item-title elementor-repeater-item-615135a wpr-grid-item-display-block wpr-grid-item-align-center wpr-element-fade-in wpr-anim-size-large wpr-anim-timing-ease-default wpr-anim-transparency wpr-pointer-none wpr-pointer-line-fx wpr-pointer-fx-fade\"><div class=\"inner-block\"><a  href=\"https:\/\/escalerasbalaguer.com\/fr\/escalera-diseno-agbar13-2\/\">Escalera Dise\u00f1o &#8211; Agbar(13)<\/a><\/div><\/h2><\/div><\/div><\/div><\/div><\/div><\/div><\/div><\/article><article class=\"wpr-grid-item elementor-clearfix post-1755 attachment type-attachment status-inherit hentry\"><div class=\"wpr-grid-item-inner\"><div class=\"wpr-grid-media-wrap wpr-effect-size-small \"><div class=\"wpr-grid-image-wrap\" data-src=\"https:\/\/escalerasbalaguer.com\/wp-content\/uploads\/2023\/11\/Escalera-Diseno-helicoidal-sin-eje-vista-superior-scaled.jpg\"><img decoding=\"async\" src=\"https:\/\/escalerasbalaguer.com\/wp-content\/uploads\/elementor\/thumbs\/Escalera-Diseno-helicoidal-sin-eje-vista-superior-scaled-qieg7sn46pnpd98sk7zcxa0vnymiij847opzecapi8.jpg\" alt=\"Escalera Dise\u00f1o &#8211; helicoidal sin eje vista superior\" class=\"wpr-anim-timing-ease-default\"><\/div><div class=\"wpr-grid-media-hover wpr-animation-wrap\"><div class=\"wpr-grid-media-hover-bg  wpr-overlay-fade-in wpr-anim-size-large wpr-anim-timing-ease-default wpr-anim-transparency\" data-url=\"https:\/\/escalerasbalaguer.com\/fr\/escalera-diseno-helicoidal-sin-eje-vista-superior-2\/\"><\/div><div class=\"wpr-cv-container\"><div class=\"wpr-cv-outer\"><div class=\"wpr-cv-inner\"><div class=\"wpr-grid-media-hover-middle elementor-clearfix\"><div class=\"wpr-grid-item-lightbox elementor-repeater-item-c56f1c6 wpr-grid-item-display-block wpr-grid-item-align-center wpr-element-fade-in wpr-anim-size-large wpr-anim-timing-ease-default wpr-anim-transparency\"><div class=\"inner-block\"><span data-src=\"https:\/\/escalerasbalaguer.com\/wp-content\/uploads\/2023\/11\/Escalera-Diseno-helicoidal-sin-eje-vista-superior-scaled.jpg\"><i class=\"fas fa-search\"><\/i><\/span><div class=\"wpr-grid-lightbox-overlay\"><\/div><\/div><\/div><h2 class=\"wpr-grid-item-title elementor-repeater-item-615135a wpr-grid-item-display-block wpr-grid-item-align-center wpr-element-fade-in wpr-anim-size-large wpr-anim-timing-ease-default wpr-anim-transparency wpr-pointer-none wpr-pointer-line-fx wpr-pointer-fx-fade\"><div class=\"inner-block\"><a  href=\"https:\/\/escalerasbalaguer.com\/fr\/escalera-diseno-helicoidal-sin-eje-vista-superior-2\/\">Escalera Dise\u00f1o &#8211; helicoidal sin eje vista superior<\/a><\/div><\/h2><\/div><\/div><\/div><\/div><\/div><\/div><\/div><\/article><article class=\"wpr-grid-item elementor-clearfix post-1758 attachment type-attachment status-inherit hentry\"><div class=\"wpr-grid-item-inner\"><div class=\"wpr-grid-media-wrap wpr-effect-size-small \"><div class=\"wpr-grid-image-wrap\" data-src=\"https:\/\/escalerasbalaguer.com\/wp-content\/uploads\/2023\/11\/Escalera-Diseno-caracol-con-barandilla-de-chapa-llegada-abajo-scaled.jpg\"><img decoding=\"async\" src=\"https:\/\/escalerasbalaguer.com\/wp-content\/uploads\/elementor\/thumbs\/Escalera-Diseno-caracol-con-barandilla-de-chapa-llegada-abajo-scaled-qieg7qrft1l4q1biv763sahyh6vs350njff0fsdhuo.jpg\" alt=\"Escalera Dise\u00f1o &#8211; caracol con barandilla de chapa llegada abajo\" class=\"wpr-anim-timing-ease-default\"><\/div><div class=\"wpr-grid-media-hover wpr-animation-wrap\"><div class=\"wpr-grid-media-hover-bg  wpr-overlay-fade-in wpr-anim-size-large wpr-anim-timing-ease-default wpr-anim-transparency\" data-url=\"https:\/\/escalerasbalaguer.com\/fr\/escalera-diseno-caracol-con-barandilla-de-chapa-llegada-abajo-2\/\"><\/div><div class=\"wpr-cv-container\"><div class=\"wpr-cv-outer\"><div class=\"wpr-cv-inner\"><div class=\"wpr-grid-media-hover-middle elementor-clearfix\"><div class=\"wpr-grid-item-lightbox elementor-repeater-item-c56f1c6 wpr-grid-item-display-block wpr-grid-item-align-center wpr-element-fade-in wpr-anim-size-large wpr-anim-timing-ease-default wpr-anim-transparency\"><div class=\"inner-block\"><span data-src=\"https:\/\/escalerasbalaguer.com\/wp-content\/uploads\/2023\/11\/Escalera-Diseno-caracol-con-barandilla-de-chapa-llegada-abajo-scaled.jpg\"><i class=\"fas fa-search\"><\/i><\/span><div class=\"wpr-grid-lightbox-overlay\"><\/div><\/div><\/div><h2 class=\"wpr-grid-item-title elementor-repeater-item-615135a wpr-grid-item-display-block wpr-grid-item-align-center wpr-element-fade-in wpr-anim-size-large wpr-anim-timing-ease-default wpr-anim-transparency wpr-pointer-none wpr-pointer-line-fx wpr-pointer-fx-fade\"><div class=\"inner-block\"><a  href=\"https:\/\/escalerasbalaguer.com\/fr\/escalera-diseno-caracol-con-barandilla-de-chapa-llegada-abajo-2\/\">Escalera Dise\u00f1o &#8211; caracol con barandilla de chapa llegada abajo<\/a><\/div><\/h2><\/div><\/div><\/div><\/div><\/div><\/div><\/div><\/article><article class=\"wpr-grid-item elementor-clearfix post-1761 attachment type-attachment status-inherit hentry\"><div class=\"wpr-grid-item-inner\"><div class=\"wpr-grid-media-wrap wpr-effect-size-small \"><div class=\"wpr-grid-image-wrap\" data-src=\"https:\/\/escalerasbalaguer.com\/wp-content\/uploads\/2023\/11\/Escalera-Diseno-caracol-con-barandilla-de-chapa.jpg\"><img decoding=\"async\" src=\"https:\/\/escalerasbalaguer.com\/wp-content\/uploads\/elementor\/thumbs\/Escalera-Diseno-caracol-con-barandilla-de-chapa-qieg7qrft1l4q1biv763sahyh6vs350njff0fsdhuo.jpg\" alt=\"Escalera Dise\u00f1o &#8211; caracol con barandilla de chapa\" class=\"wpr-anim-timing-ease-default\"><\/div><div class=\"wpr-grid-media-hover wpr-animation-wrap\"><div class=\"wpr-grid-media-hover-bg  wpr-overlay-fade-in wpr-anim-size-large wpr-anim-timing-ease-default wpr-anim-transparency\" data-url=\"https:\/\/escalerasbalaguer.com\/fr\/escalera-diseno-caracol-con-barandilla-de-chapa-2\/\"><\/div><div class=\"wpr-cv-container\"><div class=\"wpr-cv-outer\"><div class=\"wpr-cv-inner\"><div class=\"wpr-grid-media-hover-middle elementor-clearfix\"><div class=\"wpr-grid-item-lightbox elementor-repeater-item-c56f1c6 wpr-grid-item-display-block wpr-grid-item-align-center wpr-element-fade-in wpr-anim-size-large wpr-anim-timing-ease-default wpr-anim-transparency\"><div class=\"inner-block\"><span data-src=\"https:\/\/escalerasbalaguer.com\/wp-content\/uploads\/2023\/11\/Escalera-Diseno-caracol-con-barandilla-de-chapa.jpg\"><i class=\"fas fa-search\"><\/i><\/span><div class=\"wpr-grid-lightbox-overlay\"><\/div><\/div><\/div><h2 class=\"wpr-grid-item-title elementor-repeater-item-615135a wpr-grid-item-display-block wpr-grid-item-align-center wpr-element-fade-in wpr-anim-size-large wpr-anim-timing-ease-default wpr-anim-transparency wpr-pointer-none wpr-pointer-line-fx wpr-pointer-fx-fade\"><div class=\"inner-block\"><a  href=\"https:\/\/escalerasbalaguer.com\/fr\/escalera-diseno-caracol-con-barandilla-de-chapa-2\/\">Escalera Dise\u00f1o &#8211; caracol con barandilla de chapa<\/a><\/div><\/h2><\/div><\/div><\/div><\/div><\/div><\/div><\/div><\/article><article class=\"wpr-grid-item elementor-clearfix post-1764 attachment type-attachment status-inherit hentry\"><div class=\"wpr-grid-item-inner\"><div class=\"wpr-grid-media-wrap wpr-effect-size-small \"><div class=\"wpr-grid-image-wrap\" data-src=\"https:\/\/escalerasbalaguer.com\/wp-content\/uploads\/2023\/11\/Escalera-Diseno-centro-comercial-.jpg\"><img decoding=\"async\" src=\"https:\/\/escalerasbalaguer.com\/wp-content\/uploads\/elementor\/thumbs\/Escalera-Diseno-centro-comercial--qieg7rp9zvmf1na5ppkqcs9f2kr5au4dvk2hx2c3og.jpg\" alt=\"Escalera Dise\u00f1o &#8211; centro comercial\" class=\"wpr-anim-timing-ease-default\"><\/div><div class=\"wpr-grid-media-hover wpr-animation-wrap\"><div class=\"wpr-grid-media-hover-bg  wpr-overlay-fade-in wpr-anim-size-large wpr-anim-timing-ease-default wpr-anim-transparency\" data-url=\"https:\/\/escalerasbalaguer.com\/fr\/escalera-diseno-centro-comercial-5\/\"><\/div><div class=\"wpr-cv-container\"><div class=\"wpr-cv-outer\"><div class=\"wpr-cv-inner\"><div class=\"wpr-grid-media-hover-middle elementor-clearfix\"><div class=\"wpr-grid-item-lightbox elementor-repeater-item-c56f1c6 wpr-grid-item-display-block wpr-grid-item-align-center wpr-element-fade-in wpr-anim-size-large wpr-anim-timing-ease-default wpr-anim-transparency\"><div class=\"inner-block\"><span data-src=\"https:\/\/escalerasbalaguer.com\/wp-content\/uploads\/2023\/11\/Escalera-Diseno-centro-comercial-.jpg\"><i class=\"fas fa-search\"><\/i><\/span><div class=\"wpr-grid-lightbox-overlay\"><\/div><\/div><\/div><h2 class=\"wpr-grid-item-title elementor-repeater-item-615135a wpr-grid-item-display-block wpr-grid-item-align-center wpr-element-fade-in wpr-anim-size-large wpr-anim-timing-ease-default wpr-anim-transparency wpr-pointer-none wpr-pointer-line-fx wpr-pointer-fx-fade\"><div class=\"inner-block\"><a  href=\"https:\/\/escalerasbalaguer.com\/fr\/escalera-diseno-centro-comercial-5\/\">Escalera Dise\u00f1o &#8211; centro comercial<\/a><\/div><\/h2><\/div><\/div><\/div><\/div><\/div><\/div><\/div><\/article><article class=\"wpr-grid-item elementor-clearfix post-1767 attachment type-attachment status-inherit hentry\"><div class=\"wpr-grid-item-inner\"><div class=\"wpr-grid-media-wrap wpr-effect-size-small \"><div class=\"wpr-grid-image-wrap\" data-src=\"https:\/\/escalerasbalaguer.com\/wp-content\/uploads\/2023\/11\/Escalera-Diseno-centro-comercial-1-1.jpg\"><img decoding=\"async\" src=\"https:\/\/escalerasbalaguer.com\/wp-content\/uploads\/elementor\/thumbs\/Escalera-Diseno-centro-comercial-1-1-qieg7rp9zvmf1na5ppkqcs9f2kr5au4dvk2hx2c3og.jpg\" alt=\"Escalera Dise\u00f1o &#8211; centro comercial\" class=\"wpr-anim-timing-ease-default\"><\/div><div class=\"wpr-grid-media-hover wpr-animation-wrap\"><div class=\"wpr-grid-media-hover-bg  wpr-overlay-fade-in wpr-anim-size-large wpr-anim-timing-ease-default wpr-anim-transparency\" data-url=\"https:\/\/escalerasbalaguer.com\/fr\/escalera-diseno-centro-comercial-2-2\/\"><\/div><div class=\"wpr-cv-container\"><div class=\"wpr-cv-outer\"><div class=\"wpr-cv-inner\"><div class=\"wpr-grid-media-hover-middle elementor-clearfix\"><div class=\"wpr-grid-item-lightbox elementor-repeater-item-c56f1c6 wpr-grid-item-display-block wpr-grid-item-align-center wpr-element-fade-in wpr-anim-size-large wpr-anim-timing-ease-default wpr-anim-transparency\"><div class=\"inner-block\"><span data-src=\"https:\/\/escalerasbalaguer.com\/wp-content\/uploads\/2023\/11\/Escalera-Diseno-centro-comercial-1-1.jpg\"><i class=\"fas fa-search\"><\/i><\/span><div class=\"wpr-grid-lightbox-overlay\"><\/div><\/div><\/div><h2 class=\"wpr-grid-item-title elementor-repeater-item-615135a wpr-grid-item-display-block wpr-grid-item-align-center wpr-element-fade-in wpr-anim-size-large wpr-anim-timing-ease-default wpr-anim-transparency wpr-pointer-none wpr-pointer-line-fx wpr-pointer-fx-fade\"><div class=\"inner-block\"><a  href=\"https:\/\/escalerasbalaguer.com\/fr\/escalera-diseno-centro-comercial-2-2\/\">Escalera Dise\u00f1o &#8211; centro comercial<\/a><\/div><\/h2><\/div><\/div><\/div><\/div><\/div><\/div><\/div><\/article><article class=\"wpr-grid-item elementor-clearfix post-1770 attachment type-attachment status-inherit hentry\"><div class=\"wpr-grid-item-inner\"><div class=\"wpr-grid-media-wrap wpr-effect-size-small \"><div class=\"wpr-grid-image-wrap\" data-src=\"https:\/\/escalerasbalaguer.com\/wp-content\/uploads\/2023\/11\/Escalera-Diseno-centro-comercial.jpg\"><img decoding=\"async\" src=\"https:\/\/escalerasbalaguer.com\/wp-content\/uploads\/elementor\/thumbs\/Escalera-Diseno-centro-comercial-qieg7rp9zvmf1na5ppkqcs9f2kr5au4dvk2hx2c3og.jpg\" alt=\"Escalera Dise\u00f1o &#8211; centro comercial\" class=\"wpr-anim-timing-ease-default\"><\/div><div class=\"wpr-grid-media-hover wpr-animation-wrap\"><div class=\"wpr-grid-media-hover-bg  wpr-overlay-fade-in wpr-anim-size-large wpr-anim-timing-ease-default wpr-anim-transparency\" data-url=\"https:\/\/escalerasbalaguer.com\/fr\/escalera-diseno-centro-comercial-3-2\/\"><\/div><div class=\"wpr-cv-container\"><div class=\"wpr-cv-outer\"><div class=\"wpr-cv-inner\"><div class=\"wpr-grid-media-hover-middle elementor-clearfix\"><div class=\"wpr-grid-item-lightbox elementor-repeater-item-c56f1c6 wpr-grid-item-display-block wpr-grid-item-align-center wpr-element-fade-in wpr-anim-size-large wpr-anim-timing-ease-default wpr-anim-transparency\"><div class=\"inner-block\"><span data-src=\"https:\/\/escalerasbalaguer.com\/wp-content\/uploads\/2023\/11\/Escalera-Diseno-centro-comercial.jpg\"><i class=\"fas fa-search\"><\/i><\/span><div class=\"wpr-grid-lightbox-overlay\"><\/div><\/div><\/div><h2 class=\"wpr-grid-item-title elementor-repeater-item-615135a wpr-grid-item-display-block wpr-grid-item-align-center wpr-element-fade-in wpr-anim-size-large wpr-anim-timing-ease-default wpr-anim-transparency wpr-pointer-none wpr-pointer-line-fx wpr-pointer-fx-fade\"><div class=\"inner-block\"><a  href=\"https:\/\/escalerasbalaguer.com\/fr\/escalera-diseno-centro-comercial-3-2\/\">Escalera Dise\u00f1o &#8211; centro comercial<\/a><\/div><\/h2><\/div><\/div><\/div><\/div><\/div><\/div><\/div><\/article><article class=\"wpr-grid-item elementor-clearfix post-1773 attachment type-attachment status-inherit hentry\"><div class=\"wpr-grid-item-inner\"><div class=\"wpr-grid-media-wrap wpr-effect-size-small \"><div class=\"wpr-grid-image-wrap\" data-src=\"https:\/\/escalerasbalaguer.com\/wp-content\/uploads\/2023\/11\/Escalera-Diseno-sagrada-familia-.jpg\"><img decoding=\"async\" src=\"https:\/\/escalerasbalaguer.com\/wp-content\/uploads\/elementor\/thumbs\/Escalera-Diseno-sagrada-familia--qieg7tkydjozov7feqdzhrsc9chvq8bujtdgvm9bc0.jpg\" alt=\"Escalera Dise\u00f1o &#8211; sagrada familia\" class=\"wpr-anim-timing-ease-default\"><\/div><div class=\"wpr-grid-media-hover wpr-animation-wrap\"><div class=\"wpr-grid-media-hover-bg  wpr-overlay-fade-in wpr-anim-size-large wpr-anim-timing-ease-default wpr-anim-transparency\" data-url=\"https:\/\/escalerasbalaguer.com\/fr\/escalera-diseno-sagrada-familia-3\/\"><\/div><div class=\"wpr-cv-container\"><div class=\"wpr-cv-outer\"><div class=\"wpr-cv-inner\"><div class=\"wpr-grid-media-hover-middle elementor-clearfix\"><div class=\"wpr-grid-item-lightbox elementor-repeater-item-c56f1c6 wpr-grid-item-display-block wpr-grid-item-align-center wpr-element-fade-in wpr-anim-size-large wpr-anim-timing-ease-default wpr-anim-transparency\"><div class=\"inner-block\"><span data-src=\"https:\/\/escalerasbalaguer.com\/wp-content\/uploads\/2023\/11\/Escalera-Diseno-sagrada-familia-.jpg\"><i class=\"fas fa-search\"><\/i><\/span><div class=\"wpr-grid-lightbox-overlay\"><\/div><\/div><\/div><h2 class=\"wpr-grid-item-title elementor-repeater-item-615135a wpr-grid-item-display-block wpr-grid-item-align-center wpr-element-fade-in wpr-anim-size-large wpr-anim-timing-ease-default wpr-anim-transparency wpr-pointer-none wpr-pointer-line-fx wpr-pointer-fx-fade\"><div class=\"inner-block\"><a  href=\"https:\/\/escalerasbalaguer.com\/fr\/escalera-diseno-sagrada-familia-3\/\">Escalera Dise\u00f1o &#8211; sagrada familia<\/a><\/div><\/h2><\/div><\/div><\/div><\/div><\/div><\/div><\/div><\/article><article class=\"wpr-grid-item elementor-clearfix post-1776 attachment type-attachment status-inherit hentry\"><div class=\"wpr-grid-item-inner\"><div class=\"wpr-grid-media-wrap wpr-effect-size-small \"><div class=\"wpr-grid-image-wrap\" data-src=\"https:\/\/escalerasbalaguer.com\/wp-content\/uploads\/2023\/11\/Escalera-Diseno-en-concesionario-vista-lateral-.jpg\"><img decoding=\"async\" src=\"https:\/\/escalerasbalaguer.com\/wp-content\/uploads\/elementor\/thumbs\/Escalera-Diseno-en-concesionario-vista-lateral--qieg7sn46pnpd98sk7zcxa0vnymiij847opzecapi8.jpg\" alt=\"Escalera Dise\u00f1o &#8211; en concesionario vista lateral\" class=\"wpr-anim-timing-ease-default\"><\/div><div class=\"wpr-grid-media-hover wpr-animation-wrap\"><div class=\"wpr-grid-media-hover-bg  wpr-overlay-fade-in wpr-anim-size-large wpr-anim-timing-ease-default wpr-anim-transparency\" data-url=\"https:\/\/escalerasbalaguer.com\/fr\/escalera-diseno-en-concesionario-vista-lateral-2\/\"><\/div><div class=\"wpr-cv-container\"><div class=\"wpr-cv-outer\"><div class=\"wpr-cv-inner\"><div class=\"wpr-grid-media-hover-middle elementor-clearfix\"><div class=\"wpr-grid-item-lightbox elementor-repeater-item-c56f1c6 wpr-grid-item-display-block wpr-grid-item-align-center wpr-element-fade-in wpr-anim-size-large wpr-anim-timing-ease-default wpr-anim-transparency\"><div class=\"inner-block\"><span data-src=\"https:\/\/escalerasbalaguer.com\/wp-content\/uploads\/2023\/11\/Escalera-Diseno-en-concesionario-vista-lateral-.jpg\"><i class=\"fas fa-search\"><\/i><\/span><div class=\"wpr-grid-lightbox-overlay\"><\/div><\/div><\/div><h2 class=\"wpr-grid-item-title elementor-repeater-item-615135a wpr-grid-item-display-block wpr-grid-item-align-center wpr-element-fade-in wpr-anim-size-large wpr-anim-timing-ease-default wpr-anim-transparency wpr-pointer-none wpr-pointer-line-fx wpr-pointer-fx-fade\"><div class=\"inner-block\"><a  href=\"https:\/\/escalerasbalaguer.com\/fr\/escalera-diseno-en-concesionario-vista-lateral-2\/\">Escalera Dise\u00f1o &#8211; en concesionario vista lateral<\/a><\/div><\/h2><\/div><\/div><\/div><\/div><\/div><\/div><\/div><\/article><article class=\"wpr-grid-item elementor-clearfix post-1779 attachment type-attachment status-inherit hentry\"><div class=\"wpr-grid-item-inner\"><div class=\"wpr-grid-media-wrap wpr-effect-size-small \"><div class=\"wpr-grid-image-wrap\" data-src=\"https:\/\/escalerasbalaguer.com\/wp-content\/uploads\/2023\/11\/Escalera-Diseno-caracol-vista-superior.jpg\"><img decoding=\"async\" src=\"https:\/\/escalerasbalaguer.com\/wp-content\/uploads\/elementor\/thumbs\/Escalera-Diseno-caracol-vista-superior-qieg7qrft1l4q1biv763sahyh6vs350njff0fsdhuo.jpg\" alt=\"Escalera Dise\u00f1o &#8211; caracol vista superior\" class=\"wpr-anim-timing-ease-default\"><\/div><div class=\"wpr-grid-media-hover wpr-animation-wrap\"><div class=\"wpr-grid-media-hover-bg  wpr-overlay-fade-in wpr-anim-size-large wpr-anim-timing-ease-default wpr-anim-transparency\" data-url=\"https:\/\/escalerasbalaguer.com\/fr\/escalera-diseno-caracol-vista-superior-2\/\"><\/div><div class=\"wpr-cv-container\"><div class=\"wpr-cv-outer\"><div class=\"wpr-cv-inner\"><div class=\"wpr-grid-media-hover-middle elementor-clearfix\"><div class=\"wpr-grid-item-lightbox elementor-repeater-item-c56f1c6 wpr-grid-item-display-block wpr-grid-item-align-center wpr-element-fade-in wpr-anim-size-large wpr-anim-timing-ease-default wpr-anim-transparency\"><div class=\"inner-block\"><span data-src=\"https:\/\/escalerasbalaguer.com\/wp-content\/uploads\/2023\/11\/Escalera-Diseno-caracol-vista-superior.jpg\"><i class=\"fas fa-search\"><\/i><\/span><div class=\"wpr-grid-lightbox-overlay\"><\/div><\/div><\/div><h2 class=\"wpr-grid-item-title elementor-repeater-item-615135a wpr-grid-item-display-block wpr-grid-item-align-center wpr-element-fade-in wpr-anim-size-large wpr-anim-timing-ease-default wpr-anim-transparency wpr-pointer-none wpr-pointer-line-fx wpr-pointer-fx-fade\"><div class=\"inner-block\"><a  href=\"https:\/\/escalerasbalaguer.com\/fr\/escalera-diseno-caracol-vista-superior-2\/\">Escalera Dise\u00f1o &#8211; caracol vista superior<\/a><\/div><\/h2><\/div><\/div><\/div><\/div><\/div><\/div><\/div><\/article><article class=\"wpr-grid-item elementor-clearfix post-1782 attachment type-attachment status-inherit hentry\"><div class=\"wpr-grid-item-inner\"><div class=\"wpr-grid-media-wrap wpr-effect-size-small \"><div class=\"wpr-grid-image-wrap\" data-src=\"https:\/\/escalerasbalaguer.com\/wp-content\/uploads\/2023\/11\/Escalera-Diseno-en-concesionario-.jpg\"><img decoding=\"async\" src=\"https:\/\/escalerasbalaguer.com\/wp-content\/uploads\/elementor\/thumbs\/Escalera-Diseno-en-concesionario--qieg7sn46pnpd98sk7zcxa0vnymiij847opzecapi8.jpg\" alt=\"Escalera Dise\u00f1o &#8211; en concesionario\" class=\"wpr-anim-timing-ease-default\"><\/div><div class=\"wpr-grid-media-hover wpr-animation-wrap\"><div class=\"wpr-grid-media-hover-bg  wpr-overlay-fade-in wpr-anim-size-large wpr-anim-timing-ease-default wpr-anim-transparency\" data-url=\"https:\/\/escalerasbalaguer.com\/fr\/escalera-diseno-en-concesionario-2\/\"><\/div><div class=\"wpr-cv-container\"><div class=\"wpr-cv-outer\"><div class=\"wpr-cv-inner\"><div class=\"wpr-grid-media-hover-middle elementor-clearfix\"><div class=\"wpr-grid-item-lightbox elementor-repeater-item-c56f1c6 wpr-grid-item-display-block wpr-grid-item-align-center wpr-element-fade-in wpr-anim-size-large wpr-anim-timing-ease-default wpr-anim-transparency\"><div class=\"inner-block\"><span data-src=\"https:\/\/escalerasbalaguer.com\/wp-content\/uploads\/2023\/11\/Escalera-Diseno-en-concesionario-.jpg\"><i class=\"fas fa-search\"><\/i><\/span><div class=\"wpr-grid-lightbox-overlay\"><\/div><\/div><\/div><h2 class=\"wpr-grid-item-title elementor-repeater-item-615135a wpr-grid-item-display-block wpr-grid-item-align-center wpr-element-fade-in wpr-anim-size-large wpr-anim-timing-ease-default wpr-anim-transparency wpr-pointer-none wpr-pointer-line-fx wpr-pointer-fx-fade\"><div class=\"inner-block\"><a  href=\"https:\/\/escalerasbalaguer.com\/fr\/escalera-diseno-en-concesionario-2\/\">Escalera Dise\u00f1o &#8211; en concesionario<\/a><\/div><\/h2><\/div><\/div><\/div><\/div><\/div><\/div><\/div><\/article><article class=\"wpr-grid-item elementor-clearfix post-1785 attachment type-attachment status-inherit hentry\"><div class=\"wpr-grid-item-inner\"><div class=\"wpr-grid-media-wrap wpr-effect-size-small \"><div class=\"wpr-grid-image-wrap\" data-src=\"https:\/\/escalerasbalaguer.com\/wp-content\/uploads\/2023\/11\/Escalera-Diseno-sagrada-familia.jpg\"><img decoding=\"async\" src=\"https:\/\/escalerasbalaguer.com\/wp-content\/uploads\/elementor\/thumbs\/Escalera-Diseno-sagrada-familia-qieg7tkydjozov7feqdzhrsc9chvq8bujtdgvm9bc0.jpg\" alt=\"Escalera Dise\u00f1o &#8211; sagrada familia\" class=\"wpr-anim-timing-ease-default\"><\/div><div class=\"wpr-grid-media-hover wpr-animation-wrap\"><div class=\"wpr-grid-media-hover-bg  wpr-overlay-fade-in wpr-anim-size-large wpr-anim-timing-ease-default wpr-anim-transparency\" data-url=\"https:\/\/escalerasbalaguer.com\/fr\/escalera-diseno-sagrada-familia-2-2\/\"><\/div><div class=\"wpr-cv-container\"><div class=\"wpr-cv-outer\"><div class=\"wpr-cv-inner\"><div class=\"wpr-grid-media-hover-middle elementor-clearfix\"><div class=\"wpr-grid-item-lightbox elementor-repeater-item-c56f1c6 wpr-grid-item-display-block wpr-grid-item-align-center wpr-element-fade-in wpr-anim-size-large wpr-anim-timing-ease-default wpr-anim-transparency\"><div class=\"inner-block\"><span data-src=\"https:\/\/escalerasbalaguer.com\/wp-content\/uploads\/2023\/11\/Escalera-Diseno-sagrada-familia.jpg\"><i class=\"fas fa-search\"><\/i><\/span><div class=\"wpr-grid-lightbox-overlay\"><\/div><\/div><\/div><h2 class=\"wpr-grid-item-title elementor-repeater-item-615135a wpr-grid-item-display-block wpr-grid-item-align-center wpr-element-fade-in wpr-anim-size-large wpr-anim-timing-ease-default wpr-anim-transparency wpr-pointer-none wpr-pointer-line-fx wpr-pointer-fx-fade\"><div class=\"inner-block\"><a  href=\"https:\/\/escalerasbalaguer.com\/fr\/escalera-diseno-sagrada-familia-2-2\/\">Escalera Dise\u00f1o &#8211; sagrada familia<\/a><\/div><\/h2><\/div><\/div><\/div><\/div><\/div><\/div><\/div><\/article><article class=\"wpr-grid-item elementor-clearfix post-1788 attachment type-attachment status-inherit hentry\"><div class=\"wpr-grid-item-inner\"><div class=\"wpr-grid-media-wrap wpr-effect-size-small \"><div class=\"wpr-grid-image-wrap\" data-src=\"https:\/\/escalerasbalaguer.com\/wp-content\/uploads\/2023\/11\/Escalera-Diseno-soler-morato-vista-superior.jpg\"><img decoding=\"async\" src=\"https:\/\/escalerasbalaguer.com\/wp-content\/uploads\/elementor\/thumbs\/Escalera-Diseno-soler-morato-vista-superior-qieg7uiskdqa0h6298sm29jsuqd8xxfkvy0ycw7x5s.jpg\" alt=\"Escalera Dise\u00f1o &#8211; soler morato vista superior\" class=\"wpr-anim-timing-ease-default\"><\/div><div class=\"wpr-grid-media-hover wpr-animation-wrap\"><div class=\"wpr-grid-media-hover-bg  wpr-overlay-fade-in wpr-anim-size-large wpr-anim-timing-ease-default wpr-anim-transparency\" data-url=\"https:\/\/escalerasbalaguer.com\/fr\/escalera-diseno-soler-morato-vista-superior-2\/\"><\/div><div class=\"wpr-cv-container\"><div class=\"wpr-cv-outer\"><div class=\"wpr-cv-inner\"><div class=\"wpr-grid-media-hover-middle elementor-clearfix\"><div class=\"wpr-grid-item-lightbox elementor-repeater-item-c56f1c6 wpr-grid-item-display-block wpr-grid-item-align-center wpr-element-fade-in wpr-anim-size-large wpr-anim-timing-ease-default wpr-anim-transparency\"><div class=\"inner-block\"><span data-src=\"https:\/\/escalerasbalaguer.com\/wp-content\/uploads\/2023\/11\/Escalera-Diseno-soler-morato-vista-superior.jpg\"><i class=\"fas fa-search\"><\/i><\/span><div class=\"wpr-grid-lightbox-overlay\"><\/div><\/div><\/div><h2 class=\"wpr-grid-item-title elementor-repeater-item-615135a wpr-grid-item-display-block wpr-grid-item-align-center wpr-element-fade-in wpr-anim-size-large wpr-anim-timing-ease-default wpr-anim-transparency wpr-pointer-none wpr-pointer-line-fx wpr-pointer-fx-fade\"><div class=\"inner-block\"><a  href=\"https:\/\/escalerasbalaguer.com\/fr\/escalera-diseno-soler-morato-vista-superior-2\/\">Escalera Dise\u00f1o &#8211; soler morato vista superior<\/a><\/div><\/h2><\/div><\/div><\/div><\/div><\/div><\/div><\/div><\/article><article class=\"wpr-grid-item elementor-clearfix post-1791 attachment type-attachment status-inherit hentry\"><div class=\"wpr-grid-item-inner\"><div class=\"wpr-grid-media-wrap wpr-effect-size-small \"><div class=\"wpr-grid-image-wrap\" data-src=\"https:\/\/escalerasbalaguer.com\/wp-content\/uploads\/2023\/11\/Escalera-Diseno-caraol-altillo.jpg\"><img decoding=\"async\" src=\"https:\/\/escalerasbalaguer.com\/wp-content\/uploads\/elementor\/thumbs\/Escalera-Diseno-caraol-altillo-qieg7qrft1l4q1biv763sahyh6vs350njff0fsdhuo.jpg\" alt=\"Escalera Dise\u00f1o &#8211; caraol altillo\" class=\"wpr-anim-timing-ease-default\"><\/div><div class=\"wpr-grid-media-hover wpr-animation-wrap\"><div class=\"wpr-grid-media-hover-bg  wpr-overlay-fade-in wpr-anim-size-large wpr-anim-timing-ease-default wpr-anim-transparency\" data-url=\"https:\/\/escalerasbalaguer.com\/fr\/escalera-diseno-caraol-altillo-2\/\"><\/div><div class=\"wpr-cv-container\"><div class=\"wpr-cv-outer\"><div class=\"wpr-cv-inner\"><div class=\"wpr-grid-media-hover-middle elementor-clearfix\"><div class=\"wpr-grid-item-lightbox elementor-repeater-item-c56f1c6 wpr-grid-item-display-block wpr-grid-item-align-center wpr-element-fade-in wpr-anim-size-large wpr-anim-timing-ease-default wpr-anim-transparency\"><div class=\"inner-block\"><span data-src=\"https:\/\/escalerasbalaguer.com\/wp-content\/uploads\/2023\/11\/Escalera-Diseno-caraol-altillo.jpg\"><i class=\"fas fa-search\"><\/i><\/span><div class=\"wpr-grid-lightbox-overlay\"><\/div><\/div><\/div><h2 class=\"wpr-grid-item-title elementor-repeater-item-615135a wpr-grid-item-display-block wpr-grid-item-align-center wpr-element-fade-in wpr-anim-size-large wpr-anim-timing-ease-default wpr-anim-transparency wpr-pointer-none wpr-pointer-line-fx wpr-pointer-fx-fade\"><div class=\"inner-block\"><a  href=\"https:\/\/escalerasbalaguer.com\/fr\/escalera-diseno-caraol-altillo-2\/\">Escalera Dise\u00f1o &#8211; caraol altillo<\/a><\/div><\/h2><\/div><\/div><\/div><\/div><\/div><\/div><\/div><\/article><article class=\"wpr-grid-item elementor-clearfix post-1794 attachment type-attachment status-inherit hentry\"><div class=\"wpr-grid-item-inner\"><div class=\"wpr-grid-media-wrap wpr-effect-size-small \"><div class=\"wpr-grid-image-wrap\" data-src=\"https:\/\/escalerasbalaguer.com\/wp-content\/uploads\/2023\/11\/Escalera-Diseno-soler-morato.jpg\"><img decoding=\"async\" src=\"https:\/\/escalerasbalaguer.com\/wp-content\/uploads\/elementor\/thumbs\/Escalera-Diseno-soler-morato-qieg7uiskdqa0h6298sm29jsuqd8xxfkvy0ycw7x5s.jpg\" alt=\"Escalera Dise\u00f1o &#8211; soler morato\" class=\"wpr-anim-timing-ease-default\"><\/div><div class=\"wpr-grid-media-hover wpr-animation-wrap\"><div class=\"wpr-grid-media-hover-bg  wpr-overlay-fade-in wpr-anim-size-large wpr-anim-timing-ease-default wpr-anim-transparency\" data-url=\"https:\/\/escalerasbalaguer.com\/fr\/escalera-diseno-soler-morato-3\/\"><\/div><div class=\"wpr-cv-container\"><div class=\"wpr-cv-outer\"><div class=\"wpr-cv-inner\"><div class=\"wpr-grid-media-hover-middle elementor-clearfix\"><div class=\"wpr-grid-item-lightbox elementor-repeater-item-c56f1c6 wpr-grid-item-display-block wpr-grid-item-align-center wpr-element-fade-in wpr-anim-size-large wpr-anim-timing-ease-default wpr-anim-transparency\"><div class=\"inner-block\"><span data-src=\"https:\/\/escalerasbalaguer.com\/wp-content\/uploads\/2023\/11\/Escalera-Diseno-soler-morato.jpg\"><i class=\"fas fa-search\"><\/i><\/span><div class=\"wpr-grid-lightbox-overlay\"><\/div><\/div><\/div><h2 class=\"wpr-grid-item-title elementor-repeater-item-615135a wpr-grid-item-display-block wpr-grid-item-align-center wpr-element-fade-in wpr-anim-size-large wpr-anim-timing-ease-default wpr-anim-transparency wpr-pointer-none wpr-pointer-line-fx wpr-pointer-fx-fade\"><div class=\"inner-block\"><a  href=\"https:\/\/escalerasbalaguer.com\/fr\/escalera-diseno-soler-morato-3\/\">Escalera Dise\u00f1o &#8211; soler morato<\/a><\/div><\/h2><\/div><\/div><\/div><\/div><\/div><\/div><\/div><\/article><article class=\"wpr-grid-item elementor-clearfix post-1797 attachment type-attachment status-inherit hentry\"><div class=\"wpr-grid-item-inner\"><div class=\"wpr-grid-media-wrap wpr-effect-size-small \"><div class=\"wpr-grid-image-wrap\" data-src=\"https:\/\/escalerasbalaguer.com\/wp-content\/uploads\/2023\/11\/Escalera-Diseno-helicoidal-sin-eje-vista-frontal.jpg\"><img decoding=\"async\" src=\"https:\/\/escalerasbalaguer.com\/wp-content\/uploads\/elementor\/thumbs\/Escalera-Diseno-helicoidal-sin-eje-vista-frontal-qieg7sn46pnpd98sk7zcxa0vnymiij847opzecapi8.jpg\" alt=\"Escalera Dise\u00f1o &#8211; helicoidal sin eje vista frontal\" class=\"wpr-anim-timing-ease-default\"><\/div><div class=\"wpr-grid-media-hover wpr-animation-wrap\"><div class=\"wpr-grid-media-hover-bg  wpr-overlay-fade-in wpr-anim-size-large wpr-anim-timing-ease-default wpr-anim-transparency\" data-url=\"https:\/\/escalerasbalaguer.com\/fr\/escalera-diseno-helicoidal-sin-eje-vista-frontal-2\/\"><\/div><div class=\"wpr-cv-container\"><div class=\"wpr-cv-outer\"><div class=\"wpr-cv-inner\"><div class=\"wpr-grid-media-hover-middle elementor-clearfix\"><div class=\"wpr-grid-item-lightbox elementor-repeater-item-c56f1c6 wpr-grid-item-display-block wpr-grid-item-align-center wpr-element-fade-in wpr-anim-size-large wpr-anim-timing-ease-default wpr-anim-transparency\"><div class=\"inner-block\"><span data-src=\"https:\/\/escalerasbalaguer.com\/wp-content\/uploads\/2023\/11\/Escalera-Diseno-helicoidal-sin-eje-vista-frontal.jpg\"><i class=\"fas fa-search\"><\/i><\/span><div class=\"wpr-grid-lightbox-overlay\"><\/div><\/div><\/div><h2 class=\"wpr-grid-item-title elementor-repeater-item-615135a wpr-grid-item-display-block wpr-grid-item-align-center wpr-element-fade-in wpr-anim-size-large wpr-anim-timing-ease-default wpr-anim-transparency wpr-pointer-none wpr-pointer-line-fx wpr-pointer-fx-fade\"><div class=\"inner-block\"><a  href=\"https:\/\/escalerasbalaguer.com\/fr\/escalera-diseno-helicoidal-sin-eje-vista-frontal-2\/\">Escalera Dise\u00f1o &#8211; helicoidal sin eje vista frontal<\/a><\/div><\/h2><\/div><\/div><\/div><\/div><\/div><\/div><\/div><\/article><article class=\"wpr-grid-item elementor-clearfix post-1800 attachment type-attachment status-inherit hentry\"><div class=\"wpr-grid-item-inner\"><div class=\"wpr-grid-media-wrap wpr-effect-size-small \"><div class=\"wpr-grid-image-wrap\" data-src=\"https:\/\/escalerasbalaguer.com\/wp-content\/uploads\/2023\/11\/Escalera-Diseno-zz-con-contrahuella-y-vidrio.jpg\"><img decoding=\"async\" src=\"https:\/\/escalerasbalaguer.com\/wp-content\/uploads\/elementor\/thumbs\/Escalera-Diseno-zz-con-contrahuella-y-vidrio-qieg7vgmr7rkc34p3r78mrb9g48m5mjb82ofu66izk.jpg\" alt=\"Escalera Dise\u00f1o &#8211; zz con contrahuella y vidrio\" class=\"wpr-anim-timing-ease-default\"><\/div><div class=\"wpr-grid-media-hover wpr-animation-wrap\"><div class=\"wpr-grid-media-hover-bg  wpr-overlay-fade-in wpr-anim-size-large wpr-anim-timing-ease-default wpr-anim-transparency\" data-url=\"https:\/\/escalerasbalaguer.com\/fr\/escalera-diseno-zz-con-contrahuella-y-vidrio-2\/\"><\/div><div class=\"wpr-cv-container\"><div class=\"wpr-cv-outer\"><div class=\"wpr-cv-inner\"><div class=\"wpr-grid-media-hover-middle elementor-clearfix\"><div class=\"wpr-grid-item-lightbox elementor-repeater-item-c56f1c6 wpr-grid-item-display-block wpr-grid-item-align-center wpr-element-fade-in wpr-anim-size-large wpr-anim-timing-ease-default wpr-anim-transparency\"><div class=\"inner-block\"><span data-src=\"https:\/\/escalerasbalaguer.com\/wp-content\/uploads\/2023\/11\/Escalera-Diseno-zz-con-contrahuella-y-vidrio.jpg\"><i class=\"fas fa-search\"><\/i><\/span><div class=\"wpr-grid-lightbox-overlay\"><\/div><\/div><\/div><h2 class=\"wpr-grid-item-title elementor-repeater-item-615135a wpr-grid-item-display-block wpr-grid-item-align-center wpr-element-fade-in wpr-anim-size-large wpr-anim-timing-ease-default wpr-anim-transparency wpr-pointer-none wpr-pointer-line-fx wpr-pointer-fx-fade\"><div class=\"inner-block\"><a  href=\"https:\/\/escalerasbalaguer.com\/fr\/escalera-diseno-zz-con-contrahuella-y-vidrio-2\/\">Escalera Dise\u00f1o &#8211; zz con contrahuella y vidrio<\/a><\/div><\/h2><\/div><\/div><\/div><\/div><\/div><\/div><\/div><\/article><article class=\"wpr-grid-item elementor-clearfix post-1803 attachment type-attachment status-inherit hentry\"><div class=\"wpr-grid-item-inner\"><div class=\"wpr-grid-media-wrap wpr-effect-size-small \"><div class=\"wpr-grid-image-wrap\" data-src=\"https:\/\/escalerasbalaguer.com\/wp-content\/uploads\/2023\/11\/Escalera-Diseno-soler-morato-vista-frontal.jpg\"><img decoding=\"async\" src=\"https:\/\/escalerasbalaguer.com\/wp-content\/uploads\/elementor\/thumbs\/Escalera-Diseno-soler-morato-vista-frontal-qieg7uiskdqa0h6298sm29jsuqd8xxfkvy0ycw7x5s.jpg\" alt=\"Escalera Dise\u00f1o &#8211; soler morato vista frontal\" class=\"wpr-anim-timing-ease-default\"><\/div><div class=\"wpr-grid-media-hover wpr-animation-wrap\"><div class=\"wpr-grid-media-hover-bg  wpr-overlay-fade-in wpr-anim-size-large wpr-anim-timing-ease-default wpr-anim-transparency\" data-url=\"https:\/\/escalerasbalaguer.com\/fr\/escalera-diseno-soler-morato-vista-frontal-2\/\"><\/div><div class=\"wpr-cv-container\"><div class=\"wpr-cv-outer\"><div class=\"wpr-cv-inner\"><div class=\"wpr-grid-media-hover-middle elementor-clearfix\"><div class=\"wpr-grid-item-lightbox elementor-repeater-item-c56f1c6 wpr-grid-item-display-block wpr-grid-item-align-center wpr-element-fade-in wpr-anim-size-large wpr-anim-timing-ease-default wpr-anim-transparency\"><div class=\"inner-block\"><span data-src=\"https:\/\/escalerasbalaguer.com\/wp-content\/uploads\/2023\/11\/Escalera-Diseno-soler-morato-vista-frontal.jpg\"><i class=\"fas fa-search\"><\/i><\/span><div class=\"wpr-grid-lightbox-overlay\"><\/div><\/div><\/div><h2 class=\"wpr-grid-item-title elementor-repeater-item-615135a wpr-grid-item-display-block wpr-grid-item-align-center wpr-element-fade-in wpr-anim-size-large wpr-anim-timing-ease-default wpr-anim-transparency wpr-pointer-none wpr-pointer-line-fx wpr-pointer-fx-fade\"><div class=\"inner-block\"><a  href=\"https:\/\/escalerasbalaguer.com\/fr\/escalera-diseno-soler-morato-vista-frontal-2\/\">Escalera Dise\u00f1o &#8211; soler morato vista frontal<\/a><\/div><\/h2><\/div><\/div><\/div><\/div><\/div><\/div><\/div><\/article><article class=\"wpr-grid-item elementor-clearfix post-1806 attachment type-attachment status-inherit hentry\"><div class=\"wpr-grid-item-inner\"><div class=\"wpr-grid-media-wrap wpr-effect-size-small \"><div class=\"wpr-grid-image-wrap\" data-src=\"https:\/\/escalerasbalaguer.com\/wp-content\/uploads\/2023\/11\/Escalera-Diseno-spot-publicitario.jpg\"><img decoding=\"async\" src=\"https:\/\/escalerasbalaguer.com\/wp-content\/uploads\/elementor\/thumbs\/Escalera-Diseno-spot-publicitario-qieg7uiskdqa0h6298sm29jsuqd8xxfkvy0ycw7x5s.jpg\" alt=\"Escalera Dise\u00f1o &#8211; spot publicitario\" class=\"wpr-anim-timing-ease-default\"><\/div><div class=\"wpr-grid-media-hover wpr-animation-wrap\"><div class=\"wpr-grid-media-hover-bg  wpr-overlay-fade-in wpr-anim-size-large wpr-anim-timing-ease-default wpr-anim-transparency\" data-url=\"https:\/\/escalerasbalaguer.com\/fr\/escalera-diseno-spot-publicitario-2\/\"><\/div><div class=\"wpr-cv-container\"><div class=\"wpr-cv-outer\"><div class=\"wpr-cv-inner\"><div class=\"wpr-grid-media-hover-middle elementor-clearfix\"><div class=\"wpr-grid-item-lightbox elementor-repeater-item-c56f1c6 wpr-grid-item-display-block wpr-grid-item-align-center wpr-element-fade-in wpr-anim-size-large wpr-anim-timing-ease-default wpr-anim-transparency\"><div class=\"inner-block\"><span data-src=\"https:\/\/escalerasbalaguer.com\/wp-content\/uploads\/2023\/11\/Escalera-Diseno-spot-publicitario.jpg\"><i class=\"fas fa-search\"><\/i><\/span><div class=\"wpr-grid-lightbox-overlay\"><\/div><\/div><\/div><h2 class=\"wpr-grid-item-title elementor-repeater-item-615135a wpr-grid-item-display-block wpr-grid-item-align-center wpr-element-fade-in wpr-anim-size-large wpr-anim-timing-ease-default wpr-anim-transparency wpr-pointer-none wpr-pointer-line-fx wpr-pointer-fx-fade\"><div class=\"inner-block\"><a  href=\"https:\/\/escalerasbalaguer.com\/fr\/escalera-diseno-spot-publicitario-2\/\">Escalera Dise\u00f1o &#8211; spot publicitario<\/a><\/div><\/h2><\/div><\/div><\/div><\/div><\/div><\/div><\/div><\/article><article class=\"wpr-grid-item elementor-clearfix post-1809 attachment type-attachment status-inherit hentry\"><div class=\"wpr-grid-item-inner\"><div class=\"wpr-grid-media-wrap wpr-effect-size-small \"><div class=\"wpr-grid-image-wrap\" data-src=\"https:\/\/escalerasbalaguer.com\/wp-content\/uploads\/2023\/11\/Escalera-Diseno-local-comercial-.jpg\"><img decoding=\"async\" src=\"https:\/\/escalerasbalaguer.com\/wp-content\/uploads\/elementor\/thumbs\/Escalera-Diseno-local-comercial--qieg7tkydjozov7feqdzhrsc9chvq8bujtdgvm9bc0.jpg\" alt=\"Escalera Dise\u00f1o &#8211; local comercial\" class=\"wpr-anim-timing-ease-default\"><\/div><div class=\"wpr-grid-media-hover wpr-animation-wrap\"><div class=\"wpr-grid-media-hover-bg  wpr-overlay-fade-in wpr-anim-size-large wpr-anim-timing-ease-default wpr-anim-transparency\" data-url=\"https:\/\/escalerasbalaguer.com\/fr\/escalera-diseno-local-comercial-3\/\"><\/div><div class=\"wpr-cv-container\"><div class=\"wpr-cv-outer\"><div class=\"wpr-cv-inner\"><div class=\"wpr-grid-media-hover-middle elementor-clearfix\"><div class=\"wpr-grid-item-lightbox elementor-repeater-item-c56f1c6 wpr-grid-item-display-block wpr-grid-item-align-center wpr-element-fade-in wpr-anim-size-large wpr-anim-timing-ease-default wpr-anim-transparency\"><div class=\"inner-block\"><span data-src=\"https:\/\/escalerasbalaguer.com\/wp-content\/uploads\/2023\/11\/Escalera-Diseno-local-comercial-.jpg\"><i class=\"fas fa-search\"><\/i><\/span><div class=\"wpr-grid-lightbox-overlay\"><\/div><\/div><\/div><h2 class=\"wpr-grid-item-title elementor-repeater-item-615135a wpr-grid-item-display-block wpr-grid-item-align-center wpr-element-fade-in wpr-anim-size-large wpr-anim-timing-ease-default wpr-anim-transparency wpr-pointer-none wpr-pointer-line-fx wpr-pointer-fx-fade\"><div class=\"inner-block\"><a  href=\"https:\/\/escalerasbalaguer.com\/fr\/escalera-diseno-local-comercial-3\/\">Escalera Dise\u00f1o &#8211; local comercial<\/a><\/div><\/h2><\/div><\/div><\/div><\/div><\/div><\/div><\/div><\/article><article class=\"wpr-grid-item elementor-clearfix post-1833 attachment type-attachment status-inherit hentry\"><div class=\"wpr-grid-item-inner\"><div class=\"wpr-grid-media-wrap wpr-effect-size-small \"><div class=\"wpr-grid-image-wrap\" data-src=\"https:\/\/escalerasbalaguer.com\/wp-content\/uploads\/2023\/11\/Escalera-Diseno-tramos-rectos-con-leds.jpg\"><img decoding=\"async\" src=\"https:\/\/escalerasbalaguer.com\/wp-content\/uploads\/elementor\/thumbs\/Escalera-Diseno-tramos-rectos-con-leds-qieg7uiskdqa0h6298sm29jsuqd8xxfkvy0ycw7x5s.jpg\" alt=\"Escalera Dise\u00f1o &#8211; tramos rectos con leds\" class=\"wpr-anim-timing-ease-default\"><\/div><div class=\"wpr-grid-media-hover wpr-animation-wrap\"><div class=\"wpr-grid-media-hover-bg  wpr-overlay-fade-in wpr-anim-size-large wpr-anim-timing-ease-default wpr-anim-transparency\" data-url=\"https:\/\/escalerasbalaguer.com\/fr\/escalera-diseno-tramos-rectos-con-leds-3\/\"><\/div><div class=\"wpr-cv-container\"><div class=\"wpr-cv-outer\"><div class=\"wpr-cv-inner\"><div class=\"wpr-grid-media-hover-middle elementor-clearfix\"><div class=\"wpr-grid-item-lightbox elementor-repeater-item-c56f1c6 wpr-grid-item-display-block wpr-grid-item-align-center wpr-element-fade-in wpr-anim-size-large wpr-anim-timing-ease-default wpr-anim-transparency\"><div class=\"inner-block\"><span data-src=\"https:\/\/escalerasbalaguer.com\/wp-content\/uploads\/2023\/11\/Escalera-Diseno-tramos-rectos-con-leds.jpg\"><i class=\"fas fa-search\"><\/i><\/span><div class=\"wpr-grid-lightbox-overlay\"><\/div><\/div><\/div><h2 class=\"wpr-grid-item-title elementor-repeater-item-615135a wpr-grid-item-display-block wpr-grid-item-align-center wpr-element-fade-in wpr-anim-size-large wpr-anim-timing-ease-default wpr-anim-transparency wpr-pointer-none wpr-pointer-line-fx wpr-pointer-fx-fade\"><div class=\"inner-block\"><a  href=\"https:\/\/escalerasbalaguer.com\/fr\/escalera-diseno-tramos-rectos-con-leds-3\/\">Escalera Dise\u00f1o &#8211; tramos rectos con leds<\/a><\/div><\/h2><\/div><\/div><\/div><\/div><\/div><\/div><\/div><\/article><article class=\"wpr-grid-item elementor-clearfix post-1830 attachment type-attachment status-inherit hentry\"><div class=\"wpr-grid-item-inner\"><div class=\"wpr-grid-media-wrap wpr-effect-size-small \"><div class=\"wpr-grid-image-wrap\" data-src=\"https:\/\/escalerasbalaguer.com\/wp-content\/uploads\/2023\/11\/Escalera-Diseno-aire-vista-posterior.jpg\"><img decoding=\"async\" src=\"https:\/\/escalerasbalaguer.com\/wp-content\/uploads\/elementor\/thumbs\/Escalera-Diseno-aire-vista-posterior-qieg7ptlm7juefcw0orh7sqhvt0evfwx7ariyiew0w.jpg\" alt=\"Escalera Dise\u00f1o &#8211; aire vista posterior\" class=\"wpr-anim-timing-ease-default\"><\/div><div class=\"wpr-grid-media-hover wpr-animation-wrap\"><div class=\"wpr-grid-media-hover-bg  wpr-overlay-fade-in wpr-anim-size-large wpr-anim-timing-ease-default wpr-anim-transparency\" data-url=\"https:\/\/escalerasbalaguer.com\/fr\/escalera-diseno-aire-vista-posterior-2\/\"><\/div><div class=\"wpr-cv-container\"><div class=\"wpr-cv-outer\"><div class=\"wpr-cv-inner\"><div class=\"wpr-grid-media-hover-middle elementor-clearfix\"><div class=\"wpr-grid-item-lightbox elementor-repeater-item-c56f1c6 wpr-grid-item-display-block wpr-grid-item-align-center wpr-element-fade-in wpr-anim-size-large wpr-anim-timing-ease-default wpr-anim-transparency\"><div class=\"inner-block\"><span data-src=\"https:\/\/escalerasbalaguer.com\/wp-content\/uploads\/2023\/11\/Escalera-Diseno-aire-vista-posterior.jpg\"><i class=\"fas fa-search\"><\/i><\/span><div class=\"wpr-grid-lightbox-overlay\"><\/div><\/div><\/div><h2 class=\"wpr-grid-item-title elementor-repeater-item-615135a wpr-grid-item-display-block wpr-grid-item-align-center wpr-element-fade-in wpr-anim-size-large wpr-anim-timing-ease-default wpr-anim-transparency wpr-pointer-none wpr-pointer-line-fx wpr-pointer-fx-fade\"><div class=\"inner-block\"><a  href=\"https:\/\/escalerasbalaguer.com\/fr\/escalera-diseno-aire-vista-posterior-2\/\">Escalera Dise\u00f1o &#8211; aire vista posterior<\/a><\/div><\/h2><\/div><\/div><\/div><\/div><\/div><\/div><\/div><\/article><article class=\"wpr-grid-item elementor-clearfix post-1827 attachment type-attachment status-inherit hentry\"><div class=\"wpr-grid-item-inner\"><div class=\"wpr-grid-media-wrap wpr-effect-size-small \"><div class=\"wpr-grid-image-wrap\" data-src=\"https:\/\/escalerasbalaguer.com\/wp-content\/uploads\/2023\/11\/Escalera-Diseno-aire-vista-superior-e1704728532944.jpg\"><img decoding=\"async\" src=\"https:\/\/escalerasbalaguer.com\/wp-content\/uploads\/elementor\/thumbs\/Escalera-Diseno-aire-vista-superior-e1704728532944-qieg7ptlm7juefcw0orh7sqhvt0evfwx7ariyiew0w.jpg\" alt=\"Escalera Dise\u00f1o &#8211; aire vista superior\" class=\"wpr-anim-timing-ease-default\"><\/div><div class=\"wpr-grid-media-hover wpr-animation-wrap\"><div class=\"wpr-grid-media-hover-bg  wpr-overlay-fade-in wpr-anim-size-large wpr-anim-timing-ease-default wpr-anim-transparency\" data-url=\"https:\/\/escalerasbalaguer.com\/fr\/escalera-diseno-aire-vista-superior-2\/\"><\/div><div class=\"wpr-cv-container\"><div class=\"wpr-cv-outer\"><div class=\"wpr-cv-inner\"><div class=\"wpr-grid-media-hover-middle elementor-clearfix\"><div class=\"wpr-grid-item-lightbox elementor-repeater-item-c56f1c6 wpr-grid-item-display-block wpr-grid-item-align-center wpr-element-fade-in wpr-anim-size-large wpr-anim-timing-ease-default wpr-anim-transparency\"><div class=\"inner-block\"><span data-src=\"https:\/\/escalerasbalaguer.com\/wp-content\/uploads\/2023\/11\/Escalera-Diseno-aire-vista-superior-e1704728532944.jpg\"><i class=\"fas fa-search\"><\/i><\/span><div class=\"wpr-grid-lightbox-overlay\"><\/div><\/div><\/div><h2 class=\"wpr-grid-item-title elementor-repeater-item-615135a wpr-grid-item-display-block wpr-grid-item-align-center wpr-element-fade-in wpr-anim-size-large wpr-anim-timing-ease-default wpr-anim-transparency wpr-pointer-none wpr-pointer-line-fx wpr-pointer-fx-fade\"><div class=\"inner-block\"><a  href=\"https:\/\/escalerasbalaguer.com\/fr\/escalera-diseno-aire-vista-superior-2\/\">Escalera Dise\u00f1o &#8211; aire vista superior<\/a><\/div><\/h2><\/div><\/div><\/div><\/div><\/div><\/div><\/div><\/article><article class=\"wpr-grid-item elementor-clearfix post-1824 attachment type-attachment status-inherit hentry\"><div class=\"wpr-grid-item-inner\"><div class=\"wpr-grid-media-wrap wpr-effect-size-small \"><div class=\"wpr-grid-image-wrap\" data-src=\"https:\/\/escalerasbalaguer.com\/wp-content\/uploads\/2023\/11\/Escalera-Diseno-hotel.jpg\"><img decoding=\"async\" src=\"https:\/\/escalerasbalaguer.com\/wp-content\/uploads\/elementor\/thumbs\/Escalera-Diseno-hotel-qieg7tkydjozov7feqdzhrsc9chvq8bujtdgvm9bc0.jpg\" alt=\"Escalera Dise\u00f1o &#8211; hotel\" class=\"wpr-anim-timing-ease-default\"><\/div><div class=\"wpr-grid-media-hover wpr-animation-wrap\"><div class=\"wpr-grid-media-hover-bg  wpr-overlay-fade-in wpr-anim-size-large wpr-anim-timing-ease-default wpr-anim-transparency\" data-url=\"https:\/\/escalerasbalaguer.com\/fr\/escalera-diseno-hotel-3\/\"><\/div><div class=\"wpr-cv-container\"><div class=\"wpr-cv-outer\"><div class=\"wpr-cv-inner\"><div class=\"wpr-grid-media-hover-middle elementor-clearfix\"><div class=\"wpr-grid-item-lightbox elementor-repeater-item-c56f1c6 wpr-grid-item-display-block wpr-grid-item-align-center wpr-element-fade-in wpr-anim-size-large wpr-anim-timing-ease-default wpr-anim-transparency\"><div class=\"inner-block\"><span data-src=\"https:\/\/escalerasbalaguer.com\/wp-content\/uploads\/2023\/11\/Escalera-Diseno-hotel.jpg\"><i class=\"fas fa-search\"><\/i><\/span><div class=\"wpr-grid-lightbox-overlay\"><\/div><\/div><\/div><h2 class=\"wpr-grid-item-title elementor-repeater-item-615135a wpr-grid-item-display-block wpr-grid-item-align-center wpr-element-fade-in wpr-anim-size-large wpr-anim-timing-ease-default wpr-anim-transparency wpr-pointer-none wpr-pointer-line-fx wpr-pointer-fx-fade\"><div class=\"inner-block\"><a  href=\"https:\/\/escalerasbalaguer.com\/fr\/escalera-diseno-hotel-3\/\">Escalera Dise\u00f1o &#8211; hotel<\/a><\/div><\/h2><\/div><\/div><\/div><\/div><\/div><\/div><\/div><\/article><article class=\"wpr-grid-item elementor-clearfix post-1821 attachment type-attachment status-inherit hentry\"><div class=\"wpr-grid-item-inner\"><div class=\"wpr-grid-media-wrap wpr-effect-size-small \"><div class=\"wpr-grid-image-wrap\" data-src=\"https:\/\/escalerasbalaguer.com\/wp-content\/uploads\/2023\/11\/Escalera-Diseno-aire-arranque-abajo-e1705405530538.jpg\"><img decoding=\"async\" src=\"https:\/\/escalerasbalaguer.com\/wp-content\/uploads\/elementor\/thumbs\/Escalera-Diseno-aire-arranque-abajo-e1705405530538-qieg7ptlm7juefcw0orh7sqhvt0evfwx7ariyiew0w.jpg\" alt=\"Escalera Dise\u00f1o &#8211; aire arranque abajo\" class=\"wpr-anim-timing-ease-default\"><\/div><div class=\"wpr-grid-media-hover wpr-animation-wrap\"><div class=\"wpr-grid-media-hover-bg  wpr-overlay-fade-in wpr-anim-size-large wpr-anim-timing-ease-default wpr-anim-transparency\" data-url=\"https:\/\/escalerasbalaguer.com\/fr\/escalera-diseno-aire-arranque-abajo-2\/\"><\/div><div class=\"wpr-cv-container\"><div class=\"wpr-cv-outer\"><div class=\"wpr-cv-inner\"><div class=\"wpr-grid-media-hover-middle elementor-clearfix\"><div class=\"wpr-grid-item-lightbox elementor-repeater-item-c56f1c6 wpr-grid-item-display-block wpr-grid-item-align-center wpr-element-fade-in wpr-anim-size-large wpr-anim-timing-ease-default wpr-anim-transparency\"><div class=\"inner-block\"><span data-src=\"https:\/\/escalerasbalaguer.com\/wp-content\/uploads\/2023\/11\/Escalera-Diseno-aire-arranque-abajo-e1705405530538.jpg\"><i class=\"fas fa-search\"><\/i><\/span><div class=\"wpr-grid-lightbox-overlay\"><\/div><\/div><\/div><h2 class=\"wpr-grid-item-title elementor-repeater-item-615135a wpr-grid-item-display-block wpr-grid-item-align-center wpr-element-fade-in wpr-anim-size-large wpr-anim-timing-ease-default wpr-anim-transparency wpr-pointer-none wpr-pointer-line-fx wpr-pointer-fx-fade\"><div class=\"inner-block\"><a  href=\"https:\/\/escalerasbalaguer.com\/fr\/escalera-diseno-aire-arranque-abajo-2\/\">Escalera Dise\u00f1o &#8211; aire arranque abajo<\/a><\/div><\/h2><\/div><\/div><\/div><\/div><\/div><\/div><\/div><\/article><article class=\"wpr-grid-item elementor-clearfix post-1815 attachment type-attachment status-inherit hentry\"><div class=\"wpr-grid-item-inner\"><div class=\"wpr-grid-media-wrap wpr-effect-size-small \"><div class=\"wpr-grid-image-wrap\" data-src=\"https:\/\/escalerasbalaguer.com\/wp-content\/uploads\/2023\/11\/Escalera-Diseno-soler-morato-.jpg\"><img decoding=\"async\" src=\"https:\/\/escalerasbalaguer.com\/wp-content\/uploads\/elementor\/thumbs\/Escalera-Diseno-soler-morato--qieg7tkydjozov7feqdzhrsc9chvq8bujtdgvm9bc0.jpg\" alt=\"Escalera Dise\u00f1o &#8211; soler morato\" class=\"wpr-anim-timing-ease-default\"><\/div><div class=\"wpr-grid-media-hover wpr-animation-wrap\"><div class=\"wpr-grid-media-hover-bg  wpr-overlay-fade-in wpr-anim-size-large wpr-anim-timing-ease-default wpr-anim-transparency\" data-url=\"https:\/\/escalerasbalaguer.com\/fr\/escalera-diseno-soler-morato-2-2\/\"><\/div><div class=\"wpr-cv-container\"><div class=\"wpr-cv-outer\"><div class=\"wpr-cv-inner\"><div class=\"wpr-grid-media-hover-middle elementor-clearfix\"><div class=\"wpr-grid-item-lightbox elementor-repeater-item-c56f1c6 wpr-grid-item-display-block wpr-grid-item-align-center wpr-element-fade-in wpr-anim-size-large wpr-anim-timing-ease-default wpr-anim-transparency\"><div class=\"inner-block\"><span data-src=\"https:\/\/escalerasbalaguer.com\/wp-content\/uploads\/2023\/11\/Escalera-Diseno-soler-morato-.jpg\"><i class=\"fas fa-search\"><\/i><\/span><div class=\"wpr-grid-lightbox-overlay\"><\/div><\/div><\/div><h2 class=\"wpr-grid-item-title elementor-repeater-item-615135a wpr-grid-item-display-block wpr-grid-item-align-center wpr-element-fade-in wpr-anim-size-large wpr-anim-timing-ease-default wpr-anim-transparency wpr-pointer-none wpr-pointer-line-fx wpr-pointer-fx-fade\"><div class=\"inner-block\"><a  href=\"https:\/\/escalerasbalaguer.com\/fr\/escalera-diseno-soler-morato-2-2\/\">Escalera Dise\u00f1o &#8211; soler morato<\/a><\/div><\/h2><\/div><\/div><\/div><\/div><\/div><\/div><\/div><\/article><article class=\"wpr-grid-item elementor-clearfix post-1818 attachment type-attachment status-inherit hentry\"><div class=\"wpr-grid-item-inner\"><div class=\"wpr-grid-media-wrap wpr-effect-size-small \"><div class=\"wpr-grid-image-wrap\" data-src=\"https:\/\/escalerasbalaguer.com\/wp-content\/uploads\/2023\/11\/Escalera-Diseno-aire-.jpg\"><img decoding=\"async\" src=\"https:\/\/escalerasbalaguer.com\/wp-content\/uploads\/elementor\/thumbs\/Escalera-Diseno-aire--qieg7ptlm7juefcw0orh7sqhvt0evfwx7ariyiew0w.jpg\" alt=\"Escalera Dise\u00f1o &#8211; aire\" class=\"wpr-anim-timing-ease-default\"><\/div><div class=\"wpr-grid-media-hover wpr-animation-wrap\"><div class=\"wpr-grid-media-hover-bg  wpr-overlay-fade-in wpr-anim-size-large wpr-anim-timing-ease-default wpr-anim-transparency\" data-url=\"https:\/\/escalerasbalaguer.com\/fr\/escalera-diseno-aire-2\/\"><\/div><div class=\"wpr-cv-container\"><div class=\"wpr-cv-outer\"><div class=\"wpr-cv-inner\"><div class=\"wpr-grid-media-hover-middle elementor-clearfix\"><div class=\"wpr-grid-item-lightbox elementor-repeater-item-c56f1c6 wpr-grid-item-display-block wpr-grid-item-align-center wpr-element-fade-in wpr-anim-size-large wpr-anim-timing-ease-default wpr-anim-transparency\"><div class=\"inner-block\"><span data-src=\"https:\/\/escalerasbalaguer.com\/wp-content\/uploads\/2023\/11\/Escalera-Diseno-aire-.jpg\"><i class=\"fas fa-search\"><\/i><\/span><div class=\"wpr-grid-lightbox-overlay\"><\/div><\/div><\/div><h2 class=\"wpr-grid-item-title elementor-repeater-item-615135a wpr-grid-item-display-block wpr-grid-item-align-center wpr-element-fade-in wpr-anim-size-large wpr-anim-timing-ease-default wpr-anim-transparency wpr-pointer-none wpr-pointer-line-fx wpr-pointer-fx-fade\"><div class=\"inner-block\"><a  href=\"https:\/\/escalerasbalaguer.com\/fr\/escalera-diseno-aire-2\/\">Escalera Dise\u00f1o &#8211; aire<\/a><\/div><\/h2><\/div><\/div><\/div><\/div><\/div><\/div><\/div><\/article><article class=\"wpr-grid-item elementor-clearfix post-1812 attachment type-attachment status-inherit hentry\"><div class=\"wpr-grid-item-inner\"><div class=\"wpr-grid-media-wrap wpr-effect-size-small \"><div class=\"wpr-grid-image-wrap\" data-src=\"https:\/\/escalerasbalaguer.com\/wp-content\/uploads\/2023\/11\/Escalera-Diseno-local-comercial.jpg\"><img decoding=\"async\" src=\"https:\/\/escalerasbalaguer.com\/wp-content\/uploads\/elementor\/thumbs\/Escalera-Diseno-local-comercial-qieg7tkydjozov7feqdzhrsc9chvq8bujtdgvm9bc0.jpg\" alt=\"Escalera Dise\u00f1o &#8211; local comercial\" class=\"wpr-anim-timing-ease-default\"><\/div><div class=\"wpr-grid-media-hover wpr-animation-wrap\"><div class=\"wpr-grid-media-hover-bg  wpr-overlay-fade-in wpr-anim-size-large wpr-anim-timing-ease-default wpr-anim-transparency\" data-url=\"https:\/\/escalerasbalaguer.com\/fr\/escalera-diseno-local-comercial-2-2\/\"><\/div><div class=\"wpr-cv-container\"><div class=\"wpr-cv-outer\"><div class=\"wpr-cv-inner\"><div class=\"wpr-grid-media-hover-middle elementor-clearfix\"><div class=\"wpr-grid-item-lightbox elementor-repeater-item-c56f1c6 wpr-grid-item-display-block wpr-grid-item-align-center wpr-element-fade-in wpr-anim-size-large wpr-anim-timing-ease-default wpr-anim-transparency\"><div class=\"inner-block\"><span data-src=\"https:\/\/escalerasbalaguer.com\/wp-content\/uploads\/2023\/11\/Escalera-Diseno-local-comercial.jpg\"><i class=\"fas fa-search\"><\/i><\/span><div class=\"wpr-grid-lightbox-overlay\"><\/div><\/div><\/div><h2 class=\"wpr-grid-item-title elementor-repeater-item-615135a wpr-grid-item-display-block wpr-grid-item-align-center wpr-element-fade-in wpr-anim-size-large wpr-anim-timing-ease-default wpr-anim-transparency wpr-pointer-none wpr-pointer-line-fx wpr-pointer-fx-fade\"><div class=\"inner-block\"><a  href=\"https:\/\/escalerasbalaguer.com\/fr\/escalera-diseno-local-comercial-2-2\/\">Escalera Dise\u00f1o &#8211; local comercial<\/a><\/div><\/h2><\/div><\/div><\/div><\/div><\/div><\/div><\/div><\/article><article class=\"wpr-grid-item elementor-clearfix post-1836 attachment type-attachment status-inherit hentry\"><div class=\"wpr-grid-item-inner\"><div class=\"wpr-grid-media-wrap wpr-effect-size-small \"><div class=\"wpr-grid-image-wrap\" data-src=\"https:\/\/escalerasbalaguer.com\/wp-content\/uploads\/2023\/11\/Escalera-Diseno-hotel-.jpg\"><img decoding=\"async\" src=\"https:\/\/escalerasbalaguer.com\/wp-content\/uploads\/elementor\/thumbs\/Escalera-Diseno-hotel--qieg7sn46pnpd98sk7zcxa0vnymiij847opzecapi8.jpg\" alt=\"Escalera Dise\u00f1o &#8211; hotel\" class=\"wpr-anim-timing-ease-default\"><\/div><div class=\"wpr-grid-media-hover wpr-animation-wrap\"><div class=\"wpr-grid-media-hover-bg  wpr-overlay-fade-in wpr-anim-size-large wpr-anim-timing-ease-default wpr-anim-transparency\" data-url=\"https:\/\/escalerasbalaguer.com\/fr\/escalera-diseno-hotel-2-2\/\"><\/div><div class=\"wpr-cv-container\"><div class=\"wpr-cv-outer\"><div class=\"wpr-cv-inner\"><div class=\"wpr-grid-media-hover-middle elementor-clearfix\"><div class=\"wpr-grid-item-lightbox elementor-repeater-item-c56f1c6 wpr-grid-item-display-block wpr-grid-item-align-center wpr-element-fade-in wpr-anim-size-large wpr-anim-timing-ease-default wpr-anim-transparency\"><div class=\"inner-block\"><span data-src=\"https:\/\/escalerasbalaguer.com\/wp-content\/uploads\/2023\/11\/Escalera-Diseno-hotel-.jpg\"><i class=\"fas fa-search\"><\/i><\/span><div class=\"wpr-grid-lightbox-overlay\"><\/div><\/div><\/div><h2 class=\"wpr-grid-item-title elementor-repeater-item-615135a wpr-grid-item-display-block wpr-grid-item-align-center wpr-element-fade-in wpr-anim-size-large wpr-anim-timing-ease-default wpr-anim-transparency wpr-pointer-none wpr-pointer-line-fx wpr-pointer-fx-fade\"><div class=\"inner-block\"><a  href=\"https:\/\/escalerasbalaguer.com\/fr\/escalera-diseno-hotel-2-2\/\">Escalera Dise\u00f1o &#8211; hotel<\/a><\/div><\/h2><\/div><\/div><\/div><\/div><\/div><\/div><\/div><\/article><article class=\"wpr-grid-item elementor-clearfix post-1839 attachment type-attachment status-inherit hentry\"><div class=\"wpr-grid-item-inner\"><div class=\"wpr-grid-media-wrap wpr-effect-size-small \"><div class=\"wpr-grid-image-wrap\" data-src=\"https:\/\/escalerasbalaguer.com\/wp-content\/uploads\/2023\/11\/Escalera-Diseno-tramos-rectos-con-leds-y-vidrio.jpg\"><img decoding=\"async\" src=\"https:\/\/escalerasbalaguer.com\/wp-content\/uploads\/elementor\/thumbs\/Escalera-Diseno-tramos-rectos-con-leds-y-vidrio-qieg7uiskdqa0h6298sm29jsuqd8xxfkvy0ycw7x5s.jpg\" alt=\"Escalera Dise\u00f1o &#8211; tramos rectos con leds y vidrio\" class=\"wpr-anim-timing-ease-default\"><\/div><div class=\"wpr-grid-media-hover wpr-animation-wrap\"><div class=\"wpr-grid-media-hover-bg  wpr-overlay-fade-in wpr-anim-size-large wpr-anim-timing-ease-default wpr-anim-transparency\" data-url=\"https:\/\/escalerasbalaguer.com\/fr\/escalera-diseno-tramos-rectos-con-leds-y-vidrio-2\/\"><\/div><div class=\"wpr-cv-container\"><div class=\"wpr-cv-outer\"><div class=\"wpr-cv-inner\"><div class=\"wpr-grid-media-hover-middle elementor-clearfix\"><div class=\"wpr-grid-item-lightbox elementor-repeater-item-c56f1c6 wpr-grid-item-display-block wpr-grid-item-align-center wpr-element-fade-in wpr-anim-size-large wpr-anim-timing-ease-default wpr-anim-transparency\"><div class=\"inner-block\"><span data-src=\"https:\/\/escalerasbalaguer.com\/wp-content\/uploads\/2023\/11\/Escalera-Diseno-tramos-rectos-con-leds-y-vidrio.jpg\"><i class=\"fas fa-search\"><\/i><\/span><div class=\"wpr-grid-lightbox-overlay\"><\/div><\/div><\/div><h2 class=\"wpr-grid-item-title elementor-repeater-item-615135a wpr-grid-item-display-block wpr-grid-item-align-center wpr-element-fade-in wpr-anim-size-large wpr-anim-timing-ease-default wpr-anim-transparency wpr-pointer-none wpr-pointer-line-fx wpr-pointer-fx-fade\"><div class=\"inner-block\"><a  href=\"https:\/\/escalerasbalaguer.com\/fr\/escalera-diseno-tramos-rectos-con-leds-y-vidrio-2\/\">Escalera Dise\u00f1o &#8211; tramos rectos con leds y vidrio<\/a><\/div><\/h2><\/div><\/div><\/div><\/div><\/div><\/div><\/div><\/article><article class=\"wpr-grid-item elementor-clearfix post-1842 attachment type-attachment status-inherit hentry\"><div class=\"wpr-grid-item-inner\"><div class=\"wpr-grid-media-wrap wpr-effect-size-small \"><div class=\"wpr-grid-image-wrap\" data-src=\"https:\/\/escalerasbalaguer.com\/wp-content\/uploads\/2023\/11\/Escalera-Diseno-tramos-rectos-con-leds-planta-intermedia.jpg\"><img decoding=\"async\" src=\"https:\/\/escalerasbalaguer.com\/wp-content\/uploads\/elementor\/thumbs\/Escalera-Diseno-tramos-rectos-con-leds-planta-intermedia-qieg7uiskdqa0h6298sm29jsuqd8xxfkvy0ycw7x5s.jpg\" alt=\"Escalera Dise\u00f1o &#8211; tramos rectos con leds planta intermedia\" class=\"wpr-anim-timing-ease-default\"><\/div><div class=\"wpr-grid-media-hover wpr-animation-wrap\"><div class=\"wpr-grid-media-hover-bg  wpr-overlay-fade-in wpr-anim-size-large wpr-anim-timing-ease-default wpr-anim-transparency\" data-url=\"https:\/\/escalerasbalaguer.com\/fr\/escalera-diseno-tramos-rectos-con-leds-planta-intermedia-2\/\"><\/div><div class=\"wpr-cv-container\"><div class=\"wpr-cv-outer\"><div class=\"wpr-cv-inner\"><div class=\"wpr-grid-media-hover-middle elementor-clearfix\"><div class=\"wpr-grid-item-lightbox elementor-repeater-item-c56f1c6 wpr-grid-item-display-block wpr-grid-item-align-center wpr-element-fade-in wpr-anim-size-large wpr-anim-timing-ease-default wpr-anim-transparency\"><div class=\"inner-block\"><span data-src=\"https:\/\/escalerasbalaguer.com\/wp-content\/uploads\/2023\/11\/Escalera-Diseno-tramos-rectos-con-leds-planta-intermedia.jpg\"><i class=\"fas fa-search\"><\/i><\/span><div class=\"wpr-grid-lightbox-overlay\"><\/div><\/div><\/div><h2 class=\"wpr-grid-item-title elementor-repeater-item-615135a wpr-grid-item-display-block wpr-grid-item-align-center wpr-element-fade-in wpr-anim-size-large wpr-anim-timing-ease-default wpr-anim-transparency wpr-pointer-none wpr-pointer-line-fx wpr-pointer-fx-fade\"><div class=\"inner-block\"><a  href=\"https:\/\/escalerasbalaguer.com\/fr\/escalera-diseno-tramos-rectos-con-leds-planta-intermedia-2\/\">Escalera Dise\u00f1o &#8211; tramos rectos con leds planta intermedia<\/a><\/div><\/h2><\/div><\/div><\/div><\/div><\/div><\/div><\/div><\/article><article class=\"wpr-grid-item elementor-clearfix post-1845 attachment type-attachment status-inherit hentry\"><div class=\"wpr-grid-item-inner\"><div class=\"wpr-grid-media-wrap wpr-effect-size-small \"><div class=\"wpr-grid-image-wrap\" data-src=\"https:\/\/escalerasbalaguer.com\/wp-content\/uploads\/2023\/11\/Escalera-Diseno-condes-barandilla-de-chapa.jpg\"><img decoding=\"async\" src=\"https:\/\/escalerasbalaguer.com\/wp-content\/uploads\/elementor\/thumbs\/Escalera-Diseno-condes-barandilla-de-chapa-qieg7rp9zvmf1na5ppkqcs9f2kr5au4dvk2hx2c3og.jpg\" alt=\"Escalera Dise\u00f1o &#8211; condes barandilla de chapa\" class=\"wpr-anim-timing-ease-default\"><\/div><div class=\"wpr-grid-media-hover wpr-animation-wrap\"><div class=\"wpr-grid-media-hover-bg  wpr-overlay-fade-in wpr-anim-size-large wpr-anim-timing-ease-default wpr-anim-transparency\" data-url=\"https:\/\/escalerasbalaguer.com\/fr\/escalera-diseno-condes-barandilla-de-chapa-3\/\"><\/div><div class=\"wpr-cv-container\"><div class=\"wpr-cv-outer\"><div class=\"wpr-cv-inner\"><div class=\"wpr-grid-media-hover-middle elementor-clearfix\"><div class=\"wpr-grid-item-lightbox elementor-repeater-item-c56f1c6 wpr-grid-item-display-block wpr-grid-item-align-center wpr-element-fade-in wpr-anim-size-large wpr-anim-timing-ease-default wpr-anim-transparency\"><div class=\"inner-block\"><span data-src=\"https:\/\/escalerasbalaguer.com\/wp-content\/uploads\/2023\/11\/Escalera-Diseno-condes-barandilla-de-chapa.jpg\"><i class=\"fas fa-search\"><\/i><\/span><div class=\"wpr-grid-lightbox-overlay\"><\/div><\/div><\/div><h2 class=\"wpr-grid-item-title elementor-repeater-item-615135a wpr-grid-item-display-block wpr-grid-item-align-center wpr-element-fade-in wpr-anim-size-large wpr-anim-timing-ease-default wpr-anim-transparency wpr-pointer-none wpr-pointer-line-fx wpr-pointer-fx-fade\"><div class=\"inner-block\"><a  href=\"https:\/\/escalerasbalaguer.com\/fr\/escalera-diseno-condes-barandilla-de-chapa-3\/\">Escalera Dise\u00f1o &#8211; condes barandilla de chapa<\/a><\/div><\/h2><\/div><\/div><\/div><\/div><\/div><\/div><\/div><\/article><article class=\"wpr-grid-item elementor-clearfix post-1848 attachment type-attachment status-inherit hentry\"><div class=\"wpr-grid-item-inner\"><div class=\"wpr-grid-media-wrap wpr-effect-size-small \"><div class=\"wpr-grid-image-wrap\" data-src=\"https:\/\/escalerasbalaguer.com\/wp-content\/uploads\/2023\/11\/Escalera-Diseno-tramos-rectos-con-leds-1.jpg\"><img decoding=\"async\" src=\"https:\/\/escalerasbalaguer.com\/wp-content\/uploads\/elementor\/thumbs\/Escalera-Diseno-tramos-rectos-con-leds-1-qieg7uiskdqa0h6298sm29jsuqd8xxfkvy0ycw7x5s.jpg\" alt=\"Escalera Dise\u00f1o &#8211; tramos rectos con leds\" class=\"wpr-anim-timing-ease-default\"><\/div><div class=\"wpr-grid-media-hover wpr-animation-wrap\"><div class=\"wpr-grid-media-hover-bg  wpr-overlay-fade-in wpr-anim-size-large wpr-anim-timing-ease-default wpr-anim-transparency\" data-url=\"https:\/\/escalerasbalaguer.com\/fr\/escalera-diseno-tramos-rectos-con-leds-2-2\/\"><\/div><div class=\"wpr-cv-container\"><div class=\"wpr-cv-outer\"><div class=\"wpr-cv-inner\"><div class=\"wpr-grid-media-hover-middle elementor-clearfix\"><div class=\"wpr-grid-item-lightbox elementor-repeater-item-c56f1c6 wpr-grid-item-display-block wpr-grid-item-align-center wpr-element-fade-in wpr-anim-size-large wpr-anim-timing-ease-default wpr-anim-transparency\"><div class=\"inner-block\"><span data-src=\"https:\/\/escalerasbalaguer.com\/wp-content\/uploads\/2023\/11\/Escalera-Diseno-tramos-rectos-con-leds-1.jpg\"><i class=\"fas fa-search\"><\/i><\/span><div class=\"wpr-grid-lightbox-overlay\"><\/div><\/div><\/div><h2 class=\"wpr-grid-item-title elementor-repeater-item-615135a wpr-grid-item-display-block wpr-grid-item-align-center wpr-element-fade-in wpr-anim-size-large wpr-anim-timing-ease-default wpr-anim-transparency wpr-pointer-none wpr-pointer-line-fx wpr-pointer-fx-fade\"><div class=\"inner-block\"><a  href=\"https:\/\/escalerasbalaguer.com\/fr\/escalera-diseno-tramos-rectos-con-leds-2-2\/\">Escalera Dise\u00f1o &#8211; tramos rectos con leds<\/a><\/div><\/h2><\/div><\/div><\/div><\/div><\/div><\/div><\/div><\/article><article class=\"wpr-grid-item elementor-clearfix post-1851 attachment type-attachment status-inherit hentry\"><div class=\"wpr-grid-item-inner\"><div class=\"wpr-grid-media-wrap wpr-effect-size-small \"><div class=\"wpr-grid-image-wrap\" data-src=\"https:\/\/escalerasbalaguer.com\/wp-content\/uploads\/2023\/11\/Escalera-Diseno-condes-vista-superior.jpg\"><img decoding=\"async\" src=\"https:\/\/escalerasbalaguer.com\/wp-content\/uploads\/elementor\/thumbs\/Escalera-Diseno-condes-vista-superior-qieg7rp9zvmf1na5ppkqcs9f2kr5au4dvk2hx2c3og.jpg\" alt=\"Escalera Dise\u00f1o &#8211; condes vista superior\" class=\"wpr-anim-timing-ease-default\"><\/div><div class=\"wpr-grid-media-hover wpr-animation-wrap\"><div class=\"wpr-grid-media-hover-bg  wpr-overlay-fade-in wpr-anim-size-large wpr-anim-timing-ease-default wpr-anim-transparency\" data-url=\"https:\/\/escalerasbalaguer.com\/fr\/escalera-diseno-condes-vista-superior-2\/\"><\/div><div class=\"wpr-cv-container\"><div class=\"wpr-cv-outer\"><div class=\"wpr-cv-inner\"><div class=\"wpr-grid-media-hover-middle elementor-clearfix\"><div class=\"wpr-grid-item-lightbox elementor-repeater-item-c56f1c6 wpr-grid-item-display-block wpr-grid-item-align-center wpr-element-fade-in wpr-anim-size-large wpr-anim-timing-ease-default wpr-anim-transparency\"><div class=\"inner-block\"><span data-src=\"https:\/\/escalerasbalaguer.com\/wp-content\/uploads\/2023\/11\/Escalera-Diseno-condes-vista-superior.jpg\"><i class=\"fas fa-search\"><\/i><\/span><div class=\"wpr-grid-lightbox-overlay\"><\/div><\/div><\/div><h2 class=\"wpr-grid-item-title elementor-repeater-item-615135a wpr-grid-item-display-block wpr-grid-item-align-center wpr-element-fade-in wpr-anim-size-large wpr-anim-timing-ease-default wpr-anim-transparency wpr-pointer-none wpr-pointer-line-fx wpr-pointer-fx-fade\"><div class=\"inner-block\"><a  href=\"https:\/\/escalerasbalaguer.com\/fr\/escalera-diseno-condes-vista-superior-2\/\">Escalera Dise\u00f1o &#8211; condes vista superior<\/a><\/div><\/h2><\/div><\/div><\/div><\/div><\/div><\/div><\/div><\/article><article class=\"wpr-grid-item elementor-clearfix post-1854 attachment type-attachment status-inherit hentry\"><div class=\"wpr-grid-item-inner\"><div class=\"wpr-grid-media-wrap wpr-effect-size-small \"><div class=\"wpr-grid-image-wrap\" data-src=\"https:\/\/escalerasbalaguer.com\/wp-content\/uploads\/2023\/11\/Escalera-Diseno-condes.jpg\"><img decoding=\"async\" src=\"https:\/\/escalerasbalaguer.com\/wp-content\/uploads\/elementor\/thumbs\/Escalera-Diseno-condes-qieg7rp9zvmf1na5ppkqcs9f2kr5au4dvk2hx2c3og.jpg\" alt=\"Escalera Dise\u00f1o &#8211; condes\" class=\"wpr-anim-timing-ease-default\"><\/div><div class=\"wpr-grid-media-hover wpr-animation-wrap\"><div class=\"wpr-grid-media-hover-bg  wpr-overlay-fade-in wpr-anim-size-large wpr-anim-timing-ease-default wpr-anim-transparency\" data-url=\"https:\/\/escalerasbalaguer.com\/fr\/escalera-diseno-condes-2\/\"><\/div><div class=\"wpr-cv-container\"><div class=\"wpr-cv-outer\"><div class=\"wpr-cv-inner\"><div class=\"wpr-grid-media-hover-middle elementor-clearfix\"><div class=\"wpr-grid-item-lightbox elementor-repeater-item-c56f1c6 wpr-grid-item-display-block wpr-grid-item-align-center wpr-element-fade-in wpr-anim-size-large wpr-anim-timing-ease-default wpr-anim-transparency\"><div class=\"inner-block\"><span data-src=\"https:\/\/escalerasbalaguer.com\/wp-content\/uploads\/2023\/11\/Escalera-Diseno-condes.jpg\"><i class=\"fas fa-search\"><\/i><\/span><div class=\"wpr-grid-lightbox-overlay\"><\/div><\/div><\/div><h2 class=\"wpr-grid-item-title elementor-repeater-item-615135a wpr-grid-item-display-block wpr-grid-item-align-center wpr-element-fade-in wpr-anim-size-large wpr-anim-timing-ease-default wpr-anim-transparency wpr-pointer-none wpr-pointer-line-fx wpr-pointer-fx-fade\"><div class=\"inner-block\"><a  href=\"https:\/\/escalerasbalaguer.com\/fr\/escalera-diseno-condes-2\/\">Escalera Dise\u00f1o &#8211; condes<\/a><\/div><\/h2><\/div><\/div><\/div><\/div><\/div><\/div><\/div><\/article><article class=\"wpr-grid-item elementor-clearfix post-1857 attachment type-attachment status-inherit hentry\"><div class=\"wpr-grid-item-inner\"><div class=\"wpr-grid-media-wrap wpr-effect-size-small \"><div class=\"wpr-grid-image-wrap\" data-src=\"https:\/\/escalerasbalaguer.com\/wp-content\/uploads\/2023\/11\/Escalera-caracol-barandilla-chapa.png\"><img decoding=\"async\" src=\"https:\/\/escalerasbalaguer.com\/wp-content\/uploads\/elementor\/thumbs\/Escalera-caracol-barandilla-chapa-qieg77yo0cve9u2twz1kef8qlhgft6y0sudau95db4.png\" alt=\"Escalera caracol barandilla chapa\" class=\"wpr-anim-timing-ease-default\"><\/div><div class=\"wpr-grid-media-hover wpr-animation-wrap\"><div class=\"wpr-grid-media-hover-bg  wpr-overlay-fade-in wpr-anim-size-large wpr-anim-timing-ease-default wpr-anim-transparency\" data-url=\"https:\/\/escalerasbalaguer.com\/fr\/escalera-caracol-barandilla-chapa-2\/\"><\/div><div class=\"wpr-cv-container\"><div class=\"wpr-cv-outer\"><div class=\"wpr-cv-inner\"><div class=\"wpr-grid-media-hover-middle elementor-clearfix\"><div class=\"wpr-grid-item-lightbox elementor-repeater-item-c56f1c6 wpr-grid-item-display-block wpr-grid-item-align-center wpr-element-fade-in wpr-anim-size-large wpr-anim-timing-ease-default wpr-anim-transparency\"><div class=\"inner-block\"><span data-src=\"https:\/\/escalerasbalaguer.com\/wp-content\/uploads\/2023\/11\/Escalera-caracol-barandilla-chapa.png\"><i class=\"fas fa-search\"><\/i><\/span><div class=\"wpr-grid-lightbox-overlay\"><\/div><\/div><\/div><h2 class=\"wpr-grid-item-title elementor-repeater-item-615135a wpr-grid-item-display-block wpr-grid-item-align-center wpr-element-fade-in wpr-anim-size-large wpr-anim-timing-ease-default wpr-anim-transparency wpr-pointer-none wpr-pointer-line-fx wpr-pointer-fx-fade\"><div class=\"inner-block\"><a  href=\"https:\/\/escalerasbalaguer.com\/fr\/escalera-caracol-barandilla-chapa-2\/\">Escalera caracol barandilla chapa<\/a><\/div><\/h2><\/div><\/div><\/div><\/div><\/div><\/div><\/div><\/article><article class=\"wpr-grid-item elementor-clearfix post-1881 attachment type-attachment status-inherit hentry\"><div class=\"wpr-grid-item-inner\"><div class=\"wpr-grid-media-wrap wpr-effect-size-small \"><div class=\"wpr-grid-image-wrap\" data-src=\"https:\/\/escalerasbalaguer.com\/wp-content\/uploads\/2023\/11\/Escalera-Diseno-vivienda-privada-con-barandilla-vidrio.jpg\"><img decoding=\"async\" src=\"https:\/\/escalerasbalaguer.com\/wp-content\/uploads\/elementor\/thumbs\/Escalera-Diseno-vivienda-privada-con-barandilla-vidrio-qieg7vgmr7rkc34p3r78mrb9g48m5mjb82ofu66izk.jpg\" alt=\"Escalera Dise\u00f1o &#8211; vivienda privada con barandilla vidrio\" class=\"wpr-anim-timing-ease-default\"><\/div><div class=\"wpr-grid-media-hover wpr-animation-wrap\"><div class=\"wpr-grid-media-hover-bg  wpr-overlay-fade-in wpr-anim-size-large wpr-anim-timing-ease-default wpr-anim-transparency\" data-url=\"https:\/\/escalerasbalaguer.com\/fr\/escalera-diseno-vivienda-privada-con-barandilla-vidrio-2\/\"><\/div><div class=\"wpr-cv-container\"><div class=\"wpr-cv-outer\"><div class=\"wpr-cv-inner\"><div class=\"wpr-grid-media-hover-middle elementor-clearfix\"><div class=\"wpr-grid-item-lightbox elementor-repeater-item-c56f1c6 wpr-grid-item-display-block wpr-grid-item-align-center wpr-element-fade-in wpr-anim-size-large wpr-anim-timing-ease-default wpr-anim-transparency\"><div class=\"inner-block\"><span data-src=\"https:\/\/escalerasbalaguer.com\/wp-content\/uploads\/2023\/11\/Escalera-Diseno-vivienda-privada-con-barandilla-vidrio.jpg\"><i class=\"fas fa-search\"><\/i><\/span><div class=\"wpr-grid-lightbox-overlay\"><\/div><\/div><\/div><h2 class=\"wpr-grid-item-title elementor-repeater-item-615135a wpr-grid-item-display-block wpr-grid-item-align-center wpr-element-fade-in wpr-anim-size-large wpr-anim-timing-ease-default wpr-anim-transparency wpr-pointer-none wpr-pointer-line-fx wpr-pointer-fx-fade\"><div class=\"inner-block\"><a  href=\"https:\/\/escalerasbalaguer.com\/fr\/escalera-diseno-vivienda-privada-con-barandilla-vidrio-2\/\">Escalera Dise\u00f1o &#8211; vivienda privada con barandilla vidrio<\/a><\/div><\/h2><\/div><\/div><\/div><\/div><\/div><\/div><\/div><\/article><article class=\"wpr-grid-item elementor-clearfix post-1878 attachment type-attachment status-inherit hentry\"><div class=\"wpr-grid-item-inner\"><div class=\"wpr-grid-media-wrap wpr-effect-size-small \"><div class=\"wpr-grid-image-wrap\" data-src=\"https:\/\/escalerasbalaguer.com\/wp-content\/uploads\/2023\/11\/Escalera-Diseno-vivienda-privada-con-barandilla-de-vidrio-.jpg\"><img decoding=\"async\" src=\"https:\/\/escalerasbalaguer.com\/wp-content\/uploads\/elementor\/thumbs\/Escalera-Diseno-vivienda-privada-con-barandilla-de-vidrio--qieg7vgmr7rkc34p3r78mrb9g48m5mjb82ofu66izk.jpg\" alt=\"Escalera Dise\u00f1o &#8211; vivienda privada con barandilla de vidrio\" class=\"wpr-anim-timing-ease-default\"><\/div><div class=\"wpr-grid-media-hover wpr-animation-wrap\"><div class=\"wpr-grid-media-hover-bg  wpr-overlay-fade-in wpr-anim-size-large wpr-anim-timing-ease-default wpr-anim-transparency\" data-url=\"https:\/\/escalerasbalaguer.com\/fr\/escalera-diseno-vivienda-privada-con-barandilla-de-vidrio-3\/\"><\/div><div class=\"wpr-cv-container\"><div class=\"wpr-cv-outer\"><div class=\"wpr-cv-inner\"><div class=\"wpr-grid-media-hover-middle elementor-clearfix\"><div class=\"wpr-grid-item-lightbox elementor-repeater-item-c56f1c6 wpr-grid-item-display-block wpr-grid-item-align-center wpr-element-fade-in wpr-anim-size-large wpr-anim-timing-ease-default wpr-anim-transparency\"><div class=\"inner-block\"><span data-src=\"https:\/\/escalerasbalaguer.com\/wp-content\/uploads\/2023\/11\/Escalera-Diseno-vivienda-privada-con-barandilla-de-vidrio-.jpg\"><i class=\"fas fa-search\"><\/i><\/span><div class=\"wpr-grid-lightbox-overlay\"><\/div><\/div><\/div><h2 class=\"wpr-grid-item-title elementor-repeater-item-615135a wpr-grid-item-display-block wpr-grid-item-align-center wpr-element-fade-in wpr-anim-size-large wpr-anim-timing-ease-default wpr-anim-transparency wpr-pointer-none wpr-pointer-line-fx wpr-pointer-fx-fade\"><div class=\"inner-block\"><a  href=\"https:\/\/escalerasbalaguer.com\/fr\/escalera-diseno-vivienda-privada-con-barandilla-de-vidrio-3\/\">Escalera Dise\u00f1o &#8211; vivienda privada con barandilla de vidrio<\/a><\/div><\/h2><\/div><\/div><\/div><\/div><\/div><\/div><\/div><\/article><article class=\"wpr-grid-item elementor-clearfix post-1872 attachment type-attachment status-inherit hentry\"><div class=\"wpr-grid-item-inner\"><div class=\"wpr-grid-media-wrap wpr-effect-size-small \"><div class=\"wpr-grid-image-wrap\" data-src=\"https:\/\/escalerasbalaguer.com\/wp-content\/uploads\/2023\/11\/Escalera-Diseno-Exterior-en-atico-privado.jpg\"><img decoding=\"async\" src=\"https:\/\/escalerasbalaguer.com\/wp-content\/uploads\/elementor\/thumbs\/Escalera-Diseno-Exterior-en-atico-privado-qieg7sn46pnpd98sk7zcxa0vnymiij847opzecapi8.jpg\" alt=\"Escalera Dise\u00f1o &#8211; Exterior en atico privado\" class=\"wpr-anim-timing-ease-default\"><\/div><div class=\"wpr-grid-media-hover wpr-animation-wrap\"><div class=\"wpr-grid-media-hover-bg  wpr-overlay-fade-in wpr-anim-size-large wpr-anim-timing-ease-default wpr-anim-transparency\" data-url=\"https:\/\/escalerasbalaguer.com\/fr\/escalera-diseno-exterior-en-atico-privado-2\/\"><\/div><div class=\"wpr-cv-container\"><div class=\"wpr-cv-outer\"><div class=\"wpr-cv-inner\"><div class=\"wpr-grid-media-hover-middle elementor-clearfix\"><div class=\"wpr-grid-item-lightbox elementor-repeater-item-c56f1c6 wpr-grid-item-display-block wpr-grid-item-align-center wpr-element-fade-in wpr-anim-size-large wpr-anim-timing-ease-default wpr-anim-transparency\"><div class=\"inner-block\"><span data-src=\"https:\/\/escalerasbalaguer.com\/wp-content\/uploads\/2023\/11\/Escalera-Diseno-Exterior-en-atico-privado.jpg\"><i class=\"fas fa-search\"><\/i><\/span><div class=\"wpr-grid-lightbox-overlay\"><\/div><\/div><\/div><h2 class=\"wpr-grid-item-title elementor-repeater-item-615135a wpr-grid-item-display-block wpr-grid-item-align-center wpr-element-fade-in wpr-anim-size-large wpr-anim-timing-ease-default wpr-anim-transparency wpr-pointer-none wpr-pointer-line-fx wpr-pointer-fx-fade\"><div class=\"inner-block\"><a  href=\"https:\/\/escalerasbalaguer.com\/fr\/escalera-diseno-exterior-en-atico-privado-2\/\">Escalera Dise\u00f1o &#8211; Exterior en atico privado<\/a><\/div><\/h2><\/div><\/div><\/div><\/div><\/div><\/div><\/div><\/article><article class=\"wpr-grid-item elementor-clearfix post-1869 attachment type-attachment status-inherit hentry\"><div class=\"wpr-grid-item-inner\"><div class=\"wpr-grid-media-wrap wpr-effect-size-small \"><div class=\"wpr-grid-image-wrap\" data-src=\"https:\/\/escalerasbalaguer.com\/wp-content\/uploads\/2023\/11\/Escalera-Diseno-caracol-.jpg\"><img decoding=\"async\" src=\"https:\/\/escalerasbalaguer.com\/wp-content\/uploads\/elementor\/thumbs\/Escalera-Diseno-caracol--qieg7qrft1l4q1biv763sahyh6vs350njff0fsdhuo.jpg\" alt=\"Escalera Dise\u00f1o &#8211; caracol\" class=\"wpr-anim-timing-ease-default\"><\/div><div class=\"wpr-grid-media-hover wpr-animation-wrap\"><div class=\"wpr-grid-media-hover-bg  wpr-overlay-fade-in wpr-anim-size-large wpr-anim-timing-ease-default wpr-anim-transparency\" data-url=\"https:\/\/escalerasbalaguer.com\/fr\/escalera-diseno-caracol-2\/\"><\/div><div class=\"wpr-cv-container\"><div class=\"wpr-cv-outer\"><div class=\"wpr-cv-inner\"><div class=\"wpr-grid-media-hover-middle elementor-clearfix\"><div class=\"wpr-grid-item-lightbox elementor-repeater-item-c56f1c6 wpr-grid-item-display-block wpr-grid-item-align-center wpr-element-fade-in wpr-anim-size-large wpr-anim-timing-ease-default wpr-anim-transparency\"><div class=\"inner-block\"><span data-src=\"https:\/\/escalerasbalaguer.com\/wp-content\/uploads\/2023\/11\/Escalera-Diseno-caracol-.jpg\"><i class=\"fas fa-search\"><\/i><\/span><div class=\"wpr-grid-lightbox-overlay\"><\/div><\/div><\/div><h2 class=\"wpr-grid-item-title elementor-repeater-item-615135a wpr-grid-item-display-block wpr-grid-item-align-center wpr-element-fade-in wpr-anim-size-large wpr-anim-timing-ease-default wpr-anim-transparency wpr-pointer-none wpr-pointer-line-fx wpr-pointer-fx-fade\"><div class=\"inner-block\"><a  href=\"https:\/\/escalerasbalaguer.com\/fr\/escalera-diseno-caracol-2\/\">Escalera Dise\u00f1o &#8211; caracol<\/a><\/div><\/h2><\/div><\/div><\/div><\/div><\/div><\/div><\/div><\/article><article class=\"wpr-grid-item elementor-clearfix post-1866 attachment type-attachment status-inherit hentry\"><div class=\"wpr-grid-item-inner\"><div class=\"wpr-grid-media-wrap wpr-effect-size-small \"><div class=\"wpr-grid-image-wrap\" data-src=\"https:\/\/escalerasbalaguer.com\/wp-content\/uploads\/2023\/11\/Escalera-Diseno-barandilla-de-chapa-barandilla-hueco-vidrio.jpg\"><img decoding=\"async\" src=\"https:\/\/escalerasbalaguer.com\/wp-content\/uploads\/elementor\/thumbs\/Escalera-Diseno-barandilla-de-chapa-barandilla-hueco-vidrio-qieg7qrft1l4q1biv763sahyh6vs350njff0fsdhuo.jpg\" alt=\"Escalera Dise\u00f1o &#8211; barandilla de chapa barandilla hueco vidrio\" class=\"wpr-anim-timing-ease-default\"><\/div><div class=\"wpr-grid-media-hover wpr-animation-wrap\"><div class=\"wpr-grid-media-hover-bg  wpr-overlay-fade-in wpr-anim-size-large wpr-anim-timing-ease-default wpr-anim-transparency\" data-url=\"https:\/\/escalerasbalaguer.com\/fr\/escalera-diseno-barandilla-de-chapa-barandilla-hueco-vidrio-2\/\"><\/div><div class=\"wpr-cv-container\"><div class=\"wpr-cv-outer\"><div class=\"wpr-cv-inner\"><div class=\"wpr-grid-media-hover-middle elementor-clearfix\"><div class=\"wpr-grid-item-lightbox elementor-repeater-item-c56f1c6 wpr-grid-item-display-block wpr-grid-item-align-center wpr-element-fade-in wpr-anim-size-large wpr-anim-timing-ease-default wpr-anim-transparency\"><div class=\"inner-block\"><span data-src=\"https:\/\/escalerasbalaguer.com\/wp-content\/uploads\/2023\/11\/Escalera-Diseno-barandilla-de-chapa-barandilla-hueco-vidrio.jpg\"><i class=\"fas fa-search\"><\/i><\/span><div class=\"wpr-grid-lightbox-overlay\"><\/div><\/div><\/div><h2 class=\"wpr-grid-item-title elementor-repeater-item-615135a wpr-grid-item-display-block wpr-grid-item-align-center wpr-element-fade-in wpr-anim-size-large wpr-anim-timing-ease-default wpr-anim-transparency wpr-pointer-none wpr-pointer-line-fx wpr-pointer-fx-fade\"><div class=\"inner-block\"><a  href=\"https:\/\/escalerasbalaguer.com\/fr\/escalera-diseno-barandilla-de-chapa-barandilla-hueco-vidrio-2\/\">Escalera Dise\u00f1o &#8211; barandilla de chapa barandilla hueco vidrio<\/a><\/div><\/h2><\/div><\/div><\/div><\/div><\/div><\/div><\/div><\/article><article class=\"wpr-grid-item elementor-clearfix post-1863 attachment type-attachment status-inherit hentry\"><div class=\"wpr-grid-item-inner\"><div class=\"wpr-grid-media-wrap wpr-effect-size-small \"><div class=\"wpr-grid-image-wrap\" data-src=\"https:\/\/escalerasbalaguer.com\/wp-content\/uploads\/2023\/11\/Escalera-Diseno-atico-duplex.jpg\"><img decoding=\"async\" src=\"https:\/\/escalerasbalaguer.com\/wp-content\/uploads\/elementor\/thumbs\/Escalera-Diseno-atico-duplex-qieg7qrft1l4q1biv763sahyh6vs350njff0fsdhuo.jpg\" alt=\"Escalera Dise\u00f1o &#8211; atico duplex\" class=\"wpr-anim-timing-ease-default\"><\/div><div class=\"wpr-grid-media-hover wpr-animation-wrap\"><div class=\"wpr-grid-media-hover-bg  wpr-overlay-fade-in wpr-anim-size-large wpr-anim-timing-ease-default wpr-anim-transparency\" data-url=\"https:\/\/escalerasbalaguer.com\/fr\/escalera-diseno-atico-duplex-2\/\"><\/div><div class=\"wpr-cv-container\"><div class=\"wpr-cv-outer\"><div class=\"wpr-cv-inner\"><div class=\"wpr-grid-media-hover-middle elementor-clearfix\"><div class=\"wpr-grid-item-lightbox elementor-repeater-item-c56f1c6 wpr-grid-item-display-block wpr-grid-item-align-center wpr-element-fade-in wpr-anim-size-large wpr-anim-timing-ease-default wpr-anim-transparency\"><div class=\"inner-block\"><span data-src=\"https:\/\/escalerasbalaguer.com\/wp-content\/uploads\/2023\/11\/Escalera-Diseno-atico-duplex.jpg\"><i class=\"fas fa-search\"><\/i><\/span><div class=\"wpr-grid-lightbox-overlay\"><\/div><\/div><\/div><h2 class=\"wpr-grid-item-title elementor-repeater-item-615135a wpr-grid-item-display-block wpr-grid-item-align-center wpr-element-fade-in wpr-anim-size-large wpr-anim-timing-ease-default wpr-anim-transparency wpr-pointer-none wpr-pointer-line-fx wpr-pointer-fx-fade\"><div class=\"inner-block\"><a  href=\"https:\/\/escalerasbalaguer.com\/fr\/escalera-diseno-atico-duplex-2\/\">Escalera Dise\u00f1o &#8211; atico duplex<\/a><\/div><\/h2><\/div><\/div><\/div><\/div><\/div><\/div><\/div><\/article><article class=\"wpr-grid-item elementor-clearfix post-1860 attachment type-attachment status-inherit hentry\"><div class=\"wpr-grid-item-inner\"><div class=\"wpr-grid-media-wrap wpr-effect-size-small \"><div class=\"wpr-grid-image-wrap\" data-src=\"https:\/\/escalerasbalaguer.com\/wp-content\/uploads\/2023\/11\/Escalera-caracol-soler-morato-s.jpg\"><img decoding=\"async\" src=\"https:\/\/escalerasbalaguer.com\/wp-content\/uploads\/elementor\/thumbs\/Escalera-caracol-soler-morato-s-qieg7iaw3j9jtjnt8lignumt4q1h5v32i9jn4aq1eo.jpg\" alt=\"Escalera caracol soler morato s\" class=\"wpr-anim-timing-ease-default\"><\/div><div class=\"wpr-grid-media-hover wpr-animation-wrap\"><div class=\"wpr-grid-media-hover-bg  wpr-overlay-fade-in wpr-anim-size-large wpr-anim-timing-ease-default wpr-anim-transparency\" data-url=\"https:\/\/escalerasbalaguer.com\/fr\/escalera-caracol-soler-morato-s-2\/\"><\/div><div class=\"wpr-cv-container\"><div class=\"wpr-cv-outer\"><div class=\"wpr-cv-inner\"><div class=\"wpr-grid-media-hover-middle elementor-clearfix\"><div class=\"wpr-grid-item-lightbox elementor-repeater-item-c56f1c6 wpr-grid-item-display-block wpr-grid-item-align-center wpr-element-fade-in wpr-anim-size-large wpr-anim-timing-ease-default wpr-anim-transparency\"><div class=\"inner-block\"><span data-src=\"https:\/\/escalerasbalaguer.com\/wp-content\/uploads\/2023\/11\/Escalera-caracol-soler-morato-s.jpg\"><i class=\"fas fa-search\"><\/i><\/span><div class=\"wpr-grid-lightbox-overlay\"><\/div><\/div><\/div><h2 class=\"wpr-grid-item-title elementor-repeater-item-615135a wpr-grid-item-display-block wpr-grid-item-align-center wpr-element-fade-in wpr-anim-size-large wpr-anim-timing-ease-default wpr-anim-transparency wpr-pointer-none wpr-pointer-line-fx wpr-pointer-fx-fade\"><div class=\"inner-block\"><a  href=\"https:\/\/escalerasbalaguer.com\/fr\/escalera-caracol-soler-morato-s-2\/\">Escalera caracol soler morato s<\/a><\/div><\/h2><\/div><\/div><\/div><\/div><\/div><\/div><\/div><\/article><article class=\"wpr-grid-item elementor-clearfix post-1884 attachment type-attachment status-inherit hentry\"><div class=\"wpr-grid-item-inner\"><div class=\"wpr-grid-media-wrap wpr-effect-size-small \"><div class=\"wpr-grid-image-wrap\" data-src=\"https:\/\/escalerasbalaguer.com\/wp-content\/uploads\/2023\/11\/Escalera-Diseno-vivienda-vista-frontal.jpg\"><img decoding=\"async\" src=\"https:\/\/escalerasbalaguer.com\/wp-content\/uploads\/elementor\/thumbs\/Escalera-Diseno-vivienda-vista-frontal-qieg7vgmr7rkc34p3r78mrb9g48m5mjb82ofu66izk.jpg\" alt=\"Escalera Dise\u00f1o &#8211; vivienda vista frontal\" class=\"wpr-anim-timing-ease-default\"><\/div><div class=\"wpr-grid-media-hover wpr-animation-wrap\"><div class=\"wpr-grid-media-hover-bg  wpr-overlay-fade-in wpr-anim-size-large wpr-anim-timing-ease-default wpr-anim-transparency\" data-url=\"https:\/\/escalerasbalaguer.com\/fr\/escalera-diseno-vivienda-vista-frontal-2\/\"><\/div><div class=\"wpr-cv-container\"><div class=\"wpr-cv-outer\"><div class=\"wpr-cv-inner\"><div class=\"wpr-grid-media-hover-middle elementor-clearfix\"><div class=\"wpr-grid-item-lightbox elementor-repeater-item-c56f1c6 wpr-grid-item-display-block wpr-grid-item-align-center wpr-element-fade-in wpr-anim-size-large wpr-anim-timing-ease-default wpr-anim-transparency\"><div class=\"inner-block\"><span data-src=\"https:\/\/escalerasbalaguer.com\/wp-content\/uploads\/2023\/11\/Escalera-Diseno-vivienda-vista-frontal.jpg\"><i class=\"fas fa-search\"><\/i><\/span><div class=\"wpr-grid-lightbox-overlay\"><\/div><\/div><\/div><h2 class=\"wpr-grid-item-title elementor-repeater-item-615135a wpr-grid-item-display-block wpr-grid-item-align-center wpr-element-fade-in wpr-anim-size-large wpr-anim-timing-ease-default wpr-anim-transparency wpr-pointer-none wpr-pointer-line-fx wpr-pointer-fx-fade\"><div class=\"inner-block\"><a  href=\"https:\/\/escalerasbalaguer.com\/fr\/escalera-diseno-vivienda-vista-frontal-2\/\">Escalera Dise\u00f1o &#8211; vivienda vista frontal<\/a><\/div><\/h2><\/div><\/div><\/div><\/div><\/div><\/div><\/div><\/article><article class=\"wpr-grid-item elementor-clearfix post-1887 attachment type-attachment status-inherit hentry\"><div class=\"wpr-grid-item-inner\"><div class=\"wpr-grid-media-wrap wpr-effect-size-small \"><div class=\"wpr-grid-image-wrap\" data-src=\"https:\/\/escalerasbalaguer.com\/wp-content\/uploads\/2023\/11\/Escalera-Diseno-volada-leds-.jpg\"><img decoding=\"async\" src=\"https:\/\/escalerasbalaguer.com\/wp-content\/uploads\/elementor\/thumbs\/Escalera-Diseno-volada-leds--qieg7vgmr7rkc34p3r78mrb9g48m5mjb82ofu66izk.jpg\" alt=\"Escalera Dise\u00f1o &#8211; volada leds\" class=\"wpr-anim-timing-ease-default\"><\/div><div class=\"wpr-grid-media-hover wpr-animation-wrap\"><div class=\"wpr-grid-media-hover-bg  wpr-overlay-fade-in wpr-anim-size-large wpr-anim-timing-ease-default wpr-anim-transparency\" data-url=\"https:\/\/escalerasbalaguer.com\/fr\/escalera-diseno-volada-leds-2\/\"><\/div><div class=\"wpr-cv-container\"><div class=\"wpr-cv-outer\"><div class=\"wpr-cv-inner\"><div class=\"wpr-grid-media-hover-middle elementor-clearfix\"><div class=\"wpr-grid-item-lightbox elementor-repeater-item-c56f1c6 wpr-grid-item-display-block wpr-grid-item-align-center wpr-element-fade-in wpr-anim-size-large wpr-anim-timing-ease-default wpr-anim-transparency\"><div class=\"inner-block\"><span data-src=\"https:\/\/escalerasbalaguer.com\/wp-content\/uploads\/2023\/11\/Escalera-Diseno-volada-leds-.jpg\"><i class=\"fas fa-search\"><\/i><\/span><div class=\"wpr-grid-lightbox-overlay\"><\/div><\/div><\/div><h2 class=\"wpr-grid-item-title elementor-repeater-item-615135a wpr-grid-item-display-block wpr-grid-item-align-center wpr-element-fade-in wpr-anim-size-large wpr-anim-timing-ease-default wpr-anim-transparency wpr-pointer-none wpr-pointer-line-fx wpr-pointer-fx-fade\"><div class=\"inner-block\"><a  href=\"https:\/\/escalerasbalaguer.com\/fr\/escalera-diseno-volada-leds-2\/\">Escalera Dise\u00f1o &#8211; volada leds<\/a><\/div><\/h2><\/div><\/div><\/div><\/div><\/div><\/div><\/div><\/article><article class=\"wpr-grid-item elementor-clearfix post-1890 attachment type-attachment status-inherit hentry\"><div class=\"wpr-grid-item-inner\"><div class=\"wpr-grid-media-wrap wpr-effect-size-small \"><div class=\"wpr-grid-image-wrap\" data-src=\"https:\/\/escalerasbalaguer.com\/wp-content\/uploads\/2023\/11\/Escalera-Diseno-zz-rovellada-vista-frontal.jpg\"><img decoding=\"async\" src=\"https:\/\/escalerasbalaguer.com\/wp-content\/uploads\/elementor\/thumbs\/Escalera-Diseno-zz-rovellada-vista-frontal-qieg7wegy1sunp3by9lv792q1i3zdbn1k7bxbg54tc.jpg\" alt=\"Escalera Dise\u00f1o &#8211; zz rovellada vista frontal\" class=\"wpr-anim-timing-ease-default\"><\/div><div class=\"wpr-grid-media-hover wpr-animation-wrap\"><div class=\"wpr-grid-media-hover-bg  wpr-overlay-fade-in wpr-anim-size-large wpr-anim-timing-ease-default wpr-anim-transparency\" data-url=\"https:\/\/escalerasbalaguer.com\/fr\/escalera-diseno-zz-rovellada-vista-frontal-2\/\"><\/div><div class=\"wpr-cv-container\"><div class=\"wpr-cv-outer\"><div class=\"wpr-cv-inner\"><div class=\"wpr-grid-media-hover-middle elementor-clearfix\"><div class=\"wpr-grid-item-lightbox elementor-repeater-item-c56f1c6 wpr-grid-item-display-block wpr-grid-item-align-center wpr-element-fade-in wpr-anim-size-large wpr-anim-timing-ease-default wpr-anim-transparency\"><div class=\"inner-block\"><span data-src=\"https:\/\/escalerasbalaguer.com\/wp-content\/uploads\/2023\/11\/Escalera-Diseno-zz-rovellada-vista-frontal.jpg\"><i class=\"fas fa-search\"><\/i><\/span><div class=\"wpr-grid-lightbox-overlay\"><\/div><\/div><\/div><h2 class=\"wpr-grid-item-title elementor-repeater-item-615135a wpr-grid-item-display-block wpr-grid-item-align-center wpr-element-fade-in wpr-anim-size-large wpr-anim-timing-ease-default wpr-anim-transparency wpr-pointer-none wpr-pointer-line-fx wpr-pointer-fx-fade\"><div class=\"inner-block\"><a  href=\"https:\/\/escalerasbalaguer.com\/fr\/escalera-diseno-zz-rovellada-vista-frontal-2\/\">Escalera Dise\u00f1o &#8211; zz rovellada vista frontal<\/a><\/div><\/h2><\/div><\/div><\/div><\/div><\/div><\/div><\/div><\/article><article class=\"wpr-grid-item elementor-clearfix post-1893 attachment type-attachment status-inherit hentry\"><div class=\"wpr-grid-item-inner\"><div class=\"wpr-grid-media-wrap wpr-effect-size-small \"><div class=\"wpr-grid-image-wrap\" data-src=\"https:\/\/escalerasbalaguer.com\/wp-content\/uploads\/2023\/11\/Escalera-Diseno-zz-rovellada-vista-lateral-.jpg\"><img decoding=\"async\" src=\"https:\/\/escalerasbalaguer.com\/wp-content\/uploads\/elementor\/thumbs\/Escalera-Diseno-zz-rovellada-vista-lateral--qieg7wegy1sunp3by9lv792q1i3zdbn1k7bxbg54tc.jpg\" alt=\"Escalera Dise\u00f1o &#8211; zz rovellada vista lateral\" class=\"wpr-anim-timing-ease-default\"><\/div><div class=\"wpr-grid-media-hover wpr-animation-wrap\"><div class=\"wpr-grid-media-hover-bg  wpr-overlay-fade-in wpr-anim-size-large wpr-anim-timing-ease-default wpr-anim-transparency\" data-url=\"https:\/\/escalerasbalaguer.com\/fr\/escalera-diseno-zz-rovellada-vista-lateral-2\/\"><\/div><div class=\"wpr-cv-container\"><div class=\"wpr-cv-outer\"><div class=\"wpr-cv-inner\"><div class=\"wpr-grid-media-hover-middle elementor-clearfix\"><div class=\"wpr-grid-item-lightbox elementor-repeater-item-c56f1c6 wpr-grid-item-display-block wpr-grid-item-align-center wpr-element-fade-in wpr-anim-size-large wpr-anim-timing-ease-default wpr-anim-transparency\"><div class=\"inner-block\"><span data-src=\"https:\/\/escalerasbalaguer.com\/wp-content\/uploads\/2023\/11\/Escalera-Diseno-zz-rovellada-vista-lateral-.jpg\"><i class=\"fas fa-search\"><\/i><\/span><div class=\"wpr-grid-lightbox-overlay\"><\/div><\/div><\/div><h2 class=\"wpr-grid-item-title elementor-repeater-item-615135a wpr-grid-item-display-block wpr-grid-item-align-center wpr-element-fade-in wpr-anim-size-large wpr-anim-timing-ease-default wpr-anim-transparency wpr-pointer-none wpr-pointer-line-fx wpr-pointer-fx-fade\"><div class=\"inner-block\"><a  href=\"https:\/\/escalerasbalaguer.com\/fr\/escalera-diseno-zz-rovellada-vista-lateral-2\/\">Escalera Dise\u00f1o &#8211; zz rovellada vista lateral<\/a><\/div><\/h2><\/div><\/div><\/div><\/div><\/div><\/div><\/div><\/article><article class=\"wpr-grid-item elementor-clearfix post-1896 attachment type-attachment status-inherit hentry\"><div class=\"wpr-grid-item-inner\"><div class=\"wpr-grid-media-wrap wpr-effect-size-small \"><div class=\"wpr-grid-image-wrap\" data-src=\"https:\/\/escalerasbalaguer.com\/wp-content\/uploads\/2023\/11\/Escalera-Diseno-zz-rovellada-vista-posterior.jpg\"><img decoding=\"async\" src=\"https:\/\/escalerasbalaguer.com\/wp-content\/uploads\/elementor\/thumbs\/Escalera-Diseno-zz-rovellada-vista-posterior-qieg7wegy1sunp3by9lv792q1i3zdbn1k7bxbg54tc.jpg\" alt=\"Escalera Dise\u00f1o &#8211; zz rovellada vista posterior\" class=\"wpr-anim-timing-ease-default\"><\/div><div class=\"wpr-grid-media-hover wpr-animation-wrap\"><div class=\"wpr-grid-media-hover-bg  wpr-overlay-fade-in wpr-anim-size-large wpr-anim-timing-ease-default wpr-anim-transparency\" data-url=\"https:\/\/escalerasbalaguer.com\/fr\/escalera-diseno-zz-rovellada-vista-posterior-2\/\"><\/div><div class=\"wpr-cv-container\"><div class=\"wpr-cv-outer\"><div class=\"wpr-cv-inner\"><div class=\"wpr-grid-media-hover-middle elementor-clearfix\"><div class=\"wpr-grid-item-lightbox elementor-repeater-item-c56f1c6 wpr-grid-item-display-block wpr-grid-item-align-center wpr-element-fade-in wpr-anim-size-large wpr-anim-timing-ease-default wpr-anim-transparency\"><div class=\"inner-block\"><span data-src=\"https:\/\/escalerasbalaguer.com\/wp-content\/uploads\/2023\/11\/Escalera-Diseno-zz-rovellada-vista-posterior.jpg\"><i class=\"fas fa-search\"><\/i><\/span><div class=\"wpr-grid-lightbox-overlay\"><\/div><\/div><\/div><h2 class=\"wpr-grid-item-title elementor-repeater-item-615135a wpr-grid-item-display-block wpr-grid-item-align-center wpr-element-fade-in wpr-anim-size-large wpr-anim-timing-ease-default wpr-anim-transparency wpr-pointer-none wpr-pointer-line-fx wpr-pointer-fx-fade\"><div class=\"inner-block\"><a  href=\"https:\/\/escalerasbalaguer.com\/fr\/escalera-diseno-zz-rovellada-vista-posterior-2\/\">Escalera Dise\u00f1o &#8211; zz rovellada vista posterior<\/a><\/div><\/h2><\/div><\/div><\/div><\/div><\/div><\/div><\/div><\/article><article class=\"wpr-grid-item elementor-clearfix post-1899 attachment type-attachment status-inherit hentry\"><div class=\"wpr-grid-item-inner\"><div class=\"wpr-grid-media-wrap wpr-effect-size-small \"><div class=\"wpr-grid-image-wrap\" data-src=\"https:\/\/escalerasbalaguer.com\/wp-content\/uploads\/2023\/11\/Escalera-Helicoide-.jpeg\"><img decoding=\"async\" src=\"https:\/\/escalerasbalaguer.com\/wp-content\/uploads\/elementor\/thumbs\/Escalera-Helicoide--qieg8h2x4el5r49alijnq3uv3za22nx4z1olvjah0g.jpeg\" alt=\"Escalera Helicoide\" class=\"wpr-anim-timing-ease-default\"><\/div><div class=\"wpr-grid-media-hover wpr-animation-wrap\"><div class=\"wpr-grid-media-hover-bg  wpr-overlay-fade-in wpr-anim-size-large wpr-anim-timing-ease-default wpr-anim-transparency\" data-url=\"https:\/\/escalerasbalaguer.com\/fr\/escalera-helicoide-2\/\"><\/div><div class=\"wpr-cv-container\"><div class=\"wpr-cv-outer\"><div class=\"wpr-cv-inner\"><div class=\"wpr-grid-media-hover-middle elementor-clearfix\"><div class=\"wpr-grid-item-lightbox elementor-repeater-item-c56f1c6 wpr-grid-item-display-block wpr-grid-item-align-center wpr-element-fade-in wpr-anim-size-large wpr-anim-timing-ease-default wpr-anim-transparency\"><div class=\"inner-block\"><span data-src=\"https:\/\/escalerasbalaguer.com\/wp-content\/uploads\/2023\/11\/Escalera-Helicoide-.jpeg\"><i class=\"fas fa-search\"><\/i><\/span><div class=\"wpr-grid-lightbox-overlay\"><\/div><\/div><\/div><h2 class=\"wpr-grid-item-title elementor-repeater-item-615135a wpr-grid-item-display-block wpr-grid-item-align-center wpr-element-fade-in wpr-anim-size-large wpr-anim-timing-ease-default wpr-anim-transparency wpr-pointer-none wpr-pointer-line-fx wpr-pointer-fx-fade\"><div class=\"inner-block\"><a  href=\"https:\/\/escalerasbalaguer.com\/fr\/escalera-helicoide-2\/\">Escalera Helicoide<\/a><\/div><\/h2><\/div><\/div><\/div><\/div><\/div><\/div><\/div><\/article><article class=\"wpr-grid-item elementor-clearfix post-1902 attachment type-attachment status-inherit hentry\"><div class=\"wpr-grid-item-inner\"><div class=\"wpr-grid-media-wrap wpr-effect-size-small \"><div class=\"wpr-grid-image-wrap\" data-src=\"https:\/\/escalerasbalaguer.com\/wp-content\/uploads\/2023\/11\/Escalera-Helicoide-baranda-vidrio.jpeg\"><img decoding=\"async\" src=\"https:\/\/escalerasbalaguer.com\/wp-content\/uploads\/elementor\/thumbs\/Escalera-Helicoide-baranda-vidrio-qieg8h2x4el5r49alijnq3uv3za22nx4z1olvjah0g.jpeg\" alt=\"Escalera Helicoide baranda vidrio\" class=\"wpr-anim-timing-ease-default\"><\/div><div class=\"wpr-grid-media-hover wpr-animation-wrap\"><div class=\"wpr-grid-media-hover-bg  wpr-overlay-fade-in wpr-anim-size-large wpr-anim-timing-ease-default wpr-anim-transparency\" data-url=\"https:\/\/escalerasbalaguer.com\/fr\/escalera-helicoide-baranda-vidrio-2\/\"><\/div><div class=\"wpr-cv-container\"><div class=\"wpr-cv-outer\"><div class=\"wpr-cv-inner\"><div class=\"wpr-grid-media-hover-middle elementor-clearfix\"><div class=\"wpr-grid-item-lightbox elementor-repeater-item-c56f1c6 wpr-grid-item-display-block wpr-grid-item-align-center wpr-element-fade-in wpr-anim-size-large wpr-anim-timing-ease-default wpr-anim-transparency\"><div class=\"inner-block\"><span data-src=\"https:\/\/escalerasbalaguer.com\/wp-content\/uploads\/2023\/11\/Escalera-Helicoide-baranda-vidrio.jpeg\"><i class=\"fas fa-search\"><\/i><\/span><div class=\"wpr-grid-lightbox-overlay\"><\/div><\/div><\/div><h2 class=\"wpr-grid-item-title elementor-repeater-item-615135a wpr-grid-item-display-block wpr-grid-item-align-center wpr-element-fade-in wpr-anim-size-large wpr-anim-timing-ease-default wpr-anim-transparency wpr-pointer-none wpr-pointer-line-fx wpr-pointer-fx-fade\"><div class=\"inner-block\"><a  href=\"https:\/\/escalerasbalaguer.com\/fr\/escalera-helicoide-baranda-vidrio-2\/\">Escalera Helicoide baranda vidrio<\/a><\/div><\/h2><\/div><\/div><\/div><\/div><\/div><\/div><\/div><\/article><article class=\"wpr-grid-item elementor-clearfix post-1905 attachment type-attachment status-inherit hentry\"><div class=\"wpr-grid-item-inner\"><div class=\"wpr-grid-media-wrap wpr-effect-size-small \"><div class=\"wpr-grid-image-wrap\" data-src=\"https:\/\/escalerasbalaguer.com\/wp-content\/uploads\/2023\/11\/Escalera-Helicoide-barandilla-vidrio.jpeg\"><img decoding=\"async\" src=\"https:\/\/escalerasbalaguer.com\/wp-content\/uploads\/elementor\/thumbs\/Escalera-Helicoide-barandilla-vidrio-qieg8h2x4el5r49alijnq3uv3za22nx4z1olvjah0g.jpeg\" alt=\"Escalera Helicoide barandilla vidrio\" class=\"wpr-anim-timing-ease-default\"><\/div><div class=\"wpr-grid-media-hover wpr-animation-wrap\"><div class=\"wpr-grid-media-hover-bg  wpr-overlay-fade-in wpr-anim-size-large wpr-anim-timing-ease-default wpr-anim-transparency\" data-url=\"https:\/\/escalerasbalaguer.com\/fr\/escalera-helicoide-barandilla-vidrio-2\/\"><\/div><div class=\"wpr-cv-container\"><div class=\"wpr-cv-outer\"><div class=\"wpr-cv-inner\"><div class=\"wpr-grid-media-hover-middle elementor-clearfix\"><div class=\"wpr-grid-item-lightbox elementor-repeater-item-c56f1c6 wpr-grid-item-display-block wpr-grid-item-align-center wpr-element-fade-in wpr-anim-size-large wpr-anim-timing-ease-default wpr-anim-transparency\"><div class=\"inner-block\"><span data-src=\"https:\/\/escalerasbalaguer.com\/wp-content\/uploads\/2023\/11\/Escalera-Helicoide-barandilla-vidrio.jpeg\"><i class=\"fas fa-search\"><\/i><\/span><div class=\"wpr-grid-lightbox-overlay\"><\/div><\/div><\/div><h2 class=\"wpr-grid-item-title elementor-repeater-item-615135a wpr-grid-item-display-block wpr-grid-item-align-center wpr-element-fade-in wpr-anim-size-large wpr-anim-timing-ease-default wpr-anim-transparency wpr-pointer-none wpr-pointer-line-fx wpr-pointer-fx-fade\"><div class=\"inner-block\"><a  href=\"https:\/\/escalerasbalaguer.com\/fr\/escalera-helicoide-barandilla-vidrio-2\/\">Escalera Helicoide barandilla vidrio<\/a><\/div><\/h2><\/div><\/div><\/div><\/div><\/div><\/div><\/div><\/article><article class=\"wpr-grid-item elementor-clearfix post-1908 attachment type-attachment status-inherit hentry\"><div class=\"wpr-grid-item-inner\"><div class=\"wpr-grid-media-wrap wpr-effect-size-small \"><div class=\"wpr-grid-image-wrap\" data-src=\"https:\/\/escalerasbalaguer.com\/wp-content\/uploads\/2023\/11\/Escaleras-caracol-con-adornos-decorativos.48-2.jpeg\"><img decoding=\"async\" src=\"https:\/\/escalerasbalaguer.com\/wp-content\/uploads\/elementor\/thumbs\/Escaleras-caracol-con-adornos-decorativos.48-2-qieg8iyli2nqec6kajcwv3dsar0si24lnazku37oo0.jpeg\" alt=\"Escaleras caracol con adornos decorativos.48 (2)\" class=\"wpr-anim-timing-ease-default\"><\/div><div class=\"wpr-grid-media-hover wpr-animation-wrap\"><div class=\"wpr-grid-media-hover-bg  wpr-overlay-fade-in wpr-anim-size-large wpr-anim-timing-ease-default wpr-anim-transparency\" data-url=\"https:\/\/escalerasbalaguer.com\/fr\/escaleras-caracol-con-adornos-decorativos-48-2-2\/\"><\/div><div class=\"wpr-cv-container\"><div class=\"wpr-cv-outer\"><div class=\"wpr-cv-inner\"><div class=\"wpr-grid-media-hover-middle elementor-clearfix\"><div class=\"wpr-grid-item-lightbox elementor-repeater-item-c56f1c6 wpr-grid-item-display-block wpr-grid-item-align-center wpr-element-fade-in wpr-anim-size-large wpr-anim-timing-ease-default wpr-anim-transparency\"><div class=\"inner-block\"><span data-src=\"https:\/\/escalerasbalaguer.com\/wp-content\/uploads\/2023\/11\/Escaleras-caracol-con-adornos-decorativos.48-2.jpeg\"><i class=\"fas fa-search\"><\/i><\/span><div class=\"wpr-grid-lightbox-overlay\"><\/div><\/div><\/div><h2 class=\"wpr-grid-item-title elementor-repeater-item-615135a wpr-grid-item-display-block wpr-grid-item-align-center wpr-element-fade-in wpr-anim-size-large wpr-anim-timing-ease-default wpr-anim-transparency wpr-pointer-none wpr-pointer-line-fx wpr-pointer-fx-fade\"><div class=\"inner-block\"><a  href=\"https:\/\/escalerasbalaguer.com\/fr\/escaleras-caracol-con-adornos-decorativos-48-2-2\/\">Escaleras caracol con adornos decorativos.48 (2)<\/a><\/div><\/h2><\/div><\/div><\/div><\/div><\/div><\/div><\/div><\/article><article class=\"wpr-grid-item elementor-clearfix post-1911 attachment type-attachment status-inherit hentry\"><div class=\"wpr-grid-item-inner\"><div class=\"wpr-grid-media-wrap wpr-effect-size-small \"><div class=\"wpr-grid-image-wrap\" data-src=\"https:\/\/escalerasbalaguer.com\/wp-content\/uploads\/2023\/11\/IMG_2993.jpeg\"><img decoding=\"async\" src=\"https:\/\/escalerasbalaguer.com\/wp-content\/uploads\/elementor\/thumbs\/IMG_2993-qieg8jwfowp0py5751rjfl58w4w5pr8bzfn2bd6ahs.jpeg\" alt=\"IMG_2993\" class=\"wpr-anim-timing-ease-default\"><\/div><div class=\"wpr-grid-media-hover wpr-animation-wrap\"><div class=\"wpr-grid-media-hover-bg  wpr-overlay-fade-in wpr-anim-size-large wpr-anim-timing-ease-default wpr-anim-transparency\" data-url=\"https:\/\/escalerasbalaguer.com\/fr\/img_2993-2\/\"><\/div><div class=\"wpr-cv-container\"><div class=\"wpr-cv-outer\"><div class=\"wpr-cv-inner\"><div class=\"wpr-grid-media-hover-middle elementor-clearfix\"><div class=\"wpr-grid-item-lightbox elementor-repeater-item-c56f1c6 wpr-grid-item-display-block wpr-grid-item-align-center wpr-element-fade-in wpr-anim-size-large wpr-anim-timing-ease-default wpr-anim-transparency\"><div class=\"inner-block\"><span data-src=\"https:\/\/escalerasbalaguer.com\/wp-content\/uploads\/2023\/11\/IMG_2993.jpeg\"><i class=\"fas fa-search\"><\/i><\/span><div class=\"wpr-grid-lightbox-overlay\"><\/div><\/div><\/div><h2 class=\"wpr-grid-item-title elementor-repeater-item-615135a wpr-grid-item-display-block wpr-grid-item-align-center wpr-element-fade-in wpr-anim-size-large wpr-anim-timing-ease-default wpr-anim-transparency wpr-pointer-none wpr-pointer-line-fx wpr-pointer-fx-fade\"><div class=\"inner-block\"><a  href=\"https:\/\/escalerasbalaguer.com\/fr\/img_2993-2\/\">IMG_2993<\/a><\/div><\/h2><\/div><\/div><\/div><\/div><\/div><\/div><\/div><\/article><article class=\"wpr-grid-item elementor-clearfix post-3821 attachment type-attachment status-inherit hentry\"><div class=\"wpr-grid-item-inner\"><div class=\"wpr-grid-media-wrap wpr-effect-size-small \"><div class=\"wpr-grid-image-wrap\" data-src=\"https:\/\/escalerasbalaguer.com\/wp-content\/uploads\/2024\/03\/Escalera-Diseno.jpg\"><img decoding=\"async\" src=\"https:\/\/escalerasbalaguer.com\/wp-content\/uploads\/elementor\/thumbs\/Escalera-Diseno-qltqzvnv02g820ilnyhqwak3ng2fd0lo4v9xr91u3k.jpg\" alt=\"Escalera Dise\u00f1o\" class=\"wpr-anim-timing-ease-default\"><\/div><div class=\"wpr-grid-media-hover wpr-animation-wrap\"><div class=\"wpr-grid-media-hover-bg  wpr-overlay-fade-in wpr-anim-size-large wpr-anim-timing-ease-default wpr-anim-transparency\" data-url=\"https:\/\/escalerasbalaguer.com\/fr\/escalera-diseno-2\/\"><\/div><div class=\"wpr-cv-container\"><div class=\"wpr-cv-outer\"><div class=\"wpr-cv-inner\"><div class=\"wpr-grid-media-hover-middle elementor-clearfix\"><div class=\"wpr-grid-item-lightbox elementor-repeater-item-c56f1c6 wpr-grid-item-display-block wpr-grid-item-align-center wpr-element-fade-in wpr-anim-size-large wpr-anim-timing-ease-default wpr-anim-transparency\"><div class=\"inner-block\"><span data-src=\"https:\/\/escalerasbalaguer.com\/wp-content\/uploads\/2024\/03\/Escalera-Diseno.jpg\"><i class=\"fas fa-search\"><\/i><\/span><div class=\"wpr-grid-lightbox-overlay\"><\/div><\/div><\/div><h2 class=\"wpr-grid-item-title elementor-repeater-item-615135a wpr-grid-item-display-block wpr-grid-item-align-center wpr-element-fade-in wpr-anim-size-large wpr-anim-timing-ease-default wpr-anim-transparency wpr-pointer-none wpr-pointer-line-fx wpr-pointer-fx-fade\"><div class=\"inner-block\"><a  href=\"https:\/\/escalerasbalaguer.com\/fr\/escalera-diseno-2\/\">Escalera Dise\u00f1o<\/a><\/div><\/h2><\/div><\/div><\/div><\/div><\/div><\/div><\/div><\/article><article class=\"wpr-grid-item elementor-clearfix post-3817 attachment type-attachment status-inherit hentry\"><div class=\"wpr-grid-item-inner\"><div class=\"wpr-grid-media-wrap wpr-effect-size-small \"><div class=\"wpr-grid-image-wrap\" data-src=\"https:\/\/escalerasbalaguer.com\/wp-content\/uploads\/2024\/03\/Escalera-de-diseno.jpg\"><img decoding=\"async\" src=\"https:\/\/escalerasbalaguer.com\/wp-content\/uploads\/elementor\/thumbs\/Escalera-de-diseno-qltqzuq0t8exqejytg34bssn22725bhxsqmg9z389s.jpg\" alt=\"Escalera de dise\u00f1o\" class=\"wpr-anim-timing-ease-default\"><\/div><div class=\"wpr-grid-media-hover wpr-animation-wrap\"><div class=\"wpr-grid-media-hover-bg  wpr-overlay-fade-in wpr-anim-size-large wpr-anim-timing-ease-default wpr-anim-transparency\" data-url=\"https:\/\/escalerasbalaguer.com\/fr\/escalera-de-diseno-2\/\"><\/div><div class=\"wpr-cv-container\"><div class=\"wpr-cv-outer\"><div class=\"wpr-cv-inner\"><div class=\"wpr-grid-media-hover-middle elementor-clearfix\"><div class=\"wpr-grid-item-lightbox elementor-repeater-item-c56f1c6 wpr-grid-item-display-block wpr-grid-item-align-center wpr-element-fade-in wpr-anim-size-large wpr-anim-timing-ease-default wpr-anim-transparency\"><div class=\"inner-block\"><span data-src=\"https:\/\/escalerasbalaguer.com\/wp-content\/uploads\/2024\/03\/Escalera-de-diseno.jpg\"><i class=\"fas fa-search\"><\/i><\/span><div class=\"wpr-grid-lightbox-overlay\"><\/div><\/div><\/div><h2 class=\"wpr-grid-item-title elementor-repeater-item-615135a wpr-grid-item-display-block wpr-grid-item-align-center wpr-element-fade-in wpr-anim-size-large wpr-anim-timing-ease-default wpr-anim-transparency wpr-pointer-none wpr-pointer-line-fx wpr-pointer-fx-fade\"><div class=\"inner-block\"><a  href=\"https:\/\/escalerasbalaguer.com\/fr\/escalera-de-diseno-2\/\">Escalera de dise\u00f1o<\/a><\/div><\/h2><\/div><\/div><\/div><\/div><\/div><\/div><\/div><\/article><\/section>\t\t<\/div>\n\t\t\t\t<\/div>\n\t\t\t\t\t<\/div>\n\t\t<\/div>\n\t\t\t\t\t\t\t<\/div>\n\t\t<\/section>\n\t\t\t\t\t\t\t<\/div>\n\t\t","protected":false},"excerpt":{"rendered":"<p>Escaliers design Escaliers Balaguer Escaliers design Nous sommes sp\u00e9cialis\u00e9s dans la cr\u00e9ation de solutions d\u2019escaliers alliant fonctionnalit\u00e9 et esth\u00e9tique, offrant des produits qui sont de v\u00e9ritables \u0153uvres d\u2019art architectural. Nous sommes fiers de nous d\u00e9marquer comme cr\u00e9ateurs d\u2019escaliers uniques et personnalis\u00e9s r\u00e9pondant aux plus hauts standards de qualit\u00e9. Notre exp\u00e9rience en conception et en fabrication &hellip;<\/p>\n<p class=\"read-more\"> <a class=\"\" href=\"https:\/\/escalerasbalaguer.com\/fr\/escalera-de-diseno-2\/\"> <span class=\"screen-reader-text\">Escalera de dise\u00f1o<\/span> Lire la suite \u00bb<\/a><\/p>\n","protected":false},"author":1,"featured_media":0,"parent":0,"menu_order":0,"comment_status":"closed","ping_status":"closed","template":"","meta":{"ub_ctt_via":"","site-sidebar-layout":"no-sidebar","site-content-layout":"page-builder","ast-site-content-layout":"full-width-container","site-content-style":"default","site-sidebar-style":"default","ast-global-header-display":"","ast-banner-title-visibility":"","ast-main-header-display":"","ast-hfb-above-header-display":"","ast-hfb-below-header-display":"","ast-hfb-mobile-header-display":"","site-post-title":"disabled","ast-breadcrumbs-content":"","ast-featured-img":"disabled","footer-sml-layout":"","theme-transparent-header-meta":"","adv-header-id-meta":"","stick-header-meta":"","header-above-stick-meta":"","header-main-stick-meta":"","header-below-stick-meta":"","astra-migrate-meta-layouts":"","ast-page-background-enabled":"default","ast-page-background-meta":{"desktop":{"background-color":"","background-image":"","background-repeat":"repeat","background-position":"center center","background-size":"auto","background-attachment":"scroll","background-type":"","background-media":"","overlay-type":"","overlay-color":"","overlay-gradient":""},"tablet":{"background-color":"","background-image":"","background-repeat":"repeat","background-position":"center center","background-size":"auto","background-attachment":"scroll","background-type":"","background-media":"","overlay-type":"","overlay-color":"","overlay-gradient":""},"mobile":{"background-color":"","background-image":"","background-repeat":"repeat","background-position":"center center","background-size":"auto","background-attachment":"scroll","background-type":"","background-media":"","overlay-type":"","overlay-color":"","overlay-gradient":""}},"ast-content-background-meta":{"desktop":{"background-color":"var(--ast-global-color-5)","background-image":"","background-repeat":"repeat","background-position":"center center","background-size":"auto","background-attachment":"scroll","background-type":"","background-media":"","overlay-type":"","overlay-color":"","overlay-gradient":""},"tablet":{"background-color":"var(--ast-global-color-5)","background-image":"","background-repeat":"repeat","background-position":"center center","background-size":"auto","background-attachment":"scroll","background-type":"","background-media":"","overlay-type":"","overlay-color":"","overlay-gradient":""},"mobile":{"background-color":"var(--ast-global-color-5)","background-image":"","background-repeat":"repeat","background-position":"center center","background-size":"auto","background-attachment":"scroll","background-type":"","background-media":"","overlay-type":"","overlay-color":"","overlay-gradient":""}},"footnotes":""},"class_list":["post-3602","page","type-page","status-publish","hentry"],"featured_image_src":"https:\/\/escalerasbalaguer.com\/wp-content\/uploads\/2024\/03\/Escalera-de-diseno.jpg","_links":{"self":[{"href":"https:\/\/escalerasbalaguer.com\/fr\/wp-json\/wp\/v2\/pages\/3602","targetHints":{"allow":["GET"]}}],"collection":[{"href":"https:\/\/escalerasbalaguer.com\/fr\/wp-json\/wp\/v2\/pages"}],"about":[{"href":"https:\/\/escalerasbalaguer.com\/fr\/wp-json\/wp\/v2\/types\/page"}],"author":[{"embeddable":true,"href":"https:\/\/escalerasbalaguer.com\/fr\/wp-json\/wp\/v2\/users\/1"}],"replies":[{"embeddable":true,"href":"https:\/\/escalerasbalaguer.com\/fr\/wp-json\/wp\/v2\/comments?post=3602"}],"version-history":[{"count":3,"href":"https:\/\/escalerasbalaguer.com\/fr\/wp-json\/wp\/v2\/pages\/3602\/revisions"}],"predecessor-version":[{"id":3938,"href":"https:\/\/escalerasbalaguer.com\/fr\/wp-json\/wp\/v2\/pages\/3602\/revisions\/3938"}],"wp:attachment":[{"href":"https:\/\/escalerasbalaguer.com\/fr\/wp-json\/wp\/v2\/media?parent=3602"}],"curies":[{"name":"wp","href":"https:\/\/api.w.org\/{rel}","templated":true}]}}